{"id":7281,"date":"2025-12-05T21:07:47","date_gmt":"2025-12-05T19:07:47","guid":{"rendered":"https:\/\/www.eurooppalainensuomi.fi\/?page_id=7281"},"modified":"2025-12-12T13:26:03","modified_gmt":"2025-12-12T11:26:03","slug":"suomi-ja-eu","status":"publish","type":"page","link":"https:\/\/www.eurooppalainensuomi.fi\/suomi-ja-eu","title":{"rendered":"Suomi ja EU"},"content":{"rendered":"<p>[et_pb_section fb_built=&#8221;1&#8243; custom_padding_last_edited=&#8221;on|phone&#8221; admin_label=&#8221;Section&#8221; _builder_version=&#8221;4.17.6&#8243; _module_preset=&#8221;default&#8221; background_image=&#8221;https:\/\/www.eurooppalainensuomi.fi\/wp-content\/uploads\/2025\/12\/EU-info.jpg&#8221; custom_padding=&#8221;200px||200px||false|false&#8221; custom_padding_tablet=&#8221;200px||200px||false|false&#8221; custom_padding_phone=&#8221;80px||80px||false|false&#8221; da_disable_devices=&#8221;off|off|off&#8221; locked=&#8221;off&#8221; global_colors_info=&#8221;{}&#8221; da_is_popup=&#8221;off&#8221; da_exit_intent=&#8221;off&#8221; da_has_close=&#8221;on&#8221; da_alt_close=&#8221;off&#8221; da_dark_close=&#8221;off&#8221; da_not_modal=&#8221;on&#8221; da_is_singular=&#8221;off&#8221; da_with_loader=&#8221;off&#8221; da_has_shadow=&#8221;on&#8221;][et_pb_row _builder_version=&#8221;4.17.6&#8243; _module_preset=&#8221;default&#8221; global_colors_info=&#8221;{}&#8221;][et_pb_column type=&#8221;4_4&#8243; _builder_version=&#8221;4.17.6&#8243; _module_preset=&#8221;default&#8221; global_colors_info=&#8221;{}&#8221;][et_pb_text _builder_version=&#8221;4.17.6&#8243; _module_preset=&#8221;default&#8221; text_font=&#8221;Roboto Condensed|700|||||||&#8221; text_text_color=&#8221;#FFFFFF&#8221; text_font_size=&#8221;80px&#8221; text_line_height=&#8221;1em&#8221; text_font_size_tablet=&#8221;80px&#8221; text_font_size_phone=&#8221;60px&#8221; text_font_size_last_edited=&#8221;on|phone&#8221; locked=&#8221;off&#8221; global_colors_info=&#8221;{}&#8221;]<\/p>\n<p>SUOMI JA EU<\/p>\n<p>[\/et_pb_text][\/et_pb_column][\/et_pb_row][\/et_pb_section][et_pb_section fb_built=&#8221;1&#8243; admin_label=&#8221;Section&#8221; module_id=&#8221;suomen-tie&#8221; _builder_version=&#8221;4.17.6&#8243; _module_preset=&#8221;default&#8221; custom_padding=&#8221;0px||0px|||&#8221; da_popup_slug=&#8221;suomen-tie&#8221; da_disable_devices=&#8221;off|off|off&#8221; locked=&#8221;off&#8221; global_colors_info=&#8221;{}&#8221; da_is_popup=&#8221;off&#8221; da_exit_intent=&#8221;off&#8221; da_has_close=&#8221;on&#8221; da_alt_close=&#8221;off&#8221; da_dark_close=&#8221;off&#8221; da_not_modal=&#8221;on&#8221; da_is_singular=&#8221;off&#8221; da_with_loader=&#8221;off&#8221; da_has_shadow=&#8221;on&#8221;][et_pb_row _builder_version=&#8221;4.17.6&#8243; _module_preset=&#8221;default&#8221; locked=&#8221;off&#8221; global_colors_info=&#8221;{}&#8221;][et_pb_column type=&#8221;4_4&#8243; _builder_version=&#8221;4.17.6&#8243; _module_preset=&#8221;default&#8221; global_colors_info=&#8221;{}&#8221;][et_pb_text _builder_version=&#8221;4.17.6&#8243; _module_preset=&#8221;default&#8221; text_font=&#8221;Inter|800|||||||&#8221; text_text_color=&#8221;#172f88&#8243; text_font_size=&#8221;40px&#8221; text_line_height=&#8221;1em&#8221; custom_padding=&#8221;||5px||false|false&#8221; custom_css_main_element=&#8221;border-bottom: 3px solid #D0005F;&#8221; locked=&#8221;off&#8221; global_colors_info=&#8221;{}&#8221;]<\/p>\n<p>Suomen tie j\u00e4senyyteen<\/p>\n<p>[\/et_pb_text][et_pb_text _builder_version=&#8221;4.17.6&#8243; _module_preset=&#8221;default&#8221; text_font=&#8221;Roboto Condensed||||||||&#8221; text_text_color=&#8221;#1A366D&#8221; text_font_size=&#8221;18px&#8221; text_line_height=&#8221;1.2em&#8221; locked=&#8221;off&#8221; global_colors_info=&#8221;{}&#8221;]<\/p>\n<p><span style=\"font-weight: 400;\">Suomi oli osallistunut Euroopan yhdentymiseen jo vuodesta 1961 l\u00e4htien, jolloin Suomi liittyi Euroopan vapaakauppaj\u00e4rjest\u00f6n (EFTA) liit\u00e4nn\u00e4isj\u00e4seneksi niin kutsutulla FINEFTA-sopimuksella. Vuonna 1973 Suomi solmi vapaakauppasopimuksen Euroopan talousyhteis\u00f6n (ETY) kanssa ja tuli EFTA:n t\u00e4ysj\u00e4seneksi vuonna 1986. Euroopan talousalueessa (ETA) Suomi oli mukana tammikuun 1. p\u00e4iv\u00e4st\u00e4 1994 saman vuoden loppuun asti.<\/span><\/p>\n<p><span style=\"font-weight: 400;\">Suomi aloitti j\u00e4senyysneuvottelut Euroopan yhteis\u00f6jen kanssa helmikuussa 1993 samanaikaisesti Ruotsin ja It\u00e4vallan kanssa. Suomi neuvotteli unionin kanssa erityisesti maataloudesta ja aluepoliittisista kysymyksist\u00e4, sill\u00e4 muusta oli pitk\u00e4lti ehditty neuvotella jo ETA-sopimuksen yhteydess\u00e4. Eniten vaikeuksia neuvotteluissa aiheuttikin maataloussektorin yhteensovittaminen unionin maatalouspolitiikkaan.<\/span><\/p>\n<p>[\/et_pb_text][et_pb_text _builder_version=&#8221;4.17.6&#8243; _module_preset=&#8221;default&#8221; text_font=&#8221;Inter|800|||||||&#8221; text_text_color=&#8221;#172f88&#8243; text_font_size=&#8221;24px&#8221; text_line_height=&#8221;1em&#8221; custom_padding=&#8221;||5px||false|false&#8221; custom_css_main_element=&#8221;border-bottom: 3px solid #D0005F;&#8221; locked=&#8221;off&#8221; global_colors_info=&#8221;{}&#8221;]<\/p>\n<p>Suomalaiset \u00e4\u00e4nestiv\u00e4t j\u00e4senyyden puolesta<\/p>\n<p>[\/et_pb_text][et_pb_text _builder_version=&#8221;4.17.6&#8243; _module_preset=&#8221;default&#8221; text_font=&#8221;Roboto Condensed||||||||&#8221; text_text_color=&#8221;#1A366D&#8221; text_font_size=&#8221;18px&#8221; text_line_height=&#8221;1.2em&#8221; locked=&#8221;off&#8221; global_colors_info=&#8221;{}&#8221;]<\/p>\n<p><span style=\"font-weight: 400;\">Lokakuussa 1994 Suomessa pidettiin neuvoa-antava kansan\u00e4\u00e4nestys, jossa 56,9 prosenttia \u00e4\u00e4nest\u00e4neist\u00e4 kannatti Suomen j\u00e4senyytt\u00e4 unionissa. \u00c4\u00e4nestysprosentti oli 74.<\/span><\/p>\n<p><span style=\"font-weight: 400;\">J\u00e4senyyden kannattajat perustelivat liittymist\u00e4 turvallisuustekij\u00f6ill\u00e4 ja taloudellisella hy\u00f6dyll\u00e4: j\u00e4senyys tarjoaisi suomalaisille yrityksille p\u00e4\u00e4syn unionin sis\u00e4markkinoille ja mahdollistaisi samalla yleisen vakaan taloudellisen kehityksen. Lis\u00e4ksi j\u00e4senyys takaisi Suomelle mahdollisuuden vaikuttaa p\u00e4\u00e4t\u00f6ksiin, jotka joka tapauksessa muovaisivat kansallisen politiikkamme sis\u00e4lt\u00f6\u00e4.<\/span><\/p>\n<p><span style=\"font-weight: 400;\">Vastustajat puolestaan katsoivat, ett\u00e4 j\u00e4senyys kaventaisi oleellisesti Suomen oikeutta m\u00e4\u00e4r\u00e4t\u00e4 omista asioistaan. J\u00e4senyyden pel\u00e4ttiin my\u00f6s heikent\u00e4v\u00e4n peruselinkeinojen, l\u00e4hinn\u00e4 maatalouden, harjoittamista. My\u00f6s pelot rajojen avaamisen seurauksista ja sosiaaliturvan heikkenemisest\u00e4 olivat syit\u00e4 vastustukseen.<\/span><\/p>\n<p><span style=\"font-weight: 400;\">Lopullisen p\u00e4\u00e4t\u00f6ksen teki eduskunta 18. marraskuuta 1994. Vuoden 1995 alusta Suomi, Ruotsi ja It\u00e4valta liittyiv\u00e4t j\u00e4seniksi yhteis\u00f6\u00f6n, josta Maastrichtin sopimuksen voimaantulon my\u00f6t\u00e4 oli tullut Euroopan unioni.<\/span><\/p>\n<p>[\/et_pb_text][\/et_pb_column][\/et_pb_row][et_pb_row column_structure=&#8221;1_2,1_2&#8243; _builder_version=&#8221;4.17.6&#8243; _module_preset=&#8221;default&#8221; global_colors_info=&#8221;{}&#8221;][et_pb_column type=&#8221;1_2&#8243; _builder_version=&#8221;4.17.6&#8243; _module_preset=&#8221;default&#8221; global_colors_info=&#8221;{}&#8221;][et_pb_text _builder_version=&#8221;4.17.6&#8243; _module_preset=&#8221;default&#8221; text_font=&#8221;Inter|800|||||||&#8221; text_text_color=&#8221;#172f88&#8243; text_font_size=&#8221;24px&#8221; text_line_height=&#8221;1em&#8221; custom_padding=&#8221;||5px||false|false&#8221; custom_css_main_element=&#8221;border-bottom: 3px solid #D0005F;&#8221; locked=&#8221;off&#8221; global_colors_info=&#8221;{}&#8221;]<\/p>\n<p>Suomesta tuli my\u00f6s talous- ja rahaliiton j\u00e4sen<\/p>\n<p>[\/et_pb_text][et_pb_text _builder_version=&#8221;4.17.6&#8243; _module_preset=&#8221;default&#8221; text_font=&#8221;Roboto Condensed||||||||&#8221; text_text_color=&#8221;#1A366D&#8221; text_font_size=&#8221;18px&#8221; text_line_height=&#8221;1.2em&#8221; locked=&#8221;off&#8221; global_colors_info=&#8221;{}&#8221;]<\/p>\n<p><span style=\"font-weight: 400;\">Liittyess\u00e4\u00e4n EU:n j\u00e4seneksi vuonna 1995 Suomi liittyi suoraan Euroopan talous- ja rahaliiton (EMU) toiseen vaiheeseen. T\u00e4ll\u00e4 vaiheella tarkoitetaan eri maiden talouksien l\u00e4hent\u00e4mist\u00e4 siten, ett\u00e4 EMUn kolmas vaihe eli yhteiseen rahaan siirtyminen sujuisi mahdollisimman helposti.<\/span><\/p>\n<p><span style=\"font-weight: 400;\">EMUn kolmanteen vaiheeseen siirryttiin tammikuussa 1999. Siit\u00e4 l\u00e4htien euroa on voinut k\u00e4ytt\u00e4\u00e4 tilirahana. Vuoden 2002 alussa laskettiin liikkeelle eurosetelit ja -kolikot, jotka korvasivat vanhat kansalliset rahat kuten Suomen markan.<\/span><\/p>\n<p>[\/et_pb_text][et_pb_text _builder_version=&#8221;4.17.6&#8243; _module_preset=&#8221;default&#8221; text_font=&#8221;Inter|800|||||||&#8221; text_text_color=&#8221;#172f88&#8243; text_font_size=&#8221;24px&#8221; text_line_height=&#8221;1em&#8221; custom_padding=&#8221;||5px||false|false&#8221; custom_css_main_element=&#8221;border-bottom: 3px solid #D0005F;&#8221; locked=&#8221;off&#8221; global_colors_info=&#8221;{}&#8221;]<\/p>\n<p>Suomi kuuluu Schengen-alueeseen<\/p>\n<p>[\/et_pb_text][et_pb_text _builder_version=&#8221;4.17.6&#8243; _module_preset=&#8221;default&#8221; text_font=&#8221;Roboto Condensed||||||||&#8221; text_text_color=&#8221;#1A366D&#8221; text_font_size=&#8221;18px&#8221; text_line_height=&#8221;1.2em&#8221; locked=&#8221;off&#8221; global_colors_info=&#8221;{}&#8221;]<\/p>\n<p><span style=\"font-weight: 400;\">Suomi allekirjoitti Schengeniin liittymissopimuksen joulukuussa 1996 yhdess\u00e4 Ruotsin ja Tanskan kanssa. Schengenin s\u00e4\u00e4nn\u00f6st\u00f6\u00e4 alettiin soveltaa Suomessa ja muissa Pohjoismaissa 25.3.2001. K\u00e4yt\u00e4nn\u00f6ss\u00e4 Schengenin sopimus tarkoittaa, ett\u00e4 ihmiset voivat ylitt\u00e4\u00e4 Schengen-sopimukseen liittyneiden maiden v\u00e4liset rajat ilman tarkastuksia sek\u00e4 maarajoilla, lentokentill\u00e4 ett\u00e4 satamien kautta. Ulkorajojen valvonnan helpottamiseksi Schengen-maat ovat sopineet viisumipolitiikkansa yhten\u00e4ist\u00e4misest\u00e4.<\/span><\/p>\n<p>[\/et_pb_text][\/et_pb_column][et_pb_column type=&#8221;1_2&#8243; _builder_version=&#8221;4.17.6&#8243; _module_preset=&#8221;default&#8221; global_colors_info=&#8221;{}&#8221;][et_pb_text _builder_version=&#8221;4.17.6&#8243; _module_preset=&#8221;default&#8221; text_font=&#8221;Inter|800|||||||&#8221; text_text_color=&#8221;#172f88&#8243; text_font_size=&#8221;24px&#8221; text_line_height=&#8221;1em&#8221; custom_padding=&#8221;||5px||false|false&#8221; custom_css_main_element=&#8221;border-bottom: 3px solid #D0005F;&#8221; locked=&#8221;off&#8221; global_colors_info=&#8221;{}&#8221;]<\/p>\n<p>Eurooppalainen Suomi ja Suomen tie j\u00e4senyyteen<\/p>\n<p>[\/et_pb_text][et_pb_post_slider posts_number=&#8221;1&#8243; include_categories=&#8221;135&#8243; more_text=&#8221;Lue lis\u00e4\u00e4&#8221; use_manual_excerpt=&#8221;off&#8221; image_placement=&#8221;top&#8221; _builder_version=&#8221;4.17.6&#8243; _module_preset=&#8221;default&#8221; header_font=&#8221;Inter|800|||||||&#8221; header_text_align=&#8221;left&#8221; header_text_color=&#8221;#1a366d&#8221; body_font=&#8221;Roboto Condensed||||||||&#8221; body_text_align=&#8221;left&#8221; body_text_color=&#8221;#1a366d&#8221; body_font_size=&#8221;18px&#8221; meta_font=&#8221;Roboto Condensed||||||||&#8221; meta_text_color=&#8221;#1A366D&#8221; meta_font_size=&#8221;14px&#8221; background_color=&#8221;#e4f6ff&#8221; custom_button=&#8221;on&#8221; button_text_color=&#8221;#FFFFFF&#8221; button_bg_color=&#8221;#D0005F&#8221; button_border_width=&#8221;0px&#8221; button_border_radius=&#8221;0px&#8221; button_font=&#8221;Inter|700|||||||&#8221; button_icon=&#8221;&#x35;||divi||400&#8243; button_on_hover=&#8221;off&#8221; text_orientation=&#8221;left&#8221; custom_css_main_element=&#8221;background-color: #7AD2FF;&#8221; locked=&#8221;off&#8221; global_colors_info=&#8221;{}&#8221;][\/et_pb_post_slider][\/et_pb_column][\/et_pb_row][et_pb_row column_structure=&#8221;1_2,1_2&#8243; _builder_version=&#8221;4.17.6&#8243; _module_preset=&#8221;default&#8221; locked=&#8221;off&#8221; global_colors_info=&#8221;{}&#8221;][et_pb_column type=&#8221;1_2&#8243; _builder_version=&#8221;4.17.6&#8243; _module_preset=&#8221;default&#8221; global_colors_info=&#8221;{}&#8221;][et_pb_text _builder_version=&#8221;4.17.6&#8243; _module_preset=&#8221;default&#8221; text_font=&#8221;Inter|800|||||||&#8221; text_text_color=&#8221;#172f88&#8243; text_font_size=&#8221;24px&#8221; text_line_height=&#8221;1em&#8221; custom_margin=&#8221;||0px||false|false&#8221; custom_padding=&#8221;||5px||false|false&#8221; locked=&#8221;off&#8221; global_colors_info=&#8221;{}&#8221;]<\/p>\n<p>Muualla verkossa:<\/p>\n<p>[\/et_pb_text][et_pb_text _builder_version=&#8221;4.17.6&#8243; _module_preset=&#8221;default&#8221; text_font=&#8221;Roboto Condensed||||||||&#8221; text_text_color=&#8221;#1A366D&#8221; text_font_size=&#8221;18px&#8221; text_line_height=&#8221;1.2em&#8221; hover_enabled=&#8221;0&#8243; locked=&#8221;off&#8221; global_colors_info=&#8221;{}&#8221; sticky_enabled=&#8221;0&#8243;]<\/p>\n<ul>\n<li><a href=\"http:\/\/vnk.fi\/eu\/suomi-euroopan-unionissa\" target=\"_blank\" rel=\"noopener\"><span style=\"font-weight: 400;\">Suomi Euroopan unionissa<\/span><\/a><\/li>\n<li><a href=\"https:\/\/www.eduskunta.fi\/FI\/Vaski\/sivut\/trip.aspx?triptype=ValtiopaivaAsiat&amp;docid=he%20135\/1994\" target=\"_blank\" rel=\"noopener\"><span style=\"font-weight: 400;\">Hallituksen esitys Suomen liittymisest\u00e4 Euroopan unioniin<\/span><\/a><\/li>\n<li><a href=\"http:\/\/www.finlex.fi\/fi\/sopimukset\/sopsteksti\/2001\/20010023\" target=\"_blank\" rel=\"noopener\"><span style=\"font-weight: 400;\">Schengenin sopimukset<\/span><\/a><\/li>\n<li><a href=\"https:\/\/www.eduskunta.fi\/FI\/naineduskuntatoimii\/kirjasto\/aineistot\/eu\/suomen-liittyminen-eu\/Sivut\/eu-liittymissopimus.aspx\" target=\"_blank\" rel=\"noopener\"><span style=\"font-weight: 400;\">EU-liittymissopimus<\/span><\/a><\/li>\n<\/ul>\n<p>[\/et_pb_text][\/et_pb_column][et_pb_column type=&#8221;1_2&#8243; _builder_version=&#8221;4.17.6&#8243; _module_preset=&#8221;default&#8221; global_colors_info=&#8221;{}&#8221;][\/et_pb_column][\/et_pb_row][\/et_pb_section][et_pb_section fb_built=&#8221;1&#8243; admin_label=&#8221;Section&#8221; module_id=&#8221;maksut&#8221; _builder_version=&#8221;4.17.6&#8243; _module_preset=&#8221;default&#8221; custom_padding=&#8221;0px|||||&#8221; da_popup_slug=&#8221;maksut&#8221; da_disable_devices=&#8221;off|off|off&#8221; global_colors_info=&#8221;{}&#8221; da_is_popup=&#8221;off&#8221; da_exit_intent=&#8221;off&#8221; da_has_close=&#8221;on&#8221; da_alt_close=&#8221;off&#8221; da_dark_close=&#8221;off&#8221; da_not_modal=&#8221;on&#8221; da_is_singular=&#8221;off&#8221; da_with_loader=&#8221;off&#8221; da_has_shadow=&#8221;on&#8221;][et_pb_row _builder_version=&#8221;4.17.6&#8243; _module_preset=&#8221;default&#8221; global_colors_info=&#8221;{}&#8221;][et_pb_column type=&#8221;4_4&#8243; _builder_version=&#8221;4.17.6&#8243; _module_preset=&#8221;default&#8221; global_colors_info=&#8221;{}&#8221;][et_pb_text _builder_version=&#8221;4.17.6&#8243; _module_preset=&#8221;default&#8221; text_font=&#8221;Inter|800|||||||&#8221; text_text_color=&#8221;#172f88&#8243; text_font_size=&#8221;40px&#8221; text_line_height=&#8221;1em&#8221; custom_padding=&#8221;||5px||false|false&#8221; custom_css_main_element=&#8221;border-bottom: 3px solid #41B8D5;&#8221; locked=&#8221;off&#8221; global_colors_info=&#8221;{}&#8221;]<\/p>\n<p>Suomen maksut EU:lle<\/p>\n<p>[\/et_pb_text][et_pb_text _builder_version=&#8221;4.17.6&#8243; _module_preset=&#8221;default&#8221; text_font=&#8221;Roboto Condensed||||||||&#8221; text_text_color=&#8221;#1A366D&#8221; text_font_size=&#8221;18px&#8221; text_line_height=&#8221;1.2em&#8221; hover_enabled=&#8221;0&#8243; locked=&#8221;off&#8221; global_colors_info=&#8221;{}&#8221; sticky_enabled=&#8221;0&#8243;]<\/p>\n<p><span style=\"font-weight: 400;\">J\u00e4senmailta ker\u00e4tt\u00e4v\u00e4t maksut ovat Euroopan unionin suurin tulonl\u00e4hde. Maksut tulevat maiden talousarvioista ja perustuvat kunkin maan bruttokansantuloon, arvonlis\u00e4veropohjaan ja kierr\u00e4tt\u00e4m\u00e4tt\u00f6m\u00e4\u00e4n muovipakkausj\u00e4tteeseen. Lis\u00e4ksi j\u00e4senmaat ker\u00e4\u00e4v\u00e4t unionin puolesta tullimaksuja, joista 75% tuloutetaan EU:lle ja 25% j\u00e4\u00e4 j\u00e4senvaltiolle.<\/span><\/p>\n<p><span style=\"font-weight: 400;\">EU:n <\/span><a href=\"https:\/\/eurooppatiedotus.fi\/perustietoa-eusta\/eun-budjetti\/\" target=\"_blank\" rel=\"noopener\"><span style=\"font-weight: 400;\">vuosibudjetti<\/span><\/a><span style=\"font-weight: 400;\"> perustuu seitsenvuotiseen rahoituskehykseen. Meneill\u00e4\u00e4n oleva rahoituskausi kattaa vuodet 2021 -2027.<\/span><\/p>\n<p><span style=\"font-weight: 400;\">J\u00e4senmaat sopivat yhdess\u00e4 unionin rahoituskehyksest\u00e4, ja siten maiden maksuosuuksissa on viime k\u00e4dess\u00e4 kyse poliittisesta neuvotteluratkaisusta.<\/span><\/p>\n<p><span style=\"font-weight: 400;\">Suomi on ollut vuosia 1996, 1997 ja 2000 lukuun ottamatta EU:n nettomaksaja. Nettomaksu kuvaa Suomen EU:lta saamien tulojen ja EU:lle maksettujen maksujen erotusta.<\/span><\/p>\n<p><span style=\"font-weight: 400;\">Suomen maksuosuus ei kerro kaikista EU-j\u00e4senyyden taloudellisista hy\u00f6dyist\u00e4, kuten avoimista sis\u00e4markkinoista.<\/span><\/p>\n<p>[\/et_pb_text][et_pb_text _builder_version=&#8221;4.17.6&#8243; _module_preset=&#8221;default&#8221; text_font=&#8221;Inter|800|||||||&#8221; text_text_color=&#8221;#172f88&#8243; text_font_size=&#8221;24px&#8221; text_line_height=&#8221;1em&#8221; custom_padding=&#8221;||5px||false|false&#8221; custom_css_main_element=&#8221;border-bottom: 3px solid #41B8D5;&#8221; locked=&#8221;off&#8221; global_colors_info=&#8221;{}&#8221;]<\/p>\n<p>EU-j\u00e4senyys maksoi vuonna 2022 Suomelle 144 euroa asukasta kohden<\/p>\n<p>[\/et_pb_text][et_pb_text _builder_version=&#8221;4.17.6&#8243; _module_preset=&#8221;default&#8221; text_font=&#8221;Roboto Condensed||||||||&#8221; text_text_color=&#8221;#1A366D&#8221; text_font_size=&#8221;18px&#8221; text_line_height=&#8221;1.2em&#8221; locked=&#8221;off&#8221; global_colors_info=&#8221;{}&#8221;]<\/p>\n<p><span style=\"font-weight: 400;\">Suomi maksoi vuonna 2022 EU:lle yhteens\u00e4 2,307 miljardia euroa, mik\u00e4 oli 228 miljoonaa euroa v\u00e4hemm\u00e4n kuin edellisvuonna.\u00a0 Suomen tulot EU:lta kasvoivat 173 miljoonalla eurolla 1,8 miljardiin euroon.<\/span><\/p>\n<p><span style=\"font-weight: 400;\">Asukasta kohden laskettuna nettomaksu laski 175 eurosta 144 euroon. Nettomaksu kuvaa karkeasti j\u00e4senvaltion EU:lta saamien tulojen ja EU:lle tilitettyjen maksujen erotusta. Viime vuosina EU:n j\u00e4senmaksu on vaihdellut 50\u2013200 euron v\u00e4lill\u00e4 jokaista suomalaista kohden.<\/span><\/p>\n<p><span style=\"font-weight: 400;\">Luvut eiv\u00e4t sis\u00e4ll\u00e4 tullimaksuja, joita Suomi ker\u00e4si 297 miljoonaa euroa, joista 223 miljoonaa euroa tilitettiin suoraan unionille ja 74 miljoonaa j\u00e4i Suomen talousarvioon kantopalkkiona.<\/span><\/p>\n<p>[\/et_pb_text][\/et_pb_column][\/et_pb_row][et_pb_row column_structure=&#8221;1_2,1_2&#8243; _builder_version=&#8221;4.17.6&#8243; _module_preset=&#8221;default&#8221; locked=&#8221;off&#8221; global_colors_info=&#8221;{}&#8221;][et_pb_column type=&#8221;1_2&#8243; _builder_version=&#8221;4.17.6&#8243; _module_preset=&#8221;default&#8221; global_colors_info=&#8221;{}&#8221;][et_pb_text _builder_version=&#8221;4.17.6&#8243; _module_preset=&#8221;default&#8221; text_font=&#8221;Inter|800|||||||&#8221; text_text_color=&#8221;#172f88&#8243; text_font_size=&#8221;24px&#8221; text_line_height=&#8221;1em&#8221; custom_margin=&#8221;||0px||false|false&#8221; custom_padding=&#8221;||5px||false|false&#8221; locked=&#8221;off&#8221; global_colors_info=&#8221;{}&#8221;]<\/p>\n<p>Muualla verkossa:<\/p>\n<p>[\/et_pb_text][et_pb_text _builder_version=&#8221;4.17.6&#8243; _module_preset=&#8221;default&#8221; text_font=&#8221;Roboto Condensed||||||||&#8221; text_text_color=&#8221;#1A366D&#8221; text_font_size=&#8221;18px&#8221; text_line_height=&#8221;1.2em&#8221; hover_enabled=&#8221;0&#8243; locked=&#8221;off&#8221; global_colors_info=&#8221;{}&#8221; sticky_enabled=&#8221;0&#8243;]<\/p>\n<ul>\n<li><a href=\"https:\/\/ec.europa.eu\/info\/strategy\/eu-budget\/long-term-eu-budget_fi\" target=\"_blank\" rel=\"noopener\"><span style=\"font-weight: 400;\">EU:n pitk\u00e4n aikav\u00e4lin talousarvio<\/span><\/a><\/li>\n<li><a href=\"https:\/\/vm.fi\/eu-ja-talous\" target=\"_blank\" rel=\"noopener\"><span style=\"font-weight: 400;\">EU ja talous<\/span><\/a><\/li>\n<\/ul>\n<p>[\/et_pb_text][\/et_pb_column][et_pb_column type=&#8221;1_2&#8243; _builder_version=&#8221;4.17.6&#8243; _module_preset=&#8221;default&#8221; global_colors_info=&#8221;{}&#8221;][\/et_pb_column][\/et_pb_row][\/et_pb_section][et_pb_section fb_built=&#8221;1&#8243; module_id=&#8221;kasittely&#8221; _builder_version=&#8221;4.17.6&#8243; _module_preset=&#8221;default&#8221; custom_padding=&#8221;0px|||||&#8221; da_disable_devices=&#8221;off|off|off&#8221; global_colors_info=&#8221;{}&#8221; da_is_popup=&#8221;off&#8221; da_exit_intent=&#8221;off&#8221; da_has_close=&#8221;on&#8221; da_alt_close=&#8221;off&#8221; da_dark_close=&#8221;off&#8221; da_not_modal=&#8221;on&#8221; da_is_singular=&#8221;off&#8221; da_with_loader=&#8221;off&#8221; da_has_shadow=&#8221;on&#8221;][et_pb_row _builder_version=&#8221;4.17.6&#8243; _module_preset=&#8221;default&#8221; global_colors_info=&#8221;{}&#8221;][et_pb_column type=&#8221;4_4&#8243; _builder_version=&#8221;4.17.6&#8243; _module_preset=&#8221;default&#8221; global_colors_info=&#8221;{}&#8221;][et_pb_text _builder_version=&#8221;4.17.6&#8243; _module_preset=&#8221;default&#8221; text_font=&#8221;Inter|800|||||||&#8221; text_text_color=&#8221;#172f88&#8243; text_font_size=&#8221;40px&#8221; text_line_height=&#8221;1em&#8221; custom_padding=&#8221;||5px||false|false&#8221; custom_css_main_element=&#8221;border-bottom: 3px solid #D0005F;&#8221; locked=&#8221;off&#8221; global_colors_info=&#8221;{}&#8221;]<\/p>\n<p>EU-asioiden k\u00e4sittely Suomessa<\/p>\n<p>[\/et_pb_text][\/et_pb_column][\/et_pb_row][et_pb_row column_structure=&#8221;1_2,1_2&#8243; _builder_version=&#8221;4.17.6&#8243; _module_preset=&#8221;default&#8221; global_colors_info=&#8221;{}&#8221;][et_pb_column type=&#8221;1_2&#8243; _builder_version=&#8221;4.17.6&#8243; _module_preset=&#8221;default&#8221; global_colors_info=&#8221;{}&#8221;][et_pb_text _builder_version=&#8221;4.17.6&#8243; _module_preset=&#8221;default&#8221; text_font=&#8221;Roboto Condensed||||||||&#8221; text_text_color=&#8221;#1A366D&#8221; text_font_size=&#8221;18px&#8221; text_line_height=&#8221;1.2em&#8221; locked=&#8221;off&#8221; global_colors_info=&#8221;{}&#8221;]<\/p>\n<p><span style=\"font-weight: 400;\">P\u00e4\u00e4vastuu EU-asioiden seurannasta, valmistelusta ja Suomen kantojen m\u00e4\u00e4rittelyst\u00e4 on toimivaltaisilla ministeri\u00f6ill\u00e4.<\/span><\/p>\n<p><span style=\"font-weight: 400;\">Suomen EU-asioiden yhteensovitusj\u00e4rjestelm\u00e4n tarkoituksena on varmistaa, ett\u00e4 Suomella on yhteen sovitettu ja Suomen yleisi\u00e4 EU-poliittisia linjauksia vastaava kanta kaikkiin EU:ssa vireill\u00e4 oleviin asioihin niiden eri k\u00e4sittelyvaiheissa.<\/span><\/p>\n<p><span style=\"font-weight: 400;\">Suomen yhteensovittamisj\u00e4rjestelm\u00e4 on j\u00e4senvaltioiden keskuudessa poikkeuksellinen. Se perustuu EU-ministerivaliokunnan linjauksiin, asioita tehokkaasti koordinoivaan virkamiesvalmisteluun sek\u00e4 eduskunnan osallistumiseen ja oikea-aikaiseen informointiin EU-asioissa.<\/span><\/p>\n<p><span style=\"font-weight: 400;\">EU-asioiden yhteensovittamisesta sek\u00e4 yhteensovittamisj\u00e4rjestelm\u00e4st\u00e4 vastaa valtioneuvoston kanslian EU-asioiden osasto. Yhteensovittamisj\u00e4rjestelm\u00e4\u00e4n kuuluvat<\/span><\/p>\n<ul>\n<li style=\"font-weight: 400;\" aria-level=\"1\"><span style=\"font-weight: 400;\">toimivaltaiset ministeri\u00f6t,<\/span><\/li>\n<li style=\"font-weight: 400;\" aria-level=\"1\"><span style=\"font-weight: 400;\">EU-valmistelujaostot,<\/span><\/li>\n<li style=\"font-weight: 400;\" aria-level=\"1\"><span style=\"font-weight: 400;\">EU-asioiden komitea ja<\/span><\/li>\n<li style=\"font-weight: 400;\" aria-level=\"1\"><span style=\"font-weight: 400;\">EU-ministerivaliokunta.<\/span><\/li>\n<\/ul>\n<p><span style=\"font-weight: 400;\">My\u00f6s Brysseliss\u00e4 sijaitseva Suomen pysyv\u00e4 edustusto Euroopan unionissa osallistuu EU-asioiden valmisteluun.<\/span><\/p>\n<p><span style=\"font-weight: 400;\">EU-asioiden k\u00e4sittelyss\u00e4 kiinnitet\u00e4\u00e4n erityist\u00e4 huomiota Ahvenanmaan maakunnan hallituksen osallistumiseen ja tiedonsaantiin.<\/span><\/p>\n<p>[\/et_pb_text][\/et_pb_column][et_pb_column type=&#8221;1_2&#8243; _builder_version=&#8221;4.17.6&#8243; _module_preset=&#8221;default&#8221; global_colors_info=&#8221;{}&#8221;][et_pb_code _builder_version=&#8221;4.17.6&#8243; _module_preset=&#8221;default&#8221; global_colors_info=&#8221;{}&#8221;]<iframe loading=\"lazy\" width=\"560\" height=\"315\" src=\"https:\/\/www.youtube.com\/embed\/J1E_SNOgS3M?si=6tmzj1J49dySgbhO\" title=\"YouTube video player\" frameborder=\"0\" allow=\"accelerometer; autoplay; clipboard-write; encrypted-media; gyroscope; picture-in-picture; web-share\" referrerpolicy=\"strict-origin-when-cross-origin\" allowfullscreen><\/iframe>[\/et_pb_code][et_pb_text _builder_version=&#8221;4.17.6&#8243; _module_preset=&#8221;default&#8221; text_font=&#8221;Roboto Condensed||||||||&#8221; text_text_color=&#8221;#1A366D&#8221; text_font_size=&#8221;16px&#8221; text_line_height=&#8221;1.2em&#8221; locked=&#8221;off&#8221; global_colors_info=&#8221;{}&#8221;]<\/p>\n<p>Katso videolta, miten EU-laki syntyy. Video: Tussitaikurit Oy<\/p>\n<p>[\/et_pb_text][\/et_pb_column][\/et_pb_row][et_pb_row column_structure=&#8221;1_2,1_2&#8243; _builder_version=&#8221;4.17.6&#8243; _module_preset=&#8221;default&#8221; global_colors_info=&#8221;{}&#8221;][et_pb_column type=&#8221;1_2&#8243; _builder_version=&#8221;4.17.6&#8243; _module_preset=&#8221;default&#8221; global_colors_info=&#8221;{}&#8221;][et_pb_text _builder_version=&#8221;4.17.6&#8243; _module_preset=&#8221;default&#8221; text_font=&#8221;Inter|800|||||||&#8221; text_text_color=&#8221;#172f88&#8243; text_font_size=&#8221;24px&#8221; text_line_height=&#8221;1em&#8221; custom_padding=&#8221;||5px||false|false&#8221; custom_css_main_element=&#8221;border-bottom: 3px solid #D0005F;&#8221; locked=&#8221;off&#8221; global_colors_info=&#8221;{}&#8221;]<\/p>\n<p>EU-ministerivaliokunta<\/p>\n<p>[\/et_pb_text][et_pb_text _builder_version=&#8221;4.17.6&#8243; _module_preset=&#8221;default&#8221; text_font=&#8221;Roboto Condensed||||||||&#8221; text_text_color=&#8221;#1A366D&#8221; text_font_size=&#8221;18px&#8221; text_line_height=&#8221;1.2em&#8221; hover_enabled=&#8221;0&#8243; locked=&#8221;off&#8221; global_colors_info=&#8221;{}&#8221; sticky_enabled=&#8221;0&#8243;]<\/p>\n<p><span style=\"font-weight: 400;\">Hallituksen EU-ministerivaliokunta kokoontuu viikoittain yleens\u00e4 perjantaisin k\u00e4sittelem\u00e4\u00e4n poliittisesti, taloudellisesti ja oikeudellisesti merkitt\u00e4vi\u00e4 ajankohtaisia EU-asioita. Ministerivaliokunnassa sovitaan Suomen toimintalinjat muun muassa kaikkiin Euroopan unionin neuvoston virallisiin ja ep\u00e4virallisiin kokouksiin. Ministerivaliokunnan puheenjohtaja on p\u00e4\u00e4ministeri.<\/span><\/p>\n<p><span style=\"font-weight: 400;\">Ahvenanmaan maakunnan hallituksen puheenjohtajalla on oikeus tulla kuulluksi EU-ministerivaliokunnassa silloin, kun asia kuuluu Ahvenanmaan maakunnan toimivaltaan tai se on muutoin maakunnalle erityisen t\u00e4rke\u00e4.<\/span><\/p>\n<ul>\n<li style=\"font-weight: 400;\" aria-level=\"1\"><a href=\"https:\/\/vnk.fi\/eu\/ministerivaliokunta\" target=\"_blank\" rel=\"noopener\"><span style=\"font-weight: 400;\">EU-ministerivaliokunnan tiedotteet ja kokousaineistoja | Valtioneuvoston kanslia<\/span><\/a><\/li>\n<\/ul>\n<p>[\/et_pb_text][\/et_pb_column][et_pb_column type=&#8221;1_2&#8243; _builder_version=&#8221;4.17.6&#8243; _module_preset=&#8221;default&#8221; global_colors_info=&#8221;{}&#8221;][et_pb_image src=&#8221;https:\/\/www.eurooppalainensuomi.fi\/wp-content\/uploads\/2025\/12\/image17-1.jpg&#8221; alt=&#8221;Man eating on a bench eating a banana&#8221; title_text=&#8221;image17&#8243; _builder_version=&#8221;4.17.6&#8243; _module_preset=&#8221;default&#8221; custom_margin=&#8221;||13px|||&#8221; locked=&#8221;off&#8221; global_colors_info=&#8221;{}&#8221;][\/et_pb_image][et_pb_text _builder_version=&#8221;4.17.6&#8243; _module_preset=&#8221;default&#8221; text_font=&#8221;Roboto Condensed||||||||&#8221; text_text_color=&#8221;#1A366D&#8221; text_font_size=&#8221;16px&#8221; text_line_height=&#8221;1.2em&#8221; locked=&#8221;off&#8221; global_colors_info=&#8221;{}&#8221;]<\/p>\n<p>Ministerivaliokunnan puheenjohtaja on p\u00e4\u00e4ministeri. Kuva: Lauri Heikkinen | valtioneuvoston kanslia.<\/p>\n<p>[\/et_pb_text][\/et_pb_column][\/et_pb_row][et_pb_row column_structure=&#8221;1_2,1_2&#8243; _builder_version=&#8221;4.17.6&#8243; _module_preset=&#8221;default&#8221; global_colors_info=&#8221;{}&#8221;][et_pb_column type=&#8221;1_2&#8243; _builder_version=&#8221;4.17.6&#8243; _module_preset=&#8221;default&#8221; global_colors_info=&#8221;{}&#8221;][et_pb_text _builder_version=&#8221;4.17.6&#8243; _module_preset=&#8221;default&#8221; text_font=&#8221;Inter|800|||||||&#8221; text_text_color=&#8221;#172f88&#8243; text_font_size=&#8221;24px&#8221; text_line_height=&#8221;1em&#8221; custom_padding=&#8221;||5px||false|false&#8221; custom_css_main_element=&#8221;border-bottom: 3px solid #D0005F;&#8221; locked=&#8221;off&#8221; global_colors_info=&#8221;{}&#8221;]<\/p>\n<p>EU-asioiden komitea<\/p>\n<p>[\/et_pb_text][et_pb_text _builder_version=&#8221;4.17.6&#8243; _module_preset=&#8221;default&#8221; text_font=&#8221;Roboto Condensed||||||||&#8221; text_text_color=&#8221;#1A366D&#8221; text_font_size=&#8221;18px&#8221; text_line_height=&#8221;1.2em&#8221; locked=&#8221;off&#8221; global_colors_info=&#8221;{}&#8221;]<\/p>\n<p><span style=\"font-weight: 400;\">EU-asioiden komitea on ministeri\u00f6iden, tasavallan presidentin kanslian, oikeuskanslerin viraston, Suomen Pankin ja Ahvenanmaan maakunnan hallituksen edustajista koostuva yhteisty\u00f6elin, joka k\u00e4sittelee laajoja ja useita ministeri\u00f6it\u00e4 koskevia EU-asioita, kuten Euroopan komission ty\u00f6ohjelmaan vaikuttamista. Lis\u00e4ksi komitea p\u00e4\u00e4tt\u00e4\u00e4 EU:n toimielimiin ja virastoihin l\u00e4hetett\u00e4vist\u00e4 kansallisista asiantuntijoista. Komitean puheenjohtajana on EU-asioiden osaston p\u00e4\u00e4llikk\u00f6 eli EU-asioiden valtiosihteeri.<\/span><\/p>\n<p>[\/et_pb_text][\/et_pb_column][et_pb_column type=&#8221;1_2&#8243; _builder_version=&#8221;4.17.6&#8243; _module_preset=&#8221;default&#8221; global_colors_info=&#8221;{}&#8221;][et_pb_text _builder_version=&#8221;4.17.6&#8243; _module_preset=&#8221;default&#8221; text_font=&#8221;Inter|800|||||||&#8221; text_text_color=&#8221;#172f88&#8243; text_font_size=&#8221;24px&#8221; text_line_height=&#8221;1em&#8221; custom_padding=&#8221;||5px||false|false&#8221; custom_css_main_element=&#8221;border-bottom: 3px solid #D0005F;&#8221; locked=&#8221;off&#8221; global_colors_info=&#8221;{}&#8221;]<\/p>\n<p>EU-jaostot<\/p>\n<p>[\/et_pb_text][et_pb_text _builder_version=&#8221;4.17.6&#8243; _module_preset=&#8221;default&#8221; text_font=&#8221;Roboto Condensed||||||||&#8221; text_text_color=&#8221;#1A366D&#8221; text_font_size=&#8221;18px&#8221; text_line_height=&#8221;1.2em&#8221; locked=&#8221;off&#8221; global_colors_info=&#8221;{}&#8221;]<\/p>\n<p><span style=\"font-weight: 400;\">EU-asioiden komitea on asettanut yhteens\u00e4 36 sektorikohtaista valmistelujaostoa. Jaostoj\u00e4rjestelm\u00e4 on EU-asioiden virkamiesvalmistelun perusrakenne. EU-jaostoissa puheenjohtaja ja sihteeri ovat yleens\u00e4 toimivaltaisesta ministeri\u00f6st\u00e4.<\/span><\/p>\n<p><span style=\"font-weight: 400;\">Jaostot voivat kokoontua suppeassa tai laajassa kokoonpanossa. Suppeaan kokoonpanoon kuuluu toimivaltaisten ministeri\u00f6iden virkamiesten lis\u00e4ksi muiden ministeri\u00f6iden ja virastojen edustajia. Laajaan kokoonpanoon kuuluu my\u00f6s etuj\u00e4rjest\u00f6jen ja sidosryhmien edustajia. Kussakin jaostossa on my\u00f6s edustaja valtioneuvoston kanslian EU-asioiden osastolta ja Ahvenanmaan maakunnan hallituksesta. Jaostot kokoontuvat vaihtelevasti tarpeen mukaan.<\/span><\/p>\n<p>[\/et_pb_text][\/et_pb_column][\/et_pb_row][et_pb_row _builder_version=&#8221;4.17.6&#8243; _module_preset=&#8221;default&#8221; global_colors_info=&#8221;{}&#8221;][et_pb_column type=&#8221;4_4&#8243; _builder_version=&#8221;4.17.6&#8243; _module_preset=&#8221;default&#8221; global_colors_info=&#8221;{}&#8221;][et_pb_text _builder_version=&#8221;4.17.6&#8243; _module_preset=&#8221;default&#8221; text_font=&#8221;Inter|800|||||||&#8221; text_text_color=&#8221;#172f88&#8243; text_font_size=&#8221;24px&#8221; text_line_height=&#8221;1em&#8221; custom_padding=&#8221;||5px||false|false&#8221; custom_css_main_element=&#8221;border-bottom: 3px solid #D0005F;&#8221; locked=&#8221;off&#8221; global_colors_info=&#8221;{}&#8221;]<\/p>\n<p>EU-asioiden osasto valtioneuvoston kansliassa<\/p>\n<p>[\/et_pb_text][et_pb_text _builder_version=&#8221;4.17.6&#8243; _module_preset=&#8221;default&#8221; text_font=&#8221;Roboto Condensed||||||||&#8221; text_text_color=&#8221;#1A366D&#8221; text_font_size=&#8221;18px&#8221; text_line_height=&#8221;1.2em&#8221; locked=&#8221;off&#8221; global_colors_info=&#8221;{}&#8221;]<\/p>\n<p><span style=\"font-weight: 400;\">Valtioneuvoston kanslian EU-asioiden osasto vastaa EU-asioiden yhteensovittamisesta valtioneuvostossa ja kansallisen yhteensovittamisj\u00e4rjestelm\u00e4n toimivuudesta. Se toimii EU-ministerivaliokunnan ja EU-asioiden komitean sihteerist\u00f6n\u00e4 ja on edustettuna kaikissa EU-asioiden komitean asettamissa sektorikohtaisissa valmistelujaostoissa.<\/span><\/p>\n<p><span style=\"font-weight: 400;\">EU-asioiden osaston teht\u00e4viin kuuluvat lis\u00e4ksi<\/span><\/p>\n<ul>\n<li style=\"font-weight: 400;\" aria-level=\"1\"><span style=\"font-weight: 400;\">Eurooppa-neuvoston kokousten valmistelu<\/span><\/li>\n<li style=\"font-weight: 400;\" aria-level=\"1\"><span style=\"font-weight: 400;\">EU:n yleiseen kehitt\u00e4miseen ja institutionaalisiin kysymyksiin liittyv\u00e4t asiat<\/span><\/li>\n<li style=\"font-weight: 400;\" aria-level=\"1\"><span style=\"font-weight: 400;\">p\u00e4\u00e4ministerin ja eurooppaministerin ty\u00f6n tukeminen EU-asioissa<\/span><\/li>\n<li style=\"font-weight: 400;\" aria-level=\"1\"><span style=\"font-weight: 400;\">Suomen edustaminen EU-tuomioistuimessa ja EU-rikkomusmenettelyiss\u00e4<\/span><\/li>\n<li style=\"font-weight: 400;\" aria-level=\"1\"><span style=\"font-weight: 400;\">toimintaohjeiden v\u00e4litt\u00e4minen EU-edustustolle yhdess\u00e4 vastuuministeri\u00f6iden kanssa<\/span><\/li>\n<li style=\"font-weight: 400;\" aria-level=\"1\"><span style=\"font-weight: 400;\">EU-asioiden yhteensovittamista ja valmistelua koskevien menettelytapojen kehitt\u00e4minen<\/span><\/li>\n<li style=\"font-weight: 400;\" aria-level=\"1\"><span style=\"font-weight: 400;\">sellaiset EU-asiat, jotka eiv\u00e4t kuulu muille ministeri\u00f6ille<\/span><\/li>\n<li style=\"font-weight: 400;\" aria-level=\"1\"><span style=\"font-weight: 400;\">tiedonkulun varmistaminen Suomen EU-edustuston ja kansallisten viranomaisten v\u00e4lill\u00e4<\/span><\/li>\n<li style=\"font-weight: 400;\" aria-level=\"1\"><span style=\"font-weight: 400;\">osallistuminen valtioneuvoston EU-koulutukseen, EU-viestint\u00e4\u00e4n ja EU-asiakirjahallinnointiin<\/span><\/li>\n<\/ul>\n<p>[\/et_pb_text][et_pb_text _builder_version=&#8221;4.17.6&#8243; _module_preset=&#8221;default&#8221; text_font=&#8221;Inter|800|||||||&#8221; text_text_color=&#8221;#172f88&#8243; text_font_size=&#8221;24px&#8221; text_line_height=&#8221;1em&#8221; custom_padding=&#8221;||5px||false|false&#8221; custom_css_main_element=&#8221;border-bottom: 3px solid #D0005F;&#8221; locked=&#8221;off&#8221; global_colors_info=&#8221;{}&#8221;]<\/p>\n<p>EU-asioiden komitea<\/p>\n<p>[\/et_pb_text][et_pb_text _builder_version=&#8221;4.17.6&#8243; _module_preset=&#8221;default&#8221; text_font=&#8221;Roboto Condensed||||||||&#8221; text_text_color=&#8221;#1A366D&#8221; text_font_size=&#8221;18px&#8221; text_line_height=&#8221;1.2em&#8221; hover_enabled=&#8221;0&#8243; locked=&#8221;off&#8221; global_colors_info=&#8221;{}&#8221; sticky_enabled=&#8221;0&#8243;]<\/p>\n<p><span style=\"font-weight: 400;\">Eduskunta osallistuu EU:ssa teht\u00e4vien p\u00e4\u00e4t\u00f6sten kansalliseen valmisteluun ja saa niist\u00e4 tietoa. EU-asiat k\u00e4sittelee eduskunnassa suuri valiokunta, jolle erikoisvaliokunnat antavat lausuntoja. EU:n yhteiseen ulko- ja turvallisuuspolitiikkaan kuuluvat asiat k\u00e4sitell\u00e4\u00e4n\u00a0<\/span><a href=\"https:\/\/www.eduskunta.fi\/FI\/valiokunnat\/ulkoasiainvaliokunta\/Sivut\/default.aspx\" target=\"_blank\" rel=\"noopener\">ulkoasiainvaliokunnassa<\/a><\/p>\n<p><span style=\"font-weight: 400;\">Valtioneuvosto saattaa EU-toimintaan liittyvi\u00e4 asioita eduskunnan k\u00e4sitelt\u00e4viksi U-kirjelmill\u00e4 ja E-kirjeill\u00e4 sek\u00e4 ulko- ja turvallisuuspolitiikkaa koskevilla UTP-kirjeill\u00e4. Lis\u00e4ksi valtioneuvosto voi esitt\u00e4\u00e4 eduskunnalle muun muassa tiedonantoja ja selontekoja. P\u00e4\u00e4ministeri voi antaa eduskunnalle ilmoituksia.<\/span><\/p>\n<p><span style=\"font-weight: 400;\">Kansallisten parlamenttien, Suomessa siis eduskunnan, asema vahvistui Lissabonin sopimuksen perusteella. Merkitt\u00e4vin uudistus on parlamenteille annettu erityisteht\u00e4v\u00e4 valvoa toissijaisuus- eli l\u00e4heisyysperiaatteen toteutumista. P\u00e4\u00e4t\u00f6kset on siten teht\u00e4v\u00e4 mahdollisimman l\u00e4hell\u00e4 kansalaista ja oikealla tasolla. Ellei periaate kansallisten parlamenttien mielest\u00e4 toteudu, ne voivat tehd\u00e4 huomautuksen komissiolle, Euroopan parlamentille ja neuvostolle.<\/span><\/p>\n<ul>\n<li style=\"font-weight: 400;\" aria-level=\"1\"><a href=\"https:\/\/www.eduskunta.fi\/FI\/valiokunnat\/suuri_valiokunta\/Sivut\/default.aspx\" target=\"_blank\" rel=\"noopener\"><span style=\"font-weight: 400;\">Suuren valiokunnan j\u00e4senet ja virkamiehet | Eduskunta<\/span><\/a><\/li>\n<li style=\"font-weight: 400;\" aria-level=\"1\"><a href=\"https:\/\/www.eduskunta.fi\/FI\/valiokunnat\/ulkoasiainvaliokunta\/Sivut\/default.aspx\" target=\"_blank\" rel=\"noopener\"><span style=\"font-weight: 400;\">Ulkoasiainvaliokunnan j\u00e4senet ja virkamiehet | Eduskunta<\/span><\/a><\/li>\n<\/ul>\n<p>[\/et_pb_text][et_pb_code _builder_version=&#8221;4.17.6&#8243; _module_preset=&#8221;default&#8221; locked=&#8221;off&#8221; global_colors_info=&#8221;{}&#8221;]<iframe loading=\"lazy\" width=\"560\" height=\"315\" src=\"https:\/\/www.youtube.com\/embed\/PJ8fSl7RJWw?si=lVYchI4KiWM-6DpE\" title=\"YouTube video player\" frameborder=\"0\" allow=\"accelerometer; autoplay; clipboard-write; encrypted-media; gyroscope; picture-in-picture; web-share\" referrerpolicy=\"strict-origin-when-cross-origin\" allowfullscreen><\/iframe>[\/et_pb_code][et_pb_text _builder_version=&#8221;4.17.6&#8243; _module_preset=&#8221;default&#8221; text_font=&#8221;Roboto Condensed||||||||&#8221; text_text_color=&#8221;#1A366D&#8221; text_font_size=&#8221;16px&#8221; text_line_height=&#8221;1.2em&#8221; locked=&#8221;off&#8221; global_colors_info=&#8221;{}&#8221;]<\/p>\n<p>Video: Eduskunta ja Tussitaikurit Oy \/ Marker Wizards Ltd<\/p>\n<p>[\/et_pb_text][\/et_pb_column][\/et_pb_row][\/et_pb_section][et_pb_section fb_built=&#8221;1&#8243; module_id=&#8221;lakien-suhde&#8221; _builder_version=&#8221;4.17.6&#8243; _module_preset=&#8221;default&#8221; custom_padding=&#8221;0px|||||&#8221; da_disable_devices=&#8221;off|off|off&#8221; global_colors_info=&#8221;{}&#8221; da_is_popup=&#8221;off&#8221; da_exit_intent=&#8221;off&#8221; da_has_close=&#8221;on&#8221; da_alt_close=&#8221;off&#8221; da_dark_close=&#8221;off&#8221; da_not_modal=&#8221;on&#8221; da_is_singular=&#8221;off&#8221; da_with_loader=&#8221;off&#8221; da_has_shadow=&#8221;on&#8221;][et_pb_row _builder_version=&#8221;4.17.6&#8243; _module_preset=&#8221;default&#8221; global_colors_info=&#8221;{}&#8221;][et_pb_column type=&#8221;4_4&#8243; _builder_version=&#8221;4.17.6&#8243; _module_preset=&#8221;default&#8221; global_colors_info=&#8221;{}&#8221;][et_pb_text _builder_version=&#8221;4.17.6&#8243; _module_preset=&#8221;default&#8221; text_font=&#8221;Inter|800|||||||&#8221; text_text_color=&#8221;#172f88&#8243; text_font_size=&#8221;40px&#8221; text_line_height=&#8221;1em&#8221; custom_padding=&#8221;||5px||false|false&#8221; custom_css_main_element=&#8221;border-bottom: 3px solid #41B8D5;&#8221; locked=&#8221;off&#8221; global_colors_info=&#8221;{}&#8221;]<\/p>\n<p>EU-lakien suhde Suomen lakiin<\/p>\n<p>[\/et_pb_text][et_pb_text _builder_version=&#8221;4.17.6&#8243; _module_preset=&#8221;default&#8221; text_font=&#8221;Roboto Condensed||||||||&#8221; text_text_color=&#8221;#1A366D&#8221; text_font_size=&#8221;18px&#8221; text_line_height=&#8221;1.2em&#8221; locked=&#8221;off&#8221; global_colors_info=&#8221;{}&#8221;]<\/p>\n<p><span style=\"font-weight: 400;\">Euroopan unionin ja sen j\u00e4senmaiden vallanjaon perusperiaate on niin kutsuttu annetun toimivallan periaate eli j\u00e4senvaltiot ovat tietyill\u00e4 aloilla antaneet p\u00e4\u00e4t\u00f6ksentekovaltaansa unionille. Periaatteen mukaan EU voi toimia vain niiss\u00e4 kysymyksiss\u00e4, joista on perustamissopimuksissa m\u00e4\u00e4r\u00e4tty.<\/span><\/p>\n<p><span style=\"font-weight: 400;\">Kaikki muu kuuluu j\u00e4senvaltioille. EU:n toimivalta on siis rajattua. Euroopan unionin toimivallan laajuus vaihtelee suuresti toimialoittain. Esimerkiksi maatalouspolitiikassa unionilla on laaja toimivalta, kun taas vaikkapa terveyspolitiikassa toimivalta on huomattavasti rajoitetumpi.<\/span><\/p>\n<p><span style=\"font-weight: 400;\">EU-lains\u00e4\u00e4d\u00e4nn\u00f6n keskeiset v\u00e4lineet: <\/span><\/p>\n<p>[\/et_pb_text][et_pb_image src=&#8221;https:\/\/www.eurooppalainensuomi.fi\/wp-content\/uploads\/2025\/12\/image6-1.jpg&#8221; title_text=&#8221;image6&#8243; _builder_version=&#8221;4.17.6&#8243; _module_preset=&#8221;default&#8221; global_colors_info=&#8221;{}&#8221;][\/et_pb_image][et_pb_text _builder_version=&#8221;4.17.6&#8243; _module_preset=&#8221;default&#8221; text_font=&#8221;Roboto Condensed||||||||&#8221; text_text_color=&#8221;#1A366D&#8221; text_font_size=&#8221;18px&#8221; text_line_height=&#8221;1.2em&#8221; locked=&#8221;off&#8221; global_colors_info=&#8221;{}&#8221;]<\/p>\n<p><span style=\"font-weight: 400;\">Euroopan unionin toimivalta luokitellaan kolmeen p\u00e4\u00e4luokkaan: yksinomaiseen toimivaltaan, j\u00e4senvaltioiden kanssa jaettuun toimivaltaan ja j\u00e4senvaltioiden toimivaltaa t\u00e4ydent\u00e4v\u00e4\u00e4n.<\/span><\/p>\n<p><span style=\"font-weight: 400;\">EU:n yksinomaiseen toimivaltaan kuuluvissa asioissa ainoastaan unioni voi s\u00e4\u00e4t\u00e4\u00e4 lakeja ja antaa oikeudellisesti velvoittavia s\u00e4\u00e4d\u00f6ksi\u00e4. Yksinomaiseen toimivaltaan kuuluvat alat:<\/span><\/p>\n<ul>\n<li style=\"font-weight: 400;\" aria-level=\"1\"><span style=\"font-weight: 400;\">tulliliitto<\/span><\/li>\n<li style=\"font-weight: 400;\" aria-level=\"1\"><span style=\"font-weight: 400;\">kilpailulains\u00e4\u00e4d\u00e4nt\u00f6<\/span><\/li>\n<li style=\"font-weight: 400;\" aria-level=\"1\"><span style=\"font-weight: 400;\">euromaiden rahapolitiikka<\/span><\/li>\n<li style=\"font-weight: 400;\" aria-level=\"1\"><span style=\"font-weight: 400;\">meren elollisten luonnonvarojen s\u00e4ilytt\u00e4minen osana yhteist\u00e4 kalastuspolitiikkaa<\/span><\/li>\n<li style=\"font-weight: 400;\" aria-level=\"1\"><span style=\"font-weight: 400;\">yhteinen kauppapolitiikka<\/span><\/li>\n<\/ul>\n<p><span style=\"font-weight: 400;\">Jaettu toimivalta on yleisin EU:n toimivallan muoto. Jaetun toimivallan aloilla sek\u00e4 unioni ett\u00e4 j\u00e4senvaltiot voivat s\u00e4\u00e4t\u00e4\u00e4 lakeja ja antaa oikeudellisesti velvoittavia s\u00e4\u00e4d\u00f6ksi\u00e4. Jaettuun toimivaltaan kuuluvat alat:<\/span><\/p>\n<ul>\n<li style=\"font-weight: 400;\" aria-level=\"1\"><span style=\"font-weight: 400;\">sis\u00e4markkinat<\/span><\/li>\n<li style=\"font-weight: 400;\" aria-level=\"1\"><span style=\"font-weight: 400;\">osin sosiaalipolitiikka<\/span><\/li>\n<li style=\"font-weight: 400;\" aria-level=\"1\"><span style=\"font-weight: 400;\">taloudellinen, sosiaalinen ja alueellinen yhteenkuuluvuus<\/span><\/li>\n<li style=\"font-weight: 400;\" aria-level=\"1\"><span style=\"font-weight: 400;\">maatalous ja kalastus<\/span><\/li>\n<li style=\"font-weight: 400;\" aria-level=\"1\"><span style=\"font-weight: 400;\">ymp\u00e4rist\u00f6<\/span><\/li>\n<\/ul>\n<p><span style=\"font-weight: 400;\">Unionin kolmas p\u00e4\u00e4toimivaltaluokka eli toimivaltaa t\u00e4ydent\u00e4v\u00e4 luokka k\u00e4sitt\u00e4\u00e4 sellaiset alat, joilla unionilla on toimivalta toteuttaa erilaisia tuki- ja t\u00e4ydennystoimia. N\u00e4it\u00e4 ovat:<\/span><\/p>\n<ul>\n<li style=\"font-weight: 400;\" aria-level=\"1\"><span style=\"font-weight: 400;\">ihmisten terveyden suojelu ja kohentaminen<\/span><\/li>\n<li style=\"font-weight: 400;\" aria-level=\"1\"><span style=\"font-weight: 400;\">teollisuus<\/span><\/li>\n<li style=\"font-weight: 400;\" aria-level=\"1\"><span style=\"font-weight: 400;\">kulttuuri<\/span><\/li>\n<li style=\"font-weight: 400;\" aria-level=\"1\"><span style=\"font-weight: 400;\">matkailu<\/span><\/li>\n<li style=\"font-weight: 400;\" aria-level=\"1\"><span style=\"font-weight: 400;\">yleissivist\u00e4v\u00e4 koulutus, nuoriso, urheilu ja ammatillinen koulutus<\/span><\/li>\n<li style=\"font-weight: 400;\" aria-level=\"1\"><span style=\"font-weight: 400;\">pelastuspalvelu<\/span><\/li>\n<li style=\"font-weight: 400;\" aria-level=\"1\"><span style=\"font-weight: 400;\">hallinnollinen yhteisty\u00f6<\/span><\/li>\n<\/ul>\n<p><span style=\"font-weight: 400;\">Euroopan unionin ensisijaisuusperiaatteen mukaan EU-oikeudelle tulee antaa soveltamistilanteessa etusija sen kanssa ristiriitaiseen kansalliseen s\u00e4\u00e4d\u00f6kseen n\u00e4hden.<\/span><\/p>\n<p>[\/et_pb_text][\/et_pb_column][\/et_pb_row][et_pb_row column_structure=&#8221;1_2,1_2&#8243; _builder_version=&#8221;4.17.6&#8243; _module_preset=&#8221;default&#8221; locked=&#8221;off&#8221; global_colors_info=&#8221;{}&#8221;][et_pb_column type=&#8221;1_2&#8243; _builder_version=&#8221;4.17.6&#8243; _module_preset=&#8221;default&#8221; global_colors_info=&#8221;{}&#8221;][et_pb_text _builder_version=&#8221;4.17.6&#8243; _module_preset=&#8221;default&#8221; text_font=&#8221;Inter|800|||||||&#8221; text_text_color=&#8221;#172f88&#8243; text_font_size=&#8221;24px&#8221; text_line_height=&#8221;1em&#8221; custom_margin=&#8221;||0px||false|false&#8221; custom_padding=&#8221;||5px||false|false&#8221; locked=&#8221;off&#8221; global_colors_info=&#8221;{}&#8221;]<\/p>\n<p>Muualla verkossa:<\/p>\n<p>[\/et_pb_text][et_pb_text _builder_version=&#8221;4.17.6&#8243; _module_preset=&#8221;default&#8221; text_font=&#8221;Roboto Condensed||||||||&#8221; text_text_color=&#8221;#1A366D&#8221; text_font_size=&#8221;18px&#8221; text_line_height=&#8221;1.2em&#8221; hover_enabled=&#8221;0&#8243; locked=&#8221;off&#8221; global_colors_info=&#8221;{}&#8221; sticky_enabled=&#8221;0&#8243;]<\/p>\n<ul>\n<li><a href=\"https:\/\/europa.eu\/european-union\/law_fi\" target=\"_blank\" rel=\"noopener\"><span style=\"font-weight: 400;\">Asetukset, direktiivit ja muut s\u00e4\u00e4d\u00f6kset<\/span><\/a><\/li>\n<\/ul>\n<p>[\/et_pb_text][\/et_pb_column][et_pb_column type=&#8221;1_2&#8243; _builder_version=&#8221;4.17.6&#8243; _module_preset=&#8221;default&#8221; global_colors_info=&#8221;{}&#8221;][\/et_pb_column][\/et_pb_row][\/et_pb_section][et_pb_section fb_built=&#8221;1&#8243; module_id=&#8221;suomalaisedustajat&#8221; _builder_version=&#8221;4.17.6&#8243; _module_preset=&#8221;default&#8221; custom_padding=&#8221;0px|||||&#8221; da_disable_devices=&#8221;off|off|off&#8221; global_colors_info=&#8221;{}&#8221; da_is_popup=&#8221;off&#8221; da_exit_intent=&#8221;off&#8221; da_has_close=&#8221;on&#8221; da_alt_close=&#8221;off&#8221; da_dark_close=&#8221;off&#8221; da_not_modal=&#8221;on&#8221; da_is_singular=&#8221;off&#8221; da_with_loader=&#8221;off&#8221; da_has_shadow=&#8221;on&#8221;][et_pb_row _builder_version=&#8221;4.17.6&#8243; _module_preset=&#8221;default&#8221; global_colors_info=&#8221;{}&#8221;][et_pb_column type=&#8221;4_4&#8243; _builder_version=&#8221;4.17.6&#8243; _module_preset=&#8221;default&#8221; global_colors_info=&#8221;{}&#8221;][et_pb_text _builder_version=&#8221;4.17.6&#8243; _module_preset=&#8221;default&#8221; text_font=&#8221;Inter|800|||||||&#8221; text_text_color=&#8221;#172f88&#8243; text_font_size=&#8221;40px&#8221; text_line_height=&#8221;1em&#8221; custom_padding=&#8221;||5px||false|false&#8221; custom_css_main_element=&#8221;border-bottom: 3px solid #D0005F;&#8221; locked=&#8221;off&#8221; global_colors_info=&#8221;{}&#8221;]<\/p>\n<p>Suomalais&shy;edustajat Euroopan parlamentissa<\/p>\n<p>[\/et_pb_text][et_pb_text _builder_version=&#8221;4.17.6&#8243; _module_preset=&#8221;default&#8221; text_font=&#8221;Roboto Condensed||||||||&#8221; text_text_color=&#8221;#1A366D&#8221; text_font_size=&#8221;18px&#8221; text_line_height=&#8221;1.2em&#8221; hover_enabled=&#8221;0&#8243; locked=&#8221;off&#8221; global_colors_info=&#8221;{}&#8221; sticky_enabled=&#8221;0&#8243;]<\/p>\n<p><span style=\"font-weight: 400;\">Euroopan parlamentin vaalit j\u00e4rjestettiin kes\u00e4kuussa 2024.\u00a0 Vaalikaudelle 2024\u20132029 Euroopan parlamenttiin valittiin 720 j\u00e4sent\u00e4, joista 15 Suomesta.<\/span><\/p>\n<p><span style=\"font-weight: 400;\">Vuoden 2024 vaaleissa Suomesta valittiin Euroopan parlamentin j\u00e4seniksi eli mepeiksi kokoomuksesta Mika Aaltola, Aura Salla, Pekka Toveri ja Henna Virkkunen,\u00a0 vasemmistoliitosta Li Andersson, Merja Kyll\u00f6nen ja Jussi Saramo, SDP:st\u00e4 Maria Guzenina ja Eero Hein\u00e4luoma, keskustasta Elsi Katainen ja Katri Kulmuni, vihreist\u00e4 Ville Niinist\u00f6 ja Maria Ohisalo,\u00a0 perussuomalaisista Sebastian Tynkkynen sek\u00e4 RKP:st\u00e4 Anna-Maja Henriksson. <a href=\"https:\/\/results.elections.europa.eu\/fi\/\" target=\"_blank\" rel=\"noopener\">EU-vaalien tulokset 2024<\/a>.<\/span><\/p>\n<p><span style=\"font-weight: 400;\">Kansallisesti valitut mepit toimivat Euroopan parlamentissa poliittisissa ryhmiss\u00e4.<\/span><\/p>\n<p>[\/et_pb_text][\/et_pb_column][\/et_pb_row][et_pb_row _builder_version=&#8221;4.17.6&#8243; _module_preset=&#8221;default&#8221; global_colors_info=&#8221;{}&#8221;][et_pb_column type=&#8221;4_4&#8243; _builder_version=&#8221;4.17.6&#8243; _module_preset=&#8221;default&#8221; global_colors_info=&#8221;{}&#8221;][et_pb_text _builder_version=&#8221;4.17.6&#8243; _module_preset=&#8221;default&#8221; text_font=&#8221;Inter|800|||||||&#8221; text_text_color=&#8221;#172f88&#8243; text_font_size=&#8221;24px&#8221; text_line_height=&#8221;1em&#8221; custom_padding=&#8221;||5px||false|false&#8221; custom_css_main_element=&#8221;border-bottom: 3px solid #D0005F;&#8221; locked=&#8221;off&#8221; global_colors_info=&#8221;{}&#8221;]<\/p>\n<p><b>Kokoomus, Euroopan kansanpuolueen ryhm\u00e4 (EPP)<\/b><\/p>\n<p>[\/et_pb_text][\/et_pb_column][\/et_pb_row][et_pb_row column_structure=&#8221;1_4,1_4,1_4,1_4&#8243; use_custom_gutter=&#8221;on&#8221; gutter_width=&#8221;1&#8243; _builder_version=&#8221;4.17.6&#8243; _module_preset=&#8221;default&#8221; global_colors_info=&#8221;{}&#8221;][et_pb_column type=&#8221;1_4&#8243; _builder_version=&#8221;4.17.6&#8243; _module_preset=&#8221;default&#8221; global_colors_info=&#8221;{}&#8221;][et_pb_image src=&#8221;https:\/\/www.eurooppalainensuomi.fi\/wp-content\/uploads\/2025\/12\/image15-1.jpg&#8221; title_text=&#8221;image15&#8243; _builder_version=&#8221;4.17.6&#8243; _module_preset=&#8221;default&#8221; global_colors_info=&#8221;{}&#8221;][\/et_pb_image][et_pb_text _builder_version=&#8221;4.17.6&#8243; _module_preset=&#8221;default&#8221; text_font=&#8221;Roboto Condensed||||||||&#8221; text_text_color=&#8221;#1A366D&#8221; text_font_size=&#8221;18px&#8221; text_line_height=&#8221;1.2em&#8221; locked=&#8221;off&#8221; global_colors_info=&#8221;{}&#8221;]<\/p>\n<p>Mika Aaltola<\/p>\n<p>[\/et_pb_text][\/et_pb_column][et_pb_column type=&#8221;1_4&#8243; _builder_version=&#8221;4.17.6&#8243; _module_preset=&#8221;default&#8221; global_colors_info=&#8221;{}&#8221;][et_pb_image src=&#8221;https:\/\/www.eurooppalainensuomi.fi\/wp-content\/uploads\/2025\/12\/image3-1.jpg&#8221; title_text=&#8221;Salla, Aura kok&#8221; _builder_version=&#8221;4.17.6&#8243; _module_preset=&#8221;default&#8221; locked=&#8221;off&#8221; global_colors_info=&#8221;{}&#8221;][\/et_pb_image][et_pb_text _builder_version=&#8221;4.17.6&#8243; _module_preset=&#8221;default&#8221; text_font=&#8221;Roboto Condensed||||||||&#8221; text_text_color=&#8221;#1A366D&#8221; text_font_size=&#8221;18px&#8221; text_line_height=&#8221;1.2em&#8221; locked=&#8221;off&#8221; global_colors_info=&#8221;{}&#8221;]<\/p>\n<p>Aura Salla<\/p>\n<p>[\/et_pb_text][\/et_pb_column][et_pb_column type=&#8221;1_4&#8243; _builder_version=&#8221;4.17.6&#8243; _module_preset=&#8221;default&#8221; global_colors_info=&#8221;{}&#8221;][et_pb_image src=&#8221;https:\/\/www.eurooppalainensuomi.fi\/wp-content\/uploads\/2025\/12\/image2-1.jpg&#8221; title_text=&#8221;Toveri, Pekka kok&#8221; _builder_version=&#8221;4.17.6&#8243; _module_preset=&#8221;default&#8221; locked=&#8221;off&#8221; global_colors_info=&#8221;{}&#8221;][\/et_pb_image][et_pb_text _builder_version=&#8221;4.17.6&#8243; _module_preset=&#8221;default&#8221; text_font=&#8221;Roboto Condensed||||||||&#8221; text_text_color=&#8221;#1A366D&#8221; text_font_size=&#8221;18px&#8221; text_line_height=&#8221;1.2em&#8221; locked=&#8221;off&#8221; global_colors_info=&#8221;{}&#8221;]<\/p>\n<p>Pekka Toveri<\/p>\n<p>[\/et_pb_text][\/et_pb_column][et_pb_column type=&#8221;1_4&#8243; _builder_version=&#8221;4.17.6&#8243; _module_preset=&#8221;default&#8221; global_colors_info=&#8221;{}&#8221;][et_pb_image src=&#8221;https:\/\/www.eurooppalainensuomi.fi\/wp-content\/uploads\/2025\/12\/image14-1.jpg&#8221; title_text=&#8221;EP-089406G_9th_MEP_Official_finland&#8221; _builder_version=&#8221;4.17.6&#8243; _module_preset=&#8221;default&#8221; locked=&#8221;off&#8221; global_colors_info=&#8221;{}&#8221;][\/et_pb_image][et_pb_text _builder_version=&#8221;4.17.6&#8243; _module_preset=&#8221;default&#8221; text_font=&#8221;Roboto Condensed||||||||&#8221; text_text_color=&#8221;#1A366D&#8221; text_font_size=&#8221;18px&#8221; text_line_height=&#8221;1.2em&#8221; locked=&#8221;off&#8221; global_colors_info=&#8221;{}&#8221;]<\/p>\n<p>Henna Virkkunen<\/p>\n<p>[\/et_pb_text][\/et_pb_column][\/et_pb_row][et_pb_row _builder_version=&#8221;4.17.6&#8243; _module_preset=&#8221;default&#8221; locked=&#8221;off&#8221; global_colors_info=&#8221;{}&#8221;][et_pb_column type=&#8221;4_4&#8243; _builder_version=&#8221;4.17.6&#8243; _module_preset=&#8221;default&#8221; global_colors_info=&#8221;{}&#8221;][et_pb_text _builder_version=&#8221;4.17.6&#8243; _module_preset=&#8221;default&#8221; text_font=&#8221;Inter|800|||||||&#8221; text_text_color=&#8221;#172f88&#8243; text_font_size=&#8221;24px&#8221; text_line_height=&#8221;1em&#8221; custom_padding=&#8221;||5px||false|false&#8221; custom_css_main_element=&#8221;border-bottom: 3px solid #D0005F;&#8221; locked=&#8221;off&#8221; global_colors_info=&#8221;{}&#8221;]<\/p>\n<p>Vasemmistoliitto, Euroopan parlamentin vasemmistoryhm\u00e4 (GUE\/NGL The Left)<\/p>\n<p>[\/et_pb_text][\/et_pb_column][\/et_pb_row][et_pb_row column_structure=&#8221;1_4,1_4,1_4,1_4&#8243; use_custom_gutter=&#8221;on&#8221; gutter_width=&#8221;1&#8243; _builder_version=&#8221;4.17.6&#8243; _module_preset=&#8221;default&#8221; locked=&#8221;off&#8221; global_colors_info=&#8221;{}&#8221;][et_pb_column type=&#8221;1_4&#8243; _builder_version=&#8221;4.17.6&#8243; _module_preset=&#8221;default&#8221; global_colors_info=&#8221;{}&#8221;][et_pb_image src=&#8221;https:\/\/www.eurooppalainensuomi.fi\/wp-content\/uploads\/2025\/12\/image16-1.jpg&#8221; title_text=&#8221;Andersson, Li vas&#8221; _builder_version=&#8221;4.17.6&#8243; _module_preset=&#8221;default&#8221; global_colors_info=&#8221;{}&#8221;][\/et_pb_image][et_pb_text _builder_version=&#8221;4.17.6&#8243; _module_preset=&#8221;default&#8221; text_font=&#8221;Roboto Condensed||||||||&#8221; text_text_color=&#8221;#1A366D&#8221; text_font_size=&#8221;18px&#8221; text_line_height=&#8221;1.2em&#8221; locked=&#8221;off&#8221; global_colors_info=&#8221;{}&#8221;]<\/p>\n<p>Li Andersson<\/p>\n<p>[\/et_pb_text][\/et_pb_column][et_pb_column type=&#8221;1_4&#8243; _builder_version=&#8221;4.17.6&#8243; _module_preset=&#8221;default&#8221; global_colors_info=&#8221;{}&#8221;][et_pb_image src=&#8221;https:\/\/www.eurooppalainensuomi.fi\/wp-content\/uploads\/2025\/12\/image10-1.jpg&#8221; title_text=&#8221;Kyll\u00f6nen, Merja vas&#8221; _builder_version=&#8221;4.17.6&#8243; _module_preset=&#8221;default&#8221; locked=&#8221;off&#8221; global_colors_info=&#8221;{}&#8221;][\/et_pb_image][et_pb_text _builder_version=&#8221;4.17.6&#8243; _module_preset=&#8221;default&#8221; text_font=&#8221;Roboto Condensed||||||||&#8221; text_text_color=&#8221;#1A366D&#8221; text_font_size=&#8221;18px&#8221; text_line_height=&#8221;1.2em&#8221; locked=&#8221;off&#8221; global_colors_info=&#8221;{}&#8221;]<\/p>\n<p>Merja Kyll\u00f6nen<\/p>\n<p>[\/et_pb_text][\/et_pb_column][et_pb_column type=&#8221;1_4&#8243; _builder_version=&#8221;4.17.6&#8243; _module_preset=&#8221;default&#8221; global_colors_info=&#8221;{}&#8221;][et_pb_image src=&#8221;https:\/\/www.eurooppalainensuomi.fi\/wp-content\/uploads\/2025\/12\/image7-1.jpg&#8221; title_text=&#8221;Saramo, Jussi vas&#8221; _builder_version=&#8221;4.17.6&#8243; _module_preset=&#8221;default&#8221; locked=&#8221;off&#8221; global_colors_info=&#8221;{}&#8221;][\/et_pb_image][et_pb_text _builder_version=&#8221;4.17.6&#8243; _module_preset=&#8221;default&#8221; text_font=&#8221;Roboto Condensed||||||||&#8221; text_text_color=&#8221;#1A366D&#8221; text_font_size=&#8221;18px&#8221; text_line_height=&#8221;1.2em&#8221; locked=&#8221;off&#8221; global_colors_info=&#8221;{}&#8221;]<\/p>\n<p>Jussi Saramo<\/p>\n<p>[\/et_pb_text][\/et_pb_column][et_pb_column type=&#8221;1_4&#8243; _builder_version=&#8221;4.17.6&#8243; _module_preset=&#8221;default&#8221; global_colors_info=&#8221;{}&#8221;][\/et_pb_column][\/et_pb_row][et_pb_row _builder_version=&#8221;4.17.6&#8243; _module_preset=&#8221;default&#8221; locked=&#8221;off&#8221; global_colors_info=&#8221;{}&#8221;][et_pb_column type=&#8221;4_4&#8243; _builder_version=&#8221;4.17.6&#8243; _module_preset=&#8221;default&#8221; global_colors_info=&#8221;{}&#8221;][et_pb_text _builder_version=&#8221;4.17.6&#8243; _module_preset=&#8221;default&#8221; text_font=&#8221;Inter|800|||||||&#8221; text_text_color=&#8221;#172f88&#8243; text_font_size=&#8221;24px&#8221; text_line_height=&#8221;1em&#8221; custom_padding=&#8221;||5px||false|false&#8221; custom_css_main_element=&#8221;border-bottom: 3px solid #D0005F;&#8221; locked=&#8221;off&#8221; global_colors_info=&#8221;{}&#8221;]<\/p>\n<p>Sosialidemokraattinen puolue, Euroopan parlamentin sosialistien ja demokraattien ryhm\u00e4 (S&amp;D)<\/p>\n<p>[\/et_pb_text][\/et_pb_column][\/et_pb_row][et_pb_row column_structure=&#8221;1_4,1_4,1_4,1_4&#8243; use_custom_gutter=&#8221;on&#8221; gutter_width=&#8221;1&#8243; _builder_version=&#8221;4.17.6&#8243; _module_preset=&#8221;default&#8221; locked=&#8221;off&#8221; global_colors_info=&#8221;{}&#8221;][et_pb_column type=&#8221;1_4&#8243; _builder_version=&#8221;4.17.6&#8243; _module_preset=&#8221;default&#8221; global_colors_info=&#8221;{}&#8221;][et_pb_image src=&#8221;https:\/\/www.eurooppalainensuomi.fi\/wp-content\/uploads\/2025\/12\/image4-1.jpg&#8221; title_text=&#8221;Guzenina, Maria sd&#8221; _builder_version=&#8221;4.17.6&#8243; _module_preset=&#8221;default&#8221; global_colors_info=&#8221;{}&#8221;][\/et_pb_image][et_pb_text _builder_version=&#8221;4.17.6&#8243; _module_preset=&#8221;default&#8221; text_font=&#8221;Roboto Condensed||||||||&#8221; text_text_color=&#8221;#1A366D&#8221; text_font_size=&#8221;18px&#8221; text_line_height=&#8221;1.2em&#8221; locked=&#8221;off&#8221; global_colors_info=&#8221;{}&#8221;]<\/p>\n<p><span style=\"font-weight: 400;\">Maria Guzenina<\/span><\/p>\n<p>[\/et_pb_text][\/et_pb_column][et_pb_column type=&#8221;1_4&#8243; _builder_version=&#8221;4.17.6&#8243; _module_preset=&#8221;default&#8221; global_colors_info=&#8221;{}&#8221;][et_pb_image src=&#8221;https:\/\/www.eurooppalainensuomi.fi\/wp-content\/uploads\/2025\/12\/image18-1.jpg&#8221; title_text=&#8221;EP-089406G_9th_MEP_Official_finland&#8221; _builder_version=&#8221;4.17.6&#8243; _module_preset=&#8221;default&#8221; locked=&#8221;off&#8221; global_colors_info=&#8221;{}&#8221;][\/et_pb_image][et_pb_text _builder_version=&#8221;4.17.6&#8243; _module_preset=&#8221;default&#8221; text_font=&#8221;Roboto Condensed||||||||&#8221; text_text_color=&#8221;#1A366D&#8221; text_font_size=&#8221;18px&#8221; text_line_height=&#8221;1.2em&#8221; locked=&#8221;off&#8221; global_colors_info=&#8221;{}&#8221;]<\/p>\n<p><span style=\"font-weight: 400;\">Eero Hein\u00e4luoma<\/span><\/p>\n<p>[\/et_pb_text][\/et_pb_column][et_pb_column type=&#8221;1_4&#8243; _builder_version=&#8221;4.17.6&#8243; _module_preset=&#8221;default&#8221; global_colors_info=&#8221;{}&#8221;][\/et_pb_column][et_pb_column type=&#8221;1_4&#8243; _builder_version=&#8221;4.17.6&#8243; _module_preset=&#8221;default&#8221; global_colors_info=&#8221;{}&#8221;][\/et_pb_column][\/et_pb_row][et_pb_row _builder_version=&#8221;4.17.6&#8243; _module_preset=&#8221;default&#8221; locked=&#8221;off&#8221; global_colors_info=&#8221;{}&#8221;][et_pb_column type=&#8221;4_4&#8243; _builder_version=&#8221;4.17.6&#8243; _module_preset=&#8221;default&#8221; global_colors_info=&#8221;{}&#8221;][et_pb_text _builder_version=&#8221;4.17.6&#8243; _module_preset=&#8221;default&#8221; text_font=&#8221;Inter|800|||||||&#8221; text_text_color=&#8221;#172f88&#8243; text_font_size=&#8221;24px&#8221; text_line_height=&#8221;1em&#8221; custom_padding=&#8221;||5px||false|false&#8221; custom_css_main_element=&#8221;border-bottom: 3px solid #D0005F;&#8221; locked=&#8221;off&#8221; global_colors_info=&#8221;{}&#8221;]<\/p>\n<p>Keskusta, Renew Europe -ryhm\u00e4<\/p>\n<p>[\/et_pb_text][\/et_pb_column][\/et_pb_row][et_pb_row column_structure=&#8221;1_4,1_4,1_4,1_4&#8243; use_custom_gutter=&#8221;on&#8221; gutter_width=&#8221;1&#8243; _builder_version=&#8221;4.17.6&#8243; _module_preset=&#8221;default&#8221; locked=&#8221;off&#8221; global_colors_info=&#8221;{}&#8221;][et_pb_column type=&#8221;1_4&#8243; _builder_version=&#8221;4.17.6&#8243; _module_preset=&#8221;default&#8221; global_colors_info=&#8221;{}&#8221;][et_pb_image src=&#8221;https:\/\/www.eurooppalainensuomi.fi\/wp-content\/uploads\/2025\/12\/image5-1.jpg&#8221; title_text=&#8221;EP-089406G_9th_MEP_Official_finland&#8221; _builder_version=&#8221;4.17.6&#8243; _module_preset=&#8221;default&#8221; global_colors_info=&#8221;{}&#8221;][\/et_pb_image][et_pb_text _builder_version=&#8221;4.17.6&#8243; _module_preset=&#8221;default&#8221; text_font=&#8221;Roboto Condensed||||||||&#8221; text_text_color=&#8221;#1A366D&#8221; text_font_size=&#8221;18px&#8221; text_line_height=&#8221;1.2em&#8221; locked=&#8221;off&#8221; global_colors_info=&#8221;{}&#8221;]<\/p>\n<p><span style=\"font-weight: 400;\">Elsi Katainen<\/span><\/p>\n<p>[\/et_pb_text][\/et_pb_column][et_pb_column type=&#8221;1_4&#8243; _builder_version=&#8221;4.17.6&#8243; _module_preset=&#8221;default&#8221; global_colors_info=&#8221;{}&#8221;][et_pb_image src=&#8221;https:\/\/www.eurooppalainensuomi.fi\/wp-content\/uploads\/2025\/12\/image13-1.jpg&#8221; title_text=&#8221;Kulmuni, Katri\tkesk&#8221; _builder_version=&#8221;4.17.6&#8243; _module_preset=&#8221;default&#8221; locked=&#8221;off&#8221; global_colors_info=&#8221;{}&#8221;][\/et_pb_image][et_pb_text _builder_version=&#8221;4.17.6&#8243; _module_preset=&#8221;default&#8221; text_font=&#8221;Roboto Condensed||||||||&#8221; text_text_color=&#8221;#1A366D&#8221; text_font_size=&#8221;18px&#8221; text_line_height=&#8221;1.2em&#8221; locked=&#8221;off&#8221; global_colors_info=&#8221;{}&#8221;]<\/p>\n<p><span style=\"font-weight: 400;\">Katri Kulmuni<\/span><\/p>\n<p>[\/et_pb_text][\/et_pb_column][et_pb_column type=&#8221;1_4&#8243; _builder_version=&#8221;4.17.6&#8243; _module_preset=&#8221;default&#8221; global_colors_info=&#8221;{}&#8221;][\/et_pb_column][et_pb_column type=&#8221;1_4&#8243; _builder_version=&#8221;4.17.6&#8243; _module_preset=&#8221;default&#8221; global_colors_info=&#8221;{}&#8221;][\/et_pb_column][\/et_pb_row][et_pb_row _builder_version=&#8221;4.17.6&#8243; _module_preset=&#8221;default&#8221; locked=&#8221;off&#8221; global_colors_info=&#8221;{}&#8221;][et_pb_column type=&#8221;4_4&#8243; _builder_version=&#8221;4.17.6&#8243; _module_preset=&#8221;default&#8221; global_colors_info=&#8221;{}&#8221;][et_pb_text _builder_version=&#8221;4.17.6&#8243; _module_preset=&#8221;default&#8221; text_font=&#8221;Inter|800|||||||&#8221; text_text_color=&#8221;#172f88&#8243; text_font_size=&#8221;24px&#8221; text_line_height=&#8221;1em&#8221; custom_padding=&#8221;||5px||false|false&#8221; custom_css_main_element=&#8221;border-bottom: 3px solid #D0005F;&#8221; locked=&#8221;off&#8221; global_colors_info=&#8221;{}&#8221;]<\/p>\n<p>Vihre\u00e4t \/ Euroopan vapaa allianssi -ryhm\u00e4 (Greens\/EFA)<\/p>\n<p>[\/et_pb_text][\/et_pb_column][\/et_pb_row][et_pb_row column_structure=&#8221;1_4,1_4,1_4,1_4&#8243; use_custom_gutter=&#8221;on&#8221; gutter_width=&#8221;1&#8243; _builder_version=&#8221;4.17.6&#8243; _module_preset=&#8221;default&#8221; locked=&#8221;off&#8221; global_colors_info=&#8221;{}&#8221;][et_pb_column type=&#8221;1_4&#8243; _builder_version=&#8221;4.17.6&#8243; _module_preset=&#8221;default&#8221; global_colors_info=&#8221;{}&#8221;][et_pb_image src=&#8221;https:\/\/www.eurooppalainensuomi.fi\/wp-content\/uploads\/2025\/12\/image1-1.jpg&#8221; title_text=&#8221;EP-089406G_9th_MEP_Official_finland&#8221; _builder_version=&#8221;4.17.6&#8243; _module_preset=&#8221;default&#8221; global_colors_info=&#8221;{}&#8221;][\/et_pb_image][et_pb_text _builder_version=&#8221;4.17.6&#8243; _module_preset=&#8221;default&#8221; text_font=&#8221;Roboto Condensed||||||||&#8221; text_text_color=&#8221;#1A366D&#8221; text_font_size=&#8221;18px&#8221; text_line_height=&#8221;1.2em&#8221; locked=&#8221;off&#8221; global_colors_info=&#8221;{}&#8221;]<\/p>\n<p><span style=\"font-weight: 400;\">Ville Niinist\u00f6<\/span><\/p>\n<p>[\/et_pb_text][\/et_pb_column][et_pb_column type=&#8221;1_4&#8243; _builder_version=&#8221;4.17.6&#8243; _module_preset=&#8221;default&#8221; global_colors_info=&#8221;{}&#8221;][et_pb_image src=&#8221;https:\/\/www.eurooppalainensuomi.fi\/wp-content\/uploads\/2025\/12\/image11-1.jpg&#8221; title_text=&#8221;Ohisalo, Maria vihr&#8221; _builder_version=&#8221;4.17.6&#8243; _module_preset=&#8221;default&#8221; locked=&#8221;off&#8221; global_colors_info=&#8221;{}&#8221;][\/et_pb_image][et_pb_text _builder_version=&#8221;4.17.6&#8243; _module_preset=&#8221;default&#8221; text_font=&#8221;Roboto Condensed||||||||&#8221; text_text_color=&#8221;#1A366D&#8221; text_font_size=&#8221;18px&#8221; text_line_height=&#8221;1.2em&#8221; locked=&#8221;off&#8221; global_colors_info=&#8221;{}&#8221;]<\/p>\n<p>Maria Ohisalo<\/p>\n<p>[\/et_pb_text][\/et_pb_column][et_pb_column type=&#8221;1_4&#8243; _builder_version=&#8221;4.17.6&#8243; _module_preset=&#8221;default&#8221; global_colors_info=&#8221;{}&#8221;][\/et_pb_column][et_pb_column type=&#8221;1_4&#8243; _builder_version=&#8221;4.17.6&#8243; _module_preset=&#8221;default&#8221; global_colors_info=&#8221;{}&#8221;][\/et_pb_column][\/et_pb_row][et_pb_row _builder_version=&#8221;4.17.6&#8243; _module_preset=&#8221;default&#8221; locked=&#8221;off&#8221; global_colors_info=&#8221;{}&#8221;][et_pb_column type=&#8221;4_4&#8243; _builder_version=&#8221;4.17.6&#8243; _module_preset=&#8221;default&#8221; global_colors_info=&#8221;{}&#8221;][et_pb_text _builder_version=&#8221;4.17.6&#8243; _module_preset=&#8221;default&#8221; text_font=&#8221;Inter|800|||||||&#8221; text_text_color=&#8221;#172f88&#8243; text_font_size=&#8221;24px&#8221; text_line_height=&#8221;1em&#8221; custom_padding=&#8221;||5px||false|false&#8221; custom_css_main_element=&#8221;border-bottom: 3px solid #D0005F;&#8221; locked=&#8221;off&#8221; global_colors_info=&#8221;{}&#8221;]<\/p>\n<p>Perussuomalaiset, Euroopan konservatiivit ja reformistit (ECR)<\/p>\n<p>[\/et_pb_text][\/et_pb_column][\/et_pb_row][et_pb_row column_structure=&#8221;1_4,1_4,1_4,1_4&#8243; use_custom_gutter=&#8221;on&#8221; gutter_width=&#8221;1&#8243; _builder_version=&#8221;4.17.6&#8243; _module_preset=&#8221;default&#8221; locked=&#8221;off&#8221; global_colors_info=&#8221;{}&#8221;][et_pb_column type=&#8221;1_4&#8243; _builder_version=&#8221;4.17.6&#8243; _module_preset=&#8221;default&#8221; global_colors_info=&#8221;{}&#8221;][et_pb_image src=&#8221;https:\/\/www.eurooppalainensuomi.fi\/wp-content\/uploads\/2025\/12\/image9-1.jpg&#8221; title_text=&#8221;Tynkkynen, Sebastian ps&#8221; _builder_version=&#8221;4.17.6&#8243; _module_preset=&#8221;default&#8221; global_colors_info=&#8221;{}&#8221;][\/et_pb_image][et_pb_text _builder_version=&#8221;4.17.6&#8243; _module_preset=&#8221;default&#8221; text_font=&#8221;Roboto Condensed||||||||&#8221; text_text_color=&#8221;#1A366D&#8221; text_font_size=&#8221;18px&#8221; text_line_height=&#8221;1.2em&#8221; locked=&#8221;off&#8221; global_colors_info=&#8221;{}&#8221;]<\/p>\n<p><span style=\"font-weight: 400;\">Sebastian Tynkkynen<\/span><\/p>\n<p>[\/et_pb_text][\/et_pb_column][et_pb_column type=&#8221;1_4&#8243; _builder_version=&#8221;4.17.6&#8243; _module_preset=&#8221;default&#8221; global_colors_info=&#8221;{}&#8221;][\/et_pb_column][et_pb_column type=&#8221;1_4&#8243; _builder_version=&#8221;4.17.6&#8243; _module_preset=&#8221;default&#8221; global_colors_info=&#8221;{}&#8221;][\/et_pb_column][et_pb_column type=&#8221;1_4&#8243; _builder_version=&#8221;4.17.6&#8243; _module_preset=&#8221;default&#8221; global_colors_info=&#8221;{}&#8221;][\/et_pb_column][\/et_pb_row][et_pb_row _builder_version=&#8221;4.17.6&#8243; _module_preset=&#8221;default&#8221; locked=&#8221;off&#8221; global_colors_info=&#8221;{}&#8221;][et_pb_column type=&#8221;4_4&#8243; _builder_version=&#8221;4.17.6&#8243; _module_preset=&#8221;default&#8221; global_colors_info=&#8221;{}&#8221;][et_pb_text _builder_version=&#8221;4.17.6&#8243; _module_preset=&#8221;default&#8221; text_font=&#8221;Inter|800|||||||&#8221; text_text_color=&#8221;#172f88&#8243; text_font_size=&#8221;24px&#8221; text_line_height=&#8221;1em&#8221; custom_padding=&#8221;||5px||false|false&#8221; custom_css_main_element=&#8221;border-bottom: 3px solid #D0005F;&#8221; locked=&#8221;off&#8221; global_colors_info=&#8221;{}&#8221;]<\/p>\n<p>Ruotsalainen kansanpuolue, Renew Europe -ryhm\u00e4<\/p>\n<p>[\/et_pb_text][\/et_pb_column][\/et_pb_row][et_pb_row column_structure=&#8221;1_4,1_4,1_4,1_4&#8243; use_custom_gutter=&#8221;on&#8221; gutter_width=&#8221;1&#8243; _builder_version=&#8221;4.17.6&#8243; _module_preset=&#8221;default&#8221; locked=&#8221;off&#8221; global_colors_info=&#8221;{}&#8221;][et_pb_column type=&#8221;1_4&#8243; _builder_version=&#8221;4.17.6&#8243; _module_preset=&#8221;default&#8221; global_colors_info=&#8221;{}&#8221;][et_pb_image src=&#8221;https:\/\/www.eurooppalainensuomi.fi\/wp-content\/uploads\/2025\/12\/image8-1.jpg&#8221; title_text=&#8221;Henriksson, Anna-Maja r&#8221; _builder_version=&#8221;4.17.6&#8243; _module_preset=&#8221;default&#8221; global_colors_info=&#8221;{}&#8221;][\/et_pb_image][et_pb_text _builder_version=&#8221;4.17.6&#8243; _module_preset=&#8221;default&#8221; text_font=&#8221;Roboto Condensed||||||||&#8221; text_text_color=&#8221;#1A366D&#8221; text_font_size=&#8221;18px&#8221; text_line_height=&#8221;1.2em&#8221; locked=&#8221;off&#8221; global_colors_info=&#8221;{}&#8221;]<\/p>\n<p><span style=\"font-weight: 400;\">Anna-Maja Henriksson<\/span><\/p>\n<p>[\/et_pb_text][\/et_pb_column][et_pb_column type=&#8221;1_4&#8243; _builder_version=&#8221;4.17.6&#8243; _module_preset=&#8221;default&#8221; global_colors_info=&#8221;{}&#8221;][\/et_pb_column][et_pb_column type=&#8221;1_4&#8243; _builder_version=&#8221;4.17.6&#8243; _module_preset=&#8221;default&#8221; global_colors_info=&#8221;{}&#8221;][\/et_pb_column][et_pb_column type=&#8221;1_4&#8243; _builder_version=&#8221;4.17.6&#8243; _module_preset=&#8221;default&#8221; global_colors_info=&#8221;{}&#8221;][\/et_pb_column][\/et_pb_row][et_pb_row column_structure=&#8221;1_2,1_2&#8243; _builder_version=&#8221;4.17.6&#8243; _module_preset=&#8221;default&#8221; locked=&#8221;off&#8221; global_colors_info=&#8221;{}&#8221;][et_pb_column type=&#8221;1_2&#8243; _builder_version=&#8221;4.17.6&#8243; _module_preset=&#8221;default&#8221; global_colors_info=&#8221;{}&#8221;][et_pb_text _builder_version=&#8221;4.17.6&#8243; _module_preset=&#8221;default&#8221; text_font=&#8221;Inter|800|||||||&#8221; text_text_color=&#8221;#172f88&#8243; text_font_size=&#8221;24px&#8221; text_line_height=&#8221;1em&#8221; custom_margin=&#8221;||0px||false|false&#8221; custom_padding=&#8221;||5px||false|false&#8221; locked=&#8221;off&#8221; global_colors_info=&#8221;{}&#8221;]<\/p>\n<p>Muualla verkossa:<\/p>\n<p>[\/et_pb_text][et_pb_text _builder_version=&#8221;4.17.6&#8243; _module_preset=&#8221;default&#8221; text_font=&#8221;Roboto Condensed||||||||&#8221; text_text_color=&#8221;#1A366D&#8221; text_font_size=&#8221;18px&#8221; text_line_height=&#8221;1.2em&#8221; hover_enabled=&#8221;0&#8243; locked=&#8221;off&#8221; global_colors_info=&#8221;{}&#8221; sticky_enabled=&#8221;0&#8243;]<\/p>\n<ul>\n<li><a href=\"https:\/\/helsinki.europarl.europa.eu\/fi\/meps\" target=\"_blank\" rel=\"noopener\"><span style=\"font-weight: 400;\">Euroopan parlamentin suomalaisj\u00e4senten yhteystiedot<\/span><\/a><\/li>\n<li><a href=\"https:\/\/www.europarl.europa.eu\/meps\/fi\/home\" target=\"_blank\" rel=\"noopener\"><span style=\"font-weight: 400;\">Euroopan parlamentin j\u00e4senet<\/span><\/a><\/li>\n<li><a href=\"https:\/\/results.elections.europa.eu\/fi\/\" target=\"_blank\" rel=\"noopener\"><span style=\"font-weight: 400;\">EU-vaalien tulokset 2024<\/span><\/a><\/li>\n<\/ul>\n<p>[\/et_pb_text][\/et_pb_column][et_pb_column type=&#8221;1_2&#8243; _builder_version=&#8221;4.17.6&#8243; _module_preset=&#8221;default&#8221; global_colors_info=&#8221;{}&#8221;][\/et_pb_column][\/et_pb_row][\/et_pb_section][et_pb_section fb_built=&#8221;1&#8243; module_id=&#8221;edunvalvonta&#8221; _builder_version=&#8221;4.17.6&#8243; _module_preset=&#8221;default&#8221; custom_padding=&#8221;0px|||||&#8221; da_disable_devices=&#8221;off|off|off&#8221; global_colors_info=&#8221;{}&#8221; da_is_popup=&#8221;off&#8221; da_exit_intent=&#8221;off&#8221; da_has_close=&#8221;on&#8221; da_alt_close=&#8221;off&#8221; da_dark_close=&#8221;off&#8221; da_not_modal=&#8221;on&#8221; da_is_singular=&#8221;off&#8221; da_with_loader=&#8221;off&#8221; da_has_shadow=&#8221;on&#8221;][et_pb_row _builder_version=&#8221;4.17.6&#8243; _module_preset=&#8221;default&#8221; global_colors_info=&#8221;{}&#8221;][et_pb_column type=&#8221;4_4&#8243; _builder_version=&#8221;4.17.6&#8243; _module_preset=&#8221;default&#8221; global_colors_info=&#8221;{}&#8221;][et_pb_text _builder_version=&#8221;4.17.6&#8243; _module_preset=&#8221;default&#8221; text_font=&#8221;Inter|800|||||||&#8221; text_text_color=&#8221;#172f88&#8243; text_font_size=&#8221;40px&#8221; text_line_height=&#8221;1em&#8221; custom_padding=&#8221;||5px||false|false&#8221; custom_css_main_element=&#8221;border-bottom: 3px solid #41B8D5;&#8221; locked=&#8221;off&#8221; global_colors_info=&#8221;{}&#8221;]<\/p>\n<p>Suomalainen edunvalvonta EU:ssa<\/p>\n<p>[\/et_pb_text][et_pb_text _builder_version=&#8221;4.17.6&#8243; _module_preset=&#8221;default&#8221; text_font=&#8221;Roboto Condensed||||||||&#8221; text_text_color=&#8221;#1A366D&#8221; text_font_size=&#8221;18px&#8221; text_line_height=&#8221;1.2em&#8221; locked=&#8221;off&#8221; global_colors_info=&#8221;{}&#8221;]<\/p>\n<p><span style=\"font-weight: 400;\">EU-asioissa edunvalvonnalla eli lobbauksella tarkoitetaan pyrkimyst\u00e4 vaikuttaa p\u00e4\u00e4t\u00f6ksentekij\u00f6ihin ja p\u00e4\u00e4t\u00f6sten valmisteluun tavoitteen, n\u00e4kyvyyden tai muun edun saavuttamiseksi. EU:ssa lobbausta pidet\u00e4\u00e4n yleisen\u00e4 vaikuttamiskeinona. Moni EU:n lains\u00e4\u00e4d\u00e4nt\u00f6esitys on edellytt\u00e4nyt lukuisten eri intressiryhmien kuulemista.<\/span><\/p>\n<p><span style=\"font-weight: 400;\">Lobbarit pyrkiv\u00e4t vaikuttamaan p\u00e4\u00e4t\u00f6ksentekij\u00f6ihin erityisesti komissiossa ja parlamentissa. Eri tahojen kuuleminen kuuluu komission ty\u00f6skentelytapoihin sen valmistellessa lakiehdotuksia. Neuvoston osalta vaikuttaminen tapahtuu ensisijaisesti j\u00e4senmaiden p\u00e4\u00e4kaupungeissa, koska j\u00e4senmaiden p\u00e4\u00e4t\u00f6ksenteko on kansallisten hallitusten k\u00e4siss\u00e4.<\/span><\/p>\n<p><span style=\"font-weight: 400;\">Lobbareiden kirjo Brysseliss\u00e4 on laaja. Suurimman joukon muodostavat teollisuusyritysten etuja ajavat ryhm\u00e4t, ty\u00f6markkinaosapuolia edustavat edunvalvontaryhm\u00e4t, ymp\u00e4rist\u00f6j\u00e4rjest\u00f6t, elintarvikealaa edustavat j\u00e4rjest\u00f6t sek\u00e4 energiaj\u00e4rjest\u00f6t. My\u00f6s maataloustuottajat ovat perinteisesti olleet vahvasti edustettuina EU:ssa. Lis\u00e4ksi Brysseliss\u00e4 on muun muassa satoja aluetoimistoja eri j\u00e4senmaiden eri alueilta ja kaupungeista. My\u00f6s Suomen eri maakunnat ja suurimmat kaupungit ovat edustettuina Brysseliss\u00e4.<\/span><\/p>\n<p>[\/et_pb_text][et_pb_text _builder_version=&#8221;4.17.6&#8243; _module_preset=&#8221;default&#8221; text_font=&#8221;Inter|800|||||||&#8221; text_text_color=&#8221;#172f88&#8243; text_font_size=&#8221;24px&#8221; text_line_height=&#8221;1em&#8221; custom_padding=&#8221;||5px||false|false&#8221; custom_css_main_element=&#8221;border-bottom: 3px solid #41B8D5;&#8221; locked=&#8221;off&#8221; global_colors_info=&#8221;{}&#8221;]<\/p>\n<p>Brysseliss\u00e4 on useita suomalaisia edunvalvontatoimistoja<\/p>\n<p>[\/et_pb_text][et_pb_text _builder_version=&#8221;4.17.6&#8243; _module_preset=&#8221;default&#8221; text_font=&#8221;Roboto Condensed||||||||&#8221; text_text_color=&#8221;#1A366D&#8221; text_font_size=&#8221;18px&#8221; text_line_height=&#8221;1.2em&#8221; locked=&#8221;off&#8221; global_colors_info=&#8221;{}&#8221;]<\/p>\n<p><span style=\"font-weight: 400;\">Maakuntien EU-toimistot ja muiden eturyhmien edustajat ajavat alueidensa ja toimialojensa etuja EU:ssa, seuraavat EU-asioita ja tiedottavat niist\u00e4. Ne edist\u00e4v\u00e4t alueidensa ja toimialojensa n\u00e4kyvyytt\u00e4 Euroopassa.<\/span><\/p>\n<p>[\/et_pb_text][\/et_pb_column][\/et_pb_row][et_pb_row column_structure=&#8221;1_2,1_2&#8243; _builder_version=&#8221;4.17.6&#8243; _module_preset=&#8221;default&#8221; global_colors_info=&#8221;{}&#8221;][et_pb_column type=&#8221;1_2&#8243; _builder_version=&#8221;4.17.6&#8243; _module_preset=&#8221;default&#8221; global_colors_info=&#8221;{}&#8221;][et_pb_text _builder_version=&#8221;4.17.6&#8243; _module_preset=&#8221;default&#8221; text_font=&#8221;Inter|800|||||||&#8221; text_text_color=&#8221;#172f88&#8243; text_font_size=&#8221;18px&#8221; text_line_height=&#8221;1em&#8221; custom_margin=&#8221;||0px||false|false&#8221; custom_padding=&#8221;||5px||false|false&#8221; locked=&#8221;off&#8221; global_colors_info=&#8221;{}&#8221;]<\/p>\n<p>Aluetoimistot<\/p>\n<p>[\/et_pb_text][et_pb_text _builder_version=&#8221;4.17.6&#8243; _module_preset=&#8221;default&#8221; text_font=&#8221;Roboto Condensed||||||||&#8221; text_text_color=&#8221;#1A366D&#8221; text_font_size=&#8221;18px&#8221; text_line_height=&#8221;1.2em&#8221; hover_enabled=&#8221;0&#8243; locked=&#8221;off&#8221; global_colors_info=&#8221;{}&#8221; sticky_enabled=&#8221;0&#8243;]<\/p>\n<ul>\n<li><a href=\"https:\/\/www.kuntaliitto.fi\/laki-ja-hallinto\/eu-ja-kansainvalisyys\/eu-edunvalvonta\/kuntaliiton-brysselin-toimisto\" target=\"_blank\" rel=\"noopener\"><span style=\"font-weight: 400;\">Suomen Kuntaliiton Brysselin toimisto<\/span><\/a><\/li>\n<li style=\"font-weight: 400;\" aria-level=\"1\"><a href=\"https:\/\/www.turkueuoffice.fi\/eurooppatoimisto\" target=\"_blank\" rel=\"noopener\"><span style=\"font-weight: 400;\">Turun ja Varsinais-Suomen Eurooppa-toimisto<\/span><\/a><\/li>\n<li style=\"font-weight: 400;\" aria-level=\"1\"><a href=\"https:\/\/eastnorth.fi\/\" target=\"_blank\" rel=\"noopener\"><span style=\"font-weight: 400;\">It\u00e4- ja Pohjois-Suomen EU-toimisto<\/span><\/a><\/li>\n<li style=\"font-weight: 400;\" aria-level=\"1\"><a href=\"https:\/\/helsinki.eu\/helsinki-eu-office\/\" target=\"_blank\" rel=\"noopener\"><span style=\"font-weight: 400;\">Helsinki EU-toimisto<\/span><\/a><\/li>\n<li style=\"font-weight: 400;\" aria-level=\"1\"><a href=\"http:\/\/www.tampere-region.eu\/\" target=\"_blank\" rel=\"noopener\"><span style=\"font-weight: 400;\">Tampereen ja Pirkanmaan EU-toimisto<\/span><\/a><\/li>\n<li style=\"font-weight: 400;\" aria-level=\"1\"><a href=\"https:\/\/www.wfeo.fi\/\" target=\"_blank\" rel=\"noopener\"><span style=\"font-weight: 400;\">L\u00e4nsi-Suomen Eurooppa-toimisto<\/span><\/a><\/li>\n<\/ul>\n<p>[\/et_pb_text][\/et_pb_column][et_pb_column type=&#8221;1_2&#8243; _builder_version=&#8221;4.17.6&#8243; _module_preset=&#8221;default&#8221; global_colors_info=&#8221;{}&#8221;][et_pb_text _builder_version=&#8221;4.17.6&#8243; _module_preset=&#8221;default&#8221; text_font=&#8221;Inter|800|||||||&#8221; text_text_color=&#8221;#172f88&#8243; text_font_size=&#8221;18px&#8221; text_line_height=&#8221;1em&#8221; custom_margin=&#8221;||0px||false|false&#8221; custom_padding=&#8221;||5px||false|false&#8221; locked=&#8221;off&#8221; global_colors_info=&#8221;{}&#8221;]<\/p>\n<p>Muita suomalaisia EU-toimistoja<\/p>\n<p>[\/et_pb_text][et_pb_text _builder_version=&#8221;4.17.6&#8243; _module_preset=&#8221;default&#8221; text_font=&#8221;Roboto Condensed||||||||&#8221; text_text_color=&#8221;#1A366D&#8221; text_font_size=&#8221;18px&#8221; text_line_height=&#8221;1.2em&#8221; hover_enabled=&#8221;0&#8243; locked=&#8221;off&#8221; global_colors_info=&#8221;{}&#8221; sticky_enabled=&#8221;0&#8243;]<\/p>\n<ul>\n<li style=\"font-weight: 400;\" aria-level=\"1\"><a href=\"https:\/\/ek.fi\/ek-ja-jasenliitot\/ek-brysselissa\/\" target=\"_blank\" rel=\"noopener\"><span style=\"font-weight: 400;\">Elinkeinoel\u00e4m\u00e4n keskusliiton toimisto Brysseliss\u00e4<\/span><\/a><\/li>\n<li style=\"font-weight: 400;\" aria-level=\"1\"><a href=\"http:\/\/www.finunions.org\/\" target=\"_blank\" rel=\"noopener\"><span style=\"font-weight: 400;\">Palkansaajaj\u00e4rjest\u00f6jen EU-edustusto FinUnions<\/span><\/a><\/li>\n<li style=\"font-weight: 400;\" aria-level=\"1\"><a href=\"https:\/\/www.businessfinland.fi\/toimipisteet\/eurooppa\/eu-yhteystoimisto\" target=\"_blank\" rel=\"noopener\"><span style=\"font-weight: 400;\">Business Finlandin EU-yhteystoimisto<\/span><\/a><\/li>\n<li style=\"font-weight: 400;\" aria-level=\"1\"><a href=\"https:\/\/www.yrittajat.fi\/yrittajajarjesto\/nain-vaikutamme\/eu-vaikuttaminen\/\" target=\"_blank\" rel=\"noopener\"><span style=\"font-weight: 400;\">S<\/span><span style=\"font-weight: 400;\">uomen yritt\u00e4jien Brysselin toimisto<\/span><\/a><\/li>\n<li style=\"font-weight: 400;\" aria-level=\"1\"><a href=\"https:\/\/www.mtk.fi\/yhteystiedot\/henkilokunta\/fi_FI\/brysselin_toimisto\/\" target=\"_blank\" rel=\"noopener\"><span style=\"font-weight: 400;\">MTK:n, Pellervon ja SLC:n Brysselin toimisto<\/span><\/a><\/li>\n<li style=\"font-weight: 400;\" aria-level=\"1\"><a href=\"https:\/\/www.finmobility.eu\/fi\/etusivu\/\" target=\"_blank\" rel=\"noopener\"><span style=\"font-weight: 400;\">FinMobility \u2013 liikennealojen edunvalvoja Brysseliss\u00e4<\/span><\/a><\/li>\n<\/ul>\n<p>[\/et_pb_text][\/et_pb_column][\/et_pb_row][et_pb_row column_structure=&#8221;1_2,1_2&#8243; _builder_version=&#8221;4.17.6&#8243; _module_preset=&#8221;default&#8221; locked=&#8221;off&#8221; global_colors_info=&#8221;{}&#8221;][et_pb_column type=&#8221;1_2&#8243; _builder_version=&#8221;4.17.6&#8243; _module_preset=&#8221;default&#8221; global_colors_info=&#8221;{}&#8221;][et_pb_text _builder_version=&#8221;4.17.6&#8243; _module_preset=&#8221;default&#8221; text_font=&#8221;Inter|800|||||||&#8221; text_text_color=&#8221;#172f88&#8243; text_font_size=&#8221;24px&#8221; text_line_height=&#8221;1em&#8221; custom_margin=&#8221;||0px||false|false&#8221; custom_padding=&#8221;||5px||false|false&#8221; locked=&#8221;off&#8221; global_colors_info=&#8221;{}&#8221;]<\/p>\n<p>Muualla verkossa:<\/p>\n<p>[\/et_pb_text][et_pb_text _builder_version=&#8221;4.17.6&#8243; _module_preset=&#8221;default&#8221; text_font=&#8221;Roboto Condensed||||||||&#8221; text_text_color=&#8221;#1A366D&#8221; text_font_size=&#8221;18px&#8221; text_line_height=&#8221;1.2em&#8221; hover_enabled=&#8221;0&#8243; locked=&#8221;off&#8221; global_colors_info=&#8221;{}&#8221; sticky_enabled=&#8221;0&#8243;]<\/p>\n<ul>\n<li><a href=\"http:\/\/ec.europa.eu\/transparencyregister\/public\/homePage.do?locale=fi\" target=\"_blank\" rel=\"noopener\"><span style=\"font-weight: 400;\">Edunvalvojien avoimuusrekisteri<\/span><\/a><\/li>\n<\/ul>\n<p>[\/et_pb_text][\/et_pb_column][et_pb_column type=&#8221;1_2&#8243; _builder_version=&#8221;4.17.6&#8243; _module_preset=&#8221;default&#8221; global_colors_info=&#8221;{}&#8221;][\/et_pb_column][\/et_pb_row][\/et_pb_section][et_pb_section fb_built=&#8221;1&#8243; module_id=&#8221;ahvenanmaa&#8221; _builder_version=&#8221;4.17.6&#8243; _module_preset=&#8221;default&#8221; custom_padding=&#8221;0px|||||&#8221; da_disable_devices=&#8221;off|off|off&#8221; global_colors_info=&#8221;{}&#8221; da_is_popup=&#8221;off&#8221; da_exit_intent=&#8221;off&#8221; da_has_close=&#8221;on&#8221; da_alt_close=&#8221;off&#8221; da_dark_close=&#8221;off&#8221; da_not_modal=&#8221;on&#8221; da_is_singular=&#8221;off&#8221; da_with_loader=&#8221;off&#8221; da_has_shadow=&#8221;on&#8221;][et_pb_row _builder_version=&#8221;4.17.6&#8243; _module_preset=&#8221;default&#8221; global_colors_info=&#8221;{}&#8221;][et_pb_column type=&#8221;4_4&#8243; _builder_version=&#8221;4.17.6&#8243; _module_preset=&#8221;default&#8221; global_colors_info=&#8221;{}&#8221;][et_pb_text _builder_version=&#8221;4.17.6&#8243; _module_preset=&#8221;default&#8221; text_font=&#8221;Inter|800|||||||&#8221; text_text_color=&#8221;#172f88&#8243; text_font_size=&#8221;40px&#8221; text_line_height=&#8221;1em&#8221; custom_padding=&#8221;||5px||false|false&#8221; custom_css_main_element=&#8221;border-bottom: 3px solid #D0005F;&#8221; locked=&#8221;off&#8221; global_colors_info=&#8221;{}&#8221;]<\/p>\n<p>Ahvenanmaa EU:ssa<\/p>\n<p>[\/et_pb_text][et_pb_text _builder_version=&#8221;4.17.6&#8243; _module_preset=&#8221;default&#8221; text_font=&#8221;Roboto Condensed||||||||&#8221; text_text_color=&#8221;#1A366D&#8221; text_font_size=&#8221;18px&#8221; text_line_height=&#8221;1.2em&#8221; locked=&#8221;off&#8221; global_colors_info=&#8221;{}&#8221;]<\/p>\n<p><span style=\"font-weight: 400;\">Ahvenanmaan erityisasema Euroopan unionissa todetaan Suomen liittymissopimuksessa (\u00c5landsprotokollet). Sen mukaan Ahvenanmaa on EU:n verounionin ulkopuolella. P\u00f6yt\u00e4kirja sis\u00e4lt\u00e4\u00e4 erityiss\u00e4\u00e4nn\u00f6t kiinte\u00e4n omaisuuden ostamisesta ja elinkeinon harjoittamisesta Ahvenanmaalla. Lis\u00e4ksi Ahvenanmaan kansainv\u00e4lisoikeudellinen erityisasema pannaan merkille.\u00a0<\/span><\/p>\n<p><span style=\"font-weight: 400;\">Veropoikkeus koskee arvonlis\u00e4veroa ja valmisteveroja. Poikkeus on mahdollistanut verovapaan myynnin lauttaliikenteess\u00e4 Suomen ja Ahvenanmaan v\u00e4lill\u00e4 sen j\u00e4lkeenkin, kun verovapaus EU:n j\u00e4senvaltioiden v\u00e4lisess\u00e4 liikenteess\u00e4 lakkasi vuonna 1999.\u00a0<\/span><\/p>\n<p><span style=\"font-weight: 400;\">Ahvenanmaan itsehallintolain mukainen erityisasema ilmenee kansainv\u00e4lisi\u00e4 sopimuksia ja EU:n perussopimuksia vahvistettaessa. Ahvenanmaan itsehallintolain mukaan maakunnan toimivaltaan kuuluvien sopimusm\u00e4\u00e4r\u00e4ysten voimaansaattamis-s\u00e4\u00e4d\u00f6ksille tarvitaan my\u00f6s maakuntap\u00e4ivien hyv\u00e4ksynt\u00e4 ennen kuin sopimus tulee sen toimivaltaan kuuluvilta osin voimaan Ahvenanmaalla.\u00a0<\/span><\/p>\n<p><span style=\"font-weight: 400;\">Ahvenanmaan maakuntap\u00e4iv\u00e4t hyv\u00e4ksyi muun muassa Lissabonin sopimuksen voimaansaattamisen. Vasta sen j\u00e4lkeen sopimus tuli maakunnassa voimaan Ahvenanmaan toimivaltaan kuuluvilta osiltaan. Maakuntap\u00e4iv\u00e4t on aiemmin hyv\u00e4ksynyt my\u00f6s Amsterdamin ja Nizzan sopimukset. <\/span><\/p>\n<p>[\/et_pb_text][\/et_pb_column][\/et_pb_row][et_pb_row column_structure=&#8221;1_2,1_2&#8243; _builder_version=&#8221;4.17.6&#8243; _module_preset=&#8221;default&#8221; global_colors_info=&#8221;{}&#8221;][et_pb_column type=&#8221;1_2&#8243; _builder_version=&#8221;4.17.6&#8243; _module_preset=&#8221;default&#8221; global_colors_info=&#8221;{}&#8221;][et_pb_text _builder_version=&#8221;4.17.6&#8243; _module_preset=&#8221;default&#8221; text_font=&#8221;Roboto Condensed||||||||&#8221; text_text_color=&#8221;#1A366D&#8221; text_font_size=&#8221;18px&#8221; text_line_height=&#8221;1.2em&#8221; locked=&#8221;off&#8221; global_colors_info=&#8221;{}&#8221;]<\/p>\n<p>Ahvenanmaan maakuntap\u00e4ivien hyv\u00e4ksynt\u00e4 vaadittiin my\u00f6s Suomen liittyess\u00e4 unioniin 1995. Maakunnassa tarvittiin kaksi eri kansan\u00e4\u00e4nestyst\u00e4. Ensimm\u00e4isess\u00e4 kansan\u00e4\u00e4nestyksess\u00e4 16.10.1994 ahvenanmaalaisista 51,9 prosenttia tuki j\u00e4senyytt\u00e4 (Suomessa 56,9 prosenttia). Toisessa kansan\u00e4\u00e4nestyksess\u00e4 20.11.1994 Ahvenanmaan j\u00e4senyytt\u00e4 kannatti 73,6 % \u00e4\u00e4nest\u00e4jist\u00e4. <br \/>Ahvenanmaan maakuntap\u00e4iv\u00e4t vahvisti liittymisen EU:hun 2.12.1994. Maakuntap\u00e4ivien 30 edustajasta 26 kannatti j\u00e4senyytt\u00e4. <br \/>EU-asioiden valmistelussa Ahvenanmaan maakuntahallituksen osallistumiseen ja tiedonsaantiin kiinnitet\u00e4\u00e4n erityist\u00e4 huomiota. Maakuntahallituksen puheenjohtajalla on oikeus tulla kuulluksi EU-ministerivaliokunnassa silloin, kun asia kuuluu Ahvenanmaan maakunnan toimivaltaan tai on muutoin maakunnalle erityisen t\u00e4rke\u00e4. Ahvenanmaalla on my\u00f6s oma erityisasiantuntijansa Suomen pysyv\u00e4ss\u00e4 EU-edustustossa Brysseliss\u00e4. <\/p>\n<p>[\/et_pb_text][\/et_pb_column][et_pb_column type=&#8221;1_2&#8243; _builder_version=&#8221;4.17.6&#8243; _module_preset=&#8221;default&#8221; global_colors_info=&#8221;{}&#8221;][et_pb_image src=&#8221;https:\/\/www.eurooppalainensuomi.fi\/wp-content\/uploads\/2025\/12\/image12-1.jpg&#8221; alt=&#8221;Man eating on a bench eating a banana&#8221; title_text=&#8221;image12&#8243; _builder_version=&#8221;4.17.6&#8243; _module_preset=&#8221;default&#8221; custom_margin=&#8221;||13px|||&#8221; locked=&#8221;off&#8221; global_colors_info=&#8221;{}&#8221;][\/et_pb_image][et_pb_text _builder_version=&#8221;4.17.6&#8243; _module_preset=&#8221;default&#8221; text_font=&#8221;Roboto Condensed||||||||&#8221; text_text_color=&#8221;#1A366D&#8221; text_font_size=&#8221;16px&#8221; text_line_height=&#8221;1.2em&#8221; locked=&#8221;off&#8221; global_colors_info=&#8221;{}&#8221;]<\/p>\n<p>\u00c5land\/Visit Finland\/Flatlight Films.<\/p>\n<p>[\/et_pb_text][\/et_pb_column][\/et_pb_row][\/et_pb_section]<\/p>\n","protected":false},"excerpt":{"rendered":"<p>SUOMI JA EUSuomen tie j\u00e4senyyteenSuomi oli osallistunut Euroopan yhdentymiseen jo vuodesta 1961 l\u00e4htien, jolloin Suomi liittyi Euroopan vapaakauppaj\u00e4rjest\u00f6n (EFTA) liit\u00e4nn\u00e4isj\u00e4seneksi niin kutsutulla FINEFTA-sopimuksella. Vuonna 1973 Suomi solmi vapaakauppasopimuksen Euroopan talousyhteis\u00f6n (ETY) kanssa ja tuli EFTA:n t\u00e4ysj\u00e4seneksi vuonna 1986. Euroopan talousalueessa (ETA) Suomi oli mukana tammikuun 1. p\u00e4iv\u00e4st\u00e4 1994 saman vuoden loppuun asti. Suomi aloitti j\u00e4senyysneuvottelut [&hellip;]<\/p>\n","protected":false},"author":5,"featured_media":0,"parent":0,"menu_order":0,"comment_status":"closed","ping_status":"closed","template":"","meta":{"_et_pb_use_builder":"on","_et_pb_old_content":"","_et_gb_content_width":""},"yoast_head":"<!-- This site is optimized with the Yoast SEO plugin v19.13 - https:\/\/yoast.com\/wordpress\/plugins\/seo\/ -->\n<title>Suomi ja EU - Eurooppalainen Suomi<\/title>\n<meta name=\"robots\" content=\"index, follow, max-snippet:-1, max-image-preview:large, max-video-preview:-1\" \/>\n<link rel=\"canonical\" href=\"https:\/\/www.eurooppalainensuomi.fi\/suomi-ja-eu\" \/>\n<meta property=\"og:locale\" content=\"en_US\" \/>\n<meta property=\"og:type\" content=\"article\" \/>\n<meta property=\"og:title\" content=\"Suomi ja EU - Eurooppalainen Suomi\" \/>\n<meta property=\"og:description\" content=\"SUOMI JA EUSuomen tie j\u00e4senyyteenSuomi oli osallistunut Euroopan yhdentymiseen jo vuodesta 1961 l\u00e4htien, jolloin Suomi liittyi Euroopan vapaakauppaj\u00e4rjest\u00f6n (EFTA) liit\u00e4nn\u00e4isj\u00e4seneksi niin kutsutulla FINEFTA-sopimuksella. Vuonna 1973 Suomi solmi vapaakauppasopimuksen Euroopan talousyhteis\u00f6n (ETY) kanssa ja tuli EFTA:n t\u00e4ysj\u00e4seneksi vuonna 1986. Euroopan talousalueessa (ETA) Suomi oli mukana tammikuun 1. p\u00e4iv\u00e4st\u00e4 1994 saman vuoden loppuun asti. Suomi aloitti j\u00e4senyysneuvottelut [&hellip;]\" \/>\n<meta property=\"og:url\" content=\"https:\/\/www.eurooppalainensuomi.fi\/suomi-ja-eu\" \/>\n<meta property=\"og:site_name\" content=\"Eurooppalainen Suomi\" \/>\n<meta property=\"article:publisher\" content=\"https:\/\/www.facebook.com\/eurooppalainensuomi\" \/>\n<meta property=\"article:modified_time\" content=\"2025-12-12T11:26:03+00:00\" \/>\n<meta name=\"twitter:card\" content=\"summary_large_image\" \/>\n<meta name=\"twitter:site\" content=\"@em_finland\" \/>\n<script type=\"application\/ld+json\" class=\"yoast-schema-graph\">{\"@context\":\"https:\/\/schema.org\",\"@graph\":[{\"@type\":\"WebPage\",\"@id\":\"https:\/\/www.eurooppalainensuomi.fi\/suomi-ja-eu\",\"url\":\"https:\/\/www.eurooppalainensuomi.fi\/suomi-ja-eu\",\"name\":\"Suomi ja EU - Eurooppalainen Suomi\",\"isPartOf\":{\"@id\":\"https:\/\/www.eurooppalainensuomi.fi\/#website\"},\"datePublished\":\"2025-12-05T19:07:47+00:00\",\"dateModified\":\"2025-12-12T11:26:03+00:00\",\"breadcrumb\":{\"@id\":\"https:\/\/www.eurooppalainensuomi.fi\/suomi-ja-eu#breadcrumb\"},\"inLanguage\":\"en\",\"potentialAction\":[{\"@type\":\"ReadAction\",\"target\":[\"https:\/\/www.eurooppalainensuomi.fi\/suomi-ja-eu\"]}]},{\"@type\":\"BreadcrumbList\",\"@id\":\"https:\/\/www.eurooppalainensuomi.fi\/suomi-ja-eu#breadcrumb\",\"itemListElement\":[{\"@type\":\"ListItem\",\"position\":1,\"name\":\"Etusivu\",\"item\":\"https:\/\/www.eurooppalainensuomi.fi\/\"},{\"@type\":\"ListItem\",\"position\":2,\"name\":\"Suomi ja EU\"}]},{\"@type\":\"WebSite\",\"@id\":\"https:\/\/www.eurooppalainensuomi.fi\/#website\",\"url\":\"https:\/\/www.eurooppalainensuomi.fi\/\",\"name\":\"Eurooppalainen Suomi\",\"description\":\"Parempaa Eurooppaa rakentamassa\",\"publisher\":{\"@id\":\"https:\/\/www.eurooppalainensuomi.fi\/#organization\"},\"potentialAction\":[{\"@type\":\"SearchAction\",\"target\":{\"@type\":\"EntryPoint\",\"urlTemplate\":\"https:\/\/www.eurooppalainensuomi.fi\/?s={search_term_string}\"},\"query-input\":\"required name=search_term_string\"}],\"inLanguage\":\"en\"},{\"@type\":\"Organization\",\"@id\":\"https:\/\/www.eurooppalainensuomi.fi\/#organization\",\"name\":\"Eurooppalainen Suomi ry\",\"url\":\"https:\/\/www.eurooppalainensuomi.fi\/\",\"logo\":{\"@type\":\"ImageObject\",\"inLanguage\":\"en\",\"@id\":\"https:\/\/www.eurooppalainensuomi.fi\/#\/schema\/logo\/image\/\",\"url\":\"https:\/\/www.eurooppalainensuomi.fi\/wp-content\/uploads\/2021\/01\/PNG_large.png\",\"contentUrl\":\"https:\/\/www.eurooppalainensuomi.fi\/wp-content\/uploads\/2021\/01\/PNG_large.png\",\"width\":586,\"height\":220,\"caption\":\"Eurooppalainen Suomi ry\"},\"image\":{\"@id\":\"https:\/\/www.eurooppalainensuomi.fi\/#\/schema\/logo\/image\/\"},\"sameAs\":[\"https:\/\/instagram.com\/eurooppalainensuomi\",\"https:\/\/www.youtube.com\/channel\/UCBeqyrm1ze2RinjeAYS_-Jg\",\"https:\/\/fi.wikipedia.org\/wiki\/Eurooppalainen_Suomi\",\"https:\/\/www.facebook.com\/eurooppalainensuomi\",\"https:\/\/twitter.com\/em_finland\"]}]}<\/script>\n<!-- \/ Yoast SEO plugin. -->","yoast_head_json":{"title":"Suomi ja EU - Eurooppalainen Suomi","robots":{"index":"index","follow":"follow","max-snippet":"max-snippet:-1","max-image-preview":"max-image-preview:large","max-video-preview":"max-video-preview:-1"},"canonical":"https:\/\/www.eurooppalainensuomi.fi\/suomi-ja-eu","og_locale":"en_US","og_type":"article","og_title":"Suomi ja EU - Eurooppalainen Suomi","og_description":"SUOMI JA EUSuomen tie j\u00e4senyyteenSuomi oli osallistunut Euroopan yhdentymiseen jo vuodesta 1961 l\u00e4htien, jolloin Suomi liittyi Euroopan vapaakauppaj\u00e4rjest\u00f6n (EFTA) liit\u00e4nn\u00e4isj\u00e4seneksi niin kutsutulla FINEFTA-sopimuksella. Vuonna 1973 Suomi solmi vapaakauppasopimuksen Euroopan talousyhteis\u00f6n (ETY) kanssa ja tuli EFTA:n t\u00e4ysj\u00e4seneksi vuonna 1986. Euroopan talousalueessa (ETA) Suomi oli mukana tammikuun 1. p\u00e4iv\u00e4st\u00e4 1994 saman vuoden loppuun asti. Suomi aloitti j\u00e4senyysneuvottelut [&hellip;]","og_url":"https:\/\/www.eurooppalainensuomi.fi\/suomi-ja-eu","og_site_name":"Eurooppalainen Suomi","article_publisher":"https:\/\/www.facebook.com\/eurooppalainensuomi","article_modified_time":"2025-12-12T11:26:03+00:00","twitter_card":"summary_large_image","twitter_site":"@em_finland","schema":{"@context":"https:\/\/schema.org","@graph":[{"@type":"WebPage","@id":"https:\/\/www.eurooppalainensuomi.fi\/suomi-ja-eu","url":"https:\/\/www.eurooppalainensuomi.fi\/suomi-ja-eu","name":"Suomi ja EU - Eurooppalainen Suomi","isPartOf":{"@id":"https:\/\/www.eurooppalainensuomi.fi\/#website"},"datePublished":"2025-12-05T19:07:47+00:00","dateModified":"2025-12-12T11:26:03+00:00","breadcrumb":{"@id":"https:\/\/www.eurooppalainensuomi.fi\/suomi-ja-eu#breadcrumb"},"inLanguage":"en","potentialAction":[{"@type":"ReadAction","target":["https:\/\/www.eurooppalainensuomi.fi\/suomi-ja-eu"]}]},{"@type":"BreadcrumbList","@id":"https:\/\/www.eurooppalainensuomi.fi\/suomi-ja-eu#breadcrumb","itemListElement":[{"@type":"ListItem","position":1,"name":"Etusivu","item":"https:\/\/www.eurooppalainensuomi.fi\/"},{"@type":"ListItem","position":2,"name":"Suomi ja EU"}]},{"@type":"WebSite","@id":"https:\/\/www.eurooppalainensuomi.fi\/#website","url":"https:\/\/www.eurooppalainensuomi.fi\/","name":"Eurooppalainen Suomi","description":"Parempaa Eurooppaa rakentamassa","publisher":{"@id":"https:\/\/www.eurooppalainensuomi.fi\/#organization"},"potentialAction":[{"@type":"SearchAction","target":{"@type":"EntryPoint","urlTemplate":"https:\/\/www.eurooppalainensuomi.fi\/?s={search_term_string}"},"query-input":"required name=search_term_string"}],"inLanguage":"en"},{"@type":"Organization","@id":"https:\/\/www.eurooppalainensuomi.fi\/#organization","name":"Eurooppalainen Suomi ry","url":"https:\/\/www.eurooppalainensuomi.fi\/","logo":{"@type":"ImageObject","inLanguage":"en","@id":"https:\/\/www.eurooppalainensuomi.fi\/#\/schema\/logo\/image\/","url":"https:\/\/www.eurooppalainensuomi.fi\/wp-content\/uploads\/2021\/01\/PNG_large.png","contentUrl":"https:\/\/www.eurooppalainensuomi.fi\/wp-content\/uploads\/2021\/01\/PNG_large.png","width":586,"height":220,"caption":"Eurooppalainen Suomi ry"},"image":{"@id":"https:\/\/www.eurooppalainensuomi.fi\/#\/schema\/logo\/image\/"},"sameAs":["https:\/\/instagram.com\/eurooppalainensuomi","https:\/\/www.youtube.com\/channel\/UCBeqyrm1ze2RinjeAYS_-Jg","https:\/\/fi.wikipedia.org\/wiki\/Eurooppalainen_Suomi","https:\/\/www.facebook.com\/eurooppalainensuomi","https:\/\/twitter.com\/em_finland"]}]}},"_links":{"self":[{"href":"https:\/\/www.eurooppalainensuomi.fi\/index.php?rest_route=\/wp\/v2\/pages\/7281"}],"collection":[{"href":"https:\/\/www.eurooppalainensuomi.fi\/index.php?rest_route=\/wp\/v2\/pages"}],"about":[{"href":"https:\/\/www.eurooppalainensuomi.fi\/index.php?rest_route=\/wp\/v2\/types\/page"}],"author":[{"embeddable":true,"href":"https:\/\/www.eurooppalainensuomi.fi\/index.php?rest_route=\/wp\/v2\/users\/5"}],"replies":[{"embeddable":true,"href":"https:\/\/www.eurooppalainensuomi.fi\/index.php?rest_route=%2Fwp%2Fv2%2Fcomments&post=7281"}],"version-history":[{"count":23,"href":"https:\/\/www.eurooppalainensuomi.fi\/index.php?rest_route=\/wp\/v2\/pages\/7281\/revisions"}],"predecessor-version":[{"id":7666,"href":"https:\/\/www.eurooppalainensuomi.fi\/index.php?rest_route=\/wp\/v2\/pages\/7281\/revisions\/7666"}],"wp:attachment":[{"href":"https:\/\/www.eurooppalainensuomi.fi\/index.php?rest_route=%2Fwp%2Fv2%2Fmedia&parent=7281"}],"curies":[{"name":"wp","href":"https:\/\/api.w.org\/{rel}","templated":true}]}}