{"id":6957,"date":"2025-12-04T22:46:15","date_gmt":"2025-12-04T20:46:15","guid":{"rendered":"https:\/\/www.eurooppalainensuomi.fi\/?page_id=6957"},"modified":"2025-12-12T13:13:56","modified_gmt":"2025-12-12T11:13:56","slug":"perustietoa-eusta","status":"publish","type":"page","link":"https:\/\/www.eurooppalainensuomi.fi\/perustietoa-eusta","title":{"rendered":"Perustietoa EU:sta"},"content":{"rendered":"<p>[et_pb_section fb_built=&#8221;1&#8243; custom_padding_last_edited=&#8221;on|phone&#8221; admin_label=&#8221;Section&#8221; _builder_version=&#8221;4.17.6&#8243; _module_preset=&#8221;default&#8221; background_image=&#8221;https:\/\/www.eurooppalainensuomi.fi\/wp-content\/uploads\/2025\/12\/EU-info.jpg&#8221; custom_padding=&#8221;200px||200px||false|false&#8221; custom_padding_tablet=&#8221;200px||200px||false|false&#8221; custom_padding_phone=&#8221;80px||80px||false|false&#8221; da_disable_devices=&#8221;off|off|off&#8221; locked=&#8221;off&#8221; global_colors_info=&#8221;{}&#8221; da_is_popup=&#8221;off&#8221; da_exit_intent=&#8221;off&#8221; da_has_close=&#8221;on&#8221; da_alt_close=&#8221;off&#8221; da_dark_close=&#8221;off&#8221; da_not_modal=&#8221;on&#8221; da_is_singular=&#8221;off&#8221; da_with_loader=&#8221;off&#8221; da_has_shadow=&#8221;on&#8221;][et_pb_row _builder_version=&#8221;4.17.6&#8243; _module_preset=&#8221;default&#8221; global_colors_info=&#8221;{}&#8221;][et_pb_column type=&#8221;4_4&#8243; _builder_version=&#8221;4.17.6&#8243; _module_preset=&#8221;default&#8221; global_colors_info=&#8221;{}&#8221;][et_pb_text _builder_version=&#8221;4.17.6&#8243; _module_preset=&#8221;default&#8221; text_font=&#8221;Roboto Condensed|700|||||||&#8221; text_text_color=&#8221;#FFFFFF&#8221; text_font_size=&#8221;80px&#8221; text_line_height=&#8221;1em&#8221; text_font_size_tablet=&#8221;80px&#8221; text_font_size_phone=&#8221;60px&#8221; text_font_size_last_edited=&#8221;on|phone&#8221; locked=&#8221;off&#8221; global_colors_info=&#8221;{}&#8221;]<\/p>\n<p>PERUSTIETOA EU:STA<\/p>\n<p>[\/et_pb_text][\/et_pb_column][\/et_pb_row][\/et_pb_section][et_pb_section fb_built=&#8221;1&#8243; admin_label=&#8221;Section&#8221; module_id=&#8221;jasenmaat&#8221; _builder_version=&#8221;4.17.6&#8243; _module_preset=&#8221;default&#8221; custom_padding=&#8221;0px||0px|||&#8221; da_popup_slug=&#8221;jasenmaat&#8221; da_disable_devices=&#8221;off|off|off&#8221; locked=&#8221;off&#8221; global_colors_info=&#8221;{}&#8221; da_is_popup=&#8221;off&#8221; da_exit_intent=&#8221;off&#8221; da_has_close=&#8221;on&#8221; da_alt_close=&#8221;off&#8221; da_dark_close=&#8221;off&#8221; da_not_modal=&#8221;on&#8221; da_is_singular=&#8221;off&#8221; da_with_loader=&#8221;off&#8221; da_has_shadow=&#8221;on&#8221;][et_pb_row _builder_version=&#8221;4.17.6&#8243; _module_preset=&#8221;default&#8221; locked=&#8221;off&#8221; global_colors_info=&#8221;{}&#8221;][et_pb_column type=&#8221;4_4&#8243; _builder_version=&#8221;4.17.6&#8243; _module_preset=&#8221;default&#8221; global_colors_info=&#8221;{}&#8221;][et_pb_text _builder_version=&#8221;4.17.6&#8243; _module_preset=&#8221;default&#8221; text_font=&#8221;Inter|800|||||||&#8221; text_text_color=&#8221;#172f88&#8243; text_font_size=&#8221;40px&#8221; text_line_height=&#8221;1em&#8221; custom_padding=&#8221;||5px||false|false&#8221; custom_css_main_element=&#8221;border-bottom: 3px solid #D0005F;&#8221; locked=&#8221;off&#8221; global_colors_info=&#8221;{}&#8221;]<\/p>\n<p>EU-j\u00e4senmaat<\/p>\n<p>[\/et_pb_text][et_pb_text _builder_version=&#8221;4.17.6&#8243; _module_preset=&#8221;default&#8221; text_font=&#8221;Roboto Condensed||||||||&#8221; text_text_color=&#8221;#1A366D&#8221; text_font_size=&#8221;18px&#8221; text_line_height=&#8221;1.2em&#8221; locked=&#8221;off&#8221; global_colors_info=&#8221;{}&#8221;]<\/p>\n<p>Euroopan unioni on kasvanut useiden laajentumiskierrosten my\u00f6t\u00e4. EU-j\u00e4senmaita on nyt 27. Kaikki EU:n j\u00e4senvaltiot kuuluvat Euroopan talous- ja rahaliittoon, mutta kaikki eiv\u00e4t ole ottaneet k\u00e4ytt\u00f6\u00f6n yhteist\u00e4 rahaa, euroa (\u20ac).<\/p>\n<p>Iso-Britannia liittyi unioniin vuonna 1973 ja erosi 1.2.2020. Britannia ei kuulunut j\u00e4senyytens\u00e4 aikana Schengen-alueeseen eik\u00e4 ottanut k\u00e4ytt\u00f6\u00f6n euroa. Bulgaria ja Romania kuuluvat Schengen-alueeseen 31.3.2024 alkaen. Passintarkastusten poistuminen Bulgarian, Romanian ja muiden Schengen-maiden v\u00e4lill\u00e4 koskee kuitenkin vain lento- ja meriliikennett\u00e4. Maarajoilla tarkastuksia jatketaan, kunnes EU:n neuvosto p\u00e4\u00e4tt\u00e4\u00e4 niiden lopettamisesta.<\/p>\n<p>[\/et_pb_text][et_pb_text _builder_version=&#8221;4.17.6&#8243; _module_preset=&#8221;default&#8221; text_font=&#8221;Roboto Condensed||||||||&#8221; text_text_color=&#8221;#1A366D&#8221; text_font_size=&#8221;18px&#8221; text_line_height=&#8221;1.2em&#8221; background_color=&#8221;#E4F6FF&#8221; custom_padding=&#8221;|0px|0px|0px|false|false&#8221; locked=&#8221;off&#8221; global_colors_info=&#8221;{}&#8221;]<\/p>\n<table class=\"my-table\">\n<tbody>\n<tr>\n<td colspan=\"2\" style=\"width: 156.2px;\">\n<p><b><\/b><\/p>\n<p><b><\/b><\/p>\n<p><b>J\u00e4senmaat liittymisvuosittain<\/b><\/p>\n<p>&nbsp;<\/p>\n<\/td>\n<td style=\"width: 73px;\"><b>Valuutta<\/b><\/td>\n<td style=\"width: 91px;\"><b>Schengen-alueessa<\/b><\/td>\n<\/tr>\n<tr>\n<td style=\"width: 47px;\">1951<\/td>\n<td style=\"width: 104px;\"><span style=\"font-weight: 400;\"><a href=\"https:\/\/www.eurooppalainensuomi.fi\/?attachment_id=6980\"><img loading=\"lazy\" src=\"https:\/\/www.eurooppalainensuomi.fi\/wp-content\/uploads\/2025\/12\/image17.jpg\" width=\"102\" height=\"68\" alt=\"\" class=\"wp-image-6980 alignnone size-full\" \/><\/a>\u00a0Alankomaat <a href=\"https:\/\/www.eurooppalainensuomi.fi\/?attachment_id=6917\"><\/a><\/span><\/td>\n<td style=\"width: 73px;\"><span style=\"font-weight: 400;\">euro, \u20ac<\/span><\/td>\n<td style=\"width: 91px;\"><span style=\"font-weight: 400;\">Kyll\u00e4<\/span><span style=\"font-weight: 400;\">, Schengen-alueessa<\/span><\/td>\n<\/tr>\n<tr>\n<td style=\"width: 47px;\"><\/td>\n<td style=\"width: 104px;\"><span style=\"font-weight: 400;\"><a href=\"https:\/\/www.eurooppalainensuomi.fi\/?attachment_id=6972\"><img loading=\"lazy\" src=\"https:\/\/www.eurooppalainensuomi.fi\/wp-content\/uploads\/2025\/12\/image9.jpg\" width=\"102\" height=\"68\" alt=\"\" class=\"wp-image-6972 alignnone size-full\" \/><\/a>\u00a0Belgia<\/span><\/td>\n<td style=\"width: 73px;\"><span style=\"font-weight: 400;\">euro, \u20ac<\/span><\/td>\n<td style=\"width: 91px;\"><span style=\"font-weight: 400;\">Kyll\u00e4<\/span><span style=\"font-weight: 400;\">, Schengen-alueessa<\/span><\/td>\n<\/tr>\n<tr>\n<td style=\"width: 47px;\"><\/td>\n<td style=\"width: 104px;\"><span style=\"font-weight: 400;\"><a href=\"https:\/\/www.eurooppalainensuomi.fi\/?attachment_id=6973\"><img loading=\"lazy\" src=\"https:\/\/www.eurooppalainensuomi.fi\/wp-content\/uploads\/2025\/12\/image10.jpg\" width=\"102\" height=\"68\" alt=\"\" class=\"wp-image-6973 alignnone size-full\" \/><\/a>\u00a0Italia<\/span><\/td>\n<td style=\"width: 73px;\"><span style=\"font-weight: 400;\">euro, \u20ac<\/span><\/td>\n<td style=\"width: 91px;\"><span style=\"font-weight: 400;\">Kyll\u00e4<\/span><span style=\"font-weight: 400;\">, Schengen-alueessa<\/span><\/td>\n<\/tr>\n<tr>\n<td style=\"width: 47px;\"><\/td>\n<td style=\"width: 104px;\"><span style=\"font-weight: 400;\"><a href=\"https:\/\/www.eurooppalainensuomi.fi\/?attachment_id=6984\"><img loading=\"lazy\" src=\"https:\/\/www.eurooppalainensuomi.fi\/wp-content\/uploads\/2025\/12\/image21.jpg\" width=\"102\" height=\"68\" alt=\"\" class=\"wp-image-6984 alignnone size-full\" \/><\/a>\u00a0Luxemburg<\/span><\/td>\n<td style=\"width: 73px;\"><span style=\"font-weight: 400;\">euro, \u20ac<\/span><\/td>\n<td style=\"width: 91px;\"><span style=\"font-weight: 400;\">Kyll\u00e4<\/span><span style=\"font-weight: 400;\">, Schengen-alueessa<\/span><\/td>\n<\/tr>\n<tr>\n<td style=\"width: 47px;\"><\/td>\n<td style=\"width: 104px;\"><span style=\"font-weight: 400;\"><a href=\"https:\/\/www.eurooppalainensuomi.fi\/?attachment_id=6965\"><img loading=\"lazy\" src=\"https:\/\/www.eurooppalainensuomi.fi\/wp-content\/uploads\/2025\/12\/image2.jpg\" width=\"102\" height=\"68\" alt=\"\" class=\"wp-image-6965 alignnone size-full\" \/><\/a>\u00a0Ranska<\/span><\/td>\n<td style=\"width: 73px;\"><span style=\"font-weight: 400;\">euro, \u20ac<\/span><\/td>\n<td style=\"width: 91px;\"><span style=\"font-weight: 400;\">Kyll\u00e4<\/span><span style=\"font-weight: 400;\">, Schengen-alueessa<\/span><\/td>\n<\/tr>\n<tr>\n<td style=\"width: 47px;\"><\/td>\n<td style=\"width: 104px;\"><span style=\"font-weight: 400;\"><a href=\"https:\/\/www.eurooppalainensuomi.fi\/?attachment_id=6985\"><img loading=\"lazy\" src=\"https:\/\/www.eurooppalainensuomi.fi\/wp-content\/uploads\/2025\/12\/image22.jpg\" width=\"102\" height=\"68\" alt=\"\" class=\"wp-image-6985 alignnone size-full\" \/><\/a>\u00a0Saksa<\/span><\/td>\n<td style=\"width: 73px;\"><span style=\"font-weight: 400;\">euro, \u20ac<\/span><\/td>\n<td style=\"width: 91px;\"><span style=\"font-weight: 400;\">Kyll\u00e4<\/span><span style=\"font-weight: 400;\">, Schengen-alueessa<\/span><\/td>\n<\/tr>\n<tr>\n<td style=\"width: 47px;\">1973<\/td>\n<td style=\"width: 104px;\"><span style=\"font-weight: 400;\"><a href=\"https:\/\/www.eurooppalainensuomi.fi\/?attachment_id=6975\"><img loading=\"lazy\" src=\"https:\/\/www.eurooppalainensuomi.fi\/wp-content\/uploads\/2025\/12\/image12.jpg\" width=\"102\" height=\"68\" alt=\"\" class=\"wp-image-6975 alignnone size-full\" \/><\/a>\u00a0Irlanti<\/span><\/td>\n<td style=\"width: 73px;\"><span style=\"font-weight: 400;\">euro, \u20ac<\/span><\/td>\n<td style=\"width: 91px;\"><span style=\"font-weight: 400;\">Ei<\/span><span style=\"font-weight: 400;\">. Ei kuulu Schengen-alueeseen.<\/span><\/td>\n<\/tr>\n<tr>\n<td style=\"width: 47px;\"><\/td>\n<td style=\"width: 104px;\"><span style=\"font-weight: 400;\"><a href=\"https:\/\/www.eurooppalainensuomi.fi\/?attachment_id=6983\"><img loading=\"lazy\" src=\"https:\/\/www.eurooppalainensuomi.fi\/wp-content\/uploads\/2025\/12\/image20.jpg\" width=\"102\" height=\"68\" alt=\"\" class=\"wp-image-6983 alignnone size-full\" \/><\/a>\u00a0Tanska<\/span><\/td>\n<td style=\"width: 73px;\"><span style=\"font-weight: 400;\">kruunu, kr<\/span><\/td>\n<td style=\"width: 91px;\"><span style=\"font-weight: 400;\">Kyll\u00e4<\/span><span style=\"font-weight: 400;\">, Schengen-alueessa<\/span><\/td>\n<\/tr>\n<tr>\n<td style=\"width: 47px;\">1981<\/td>\n<td style=\"width: 104px;\"><span style=\"font-weight: 400;\"><a href=\"https:\/\/www.eurooppalainensuomi.fi\/?attachment_id=6988\"><img loading=\"lazy\" src=\"https:\/\/www.eurooppalainensuomi.fi\/wp-content\/uploads\/2025\/12\/image25.jpg\" width=\"102\" height=\"68\" alt=\"\" class=\"wp-image-6988 alignnone size-full\" \/><\/a>\u00a0Kreikka<\/span><\/td>\n<td style=\"width: 73px;\"><span style=\"font-weight: 400;\">euro, \u20ac<\/span><\/td>\n<td style=\"width: 91px;\"><span style=\"font-weight: 400;\">Kyll\u00e4<\/span><span style=\"font-weight: 400;\">, Schengen-alueessa<\/span><\/td>\n<\/tr>\n<tr>\n<td style=\"width: 47px;\">1986<\/td>\n<td style=\"width: 104px;\"><span style=\"font-weight: 400;\"><a href=\"https:\/\/www.eurooppalainensuomi.fi\/?attachment_id=6996\"><img loading=\"lazy\" src=\"https:\/\/www.eurooppalainensuomi.fi\/wp-content\/uploads\/2025\/12\/image33.jpg\" width=\"102\" height=\"68\" alt=\"\" class=\"wp-image-6996 alignnone size-full\" \/><\/a>\u00a0Espanja<\/span><\/td>\n<td style=\"width: 73px;\"><span style=\"font-weight: 400;\">euro, \u20ac<\/span><\/td>\n<td style=\"width: 91px;\"><span style=\"font-weight: 400;\">Kyll\u00e4<\/span><span style=\"font-weight: 400;\">, Schengen-alueessa<\/span><\/td>\n<\/tr>\n<tr>\n<td style=\"width: 47px;\"><\/td>\n<td style=\"width: 104px;\"><span style=\"font-weight: 400;\"><a href=\"https:\/\/www.eurooppalainensuomi.fi\/?attachment_id=6997\"><img loading=\"lazy\" src=\"https:\/\/www.eurooppalainensuomi.fi\/wp-content\/uploads\/2025\/12\/image34.jpg\" width=\"102\" height=\"68\" alt=\"\" class=\"wp-image-6997 alignnone size-full\" \/><\/a>\u00a0Portugali<\/span><\/td>\n<td style=\"width: 73px;\"><span style=\"font-weight: 400;\">euro, \u20ac<\/span><\/td>\n<td style=\"width: 91px;\"><span style=\"font-weight: 400;\">Kyll\u00e4<\/span><span style=\"font-weight: 400;\">, Schengen-alueessa<\/span><\/td>\n<\/tr>\n<tr>\n<td style=\"width: 47px;\">1995<\/td>\n<td style=\"width: 104px;\"><span style=\"font-weight: 400;\"><a href=\"https:\/\/www.eurooppalainensuomi.fi\/?attachment_id=6989\"><img loading=\"lazy\" src=\"https:\/\/www.eurooppalainensuomi.fi\/wp-content\/uploads\/2025\/12\/image26.jpg\" width=\"102\" height=\"68\" alt=\"\" class=\"wp-image-6989 alignnone size-full\" \/><\/a>\u00a0It\u00e4valta<\/span><\/td>\n<td style=\"width: 73px;\"><span style=\"font-weight: 400;\">euro, \u20ac<\/span><\/td>\n<td style=\"width: 91px;\"><span style=\"font-weight: 400;\">Kyll\u00e4<\/span><span style=\"font-weight: 400;\">, Schengen-alueessa<\/span><\/td>\n<\/tr>\n<tr>\n<td style=\"width: 47px;\"><\/td>\n<td style=\"width: 104px;\"><span style=\"font-weight: 400;\"><a href=\"https:\/\/www.eurooppalainensuomi.fi\/?attachment_id=6981\"><img loading=\"lazy\" src=\"https:\/\/www.eurooppalainensuomi.fi\/wp-content\/uploads\/2025\/12\/image18.jpg\" width=\"102\" height=\"68\" alt=\"\" class=\"wp-image-6981 alignnone size-full\" \/><\/a>\u00a0Ruotsi<\/span><\/td>\n<td style=\"width: 73px;\"><span style=\"font-weight: 400;\">kruunu, kr<\/span><\/td>\n<td style=\"width: 91px;\"><span style=\"font-weight: 400;\">Kyll\u00e4<\/span><span style=\"font-weight: 400;\">, Schengen-alueessa<\/span><\/td>\n<\/tr>\n<tr>\n<td style=\"width: 47px;\"><\/td>\n<td style=\"width: 104px;\"><span style=\"font-weight: 400;\"><a href=\"https:\/\/www.eurooppalainensuomi.fi\/?attachment_id=6967\"><img loading=\"lazy\" src=\"https:\/\/www.eurooppalainensuomi.fi\/wp-content\/uploads\/2025\/12\/image4.jpg\" width=\"102\" height=\"68\" alt=\"\" class=\"wp-image-6967 alignnone size-full\" \/><\/a>\u00a0Suomi<\/span><\/td>\n<td style=\"width: 73px;\"><span style=\"font-weight: 400;\">euro, \u20ac<\/span><\/td>\n<td style=\"width: 91px;\"><span style=\"font-weight: 400;\">Kyll\u00e4<\/span><span style=\"font-weight: 400;\">, Schengen-alueessa<\/span><\/td>\n<\/tr>\n<tr>\n<td style=\"width: 47px;\">2004<\/td>\n<td style=\"width: 104px;\"><span style=\"font-weight: 400;\"><a href=\"https:\/\/www.eurooppalainensuomi.fi\/?attachment_id=6992\"><img loading=\"lazy\" src=\"https:\/\/www.eurooppalainensuomi.fi\/wp-content\/uploads\/2025\/12\/image29.jpg\" width=\"102\" height=\"68\" alt=\"\" class=\"wp-image-6992 alignnone size-full\" \/><\/a>\u00a0Kypros<\/span><\/td>\n<td style=\"width: 73px;\"><span style=\"font-weight: 400;\">euro, \u20ac<\/span><\/td>\n<td style=\"width: 91px;\"><span style=\"font-weight: 400;\">Ei<\/span><span style=\"font-weight: 400;\">. Ei kuulu Schengen-alueeseen.<\/span><\/td>\n<\/tr>\n<tr>\n<td style=\"width: 47px;\"><\/td>\n<td style=\"width: 104px;\"><span style=\"font-weight: 400;\"><a href=\"https:\/\/www.eurooppalainensuomi.fi\/?attachment_id=6964\"><img loading=\"lazy\" src=\"https:\/\/www.eurooppalainensuomi.fi\/wp-content\/uploads\/2025\/12\/image1.jpg\" width=\"102\" height=\"51\" alt=\"\" class=\"wp-image-6964 alignnone size-full\" \/><\/a>\u00a0Latvia<\/span><\/td>\n<td style=\"width: 73px;\"><span style=\"font-weight: 400;\">euro, \u20ac<\/span><\/td>\n<td style=\"width: 91px;\"><span style=\"font-weight: 400;\">Kyll\u00e4<\/span><span style=\"font-weight: 400;\">, Schengen-alueessa<\/span><\/td>\n<\/tr>\n<tr>\n<td style=\"width: 47px;\"><\/td>\n<td style=\"width: 104px;\"><span style=\"font-weight: 400;\"><a href=\"https:\/\/www.eurooppalainensuomi.fi\/?attachment_id=6969\"><img loading=\"lazy\" src=\"https:\/\/www.eurooppalainensuomi.fi\/wp-content\/uploads\/2025\/12\/image6.jpg\" width=\"102\" height=\"68\" alt=\"\" class=\"wp-image-6969 alignnone size-full\" \/><\/a>\u00a0Liettua<\/span><\/td>\n<td style=\"width: 73px;\"><span style=\"font-weight: 400;\">euro, \u20ac<\/span><\/td>\n<td style=\"width: 91px;\"><span style=\"font-weight: 400;\">Kyll\u00e4<\/span><span style=\"font-weight: 400;\">, Schengen-alueessa<\/span><\/td>\n<\/tr>\n<tr>\n<td style=\"width: 47px;\"><\/td>\n<td style=\"width: 104px;\"><span style=\"font-weight: 400;\"><a href=\"https:\/\/www.eurooppalainensuomi.fi\/?attachment_id=6982\"><img loading=\"lazy\" src=\"https:\/\/www.eurooppalainensuomi.fi\/wp-content\/uploads\/2025\/12\/image19.jpg\" width=\"102\" height=\"68\" alt=\"\" class=\"wp-image-6982 alignnone size-full\" \/><\/a>\u00a0Malta<\/span><\/td>\n<td style=\"width: 73px;\"><span style=\"font-weight: 400;\">euro, \u20ac<\/span><\/td>\n<td style=\"width: 91px;\"><span style=\"font-weight: 400;\">Kyll\u00e4<\/span><span style=\"font-weight: 400;\">, Schengen-alueessa<\/span><\/td>\n<\/tr>\n<tr>\n<td style=\"width: 47px;\"><\/td>\n<td style=\"width: 104px;\"><span style=\"font-weight: 400;\"><a href=\"https:\/\/www.eurooppalainensuomi.fi\/?attachment_id=6976\"><img loading=\"lazy\" src=\"https:\/\/www.eurooppalainensuomi.fi\/wp-content\/uploads\/2025\/12\/image13.jpg\" width=\"102\" height=\"64\" alt=\"\" class=\"wp-image-6976 alignnone size-full\" \/><\/a>\u00a0Puola<\/span><\/td>\n<td style=\"width: 73px;\"><span style=\"font-weight: 400;\">z\u0142oty, z\u0142<\/span><\/td>\n<td style=\"width: 91px;\"><span style=\"font-weight: 400;\">Kyll\u00e4<\/span><span style=\"font-weight: 400;\">, Schengen-alueessa<\/span><\/td>\n<\/tr>\n<tr>\n<td style=\"width: 47px;\"><\/td>\n<td style=\"width: 104px;\"><span style=\"font-weight: 400;\"><a href=\"https:\/\/www.eurooppalainensuomi.fi\/?attachment_id=6995\"><img loading=\"lazy\" src=\"https:\/\/www.eurooppalainensuomi.fi\/wp-content\/uploads\/2025\/12\/image32.jpg\" width=\"102\" height=\"68\" alt=\"\" class=\"wp-image-6995 alignnone size-full\" \/><\/a>\u00a0Slovakia<\/span><\/td>\n<td style=\"width: 73px;\"><span style=\"font-weight: 400;\">euro, \u20ac<\/span><\/td>\n<td style=\"width: 91px;\"><span style=\"font-weight: 400;\">Kyll\u00e4<\/span><span style=\"font-weight: 400;\">, Schengen-alueessa<\/span><\/td>\n<\/tr>\n<tr>\n<td style=\"width: 47px;\"><\/td>\n<td style=\"width: 104px;\"><span style=\"font-weight: 400;\"><a href=\"https:\/\/www.eurooppalainensuomi.fi\/?attachment_id=6971\"><img loading=\"lazy\" src=\"https:\/\/www.eurooppalainensuomi.fi\/wp-content\/uploads\/2025\/12\/image8.jpg\" width=\"102\" height=\"51\" alt=\"\" class=\"wp-image-6971 alignnone size-full\" \/><\/a>\u00a0 \u00a0Slovenia<\/span><\/td>\n<td style=\"width: 73px;\"><span style=\"font-weight: 400;\">euro, \u20ac<\/span><\/td>\n<td style=\"width: 91px;\"><span style=\"font-weight: 400;\">Kyll\u00e4<\/span><span style=\"font-weight: 400;\">, Schengen-alueessa<\/span><\/td>\n<\/tr>\n<tr>\n<td style=\"width: 47px;\"><\/td>\n<td style=\"width: 104px;\"><span style=\"font-weight: 400;\"><a href=\"https:\/\/www.eurooppalainensuomi.fi\/?attachment_id=6966\"><img loading=\"lazy\" src=\"https:\/\/www.eurooppalainensuomi.fi\/wp-content\/uploads\/2025\/12\/image3.jpg\" width=\"102\" height=\"68\" alt=\"\" class=\"wp-image-6966 alignnone size-full\" \/><\/a>\u00a0T\u0161ekin tasavalta<\/span><\/td>\n<td style=\"width: 73px;\"><span style=\"font-weight: 400;\">koruna, K\u010d<\/span><\/td>\n<td style=\"width: 91px;\"><span style=\"font-weight: 400;\">Kyll\u00e4<\/span><span style=\"font-weight: 400;\">, Schengen-alueessa<\/span><\/td>\n<\/tr>\n<tr>\n<td style=\"width: 47px;\"><\/td>\n<td style=\"width: 104px;\"><span style=\"font-weight: 400;\"><a href=\"https:\/\/www.eurooppalainensuomi.fi\/?attachment_id=6987\"><img loading=\"lazy\" src=\"https:\/\/www.eurooppalainensuomi.fi\/wp-content\/uploads\/2025\/12\/image24.jpg\" width=\"102\" height=\"51\" alt=\"\" class=\"wp-image-6987 alignnone size-full\" \/><\/a>\u00a0Unkari<\/span><\/td>\n<td style=\"width: 73px;\"><span style=\"font-weight: 400;\">forintti, Ft<\/span><\/td>\n<td style=\"width: 91px;\"><span style=\"font-weight: 400;\">Kyll\u00e4<\/span><span style=\"font-weight: 400;\">, Schengen-alueessa<\/span><\/td>\n<\/tr>\n<tr>\n<td style=\"width: 47px;\"><\/td>\n<td style=\"width: 104px;\"><span style=\"font-weight: 400;\"><a href=\"https:\/\/www.eurooppalainensuomi.fi\/?attachment_id=6993\"><img loading=\"lazy\" src=\"https:\/\/www.eurooppalainensuomi.fi\/wp-content\/uploads\/2025\/12\/image30.jpg\" width=\"102\" height=\"65\" alt=\"\" class=\"wp-image-6993 alignnone size-full\" \/><\/a>\u00a0Viro<\/span><\/td>\n<td style=\"width: 73px;\"><span style=\"font-weight: 400;\">euro, \u20ac<\/span><\/td>\n<td style=\"width: 91px;\"><span style=\"font-weight: 400;\">Kyll\u00e4<\/span><span style=\"font-weight: 400;\">, Schengen-alueessa<\/span><\/td>\n<\/tr>\n<tr>\n<td style=\"width: 47px;\">2007<\/td>\n<td style=\"width: 104px;\"><span style=\"font-weight: 400;\"><a href=\"https:\/\/www.eurooppalainensuomi.fi\/?attachment_id=6977\"><img loading=\"lazy\" src=\"https:\/\/www.eurooppalainensuomi.fi\/wp-content\/uploads\/2025\/12\/image14.jpg\" width=\"102\" height=\"61\" alt=\"\" class=\"wp-image-6977 alignnone size-full\" \/><\/a>\u00a0Bulgaria*<\/span><\/td>\n<td style=\"width: 73px;\"><span style=\"font-weight: 400;\">lev, \u043b\u0432<\/span><\/td>\n<td style=\"width: 91px;\"><span style=\"font-weight: 400;\">Kyll\u00e4<\/span><span style=\"font-weight: 400;\">, Schengen-alueessa<\/span><\/td>\n<\/tr>\n<tr>\n<td style=\"width: 47px;\"><\/td>\n<td style=\"width: 104px;\"><span style=\"font-weight: 400;\"><a href=\"https:\/\/www.eurooppalainensuomi.fi\/?attachment_id=6999\"><img loading=\"lazy\" src=\"https:\/\/www.eurooppalainensuomi.fi\/wp-content\/uploads\/2025\/12\/image36.jpg\" width=\"102\" height=\"68\" alt=\"\" class=\"wp-image-6999 alignnone size-full\" \/><\/a>\u00a0Romania*<\/span><\/td>\n<td style=\"width: 73px;\"><span style=\"font-weight: 400;\">leu<\/span><\/td>\n<td style=\"width: 91px;\"><span style=\"font-weight: 400;\">Kyll\u00e4<\/span><span style=\"font-weight: 400;\">, Schengen-alueessa<\/span><\/td>\n<\/tr>\n<tr>\n<td style=\"width: 47px;\">2013<\/td>\n<td style=\"width: 104px;\"><span style=\"font-weight: 400;\"><a href=\"https:\/\/www.eurooppalainensuomi.fi\/?attachment_id=6998\"><img loading=\"lazy\" src=\"https:\/\/www.eurooppalainensuomi.fi\/wp-content\/uploads\/2025\/12\/image35.jpg\" width=\"102\" height=\"51\" alt=\"\" class=\"wp-image-6998 alignnone size-full\" \/><\/a>\u00a0Kroatia<\/span><\/td>\n<td style=\"width: 73px;\"><span style=\"font-weight: 400;\">euro, \u20ac<\/span><\/td>\n<td style=\"width: 91px;\"><span style=\"font-weight: 400;\">Kyll\u00e4<\/span><span style=\"font-weight: 400;\">, Schengen-alueessa<\/span><\/td>\n<\/tr>\n<\/tbody>\n<\/table>\n<p>[\/et_pb_text][\/et_pb_column][\/et_pb_row][et_pb_row column_structure=&#8221;1_2,1_2&#8243; _builder_version=&#8221;4.17.6&#8243; _module_preset=&#8221;default&#8221; locked=&#8221;off&#8221; global_colors_info=&#8221;{}&#8221;][et_pb_column type=&#8221;1_2&#8243; _builder_version=&#8221;4.17.6&#8243; _module_preset=&#8221;default&#8221; global_colors_info=&#8221;{}&#8221;][et_pb_text _builder_version=&#8221;4.17.6&#8243; _module_preset=&#8221;default&#8221; text_font=&#8221;Inter|800|||||||&#8221; text_text_color=&#8221;#172f88&#8243; text_font_size=&#8221;24px&#8221; text_line_height=&#8221;1em&#8221; custom_margin=&#8221;||0px||false|false&#8221; custom_padding=&#8221;||5px||false|false&#8221; locked=&#8221;off&#8221; global_colors_info=&#8221;{}&#8221;]<\/p>\n<p>Muualla verkossa:<\/p>\n<p>[\/et_pb_text][et_pb_text _builder_version=&#8221;4.17.6&#8243; _module_preset=&#8221;default&#8221; text_font=&#8221;Roboto Condensed||||||||&#8221; text_text_color=&#8221;#1A366D&#8221; text_font_size=&#8221;18px&#8221; text_line_height=&#8221;1.2em&#8221; hover_enabled=&#8221;0&#8243; locked=&#8221;off&#8221; global_colors_info=&#8221;{}&#8221; sticky_enabled=&#8221;0&#8243;]<\/p>\n<ul>\n<li><a href=\"https:\/\/europa.eu\/european-union\/about-eu\/countries_fi\" target=\"_blank\" rel=\"noopener\"><span style=\"font-weight: 400;\">Euroopan maat<\/span><\/a><\/li>\n<li><a href=\"https:\/\/europa.eu\/european-union\/about-eu\/countries_fi\" target=\"_blank\" rel=\"noopener\"><span style=\"font-weight: 400;\">Ehdokasmaat ja mahdolliset ehdokasmaat<\/span><\/a><\/li>\n<li><span style=\"font-weight: 400;\"><a href=\"http:\/\/formin.finland.fi\/public\/default.aspx\" target=\"_blank\" rel=\"noopener\">Maailman maat<\/a><\/span><\/li>\n<li><span style=\"font-weight: 400;\"><a href=\"http:\/\/www.ecb.europa.eu\/euro\/html\/index.fi.html\" target=\"_blank\" rel=\"noopener\">Tietoa eurosta<\/a><\/span><\/li>\n<li><a href=\"http:\/\/ec.europa.eu\/education\/policy\/multilingualism_fi\" target=\"_blank\" rel=\"noopener\"><span style=\"font-weight: 400;\">EU:n monikielisyys<\/span><\/a><\/li>\n<li><a href=\"https:\/\/ec.europa.eu\/home-affairs\/what-we-do\/policies\/borders-and-visas_en\" target=\"_blank\" rel=\"noopener\"><span style=\"font-weight: 400;\">Tietoa Schengen-alueesta (en)<\/span><\/a><\/li>\n<\/ul>\n<p>[\/et_pb_text][\/et_pb_column][et_pb_column type=&#8221;1_2&#8243; _builder_version=&#8221;4.17.6&#8243; _module_preset=&#8221;default&#8221; global_colors_info=&#8221;{}&#8221;][\/et_pb_column][\/et_pb_row][\/et_pb_section][et_pb_section fb_built=&#8221;1&#8243; admin_label=&#8221;Section&#8221; module_id=&#8221;historia&#8221; _builder_version=&#8221;4.17.6&#8243; _module_preset=&#8221;default&#8221; custom_padding=&#8221;0px||0px|||&#8221; da_popup_slug=&#8221;historia&#8221; da_disable_devices=&#8221;off|off|off&#8221; locked=&#8221;off&#8221; global_colors_info=&#8221;{}&#8221; da_is_popup=&#8221;off&#8221; da_exit_intent=&#8221;off&#8221; da_has_close=&#8221;on&#8221; da_alt_close=&#8221;off&#8221; da_dark_close=&#8221;off&#8221; da_not_modal=&#8221;on&#8221; da_is_singular=&#8221;off&#8221; da_with_loader=&#8221;off&#8221; da_has_shadow=&#8221;on&#8221;][et_pb_row _builder_version=&#8221;4.17.6&#8243; _module_preset=&#8221;default&#8221; global_colors_info=&#8221;{}&#8221;][et_pb_column type=&#8221;4_4&#8243; _builder_version=&#8221;4.17.6&#8243; _module_preset=&#8221;default&#8221; global_colors_info=&#8221;{}&#8221;][et_pb_text _builder_version=&#8221;4.17.6&#8243; _module_preset=&#8221;default&#8221; text_font=&#8221;Inter|800|||||||&#8221; text_text_color=&#8221;#172f88&#8243; text_font_size=&#8221;40px&#8221; text_line_height=&#8221;1em&#8221; custom_padding=&#8221;||5px||false|false&#8221; custom_css_main_element=&#8221;border-bottom: 3px solid #41B8D5;&#8221; locked=&#8221;off&#8221; global_colors_info=&#8221;{}&#8221;]<\/p>\n<p>Historia<\/p>\n<p>[\/et_pb_text][\/et_pb_column][\/et_pb_row][et_pb_row _builder_version=&#8221;4.17.6&#8243; _module_preset=&#8221;default&#8221; custom_padding=&#8221;0px|||||&#8221; global_colors_info=&#8221;{}&#8221;][et_pb_column type=&#8221;4_4&#8243; _builder_version=&#8221;4.17.6&#8243; _module_preset=&#8221;default&#8221; global_colors_info=&#8221;{}&#8221;][et_pb_text _builder_version=&#8221;4.17.6&#8243; _module_preset=&#8221;default&#8221; text_font=&#8221;Roboto Condensed||||||||&#8221; text_text_color=&#8221;#1A366D&#8221; text_font_size=&#8221;18px&#8221; text_line_height=&#8221;1.2em&#8221; locked=&#8221;off&#8221; global_colors_info=&#8221;{}&#8221;]<\/p>\n<p>Nykyinen Euroopan unioni oli alun perin ennen kaikkea rauhan hanke. Kahden raskaan ja tuhoisan maailmansodan j\u00e4lkeen eurooppalaiset haaveilivat pysyv\u00e4st\u00e4 rauhasta mantereellaan ja samalla pelk\u00e4siv\u00e4t uutta suursotaa. Toisen maailmansodan kokemusten ei haluttu en\u00e4\u00e4 toistuvan. <br \/>L\u00e4ntisen Euroopan ytimess\u00e4 olivat vanhat veriviholliset Saksa ja Ranska. Yksi vaikeimmista ongelmista Saksan ja Ranskan suhteissa koski saksalaista Saarin aluetta, joka oli tunnettu hiilivaroihin perustuvasta ter\u00e4steollisuudestaan. Ranskalaiset n\u00e4kiv\u00e4t alueella uhan: ter\u00e4stuotantoa oli k\u00e4ytetty Ranskaa vastaan asetuotannon muodossa jo kahdessa sodassa. Saksalaisille Saar taas edusti Saksalle kuuluvaa aluetta, jonka Ranska oli sodan j\u00e4lkeen kaapannut itselleen.<\/p>\n<p>[\/et_pb_text][\/et_pb_column][\/et_pb_row][et_pb_row column_structure=&#8221;3_5,2_5&#8243; _builder_version=&#8221;4.17.6&#8243; _module_preset=&#8221;default&#8221; custom_padding=&#8221;0px|||||&#8221; global_colors_info=&#8221;{}&#8221;][et_pb_column type=&#8221;3_5&#8243; _builder_version=&#8221;4.17.6&#8243; _module_preset=&#8221;default&#8221; global_colors_info=&#8221;{}&#8221;][et_pb_text _builder_version=&#8221;4.17.6&#8243; _module_preset=&#8221;default&#8221; text_font=&#8221;Inter|800|||||||&#8221; text_text_color=&#8221;#172f88&#8243; text_font_size=&#8221;24px&#8221; text_line_height=&#8221;1em&#8221; custom_padding=&#8221;||5px||false|false&#8221; custom_css_main_element=&#8221;border-bottom: 3px solid #41B8D5;&#8221; locked=&#8221;off&#8221; global_colors_info=&#8221;{}&#8221;]<\/p>\n<p>Hiili- ja ter\u00e4syhteis\u00f6ll\u00e4 oli kuusi perustajaj\u00e4sent\u00e4<\/p>\n<p>[\/et_pb_text][et_pb_text _builder_version=&#8221;4.17.6&#8243; _module_preset=&#8221;default&#8221; text_font=&#8221;Roboto Condensed||||||||&#8221; text_text_color=&#8221;#1A366D&#8221; text_font_size=&#8221;18px&#8221; text_line_height=&#8221;1.2em&#8221; locked=&#8221;off&#8221; global_colors_info=&#8221;{}&#8221;]<\/p>\n<p>Ranskalainen virkamies Jean Monnet oli yksi monista Saarin alueen ongelmaa pitk\u00e4\u00e4n pohtineista. H\u00e4n otti yhteytt\u00e4 maansa ulkoministeriin Robert Schumaniin mieless\u00e4\u00e4n uusi idea: Saksan ja Ranskan tulisi yhdist\u00e4\u00e4 hiili- ja ter\u00e4svarantonsa. Ehdotuksen pohjana oli ajatus, ett\u00e4 n\u00e4it\u00e4 raaka-ainevaroja valvoisi kansainv\u00e4linen, riippumaton viranomainen. N\u00e4in yksi syy Saksan ja Ranskan v\u00e4liseen j\u00e4nnitykseen olisi poistettu. Monnet arvioi j\u00e4rjestelyn tuovan my\u00f6s varoja, joita tarvittiin kipe\u00e4sti sodan j\u00e4lkeisen Euroopan j\u00e4lleenrakennuksessa.<\/p>\n<p><span style=\"font-weight: 400;\">Schuman julkisti ajatuksen lehdist\u00f6tilaisuudessa 9. toukokuuta 1950. Schumanin julistuksena tunnettu ehdotus k\u00e4ynnisti neuvottelut, jotka johtivat Euroopan hiili- ja ter\u00e4syhteis\u00f6n (EHTY) perustamissopimuksen allekirjoittamiseen Pariisissa 18. huhtikuuta vuonna 1951. Saksan ja Ranskan lis\u00e4ksi sopimuksen allekirjoittivat Italia, Belgia, Alankomaat ja Luxemburg. <\/span><\/p>\n<p>[\/et_pb_text][\/et_pb_column][et_pb_column type=&#8221;2_5&#8243; _builder_version=&#8221;4.17.6&#8243; _module_preset=&#8221;default&#8221; global_colors_info=&#8221;{}&#8221;][et_pb_image src=&#8221;https:\/\/www.eurooppalainensuomi.fi\/wp-content\/uploads\/2025\/12\/old.png&#8221; alt=&#8221;Man eating on a bench eating a banana&#8221; title_text=&#8221;old&#8221; _builder_version=&#8221;4.17.6&#8243; _module_preset=&#8221;default&#8221; custom_margin=&#8221;||13px|||&#8221; global_colors_info=&#8221;{}&#8221;][\/et_pb_image][et_pb_text _builder_version=&#8221;4.17.6&#8243; _module_preset=&#8221;default&#8221; text_font=&#8221;Roboto Condensed||||||||&#8221; text_text_color=&#8221;#1A366D&#8221; text_font_size=&#8221;16px&#8221; text_line_height=&#8221;1.2em&#8221; locked=&#8221;off&#8221; global_colors_info=&#8221;{}&#8221;]<\/p>\n<p>Hiili- ja ter\u00e4syhti\u00f6iden perustamissopimus allekirjoitettiin kev\u00e4\u00e4ll\u00e4 1951 Pariisissa. Kuva: European Commission.<\/p>\n<p>[\/et_pb_text][\/et_pb_column][\/et_pb_row][et_pb_row _builder_version=&#8221;4.17.6&#8243; _module_preset=&#8221;default&#8221; global_colors_info=&#8221;{}&#8221;][et_pb_column type=&#8221;4_4&#8243; _builder_version=&#8221;4.17.6&#8243; _module_preset=&#8221;default&#8221; global_colors_info=&#8221;{}&#8221;][et_pb_text _builder_version=&#8221;4.17.6&#8243; _module_preset=&#8221;default&#8221; text_font=&#8221;Inter|800|||||||&#8221; text_text_color=&#8221;#172f88&#8243; text_font_size=&#8221;24px&#8221; text_line_height=&#8221;1em&#8221; custom_padding=&#8221;||5px||false|false&#8221; custom_css_main_element=&#8221;border-bottom: 3px solid #41B8D5;&#8221; locked=&#8221;off&#8221; global_colors_info=&#8221;{}&#8221;]<\/p>\n<p>Rooman sopimuksella perustettiin Euroopan talousyhteis\u00f6<\/p>\n<p>[\/et_pb_text][et_pb_text _builder_version=&#8221;4.17.6&#8243; _module_preset=&#8221;default&#8221; text_font=&#8221;Roboto Condensed||||||||&#8221; text_text_color=&#8221;#1A366D&#8221; text_font_size=&#8221;18px&#8221; text_line_height=&#8221;1.2em&#8221; locked=&#8221;off&#8221; global_colors_info=&#8221;{}&#8221;]<\/p>\n<p>Hiili- ja ter\u00e4syhteis\u00f6 k\u00e4ynnisti prosessin, joka johti laajempaan yhteisty\u00f6h\u00f6n Euroopassa. Euroopan talousyhteis\u00f6n (ETY) ja Euroopan atomienergiayhteis\u00f6n (Euratom) sopimukset allekirjoitettiin Roomassa 25. maaliskuuta 1957.<\/p>\n<p>Euroopan talousyhteis\u00f6n kivijalkana olivat tulliliitto j\u00e4senmaiden v\u00e4lill\u00e4 sek\u00e4 asteittain toteutettavat yhteismarkkinat. Sopimuksessa p\u00e4\u00e4tettiin luoda yhteiset politiikat maataloudelle, liikenteelle, ty\u00f6voiman liikkumiselle ja talouden t\u00e4rkeille sektoreille. Euroopan atomienergiayhteis\u00f6 taas keskittyi atomienergian rauhanomaisen k\u00e4yt\u00f6n ja tutkimuksen kehitt\u00e4miseen.<\/p>\n<p>N\u00e4ille kolmelle yhteis\u00f6lle (EHTY, ETY, Euratom) perustettiin samalla yhteiset toimielimet. Yhteis\u00f6jen toimielinrakennetta muutettiin vuonna 1967 voimaantulleella sulautumissopimuksella, jolla Euroopan yhteis\u00f6ille perustettiin yhteinen neuvosto ja yhteinen komissio. <\/p>\n<p>[\/et_pb_text][et_pb_text _builder_version=&#8221;4.17.6&#8243; _module_preset=&#8221;default&#8221; text_font=&#8221;Inter|800|||||||&#8221; text_text_color=&#8221;#172f88&#8243; text_font_size=&#8221;24px&#8221; text_line_height=&#8221;1em&#8221; custom_padding=&#8221;||5px||false|false&#8221; custom_css_main_element=&#8221;border-bottom: 3px solid #41B8D5;&#8221; locked=&#8221;off&#8221; global_colors_info=&#8221;{}&#8221;]<\/p>\n<p>1970- ja 80-luku olivat laajentumisen aikaa<\/p>\n<p>[\/et_pb_text][et_pb_text _builder_version=&#8221;4.17.6&#8243; _module_preset=&#8221;default&#8221; text_font=&#8221;Roboto Condensed||||||||&#8221; text_text_color=&#8221;#1A366D&#8221; text_font_size=&#8221;18px&#8221; text_line_height=&#8221;1.2em&#8221; locked=&#8221;off&#8221; global_colors_info=&#8221;{}&#8221;]<\/p>\n<p><span style=\"font-weight: 400;\">Yhteis\u00f6 laajentui ensimm\u00e4isen kerran vuonna 1973, kun Yhdistynyt kuningaskunta, Irlanti ja Tanska liittyiv\u00e4t j\u00e4seniksi. Kreikasta tuli j\u00e4sen vuonna 1981 ja Espanjasta ja Portugalista vuonna 1986.\u00a0<\/span><\/p>\n<p><span style=\"font-weight: 400;\">Poliittinen yhteisty\u00f6 alkoi v\u00e4hitellen kehitty\u00e4 yhteis\u00f6rakenteiden ulkopuolisena j\u00e4rjestelm\u00e4n\u00e4 1970-luvulla. T\u00e4t\u00e4 kehityst\u00e4 tuki my\u00f6s Eurooppa-neuvoston perustaminen vuonna 1974.<\/span><\/p>\n<p><span style=\"font-weight: 400;\"><\/span><span style=\"font-weight: 400;\">Euroopan parlamentin vaikutusvalta vahvistui, ja vuonna 1979 kansalaiset saivat ensi kertaa valita parlamentin j\u00e4senet suorilla vaaleilla. Aiemmin kansalliset parlamentit olivat valinneet edustajansa.<br \/><\/span><span style=\"font-weight: 400;\"><br \/><\/span><span style=\"font-weight: 400;\">Seuraava askel kohti yhten\u00e4isemp\u00e4\u00e4 Eurooppaa otettiin 17. helmikuuta 1986, kun Euroopan yhten\u00e4isasiakirja allekirjoitettiin. Ryhdyttiin luomaan sis\u00e4markkinoita, jotka tekiv\u00e4t yhteis\u00f6st\u00e4 tiiviimm\u00e4n talousalueen. <\/span><\/p>\n<p>[\/et_pb_text][\/et_pb_column][\/et_pb_row][et_pb_row column_structure=&#8221;2_5,3_5&#8243; _builder_version=&#8221;4.17.6&#8243; _module_preset=&#8221;default&#8221; global_colors_info=&#8221;{}&#8221;][et_pb_column type=&#8221;2_5&#8243; _builder_version=&#8221;4.17.6&#8243; _module_preset=&#8221;default&#8221; global_colors_info=&#8221;{}&#8221;][et_pb_image src=&#8221;https:\/\/www.eurooppalainensuomi.fi\/wp-content\/uploads\/2025\/12\/maastrich.jpg&#8221; alt=&#8221;Man eating on a bench eating a banana&#8221; title_text=&#8221;maastrich&#8221; _builder_version=&#8221;4.17.6&#8243; _module_preset=&#8221;default&#8221; custom_margin=&#8221;||13px|||&#8221; locked=&#8221;off&#8221; global_colors_info=&#8221;{}&#8221;][\/et_pb_image][et_pb_text _builder_version=&#8221;4.17.6&#8243; _module_preset=&#8221;default&#8221; text_font=&#8221;Roboto Condensed||||||||&#8221; text_text_color=&#8221;#1A366D&#8221; text_font_size=&#8221;16px&#8221; text_line_height=&#8221;1.2em&#8221; locked=&#8221;off&#8221; global_colors_info=&#8221;{}&#8221;]<\/p>\n<p>Maastrichtin sopimus allekirjoitettiin vuonna 1992. Kuva: European Commission.<\/p>\n<p>[\/et_pb_text][\/et_pb_column][et_pb_column type=&#8221;3_5&#8243; _builder_version=&#8221;4.17.6&#8243; _module_preset=&#8221;default&#8221; global_colors_info=&#8221;{}&#8221;][et_pb_text _builder_version=&#8221;4.17.6&#8243; _module_preset=&#8221;default&#8221; text_font=&#8221;Inter|800|||||||&#8221; text_text_color=&#8221;#172f88&#8243; text_font_size=&#8221;24px&#8221; text_line_height=&#8221;1em&#8221; custom_padding=&#8221;||5px||false|false&#8221; custom_css_main_element=&#8221;border-bottom: 3px solid #41B8D5;&#8221; locked=&#8221;off&#8221; global_colors_info=&#8221;{}&#8221;]<\/p>\n<p>Euroopan unioni perustettiin Maastrichtin sopimuksella 1992<\/p>\n<p>[\/et_pb_text][et_pb_text _builder_version=&#8221;4.17.6&#8243; _module_preset=&#8221;default&#8221; text_font=&#8221;Roboto Condensed||||||||&#8221; text_text_color=&#8221;#1A366D&#8221; text_font_size=&#8221;18px&#8221; text_line_height=&#8221;1.2em&#8221; locked=&#8221;off&#8221; global_colors_info=&#8221;{}&#8221;]<\/p>\n<p>Vuonna 1992 allekirjoitetun Maastrichtin sopimuksen my\u00f6t\u00e4 Euroopan yhteis\u00f6 muutti nimens\u00e4 Euroopan unioniksi.<\/p>\n<p><span style=\"font-weight: 400;\">Sopimuksella vahvistettiin unionille niin sanottu pilarirakenne. Euroopan yhteis\u00f6jen eli ensimm\u00e4isen pilarin lis\u00e4ksi yhteisty\u00f6 ulotettiin my\u00f6s ulko- ja turvallisuuspolitiikkaan (II pilari) ja oikeus- ja sis\u00e4asioihin (III pilari). Juridisesti ainoastaan Euroopan yhteis\u00f6 s\u00e4ilyi oikeushenkil\u00f6n\u00e4, koko unionille t\u00e4t\u00e4 oikeustoimikelpoisuutta ei sopimuksessa tunnustettu. Ensimm\u00e4isen pilarin asioista p\u00e4\u00e4tet\u00e4\u00e4n ylikansallisesti. Suomi, Ruotsi ja It\u00e4valta liittyiv\u00e4t unioniin vuoden 1995 alusta. Norjalaiset sen sijaan hylk\u00e4siv\u00e4t EU-j\u00e4senyyden jo toistamiseen kansan\u00e4\u00e4nestyksess\u00e4.\u00a0<\/span><\/p>\n<p><span style=\"font-weight: 400;\">Sopimus Euroopan unionista eli Maastrichtin sopimus k\u00e4sitti my\u00f6s sitovan suunnitelman talous- ja rahaliitosta, joka toteutettiin kolmessa vaiheessa. Euroopan keskuspankki aloitti toimintansa vuonna 1999 ja 12 maata otti yhteisvaluutta euron k\u00e4ytt\u00f6\u00f6n vuonna 2002. <\/span><\/p>\n<p>[\/et_pb_text][\/et_pb_column][\/et_pb_row][et_pb_row _builder_version=&#8221;4.17.6&#8243; _module_preset=&#8221;default&#8221; locked=&#8221;off&#8221; global_colors_info=&#8221;{}&#8221;][et_pb_column type=&#8221;4_4&#8243; _builder_version=&#8221;4.17.6&#8243; _module_preset=&#8221;default&#8221; global_colors_info=&#8221;{}&#8221;][et_pb_text _builder_version=&#8221;4.17.6&#8243; _module_preset=&#8221;default&#8221; text_font=&#8221;Inter|800|||||||&#8221; text_text_color=&#8221;#172f88&#8243; text_font_size=&#8221;24px&#8221; text_line_height=&#8221;1em&#8221; custom_padding=&#8221;||5px||false|false&#8221; custom_css_main_element=&#8221;border-bottom: 3px solid #41B8D5;&#8221; locked=&#8221;off&#8221; global_colors_info=&#8221;{}&#8221;]<\/p>\n<p>2000-luvulla EU laajentui 28 maan unioniksi<\/p>\n<p>[\/et_pb_text][et_pb_text _builder_version=&#8221;4.17.6&#8243; _module_preset=&#8221;default&#8221; text_font=&#8221;Roboto Condensed||||||||&#8221; text_text_color=&#8221;#1A366D&#8221; text_font_size=&#8221;18px&#8221; text_line_height=&#8221;1.2em&#8221; locked=&#8221;off&#8221; global_colors_info=&#8221;{}&#8221;]<\/p>\n<p><span style=\"font-weight: 400;\">Berliinin muurin murtuminen ja Euroopan kahtiajaon p\u00e4\u00e4ttyminen 1990-luvun alussa loi edellytykset unionin laajentumiselle It\u00e4- ja Keski-Eurooppaan. T\u00e4t\u00e4 varten toimielinrakennetta ja p\u00e4\u00e4t\u00f6ksentekoa oli kuitenkin uudistettava ja tehostettava. Vuonna 1997 allekirjoitetulla Amsterdamin sopimuksella muun muassa vahvistettiin yhteisty\u00f6t\u00e4 oikeus- ja sis\u00e4asioissa ja lujitettiin yhteist\u00e4 ulko- ja turvallisuuspolitiikkaa. Nizzan sopimus taas valmisti unionia vuoden 2004 laajentumiseen.\u00a0<\/span><\/p>\n<p><span style=\"font-weight: 400;\">Euroopan unionin suurin ja monipuolisin laajentuminen tapahtui 1.5.2004, jolloin Euroopan unioniin liittyi kymmenen uutta valtiota: Latvia, Liettua, Kypros, Malta, Puola, Slovakia, Slovenia, T\u0161ekki, Unkari ja Viro. J\u00e4senmaiden m\u00e4\u00e4r\u00e4 kasvoi 27:\u00e4\u00e4n vuoden 2007 alusta, jolloin Bulgaria ja Romania liittyiv\u00e4t EU:iin. Kroatiasta tuli 28. EU-maa 1.7.2013. <\/span><\/p>\n<p>[\/et_pb_text][et_pb_text _builder_version=&#8221;4.17.6&#8243; _module_preset=&#8221;default&#8221; text_font=&#8221;Inter|800|||||||&#8221; text_text_color=&#8221;#172f88&#8243; text_font_size=&#8221;24px&#8221; text_line_height=&#8221;1em&#8221; custom_padding=&#8221;||5px||false|false&#8221; custom_css_main_element=&#8221;border-bottom: 3px solid #41B8D5;&#8221; locked=&#8221;off&#8221; global_colors_info=&#8221;{}&#8221;]<\/p>\n<p>Sopimusuudistuksella halutaan nykyaikaistaa unionin toimintaa<\/p>\n<p>[\/et_pb_text][et_pb_text _builder_version=&#8221;4.17.6&#8243; _module_preset=&#8221;default&#8221; text_font=&#8221;Roboto Condensed||||||||&#8221; text_text_color=&#8221;#1A366D&#8221; text_font_size=&#8221;18px&#8221; text_line_height=&#8221;1.2em&#8221; locked=&#8221;off&#8221; global_colors_info=&#8221;{}&#8221;]<\/p>\n<p><span style=\"font-weight: 400;\">Eurooppa-neuvosto kutsui joulukuussa 2001 koolle Eurooppa-valmistelukunnan eli konventin, joka sai teht\u00e4v\u00e4kseen unionin keskeisten ongelmien ja tulevaisuuden haasteiden k\u00e4sittelemisen. Valmistelukunnan ty\u00f6n tuloksena syntyi ehdotus sopimukseksi Euroopan perustuslaista.\u00a0<\/span><\/p>\n<p><span style=\"font-weight: 400;\">Perustuslaillisen sopimuksen tarkoituksena oli selkiytt\u00e4\u00e4 unionin ja j\u00e4senvaltioiden toimivallanjakoa, yksinkertaistaa unionin oikeusj\u00e4rjestelm\u00e4\u00e4 sek\u00e4 lis\u00e4t\u00e4 demokraattisuutta, tehokkuutta ja avoimuutta unionin p\u00e4\u00e4t\u00f6ksenteossa.\u00a0<\/span><\/p>\n<p><span style=\"font-weight: 400;\">Perustuslakisopimus allekirjoitettiin Roomassa lokakuussa 2004. Voimaantulo edellytti kuitenkin sopimuksen ratifiointia kaikissa unionin j\u00e4senvaltioissa. Ranskan ja Hollannin kansan\u00e4\u00e4nestyksiss\u00e4 kes\u00e4ll\u00e4 2005 enemmist\u00f6 \u00e4\u00e4nesti uutta sopimusta vastaan.\u00a0<\/span><\/p>\n<p><span style=\"font-weight: 400;\">Eurooppa-neuvosto p\u00e4\u00e4si kes\u00e4kuussa 2007 yksimielisyyteen seuraavista askelista. Kokouksessa sovittiin uuden sopimusuudistuksen sis\u00e4ll\u00f6st\u00e4 ja siit\u00e4, ett\u00e4 hallitusten v\u00e4linen konferenssi ryhtyy valmistelemaan sopimusta.\u00a0<\/span><\/p>\n<p><span style=\"font-weight: 400;\">Sopimus allekirjoitettiin Portugalin puheenjohtajakauden p\u00e4\u00e4tteeksi joulukuussa 2007 ja se sai nimekseen Lissabonin sopimus. Sopimus on hyv\u00e4ksytty jokaisessa j\u00e4senvaltiossa maiden omien perustuslaillisten s\u00e4\u00e4nn\u00f6sten mukaisesti. Suomen eduskunta hyv\u00e4ksyi sopimuksen 11.6.2008 \u00e4\u00e4nin 151-27. Sopimus tuli voimaan 1. joulukuuta 2009. <\/span><\/p>\n<p>[\/et_pb_text][\/et_pb_column][\/et_pb_row][et_pb_row _builder_version=&#8221;4.17.6&#8243; _module_preset=&#8221;default&#8221; global_colors_info=&#8221;{}&#8221;][et_pb_column type=&#8221;4_4&#8243; _builder_version=&#8221;4.17.6&#8243; _module_preset=&#8221;default&#8221; global_colors_info=&#8221;{}&#8221;][et_pb_text _builder_version=&#8221;4.17.6&#8243; _module_preset=&#8221;default&#8221; text_font=&#8221;Inter|800|||||||&#8221; text_text_color=&#8221;#172f88&#8243; text_font_size=&#8221;24px&#8221; text_line_height=&#8221;1em&#8221; custom_padding=&#8221;||5px||false|false&#8221; custom_css_main_element=&#8221;border-bottom: 3px solid #41B8D5;&#8221; locked=&#8221;off&#8221; global_colors_info=&#8221;{}&#8221;]<\/p>\n<p>2010-luku ja nykyp\u00e4iv\u00e4<\/p>\n<p>[\/et_pb_text][\/et_pb_column][\/et_pb_row][et_pb_row column_structure=&#8221;1_2,1_2&#8243; _builder_version=&#8221;4.17.6&#8243; _module_preset=&#8221;default&#8221; global_colors_info=&#8221;{}&#8221;][et_pb_column type=&#8221;1_2&#8243; _builder_version=&#8221;4.17.6&#8243; _module_preset=&#8221;default&#8221; global_colors_info=&#8221;{}&#8221;][et_pb_text _builder_version=&#8221;4.17.6&#8243; _module_preset=&#8221;default&#8221; text_font=&#8221;Inter|800|||||||&#8221; text_text_color=&#8221;#172f88&#8243; text_font_size=&#8221;18px&#8221; text_line_height=&#8221;1em&#8221; custom_margin=&#8221;||0px||false|false&#8221; custom_padding=&#8221;||5px||false|false&#8221; locked=&#8221;off&#8221; global_colors_info=&#8221;{}&#8221;]<\/p>\n<p>Talouskriisi<\/p>\n<p>[\/et_pb_text][et_pb_text _builder_version=&#8221;4.17.6&#8243; _module_preset=&#8221;default&#8221; text_font=&#8221;Roboto Condensed||||||||&#8221; text_text_color=&#8221;#1A366D&#8221; text_font_size=&#8221;18px&#8221; text_line_height=&#8221;1.2em&#8221; locked=&#8221;off&#8221; global_colors_info=&#8221;{}&#8221;]<\/p>\n<p><span style=\"font-weight: 400;\">Euroalueen talouskriisill\u00e4 tai velkakriisill\u00e4 tarkoitetaan euron ajautumista syv\u00e4\u00e4n kriisiin 2010-luvulla. Kriisin puhkeamiseen vaikutti Yhdysvalloissa samaan aikaan alkanut finanssikriisi. Oma roolinsa on ollut my\u00f6s euromaiden l\u00f6yh\u00e4ll\u00e4 rahank\u00e4yt\u00f6ll\u00e4 ja EU:n rahaliiton niin sanotuilla valuvioilla.\u00a0<\/span><\/p>\n<p><span style=\"font-weight: 400;\">Vuonna 2009 tuli ilmi, ett\u00e4 Kreikka oli vuosien ajan v\u00e4\u00e4ristellyt taloustilastojaan. Paljastus horjutti sijoittajien luottamusta Kreikan talouteen ja sen oli maksettava yh\u00e4 korkeampaa korkoa lainoistaan. Kreikalla ei ollut mahdollisuuksia selvit\u00e4 360 miljardin euron velkojensa maksamisesta. Euromaat ja Kansainv\u00e4linen valuuttarahasto IMF tulivat sen vuoksi kev\u00e4\u00e4st\u00e4 2010 alkaen tukemaan Kreikkaa satojen miljardien eurojen takuilla.\u00a0<\/span><\/p>\n<p><span style=\"font-weight: 400;\">T\u00e4ss\u00e4 yhteydess\u00e4 euromaat perustivat Euroopan rahoitusvakausv\u00e4lineen (ERVV) vuonna 2010 sek\u00e4 Euroopan vakausmekanismin (EVM) vuonna 2012 turvaamaan euroalueen rahoitusvakautta. Kreikan j\u00e4lkeen euromaat ovat joutuneet tekem\u00e4\u00e4n tukipaketteja my\u00f6s muille euromaille, kuten Espanjalle (2012), Irlannille (2010), Kyprokselle (2012) sek\u00e4 Portugalille (2011).<\/span><\/p>\n<p>[\/et_pb_text][\/et_pb_column][et_pb_column type=&#8221;1_2&#8243; _builder_version=&#8221;4.17.6&#8243; _module_preset=&#8221;default&#8221; global_colors_info=&#8221;{}&#8221;][et_pb_image src=&#8221;https:\/\/www.eurooppalainensuomi.fi\/wp-content\/uploads\/2025\/12\/nice.jpg&#8221; alt=&#8221;Man eating on a bench eating a banana&#8221; title_text=&#8221;nice&#8221; _builder_version=&#8221;4.17.6&#8243; _module_preset=&#8221;default&#8221; custom_margin=&#8221;||13px|||&#8221; locked=&#8221;off&#8221; global_colors_info=&#8221;{}&#8221;][\/et_pb_image][et_pb_text _builder_version=&#8221;4.17.6&#8243; _module_preset=&#8221;default&#8221; text_font=&#8221;Roboto Condensed||||||||&#8221; text_text_color=&#8221;#1A366D&#8221; text_font_size=&#8221;16px&#8221; text_line_height=&#8221;1.2em&#8221; locked=&#8221;off&#8221; global_colors_info=&#8221;{}&#8221;]<\/p>\n<p>Euroopan unioni muisti Nizzan terrori-iskun uhreja 2016. \u201dJe suis\u201d-kampanjat saivat alkunsa vuoden 2015 Charlie Hebdo-lehden iskujen j\u00e4lkeen. Kuva: Flickr\/European Parliament.<\/p>\n<p>[\/et_pb_text][\/et_pb_column][\/et_pb_row][et_pb_row _builder_version=&#8221;4.17.6&#8243; _module_preset=&#8221;default&#8221; global_colors_info=&#8221;{}&#8221;][et_pb_column type=&#8221;4_4&#8243; _builder_version=&#8221;4.17.6&#8243; _module_preset=&#8221;default&#8221; global_colors_info=&#8221;{}&#8221;][et_pb_text _builder_version=&#8221;4.17.6&#8243; _module_preset=&#8221;default&#8221; text_font=&#8221;Inter|800|||||||&#8221; text_text_color=&#8221;#172f88&#8243; text_font_size=&#8221;18px&#8221; text_line_height=&#8221;1em&#8221; custom_margin=&#8221;||0px||false|false&#8221; custom_padding=&#8221;||5px||false|false&#8221; locked=&#8221;off&#8221; global_colors_info=&#8221;{}&#8221;]<\/p>\n<p>EU:lle 2012 Nobel-palkinto<\/p>\n<p>[\/et_pb_text][et_pb_text _builder_version=&#8221;4.17.6&#8243; _module_preset=&#8221;default&#8221; text_font=&#8221;Roboto Condensed||||||||&#8221; text_text_color=&#8221;#1A366D&#8221; text_font_size=&#8221;18px&#8221; text_line_height=&#8221;1.2em&#8221; locked=&#8221;off&#8221; global_colors_info=&#8221;{}&#8221;]<\/p>\n<p><span style=\"font-weight: 400;\">Euroopan unionille my\u00f6nnettiin vuoden 2012 Nobelin palkinto rauhan, sovinnon, demokratian ja ihmisoikeuksien edist\u00e4misest\u00e4 Euroopassa.<\/span><\/p>\n<p><span style=\"font-weight: 400;\">Norjalainen Nobel-valintakomitea totesi, ett\u00e4 p\u00e4\u00e4t\u00f6s rauhanpalkinnon my\u00f6nt\u00e4misest\u00e4 perustui EU:n vakauttavaan rooliin. Pitk\u00e4lti EU:n ansiosta on aiemmin sotien repim\u00e4ss\u00e4 Euroopassa viime vuosikymmenin\u00e4 laajalti vallinnut rauha. Komitean mukaan EU:n merkitt\u00e4vin saavutus on ollut menestyksek\u00e4s kamppailu rauhan ja sovinnon sek\u00e4 demokratian ja ihmisoikeuksien puolesta. <\/span><\/p>\n<p>[\/et_pb_text][et_pb_image src=&#8221;https:\/\/www.eurooppalainensuomi.fi\/wp-content\/uploads\/2025\/12\/nobel.jpg&#8221; title_text=&#8221;nobel&#8221; _builder_version=&#8221;4.17.6&#8243; _module_preset=&#8221;default&#8221; custom_margin=&#8221;||5px|||&#8221; global_colors_info=&#8221;{}&#8221;][\/et_pb_image][et_pb_text _builder_version=&#8221;4.17.6&#8243; _module_preset=&#8221;default&#8221; text_font=&#8221;Roboto Condensed||||||||&#8221; text_text_color=&#8221;#1A366D&#8221; text_font_size=&#8221;16px&#8221; text_line_height=&#8221;1.2em&#8221; locked=&#8221;off&#8221; global_colors_info=&#8221;{}&#8221;]<\/p>\n<p>Euroopan unioni vastaanotti Nobelin rauhanpalkinnon vuonna 2012. Kuva: Flickr\/European Parliament.<\/p>\n<p>[\/et_pb_text][\/et_pb_column][\/et_pb_row][et_pb_row _builder_version=&#8221;4.17.6&#8243; _module_preset=&#8221;default&#8221; global_colors_info=&#8221;{}&#8221;][et_pb_column type=&#8221;4_4&#8243; _builder_version=&#8221;4.17.6&#8243; _module_preset=&#8221;default&#8221; global_colors_info=&#8221;{}&#8221;][et_pb_text _builder_version=&#8221;4.17.6&#8243; _module_preset=&#8221;default&#8221; text_font=&#8221;Inter|800|||||||&#8221; text_text_color=&#8221;#172f88&#8243; text_font_size=&#8221;18px&#8221; text_line_height=&#8221;1em&#8221; custom_margin=&#8221;||0px||false|false&#8221; custom_padding=&#8221;||5px||false|false&#8221; locked=&#8221;off&#8221; global_colors_info=&#8221;{}&#8221;]<\/p>\n<p>Kroatian j\u00e4senyys ja laajentuminen<\/p>\n<p>[\/et_pb_text][et_pb_text _builder_version=&#8221;4.17.6&#8243; _module_preset=&#8221;default&#8221; text_font=&#8221;Roboto Condensed||||||||&#8221; text_text_color=&#8221;#1A366D&#8221; text_font_size=&#8221;18px&#8221; text_line_height=&#8221;1.2em&#8221; locked=&#8221;off&#8221; global_colors_info=&#8221;{}&#8221;]<\/p>\n<p>Kroatiasta tuli EU:n 28. j\u00e4senvaltio vuonna 2013. Kroatia on viimeisen Euroopan unioniin liittynyt j\u00e4senmaa.<\/p>\n<p>[\/et_pb_text][\/et_pb_column][\/et_pb_row][et_pb_row column_structure=&#8221;1_2,1_2&#8243; _builder_version=&#8221;4.17.6&#8243; _module_preset=&#8221;default&#8221; locked=&#8221;off&#8221; global_colors_info=&#8221;{}&#8221;][et_pb_column type=&#8221;1_2&#8243; _builder_version=&#8221;4.17.6&#8243; _module_preset=&#8221;default&#8221; global_colors_info=&#8221;{}&#8221;][et_pb_text _builder_version=&#8221;4.17.6&#8243; _module_preset=&#8221;default&#8221; text_font=&#8221;Inter|800|||||||&#8221; text_text_color=&#8221;#172f88&#8243; text_font_size=&#8221;18px&#8221; text_line_height=&#8221;1em&#8221; custom_margin=&#8221;||0px||false|false&#8221; custom_padding=&#8221;||5px||false|false&#8221; locked=&#8221;off&#8221; global_colors_info=&#8221;{}&#8221;]<\/p>\n<p>Iso-Britannian ero EU:sta<\/p>\n<p>[\/et_pb_text][et_pb_text _builder_version=&#8221;4.17.6&#8243; _module_preset=&#8221;default&#8221; text_font=&#8221;Roboto Condensed||||||||&#8221; text_text_color=&#8221;#1A366D&#8221; text_font_size=&#8221;18px&#8221; text_line_height=&#8221;1.2em&#8221; locked=&#8221;off&#8221; global_colors_info=&#8221;{}&#8221;]<\/p>\n<p><span style=\"font-weight: 400;\">Britanniassa j\u00e4rjestettiin vuoden 2016 kes\u00e4kuussa kansan\u00e4\u00e4nestys Euroopan unionin j\u00e4senyydest\u00e4, jossa britit \u00e4\u00e4nestiv\u00e4t, tulisiko maan pysy\u00e4 EU:n j\u00e4senen\u00e4 vai irtautua siit\u00e4. \u00c4\u00e4nest\u00e4jist\u00e4 52 % \u00e4\u00e4nesti\u00a0 irtautumisen puolesta ja 48 % j\u00e4senyyden puolesta. <\/span><\/p>\n<p><span style=\"font-weight: 400;\">Virallisen ilmoituksen Britannia antoi erostaan 29. maaliskuuta 2017 p\u00e4\u00e4ministeri Theresa Mayn johdolla. Maan piti alkuper\u00e4isen ilmoituksensa mukaan erota EU:sta 29.3.2019. M\u00e4\u00e4r\u00e4aikaa lyk\u00e4ttiin viel\u00e4 kahdesti ja erop\u00e4iv\u00e4ksi sovittiin lopulta 1.2.2020. Erosopimuksen my\u00f6t\u00e4 alkoi vuoden 2020 loppuun kest\u00e4nyt siirtym\u00e4kausi, jonka aikana jatkettiin EU:n nykys\u00e4\u00e4nn\u00f6ill\u00e4 ja neuvoteltiin uusi kauppa- ja yhteisty\u00f6sopimus. Siirtym\u00e4kauden aikana Britannialla oli kaikki j\u00e4senvaltion oikeudet ja velvollisuudet. Ainoa merkitt\u00e4v\u00e4 poikkeus oli se, ettei Britannia en\u00e4\u00e4 osallistunut EU:n p\u00e4\u00e4t\u00f6ksentekoon, eik\u00e4 EU:n elinten toimintaan.\u00a0<\/span><\/p>\n<p><span style=\"font-weight: 400;\">Britannian EU-ero tuli t\u00e4ysim\u00e4\u00e4r\u00e4isesti voimaan 1.1.2021. <\/span><\/p>\n<p>[\/et_pb_text][\/et_pb_column][et_pb_column type=&#8221;1_2&#8243; _builder_version=&#8221;4.17.6&#8243; _module_preset=&#8221;default&#8221; global_colors_info=&#8221;{}&#8221;][et_pb_image src=&#8221;https:\/\/www.eurooppalainensuomi.fi\/wp-content\/uploads\/2025\/12\/brexit.png&#8221; alt=&#8221;Man eating on a bench eating a banana&#8221; title_text=&#8221;brexit&#8221; _builder_version=&#8221;4.17.6&#8243; _module_preset=&#8221;default&#8221; custom_margin=&#8221;||13px|||&#8221; locked=&#8221;off&#8221; global_colors_info=&#8221;{}&#8221;][\/et_pb_image][et_pb_text _builder_version=&#8221;4.17.6&#8243; _module_preset=&#8221;default&#8221; text_font=&#8221;Roboto Condensed||||||||&#8221; text_text_color=&#8221;#1A366D&#8221; text_font_size=&#8221;16px&#8221; text_line_height=&#8221;1.2em&#8221; locked=&#8221;off&#8221; global_colors_info=&#8221;{}&#8221;]<\/p>\n<p>Virallisen ilmoituksen Britannia antoi erostaan 29.03.2017. Kuvassa vasemmalla Iso-Britannian p\u00e4\u00e4ministeri Theresa May ja komission puheenjohtaja Jean-Claude Juncker. Kuva: European Commission.<\/p>\n<p>[\/et_pb_text][\/et_pb_column][\/et_pb_row][et_pb_row _builder_version=&#8221;4.17.6&#8243; _module_preset=&#8221;default&#8221; global_colors_info=&#8221;{}&#8221;][et_pb_column type=&#8221;4_4&#8243; _builder_version=&#8221;4.17.6&#8243; _module_preset=&#8221;default&#8221; global_colors_info=&#8221;{}&#8221;][et_pb_text _builder_version=&#8221;4.17.6&#8243; _module_preset=&#8221;default&#8221; text_font=&#8221;Inter|800|||||||&#8221; text_text_color=&#8221;#172f88&#8243; text_font_size=&#8221;18px&#8221; text_line_height=&#8221;1em&#8221; custom_margin=&#8221;||0px||false|false&#8221; custom_padding=&#8221;||5px||false|false&#8221; locked=&#8221;off&#8221; global_colors_info=&#8221;{}&#8221;]<\/p>\n<p>Turvallisuus ja puolustus<\/p>\n<p>[\/et_pb_text][et_pb_text _builder_version=&#8221;4.17.6&#8243; _module_preset=&#8221;default&#8221; text_font=&#8221;Roboto Condensed||||||||&#8221; text_text_color=&#8221;#1A366D&#8221; text_font_size=&#8221;18px&#8221; text_line_height=&#8221;1.2em&#8221; hover_enabled=&#8221;0&#8243; locked=&#8221;off&#8221; global_colors_info=&#8221;{}&#8221; sticky_enabled=&#8221;0&#8243;]<\/p>\n<p><span style=\"font-weight: 400;\">Uskonnolliset \u00e4\u00e4riliikkeet ovat nostaneet p\u00e4\u00e4t\u00e4\u00e4n niin L\u00e4hi-id\u00e4ss\u00e4 kuin muuallakin maailmassa. T\u00e4t\u00e4 seuranneet levottomuudet ja sodat ovat pakottaneet ihmiset etsim\u00e4\u00e4n turvaa Euroopasta. Samalla EU on kohdannut paenneiden vastaanottamiseen liittyvi\u00e4 haasteita sek\u00e4 terrori-iskuja.\u00a0<\/span><\/p>\n<p><span style=\"font-weight: 400;\">Vuonna 2014 tapahtunut Krimin miehitys, jota seurasivat It\u00e4-Ukrainan sota sek\u00e4 It\u00e4meren alueella kasvanut j\u00e4nnite, ovat muuttaneet Euroopan turvallisuuspoliittista tilannetta viime vuosina. Helmikuussa 2022 Ven\u00e4j\u00e4 aloitti hy\u00f6kk\u00e4yssodan Ukrainassa.\u00a0 EU-maat ovat pyrkineet tukemaan Ukrainaa sen puolustustaistelussa muun muassa Ven\u00e4j\u00e4\u00e4 vastaan suunnatuilla pakotteilla, tukemalla Ukrainan asevoimia, ottamalla vastaan pakolaisia sek\u00e4 taloudellisella rahoitusavulla.\u00a0<\/span><\/p>\n<p><span style=\"font-weight: 400;\">EU pyrkii my\u00f6s monin tavoin vahvistamaan turvallisuuttaan ja puolustustaan sek\u00e4 lis\u00e4\u00e4m\u00e4\u00e4n valmiuttaan toimia itsen\u00e4isesti.\u00a0<\/span><\/p>\n<ul>\n<li style=\"font-weight: 400;\" aria-level=\"1\"><a href=\"https:\/\/www.consilium.europa.eu\/fi\/policies\/eu-response-ukraine-invasion\/eu-solidarity-ukraine\/\" target=\"_blank\" rel=\"noopener\"><span style=\"font-weight: 400;\">EU:n tuki Ukrainalle | EU<\/span><\/a><\/li>\n<li style=\"font-weight: 400;\" aria-level=\"1\"><a href=\"https:\/\/www.consilium.europa.eu\/fi\/policies\/defence-security\/\" target=\"_blank\" rel=\"noopener\"><span style=\"font-weight: 400;\">Turvallisuus ja puolustus | EU<\/span><\/a><\/li>\n<\/ul>\n<p>[\/et_pb_text][et_pb_image src=&#8221;https:\/\/www.eurooppalainensuomi.fi\/wp-content\/uploads\/2025\/12\/pakolaiskriisi.png&#8221; alt=&#8221;Man eating on a bench eating a banana&#8221; title_text=&#8221;pakolaiskriisi&#8221; _builder_version=&#8221;4.17.6&#8243; _module_preset=&#8221;default&#8221; custom_margin=&#8221;||13px|||&#8221; locked=&#8221;off&#8221; global_colors_info=&#8221;{}&#8221;][\/et_pb_image][et_pb_text _builder_version=&#8221;4.17.6&#8243; _module_preset=&#8221;default&#8221; text_font=&#8221;Roboto Condensed||||||||&#8221; text_text_color=&#8221;#1A366D&#8221; text_font_size=&#8221;16px&#8221; text_line_height=&#8221;1.2em&#8221; locked=&#8221;off&#8221; global_colors_info=&#8221;{}&#8221;]<\/p>\n<p>Pakolaiskriisi on haastanut Euroopan viime vuosina. Kuva: Flickr\/European Parliament.<\/p>\n<p>[\/et_pb_text][\/et_pb_column][\/et_pb_row][et_pb_row column_structure=&#8221;1_2,1_2&#8243; _builder_version=&#8221;4.17.6&#8243; _module_preset=&#8221;default&#8221; locked=&#8221;off&#8221; global_colors_info=&#8221;{}&#8221;][et_pb_column type=&#8221;1_2&#8243; _builder_version=&#8221;4.17.6&#8243; _module_preset=&#8221;default&#8221; global_colors_info=&#8221;{}&#8221;][et_pb_text _builder_version=&#8221;4.17.6&#8243; _module_preset=&#8221;default&#8221; text_font=&#8221;Inter|800|||||||&#8221; text_text_color=&#8221;#172f88&#8243; text_font_size=&#8221;18px&#8221; text_line_height=&#8221;1em&#8221; custom_margin=&#8221;||0px||false|false&#8221; custom_padding=&#8221;||5px||false|false&#8221; locked=&#8221;off&#8221; global_colors_info=&#8221;{}&#8221;]<\/p>\n<p>Koronakriisi<\/p>\n<p>[\/et_pb_text][et_pb_text _builder_version=&#8221;4.17.6&#8243; _module_preset=&#8221;default&#8221; text_font=&#8221;Roboto Condensed||||||||&#8221; text_text_color=&#8221;#1A366D&#8221; text_font_size=&#8221;18px&#8221; text_line_height=&#8221;1.2em&#8221; hover_enabled=&#8221;0&#8243; locked=&#8221;off&#8221; global_colors_info=&#8221;{}&#8221; sticky_enabled=&#8221;0&#8243;]<\/p>\n<p><span style=\"font-weight: 400;\">Koronavirus on globaali pandemia, jonka torjumisessa on tarvittu globaalia yhteisty\u00f6t\u00e4. EU on toiminut monin tavoin maailmanlaajuisen koronakriisin ratkaisemiseksi.\u00a0<\/span><\/p>\n<p><span style=\"font-weight: 400;\">Euroopan unionin toimilla rajoitetaan viruksen levi\u00e4mist\u00e4, huolehditaan terveydenhuollon laitteiden saatavuudesta, edistet\u00e4\u00e4n rokotteiden, diagnostiikan ja hoitomenetelmien tutkimusta ja hankintaa sek\u00e4 tuetaan j\u00e4senmaiden taloutta ja ty\u00f6llisyytt\u00e4, my\u00f6s akuutin kriisiajan j\u00e4lkeen.\u00a0<\/span><\/p>\n<p><span style=\"font-weight: 400;\">Unionin ulkopuolella tukea ohjataan erityisesti konfliktialueille ja kehitysmaihin.\u00a0<\/span><\/p>\n<ul>\n<li style=\"list-style-type: none;\">\n<ul>\n<li style=\"font-weight: 400;\" aria-level=\"1\"><a href=\"https:\/\/www.consilium.europa.eu\/fi\/policies\/coronavirus\/\" target=\"_blank\" rel=\"noopener\"><span style=\"font-weight: 400;\">EU:n toimet koronapandemiaa vastaan | EU<\/span><\/a><\/li>\n<\/ul>\n<\/li>\n<\/ul>\n<p>[\/et_pb_text][\/et_pb_column][et_pb_column type=&#8221;1_2&#8243; _builder_version=&#8221;4.17.6&#8243; _module_preset=&#8221;default&#8221; global_colors_info=&#8221;{}&#8221;][et_pb_text _builder_version=&#8221;4.17.6&#8243; _module_preset=&#8221;default&#8221; text_font=&#8221;Inter|800|||||||&#8221; text_text_color=&#8221;#172f88&#8243; text_font_size=&#8221;24px&#8221; text_line_height=&#8221;1em&#8221; custom_margin=&#8221;||0px||false|false&#8221; custom_padding=&#8221;||5px||false|false&#8221; locked=&#8221;off&#8221; global_colors_info=&#8221;{}&#8221;]<\/p>\n<p>Muualla verkossa:<\/p>\n<p>[\/et_pb_text][et_pb_text _builder_version=&#8221;4.17.6&#8243; _module_preset=&#8221;default&#8221; text_font=&#8221;Roboto Condensed||||||||&#8221; text_text_color=&#8221;#1A366D&#8221; text_font_size=&#8221;18px&#8221; text_line_height=&#8221;1.2em&#8221; hover_enabled=&#8221;0&#8243; locked=&#8221;off&#8221; global_colors_info=&#8221;{}&#8221; sticky_enabled=&#8221;0&#8243;]<\/p>\n<ul>\n<li><a href=\"https:\/\/europa.eu\/european-union\/about-eu\/history_fi\" target=\"_blank\" rel=\"noopener\"><span style=\"font-weight: 400;\">Euroopan unionin historia<\/span><\/a><\/li>\n<li><a href=\"https:\/\/europa.eu\/european-union\/about-eu\/symbols\/europe-day\/schuman-declaration_fi\" target=\"_blank\" rel=\"noopener\"><span style=\"font-weight: 400;\">Schumanin julistus \u2013 9. toukokuuta 1950<\/span><\/a><\/li>\n<li><a href=\"http:\/\/www.europarl.europa.eu\/atyourservice\/fi\/displayFtu.html\" target=\"_blank\" rel=\"noopener\"><span style=\"font-weight: 400;\">Lissabonin sopimus<\/span><\/a><\/li>\n<li><a href=\"https:\/\/vnk.fi\/documents\/10616\/1986338\/VNKJ072016_fi.pdf\/9a3a074a-d97f-43c4-a1d8-e3ddbbd8d1da\/VNKJ072016_fi.pdf\" target=\"_blank\" rel=\"noopener\"><span style=\"font-weight: 400;\">Valtioneuvoston ulko- ja turvallisuuspoliittinen selonteko 2016<\/span><\/a><\/li>\n<li><span style=\"font-weight: 400;\"><a href=\"https:\/\/vm.fi\/kansainvaliset-rahoitusasiat\/euroalueen-vakaus\/ohjelmamaat\/kreikka\" target=\"_blank\" rel=\"noopener\">Kreikka<\/a><\/span><\/li>\n<li><span style=\"font-weight: 400;\"><a href=\"https:\/\/europa.eu\/european-union\/about-eu\/history\/2010-2019\/2012\/eu-nobel_fi\" target=\"_blank\" rel=\"noopener\">Nobelin rauhanpalkinto Euroopan unionille<\/a><\/span><\/li>\n<\/ul>\n<p>[\/et_pb_text][\/et_pb_column][\/et_pb_row][\/et_pb_section][et_pb_section fb_built=&#8221;1&#8243; admin_label=&#8221;Section&#8221; module_id=&#8221;schengen&#8221; _builder_version=&#8221;4.17.6&#8243; _module_preset=&#8221;default&#8221; custom_padding=&#8221;2px|||||&#8221; da_popup_slug=&#8221;schengen&#8221; da_disable_devices=&#8221;off|off|off&#8221; global_colors_info=&#8221;{}&#8221; da_is_popup=&#8221;off&#8221; da_exit_intent=&#8221;off&#8221; da_has_close=&#8221;on&#8221; da_alt_close=&#8221;off&#8221; da_dark_close=&#8221;off&#8221; da_not_modal=&#8221;on&#8221; da_is_singular=&#8221;off&#8221; da_with_loader=&#8221;off&#8221; da_has_shadow=&#8221;on&#8221;][et_pb_row _builder_version=&#8221;4.17.6&#8243; _module_preset=&#8221;default&#8221; global_colors_info=&#8221;{}&#8221;][et_pb_column type=&#8221;4_4&#8243; _builder_version=&#8221;4.17.6&#8243; _module_preset=&#8221;default&#8221; global_colors_info=&#8221;{}&#8221;][et_pb_text _builder_version=&#8221;4.17.6&#8243; _module_preset=&#8221;default&#8221; text_font=&#8221;Inter|800|||||||&#8221; text_text_color=&#8221;#172f88&#8243; text_font_size=&#8221;40px&#8221; text_line_height=&#8221;1em&#8221; custom_padding=&#8221;||5px||false|false&#8221; custom_css_main_element=&#8221;border-bottom: 3px solid #D0005F;&#8221; locked=&#8221;off&#8221; global_colors_info=&#8221;{}&#8221;]<\/p>\n<p>Schengen<\/p>\n<p>[\/et_pb_text][et_pb_text _builder_version=&#8221;4.17.6&#8243; _module_preset=&#8221;default&#8221; text_font=&#8221;Roboto Condensed||||||||&#8221; text_text_color=&#8221;#1A366D&#8221; text_font_size=&#8221;18px&#8221; text_line_height=&#8221;1.2em&#8221; locked=&#8221;off&#8221; global_colors_info=&#8221;{}&#8221;]<\/p>\n<p><span style=\"font-weight: 400;\">Schengenin s\u00e4\u00e4nn\u00f6st\u00f6n tarkoituksena on helpottaa henkil\u00f6iden vapaata liikkumista Euroopan unionin alueella. K\u00e4yt\u00e4nn\u00f6ss\u00e4 se tarkoittaa, ett\u00e4 rajatarkastukset yhteisill\u00e4 rajoilla eli sis\u00e4rajoilla on poistettu. Matkustajalla pit\u00e4\u00e4 kuitenkin pyydett\u00e4ess\u00e4 olla esitt\u00e4\u00e4 voimassaoleva matkustusasiakirja \u2013 passi tai uudenmallinen henkil\u00f6kortti.\u00a0<\/span><\/p>\n<p><span style=\"font-weight: 400;\">T\u00e4m\u00e4n lis\u00e4ksi Schengen-maat tehostavat poliisiyhteisty\u00f6t\u00e4 sek\u00e4 sopimusten mukaisesti ulkorajavalvontaansa suhteessa muihin kuin Schengen-maihin. J\u00e4senvaltiot voivat turvalausekkeen nojalla ottaa tilap\u00e4isesti tarkastukset uudelleen k\u00e4ytt\u00f6\u00f6n Euroopan unionin sis\u00e4ll\u00e4, jos kyseess\u00e4 on vakava yleiseen politiikkaan tai turvallisuuteen kohdistuva uhka.\u00a0<\/span><\/p>\n<p><span style=\"font-weight: 400;\">Er\u00e4\u00e4t Euroopan yhteis\u00f6n vanhat j\u00e4senmaat sopivat vuonna 1986 Luxemburgin Schengeniss\u00e4 poistavansa henkil\u00f6iden vapaata liikkuvuutta rajoittavat esteet valtioidensa v\u00e4lilt\u00e4. Vuonna 1990 samat j\u00e4senmaat allekirjoittivat Schengen-sopimuksen soveltamisesta tehdyn yleissopimuksen, joka tuli voimaan vuonna 1995.\u00a0<\/span><\/p>\n<p><span style=\"font-weight: 400;\">Amsterdamin huippukokouksessa 1997 Schengen-j\u00e4rjestelm\u00e4 p\u00e4\u00e4tettiin sulauttaa Euroopan unioniin. Kaikilla EU-mailla on ollut siit\u00e4 l\u00e4htien oikeus liitty\u00e4 Schengen-yhteisty\u00f6h\u00f6n. EU-maista Irlanti ja Kypros eiv\u00e4t ole Schengen-aluetta. Suomi ja muut Pohjoismaat aloittivat Schengenin sopimusten soveltamisen yht\u00e4 aikaa 25.3.2001.\u00a0<\/span><\/p>\n<p>[\/et_pb_text][et_pb_text _builder_version=&#8221;4.17.6&#8243; _module_preset=&#8221;default&#8221; text_font=&#8221;Inter|800|||||||&#8221; text_text_color=&#8221;#172f88&#8243; text_font_size=&#8221;24px&#8221; text_line_height=&#8221;1em&#8221; custom_padding=&#8221;||5px||false|false&#8221; custom_css_main_element=&#8221;border-bottom: 3px solid #D0005F;&#8221; locked=&#8221;off&#8221; global_colors_info=&#8221;{}&#8221;]<\/p>\n<p>Schengen-valtiot<\/p>\n<p>[\/et_pb_text][et_pb_text _builder_version=&#8221;4.17.6&#8243; _module_preset=&#8221;default&#8221; text_font=&#8221;Roboto Condensed||||||||&#8221; text_text_color=&#8221;#1A366D&#8221; text_font_size=&#8221;18px&#8221; text_line_height=&#8221;1.2em&#8221; locked=&#8221;off&#8221; global_colors_info=&#8221;{}&#8221;]<\/p>\n<p><span style=\"font-weight: 400;\">Schengen-valtioita ovat Alankomaat, Belgia, Bulgaria, Espanja, Islanti, Italia, It\u00e4valta, Kreikka, Kroatia, Latvia, Liechtenstein, Liettua, Luxemburg, Malta, Norja, Portugali, Puola, Ranska, Romania, Ruotsi, Saksa, Slovakia, Slovenia, Suomi, Sveitsi, Tanska, T\u0161ekki, Unkari ja Viro.<\/span><\/p>\n<p>[\/et_pb_text][et_pb_text _builder_version=&#8221;4.17.6&#8243; _module_preset=&#8221;default&#8221; text_font=&#8221;Inter|800|||||||&#8221; text_text_color=&#8221;#172f88&#8243; text_font_size=&#8221;24px&#8221; text_line_height=&#8221;1em&#8221; custom_margin=&#8221;||0px||false|false&#8221; custom_padding=&#8221;||5px||false|false&#8221; locked=&#8221;off&#8221; global_colors_info=&#8221;{}&#8221;]<\/p>\n<p>Muualla verkossa:<\/p>\n<p>[\/et_pb_text][et_pb_text _builder_version=&#8221;4.17.6&#8243; _module_preset=&#8221;default&#8221; text_font=&#8221;Roboto Condensed||||||||&#8221; text_text_color=&#8221;#1A366D&#8221; text_font_size=&#8221;18px&#8221; text_line_height=&#8221;1.2em&#8221; hover_enabled=&#8221;0&#8243; locked=&#8221;off&#8221; global_colors_info=&#8221;{}&#8221; sticky_enabled=&#8221;0&#8243;]<\/p>\n<ul>\n<li><a href=\"https:\/\/um.fi\/schengen-alueella-liikkuminen\" target=\"_blank\" rel=\"noopener\"><span style=\"font-weight: 400;\">Schengen-alueella liikkuminen<\/span><\/a><\/li>\n<li><a href=\"http:\/\/tulli.fi\/tietoa-tullista\/tullin-toiminta\/eu-eta-efta-ja-schengen-maat\" target=\"_blank\" rel=\"noopener\"><span style=\"font-weight: 400;\">EU-, Eta-, Efta- ja Schengen-maat<\/span><\/a><\/li>\n<li><a href=\"https:\/\/home-affairs.ec.europa.eu\/policies\/schengen-borders-and-visa\/schengen-area_fi\" target=\"_blank\" rel=\"noopener\"><span style=\"font-weight: 400;\">Schengen-alue (englanniksi)<\/span><\/a><\/li>\n<\/ul>\n<p>[\/et_pb_text][\/et_pb_column][\/et_pb_row][\/et_pb_section][et_pb_section fb_built=&#8221;1&#8243; module_id=&#8221;laajentuminen&#8221; _builder_version=&#8221;4.17.6&#8243; _module_preset=&#8221;default&#8221; custom_padding=&#8221;0px|||||&#8221; da_disable_devices=&#8221;off|off|off&#8221; global_colors_info=&#8221;{}&#8221; da_is_popup=&#8221;off&#8221; da_exit_intent=&#8221;off&#8221; da_has_close=&#8221;on&#8221; da_alt_close=&#8221;off&#8221; da_dark_close=&#8221;off&#8221; da_not_modal=&#8221;on&#8221; da_is_singular=&#8221;off&#8221; da_with_loader=&#8221;off&#8221; da_has_shadow=&#8221;on&#8221;][et_pb_row _builder_version=&#8221;4.17.6&#8243; _module_preset=&#8221;default&#8221; global_colors_info=&#8221;{}&#8221;][et_pb_column type=&#8221;4_4&#8243; _builder_version=&#8221;4.17.6&#8243; _module_preset=&#8221;default&#8221; global_colors_info=&#8221;{}&#8221;][et_pb_text _builder_version=&#8221;4.17.6&#8243; _module_preset=&#8221;default&#8221; text_font=&#8221;Inter|800|||||||&#8221; text_text_color=&#8221;#172f88&#8243; text_font_size=&#8221;40px&#8221; text_line_height=&#8221;1em&#8221; custom_padding=&#8221;||5px||false|false&#8221; custom_css_main_element=&#8221;border-bottom: 3px solid #41B8D5;&#8221; locked=&#8221;off&#8221; global_colors_info=&#8221;{}&#8221;]<\/p>\n<p>Laajentuminen<\/p>\n<p>[\/et_pb_text][et_pb_text _builder_version=&#8221;4.17.6&#8243; _module_preset=&#8221;default&#8221; text_font=&#8221;Roboto Condensed||||||||&#8221; text_text_color=&#8221;#1A366D&#8221; text_font_size=&#8221;18px&#8221; text_line_height=&#8221;1.2em&#8221; locked=&#8221;off&#8221; global_colors_info=&#8221;{}&#8221;]<\/p>\n<p><span style=\"font-weight: 400;\">Euroopan unionin perustavoitteena on sen perustamisesta l\u00e4htien ollut Euroopan demokraattinen yhdentyminen. Alkuper\u00e4inen kuuden perustajavaltion yhteis\u00f6 on laajentunut 27 maan unioniksi.\u00a0<\/span><\/p>\n<p><span style=\"font-weight: 400;\">Kuusi maata perusti <\/span><span style=\"font-weight: 400;\">Euroopan hiili- ja ter\u00e4syhteis\u00f6n vuonna 1951<\/span><span style=\"font-weight: 400;\"> sek\u00e4 Euroopan talousyhteis\u00f6n ja Euroopan atomienergiayhteis\u00f6n vuonna 1957. Sen j\u00e4lkeen j\u00e4senvaltioiden m\u00e4\u00e4r\u00e4 lis\u00e4\u00e4ntyi 28:aan, kun Kroatia liittyi hein\u00e4kuussa 2013. Britannia erosi EU:sta 31.1.2020. <\/span><\/p>\n<p>[\/et_pb_text][\/et_pb_column][\/et_pb_row][et_pb_row column_structure=&#8221;1_2,1_2&#8243; _builder_version=&#8221;4.17.6&#8243; _module_preset=&#8221;default&#8221; global_colors_info=&#8221;{}&#8221;][et_pb_column type=&#8221;1_2&#8243; _builder_version=&#8221;4.17.6&#8243; _module_preset=&#8221;default&#8221; global_colors_info=&#8221;{}&#8221;][et_pb_text _builder_version=&#8221;4.17.6&#8243; _module_preset=&#8221;default&#8221; text_font=&#8221;Inter|800|||||||&#8221; text_text_color=&#8221;#172f88&#8243; text_font_size=&#8221;18px&#8221; text_line_height=&#8221;1em&#8221; custom_margin=&#8221;||0px||false|false&#8221; custom_padding=&#8221;||5px||false|false&#8221; locked=&#8221;off&#8221; global_colors_info=&#8221;{}&#8221;]<\/p>\n<p>EU-j\u00e4senmaita on 27:<\/p>\n<p>[\/et_pb_text][et_pb_text _builder_version=&#8221;4.17.6&#8243; _module_preset=&#8221;default&#8221; text_font=&#8221;Roboto Condensed||||||||&#8221; text_text_color=&#8221;#1A366D&#8221; text_font_size=&#8221;18px&#8221; text_line_height=&#8221;1.2em&#8221; locked=&#8221;off&#8221; global_colors_info=&#8221;{}&#8221;]<\/p>\n<ul>\n<li style=\"font-weight: 400;\" aria-level=\"1\"><span style=\"font-weight: 400;\">1951 Ranska, Saksa, Italia, Belgia, Hollanti, Luxemburg<\/span><\/li>\n<li style=\"font-weight: 400;\" aria-level=\"1\"><span style=\"font-weight: 400;\">1973 Iso-Britannia, Irlanti, Tanska<\/span><\/li>\n<li style=\"font-weight: 400;\" aria-level=\"1\"><span style=\"font-weight: 400;\">1981 Kreikka<\/span><\/li>\n<li style=\"font-weight: 400;\" aria-level=\"1\"><span style=\"font-weight: 400;\">1986 Espanja, Portugali<\/span><\/li>\n<li style=\"font-weight: 400;\" aria-level=\"1\"><span style=\"font-weight: 400;\">1995 Suomi, Ruotsi, It\u00e4valta<\/span><\/li>\n<li style=\"font-weight: 400;\" aria-level=\"1\"><span style=\"font-weight: 400;\">2004 Viro, Latvia, Liettua, Puola, T\u0161ekki, Slovakia, Unkari, Slovenia, Malta, Kypros<\/span><\/li>\n<li style=\"font-weight: 400;\" aria-level=\"1\"><span style=\"font-weight: 400;\">2007 Romania, Bulgaria<\/span><\/li>\n<li style=\"font-weight: 400;\" aria-level=\"1\"><span style=\"font-weight: 400;\">2013 Kroatia<\/span><\/li>\n<\/ul>\n<p><span style=\"font-weight: 400;\">T\u0161ekin, Viron, Kyproksen, Latvian, Liettuan, Unkarin, Maltan, Puolan, Slovenian ja Slovakian liittyminen unioniin 2004 oli historiallinen askel, jolla p\u00e4\u00e4tettiin Euroopan kahtiajako. Unionin viides laajentumiskierros saatiin p\u00e4\u00e4t\u00f6kseen vuoden 2007 alussa, jolloin Bulgaria ja Romania liittyiv\u00e4t j\u00e4seniksi. Kroatia liittyi mukaan 1.7.2013.<\/span><\/p>\n<p>[\/et_pb_text][\/et_pb_column][et_pb_column type=&#8221;1_2&#8243; _builder_version=&#8221;4.17.6&#8243; _module_preset=&#8221;default&#8221; global_colors_info=&#8221;{}&#8221;][et_pb_text _builder_version=&#8221;4.17.6&#8243; _module_preset=&#8221;default&#8221; text_font=&#8221;Inter|800|||||||&#8221; text_text_color=&#8221;#172f88&#8243; text_font_size=&#8221;18px&#8221; text_line_height=&#8221;1em&#8221; custom_margin=&#8221;||0px||false|false&#8221; custom_padding=&#8221;||5px||false|false&#8221; locked=&#8221;off&#8221; global_colors_info=&#8221;{}&#8221;]<\/p>\n<p>Nykyisi\u00e4 ehdokasmaita ovat:<\/p>\n<p>[\/et_pb_text][et_pb_text _builder_version=&#8221;4.17.6&#8243; _module_preset=&#8221;default&#8221; text_font=&#8221;Roboto Condensed||||||||&#8221; text_text_color=&#8221;#1A366D&#8221; text_font_size=&#8221;18px&#8221; text_line_height=&#8221;1.2em&#8221; hover_enabled=&#8221;0&#8243; locked=&#8221;off&#8221; global_colors_info=&#8221;{}&#8221; sticky_enabled=&#8221;0&#8243;]<\/p>\n<ul>\n<li style=\"font-weight: 400;\" aria-level=\"1\"><span style=\"font-weight: 400;\">Albania<\/span><\/li>\n<li style=\"font-weight: 400;\" aria-level=\"1\"><span style=\"font-weight: 400;\">Bosnia ja Hertsegovina<\/span><\/li>\n<li style=\"font-weight: 400;\" aria-level=\"1\"><span style=\"font-weight: 400;\">Georgia<\/span><\/li>\n<li style=\"font-weight: 400;\" aria-level=\"1\"><span style=\"font-weight: 400;\">Moldova<\/span><\/li>\n<li style=\"font-weight: 400;\" aria-level=\"1\"><span style=\"font-weight: 400;\">Montenegro<\/span><\/li>\n<li style=\"font-weight: 400;\" aria-level=\"1\"><span style=\"font-weight: 400;\">Pohjois-Makedonia<\/span><\/li>\n<li style=\"font-weight: 400;\" aria-level=\"1\"><span style=\"font-weight: 400;\">\u00a0Serbia<\/span><\/li>\n<li style=\"font-weight: 400;\" aria-level=\"1\"><span style=\"font-weight: 400;\">Turkki<\/span><\/li>\n<li style=\"font-weight: 400;\" aria-level=\"1\"><span style=\"font-weight: 400;\">Ukraina<\/span><\/li>\n<\/ul>\n<p><span style=\"font-weight: 400;\">EU on k\u00e4ynnist\u00e4nyt kaikkien L\u00e4nsi-Balkanin maiden kanssa niin sanotun vakautus- ja assosiaatioprosessin, jonka tavoitteena on tuoda alueen maat l\u00e4hemm\u00e4ksi EU:ta. Sen my\u00f6t\u00e4 n\u00e4m\u00e4 maat voivat vied\u00e4 vapaasti l\u00e4hes kaikkia tuotteitaan EU:n sis\u00e4markkinoille. Ne my\u00f6s saavat EU:lta rahoitusta uudistuksia vastaan. Prosessin keskeinen osa on EU:n ja kunkin L\u00e4nsi-Balkanin maan v\u00e4linen vakautus- ja assosiaatiosopimus.\u00a0<\/span><\/p>\n<ul>\n<li style=\"font-weight: 400;\" aria-level=\"1\"><a href=\"https:\/\/www.consilium.europa.eu\/fi\/policies\/enlargement\/\" target=\"_blank\" rel=\"noopener\"><span style=\"font-weight: 400;\">Tietoja ehdokasmaiden tilanteesta ja L\u00e4nsi-Balkanista| EU:n neuvosto<\/span><\/a><\/li>\n<\/ul>\n<p>[\/et_pb_text][\/et_pb_column][\/et_pb_row][et_pb_row _builder_version=&#8221;4.17.6&#8243; _module_preset=&#8221;default&#8221; global_colors_info=&#8221;{}&#8221;][et_pb_column type=&#8221;4_4&#8243; _builder_version=&#8221;4.17.6&#8243; _module_preset=&#8221;default&#8221; global_colors_info=&#8221;{}&#8221;][et_pb_image src=&#8221;https:\/\/www.eurooppalainensuomi.fi\/wp-content\/uploads\/2025\/12\/jasenmaat.jpg&#8221; alt=&#8221;Man eating on a bench eating a banana&#8221; title_text=&#8221;jasenmaat&#8221; _builder_version=&#8221;4.17.6&#8243; _module_preset=&#8221;default&#8221; custom_margin=&#8221;||13px|||&#8221; locked=&#8221;off&#8221; global_colors_info=&#8221;{}&#8221;][\/et_pb_image][et_pb_text _builder_version=&#8221;4.17.6&#8243; _module_preset=&#8221;default&#8221; text_font=&#8221;Roboto Condensed||||||||&#8221; text_text_color=&#8221;#1A366D&#8221; text_font_size=&#8221;16px&#8221; text_line_height=&#8221;1.2em&#8221; locked=&#8221;off&#8221; global_colors_info=&#8221;{}&#8221;]<\/p>\n<p>Kuva: European Union 2013 \u2013 European Parliament<\/p>\n<p>[\/et_pb_text][et_pb_text _builder_version=&#8221;4.17.6&#8243; _module_preset=&#8221;default&#8221; text_font=&#8221;Inter|800|||||||&#8221; text_text_color=&#8221;#172f88&#8243; text_font_size=&#8221;24px&#8221; text_line_height=&#8221;1em&#8221; custom_padding=&#8221;||5px||false|false&#8221; custom_css_main_element=&#8221;border-bottom: 3px solid #41B8D5;&#8221; locked=&#8221;off&#8221; global_colors_info=&#8221;{}&#8221;]<\/p>\n<p>J\u00e4senyysehdot<\/p>\n<p>[\/et_pb_text][et_pb_text _builder_version=&#8221;4.17.6&#8243; _module_preset=&#8221;default&#8221; text_font=&#8221;Roboto Condensed||||||||&#8221; text_text_color=&#8221;#1A366D&#8221; text_font_size=&#8221;18px&#8221; text_line_height=&#8221;1.2em&#8221; locked=&#8221;off&#8221; global_colors_info=&#8221;{}&#8221;]<\/p>\n<p><span style=\"font-weight: 400;\">Euroopan unionin j\u00e4senyytt\u00e4 voi hakea jokainen Euroopan valtio, joka noudattaa vapauden, demokratian, ihmisoikeuksien ja perusvapauksien kunnioittamisen sek\u00e4 oikeusvaltion periaatteita.\u00a0<\/span><\/p>\n<p><span style=\"font-weight: 400;\">K\u00f6\u00f6penhaminassa kes\u00e4kuussa 1993 kokoontuneet EU-maiden johtajat selkeyttiv\u00e4t j\u00e4senyyden ehtoja m\u00e4\u00e4ritt\u00e4m\u00e4ll\u00e4 ns. K\u00f6\u00f6penhaminan kriteerit. Kriteerien mukaan uusilla j\u00e4senill\u00e4 on liittymishetkell\u00e4 oltava:\u00a0<\/span><\/p>\n<ul>\n<li style=\"font-weight: 400;\" aria-level=\"1\"><span style=\"font-weight: 400;\">vakaat hallintoelimet, jotka takaavat demokratian, oikeusvaltioperiaatteen, ihmisoikeuksien ja v\u00e4hemmist\u00f6jen kunnioittamisen<\/span><\/li>\n<li style=\"font-weight: 400;\" aria-level=\"1\"><span style=\"font-weight: 400;\">toimiva markkinatalous ja edellytykset selviyty\u00e4 kilpailun ja markkinavoimien paineista unionissa<\/span><\/li>\n<li style=\"font-weight: 400;\" aria-level=\"1\"><span style=\"font-weight: 400;\">kyky suoriutua j\u00e4senyyden mukanaan tuomista velvoitteista, joihin kuuluu my\u00f6s poliittisen unionin sek\u00e4 talous- ja rahaliiton tavoitteiden noudattaminen<\/span><\/li>\n<\/ul>\n<p><span style=\"font-weight: 400;\">Euroopan unioni pit\u00e4\u00e4 kiinni sitoumuksistaan laajentumisprosessissa mukana olevia maita kohtaan, mutta samalla sen pit\u00e4\u00e4 huomioida oma kykyns\u00e4 ottaa vastaan uusia j\u00e4seni\u00e4.<\/span><span style=\"font-weight: 400;\"><br \/><\/span><span style=\"font-weight: 400;\">Laajentuminen oli pitk\u00e4\u00e4n taka-alalla talouskriisin ja ulkopoliittisten kriisien hallitsemalla EU-asialistalla.\u00a0 Ven\u00e4j\u00e4n hy\u00f6kk\u00e4ys Ukrainaan vuonna 2022 sai kuitenkin Ukrainan ja Moldovan hakemaan unionin j\u00e4senyytt\u00e4, mik\u00e4 on nostanut laajentumiskysymykset taas keskusteluun. <\/span><\/p>\n<p>[\/et_pb_text][et_pb_text _builder_version=&#8221;4.17.6&#8243; _module_preset=&#8221;default&#8221; text_font=&#8221;Inter|800|||||||&#8221; text_text_color=&#8221;#172f88&#8243; text_font_size=&#8221;24px&#8221; text_line_height=&#8221;1em&#8221; custom_padding=&#8221;||5px||false|false&#8221; custom_css_main_element=&#8221;border-bottom: 3px solid #41B8D5;&#8221; locked=&#8221;off&#8221; global_colors_info=&#8221;{}&#8221;]<\/p>\n<p>J\u00e4senyysneuvottelut<\/p>\n<p>[\/et_pb_text][et_pb_text _builder_version=&#8221;4.17.6&#8243; _module_preset=&#8221;default&#8221; text_font=&#8221;Roboto Condensed||||||||&#8221; text_text_color=&#8221;#1A366D&#8221; text_font_size=&#8221;18px&#8221; text_line_height=&#8221;1.2em&#8221; locked=&#8221;off&#8221; global_colors_info=&#8221;{}&#8221;]<\/p>\n<p><span style=\"font-weight: 400;\">Yleisperiaatteeksi on sovittu, ett\u00e4 maita kohdellaan yhdenmukaisesti ja ett\u00e4 liittymisprosessin eteneminen riippuu maan omasta edistymisest\u00e4 ja ansioista. J\u00e4senyysneuvotteluiden l\u00e4ht\u00f6kohtana on, ett\u00e4 hakijamaan on hyv\u00e4ksytt\u00e4v\u00e4 ja toimeenpantava EU-lains\u00e4\u00e4d\u00e4nt\u00f6, acquis communataire, kokonaisuudessaan. J\u00e4sen sitoutuu noudattamaan EU:n lains\u00e4\u00e4d\u00e4nt\u00f6\u00e4 ja s\u00e4\u00e4nt\u00f6j\u00e4, jotka perustuvat EU:n perussopimuksiin ja EU:n tuomioistuimen oikeusk\u00e4yt\u00e4nt\u00f6\u00f6n.\u00a0<\/span><\/p>\n<p><span style=\"font-weight: 400;\">J\u00e4senyysneuvottelut on jaettu 35 neuvottelulukuun, jotka k\u00e4sittelev\u00e4t EU-lains\u00e4\u00e4d\u00e4nn\u00f6n kokonaisuuksia, kuten esimerkiksi ymp\u00e4rist\u00f6kysymyksi\u00e4, oikeuslaitosta ja tavaroiden vapaata liikkuvuutta. Yksitt\u00e4isen asiakokonaisuuden k\u00e4sittelyn aloittamista kutsutaan neuvotteluluvun avaamiseksi ja sen lopettamista neuvotteluluvun sulkemiseksi.<\/span><br \/><span style=\"font-weight: 400;\">Neuvottelut etenev\u00e4t kolmessa vaiheessa:\u00a0<\/span><span style=\"font-weight: 400;\"><\/span><\/p>\n<ol>\n<ol>\n<li>Lains\u00e4\u00e4d\u00e4nn\u00f6n vertailuvaihe<b><br \/><\/b><span style=\"font-weight: 400;\">Komissio vertailee EU:n ja hakijamaan lains\u00e4\u00e4d\u00e4nt\u00f6j\u00e4 kesken\u00e4\u00e4n ja laatii kustakin neuvotteluluvusta lains\u00e4\u00e4d\u00e4nn\u00f6n vertailuraportin (ns. screening-raportti).<br \/><\/span><\/li>\n<li>Arviointiperusteiden (nk. benchmarks) asettaminen<b><br \/><\/b><span style=\"font-weight: 400;\">J\u00e4senmaat sopivat arviointiperusteista eli hakijamaille asetettavista ehdoista komission screening-raportin pohjalta. Arviointiperusteilla varmistetaan hakijamaiden valmius lains\u00e4\u00e4d\u00e4nn\u00f6n toimeenpanoon.<br \/><\/span><\/li>\n<li>Neuvottelulukujen k\u00e4sittely<br \/><b> <\/b><b><\/b><span>Neuvottelulukujen k\u00e4sittely k\u00e4yd\u00e4\u00e4n j\u00e4senmaiden valtuutuksella hakijamaan ja komission kesken. Hakijamaa muuttaa neuvottelulukuun sis\u00e4ltyv\u00e4\u00e4 lains\u00e4\u00e4d\u00e4nt\u00f6\u00e4\u00e4n EU:n lains\u00e4\u00e4d\u00e4nt\u00f6\u00e4 vastaavaksi. Komissio raportoi edistymisest\u00e4 s\u00e4\u00e4nn\u00f6llisesti j\u00e4senmaille. Kun hakijamaan lains\u00e4\u00e4d\u00e4nt\u00f6 vastaa EU-lains\u00e4\u00e4d\u00e4nt\u00f6\u00e4, j\u00e4senmaat toteavat hakijamaan omaksuneen EU-lains\u00e4\u00e4d\u00e4nn\u00f6n kyseisen luvun osalta ja t\u00e4ytt\u00e4v\u00e4n mahdolliset luvun sulkemista koskevat arviointiperusteet.<\/span><\/li>\n<\/ol>\n<\/ol>\n<p><span style=\"font-weight: 400;\">Neuvottelujen p\u00e4\u00e4tytty\u00e4 ehdokasmaa ja j\u00e4senmaat hyv\u00e4ksytt\u00e4v\u00e4t tahoillaan neuvottelutuloksen eli varsinaisen liittymissopimuksen. Suomessa liittymissopimukset hyv\u00e4ksyy eduskunta. Ehdokasmaan liittymiseen tarvitaan my\u00f6s Euroopan parlamentin hyv\u00e4ksynt\u00e4.<\/span><\/p>\n<p>[\/et_pb_text][et_pb_text _builder_version=&#8221;4.17.6&#8243; _module_preset=&#8221;default&#8221; text_font=&#8221;Inter|800|||||||&#8221; text_text_color=&#8221;#172f88&#8243; text_font_size=&#8221;24px&#8221; text_line_height=&#8221;1em&#8221; custom_margin=&#8221;||0px||false|false&#8221; custom_padding=&#8221;||5px||false|false&#8221; locked=&#8221;off&#8221; global_colors_info=&#8221;{}&#8221;]<\/p>\n<p>Muualla verkossa:<\/p>\n<p>[\/et_pb_text][et_pb_text _builder_version=&#8221;4.17.6&#8243; _module_preset=&#8221;default&#8221; text_font=&#8221;Roboto Condensed||||||||&#8221; text_text_color=&#8221;#1A366D&#8221; text_font_size=&#8221;18px&#8221; text_line_height=&#8221;1.2em&#8221; hover_enabled=&#8221;0&#8243; locked=&#8221;off&#8221; global_colors_info=&#8221;{}&#8221; sticky_enabled=&#8221;0&#8243;]<\/p>\n<ul>\n<li><span style=\"font-weight: 400;\"><a href=\"https:\/\/ec.europa.eu\/info\/policies\/eu-enlargement_fi\" target=\"_blank\" rel=\"noopener\">Euroopan komissio<\/a><\/span><\/li>\n<li><a href=\"https:\/\/www.consilium.europa.eu\/fi\/policies\/enlargement\/\" target=\"_blank\" rel=\"noopener\"><span style=\"font-weight: 400;\">EU:n neuvosto<\/span><\/a><\/li>\n<\/ul>\n<p>[\/et_pb_text][\/et_pb_column][\/et_pb_row][\/et_pb_section][et_pb_section fb_built=&#8221;1&#8243; module_id=&#8221;euro&#8221; _builder_version=&#8221;4.17.6&#8243; _module_preset=&#8221;default&#8221; custom_padding=&#8221;0px|||||&#8221; da_disable_devices=&#8221;off|off|off&#8221; global_colors_info=&#8221;{}&#8221; da_is_popup=&#8221;off&#8221; da_exit_intent=&#8221;off&#8221; da_has_close=&#8221;on&#8221; da_alt_close=&#8221;off&#8221; da_dark_close=&#8221;off&#8221; da_not_modal=&#8221;on&#8221; da_is_singular=&#8221;off&#8221; da_with_loader=&#8221;off&#8221; da_has_shadow=&#8221;on&#8221;][et_pb_row _builder_version=&#8221;4.17.6&#8243; _module_preset=&#8221;default&#8221; global_colors_info=&#8221;{}&#8221;][et_pb_column type=&#8221;4_4&#8243; _builder_version=&#8221;4.17.6&#8243; _module_preset=&#8221;default&#8221; global_colors_info=&#8221;{}&#8221;][et_pb_text _builder_version=&#8221;4.17.6&#8243; _module_preset=&#8221;default&#8221; text_font=&#8221;Inter|800|||||||&#8221; text_text_color=&#8221;#172f88&#8243; text_font_size=&#8221;40px&#8221; text_line_height=&#8221;1em&#8221; custom_padding=&#8221;||5px||false|false&#8221; custom_css_main_element=&#8221;border-bottom: 3px solid #D0005F;&#8221; locked=&#8221;off&#8221; global_colors_info=&#8221;{}&#8221;]<\/p>\n<p>Euro<\/p>\n<p>[\/et_pb_text][et_pb_text _builder_version=&#8221;4.17.6&#8243; _module_preset=&#8221;default&#8221; text_font=&#8221;Roboto Condensed||||||||&#8221; text_text_color=&#8221;#1A366D&#8221; text_font_size=&#8221;18px&#8221; text_line_height=&#8221;1.2em&#8221; locked=&#8221;off&#8221; global_colors_info=&#8221;{}&#8221;]<\/p>\n<p><span style=\"font-weight: 400;\">EU:n 27 j\u00e4senvaltiosta 20 on ottanut k\u00e4ytt\u00f6\u00f6n yhteisen valuutan, euron. N\u00e4m\u00e4 maat ovat Alankomaat, Belgia, Espanja, Irlanti, Italia, It\u00e4valta, Kreikka, Kroatia, Kypros, Luxemburg, Malta, Portugali, Ranska, Saksa, Slovakia, Slovenia, Suomi, Viro, Latvia ja Liettua.\u00a0<\/span><\/p>\n<p><span style=\"font-weight: 400;\">Eurorahat otettiin euroalueella k\u00e4ytt\u00f6\u00f6n 1. tammikuuta 2002. Euroseteleit\u00e4 on seitsem\u00e4n eriarvoista ja kolikoita kahdeksan.\u00a0<\/span><\/p>\n<p><span style=\"font-weight: 400;\">Setelien kuva-aiheet esittelev\u00e4t Euroopan kulttuurihistoriaa ja arkkitehtonisia tyylisuuntia eri aikakausilta.\u00a0<\/span><\/p>\n<p><span style=\"font-weight: 400;\">Kolikkojen toinen puoli on kaikissa maissa sama ja toinen, kansallinen puoli kertoo mist\u00e4 maasta kolikko on l\u00e4htenyt liikkeelle.<br \/><\/span><\/p>\n<p><span style=\"font-weight: 400;\">Marraskuun 8. p\u00e4iv\u00e4<\/span><span style=\"font-size: 18px;\"> 2012 Euroopan keskuspankki ilmoitti toisen eurosetelisarjan (ns. Europa-sarja) k\u00e4ytt\u00f6\u00f6notosta. Sarja on julkaistu nyt kokonaan:\u00a0<\/span><\/p>\n<ul>\n<li style=\"font-weight: 400;\" aria-level=\"1\"><span style=\"font-weight: 400;\">Uudet 5 euron setelit, jotka laskettiin liikkeelle 2. toukokuuta 2014.<\/span><\/li>\n<li style=\"font-weight: 400;\" aria-level=\"1\"><span style=\"font-weight: 400;\">Uudet 10 euron setelit, jotka laskettiin liikkeelle 23. syyskuuta 2014.<\/span><\/li>\n<li style=\"font-weight: 400;\" aria-level=\"1\"><span style=\"font-weight: 400;\">Uudet 20 euron setelit, jotka laskettiin liikkeelle 25. marraskuuta 2015.<\/span><\/li>\n<li style=\"font-weight: 400;\" aria-level=\"1\"><span style=\"font-weight: 400;\">Uudet 50 euron setelit, jotka laskettiin liikkeelle 4. huhtikuuta 2017.<\/span><\/li>\n<li style=\"font-weight: 400;\" aria-level=\"1\"><span style=\"font-weight: 400;\">Uudet 100 ja 200 euron setelit, jotka laskettiin liikkeelle 28. toukokuuta 2019.<\/span><\/li>\n<\/ul>\n<p><span style=\"font-weight: 400;\">Uusien eurosetelien turvatekij\u00f6it\u00e4 on kehitetty, joten niit\u00e4 on entist\u00e4 vaikeampi v\u00e4\u00e4rent\u00e4\u00e4. 500 euron seteleit\u00e4 ei p\u00e4\u00e4tetty en\u00e4\u00e4 uusia, eik\u00e4 niit\u00e4 ole en\u00e4\u00e4 painettu vuoden 2019 j\u00e4lkeen. Syyksi mainittiin ep\u00e4ilys, ett\u00e4 suurimmille euroseteleille on ollut tarvetta l\u00e4hinn\u00e4 rikollisessa toiminnassa.<\/span><\/p>\n<p>[\/et_pb_text][et_pb_text _builder_version=&#8221;4.17.6&#8243; _module_preset=&#8221;default&#8221; text_font=&#8221;Inter|800|||||||&#8221; text_text_color=&#8221;#172f88&#8243; text_font_size=&#8221;24px&#8221; text_line_height=&#8221;1em&#8221; custom_margin=&#8221;||0px||false|false&#8221; custom_padding=&#8221;||5px||false|false&#8221; locked=&#8221;off&#8221; global_colors_info=&#8221;{}&#8221;]<\/p>\n<p>Muualla verkossa:<\/p>\n<p>[\/et_pb_text][et_pb_text _builder_version=&#8221;4.17.6&#8243; _module_preset=&#8221;default&#8221; text_font=&#8221;Roboto Condensed||||||||&#8221; text_text_color=&#8221;#1A366D&#8221; text_font_size=&#8221;18px&#8221; text_line_height=&#8221;1.2em&#8221; hover_enabled=&#8221;0&#8243; locked=&#8221;off&#8221; global_colors_info=&#8221;{}&#8221; sticky_enabled=&#8221;0&#8243;]<\/p>\n<ul>\n<li><a href=\"https:\/\/www.suomenpankki.fi\/fi\/raha-ja-maksaminen\/eurosetelit\/erisuuruiset-setelit\/\" target=\"_blank\" rel=\"noopener\"><span style=\"font-weight: 400;\">Lis\u00e4tietoa euroseteleist\u00e4<\/span><\/a><\/li>\n<li><a href=\"https:\/\/www.ecb.europa.eu\/euro\/banknotes\/europa\/html\/index.fi.html\" target=\"_blank\" rel=\"noopener\"><span style=\"font-weight: 400;\">Toinen eurosetelisarja<\/span><\/a><\/li>\n<\/ul>\n<p>[\/et_pb_text][\/et_pb_column][\/et_pb_row][\/et_pb_section][et_pb_section fb_built=&#8221;1&#8243; module_id=&#8221;budjetti&#8221; _builder_version=&#8221;4.17.6&#8243; _module_preset=&#8221;default&#8221; custom_padding=&#8221;0px|||||&#8221; da_disable_devices=&#8221;off|off|off&#8221; global_colors_info=&#8221;{}&#8221; da_is_popup=&#8221;off&#8221; da_exit_intent=&#8221;off&#8221; da_has_close=&#8221;on&#8221; da_alt_close=&#8221;off&#8221; da_dark_close=&#8221;off&#8221; da_not_modal=&#8221;on&#8221; da_is_singular=&#8221;off&#8221; da_with_loader=&#8221;off&#8221; da_has_shadow=&#8221;on&#8221;][et_pb_row _builder_version=&#8221;4.17.6&#8243; _module_preset=&#8221;default&#8221; global_colors_info=&#8221;{}&#8221;][et_pb_column type=&#8221;4_4&#8243; _builder_version=&#8221;4.17.6&#8243; _module_preset=&#8221;default&#8221; global_colors_info=&#8221;{}&#8221;][et_pb_text _builder_version=&#8221;4.17.6&#8243; _module_preset=&#8221;default&#8221; text_font=&#8221;Inter|800|||||||&#8221; text_text_color=&#8221;#172f88&#8243; text_font_size=&#8221;40px&#8221; text_line_height=&#8221;1em&#8221; custom_padding=&#8221;||5px||false|false&#8221; custom_css_main_element=&#8221;border-bottom: 3px solid #41B8D5;&#8221; locked=&#8221;off&#8221; global_colors_info=&#8221;{}&#8221;]<\/p>\n<p>EU:n budjetti<\/p>\n<p>[\/et_pb_text][et_pb_text _builder_version=&#8221;4.17.6&#8243; _module_preset=&#8221;default&#8221; text_font=&#8221;Roboto Condensed||||||||&#8221; text_text_color=&#8221;#1A366D&#8221; text_font_size=&#8221;18px&#8221; text_line_height=&#8221;1.2em&#8221; locked=&#8221;off&#8221; global_colors_info=&#8221;{}&#8221;]<\/p>\n<p><span style=\"font-weight: 400;\">Vuosittain teht\u00e4v\u00e4 Euroopan unionin talousarvio eli budjetti on kooltaan noin yksi prosentti EU-maiden yhteenlasketusta vuotuisesta bruttokansantuotteesta. EU-talousarvio katetaan EU:n niin sanotuilla omilla varoilla eli EU:n tuloilla.\u00a0<\/span><\/p>\n<p><span style=\"font-weight: 400;\">Perinteiset EU:n omat varat koostuvat tullimaksuista, joita perit\u00e4\u00e4n EU:n ulkopuolelta tuoduista tuotteista. Suurin osa EU-tuloista tulee kuitenkin kansallisista talousarvioista tulevina osuuksina. N\u00e4m\u00e4 maksuosuudet perustuvat j\u00e4senmaiden bruttokansantuloon, arvonlis\u00e4pohjaan ja kierr\u00e4tt\u00e4m\u00e4tt\u00f6m\u00e4\u00e4n muovipakkausj\u00e4tteeseen. J\u00e4senmaiden bruttokansantuloon perustuva maksuosuus on edelleen selke\u00e4sti merkitt\u00e4vin EU:n budjettia rahoittava tulo. <\/span><\/p>\n<p>[\/et_pb_text][\/et_pb_column][\/et_pb_row][et_pb_row column_structure=&#8221;3_5,2_5&#8243; _builder_version=&#8221;4.17.6&#8243; _module_preset=&#8221;default&#8221; global_colors_info=&#8221;{}&#8221;][et_pb_column type=&#8221;3_5&#8243; _builder_version=&#8221;4.17.6&#8243; _module_preset=&#8221;default&#8221; global_colors_info=&#8221;{}&#8221;][et_pb_text _builder_version=&#8221;4.17.6&#8243; _module_preset=&#8221;default&#8221; text_font=&#8221;Inter|800|||||||&#8221; text_text_color=&#8221;#172f88&#8243; text_font_size=&#8221;24px&#8221; text_line_height=&#8221;1em&#8221; custom_padding=&#8221;||5px||false|false&#8221; custom_css_main_element=&#8221;border-bottom: 3px solid #41B8D5;&#8221; locked=&#8221;off&#8221; global_colors_info=&#8221;{}&#8221;]<\/p>\n<p>Budjettivaltaa k\u00e4ytt\u00e4v\u00e4t neuvosto ja parlamentti<\/p>\n<p>[\/et_pb_text][et_pb_text _builder_version=&#8221;4.17.6&#8243; _module_preset=&#8221;default&#8221; text_font=&#8221;Roboto Condensed||||||||&#8221; text_text_color=&#8221;#1A366D&#8221; text_font_size=&#8221;18px&#8221; text_line_height=&#8221;1.2em&#8221; locked=&#8221;off&#8221; global_colors_info=&#8221;{}&#8221;]<\/p>\n<p><span style=\"font-weight: 400;\">Euroopan parlamentti ja Euroopan unionin neuvosto p\u00e4\u00e4tt\u00e4v\u00e4t EU:n vuotuisesta talousarviosta komission ehdotuksen pohjalta. Vuotuisten talousarvioiden on noudatettava monivuotisessa rahoituskehyksess\u00e4 asetettuja enimm\u00e4ism\u00e4\u00e4ri\u00e4. Jos on perusteltua muuttaa talousarviota esimerkiksi poikkeuksellisten tai ennakoimattomien olosuhteiden vuoksi, komissio voi varainhoitovuoden aikana tehd\u00e4 lis\u00e4talousarvioesityksi\u00e4.\u00a0<\/span><\/p>\n<p><span style=\"font-weight: 400;\">Vuotuinen talousarviomenettely k\u00e4ynnistyy touko-kes\u00e4kuussa, kun komissio antaa talousarvioesityksens\u00e4 budjettivallank\u00e4ytt\u00e4jille. T\u00e4m\u00e4n j\u00e4lkeen ensin neuvosto hyv\u00e4ksyy oman kantansa talousarvioesitykseen, jonka se yleens\u00e4 elo-syyskuussa ilmoittaa. Parlamentin budjettivaliokunta ryhtyy t\u00e4m\u00e4n j\u00e4lkeen k\u00e4sittelem\u00e4\u00e4n talousarvioesityst\u00e4. Parlamentti hyv\u00e4ksyy oman kantansa talousarvioesitykseen lokakuun t\u00e4ysistunnossaan. Jos parlamentin ja neuvoston n\u00e4kemykset eroavat, kutsutaan koolle sovittelukomitea kompromissin l\u00f6yt\u00e4miseksi kolmessa viikossa. Sovittelukomitean yhteydess\u00e4 kokoontuu my\u00f6s budjettiasioita k\u00e4sittelev\u00e4 talous- ja rahoitusasioiden neuvosto.\u00a0<\/span><\/p>\n<p><span style=\"font-weight: 400;\">Sovittelukomiteassa saavutettu yhteisymm\u00e4rrys, toisin sanoen yhteinen teksti, tulee vahvistaa sek\u00e4 parlamentissa ett\u00e4 neuvostossa 14 p\u00e4iv\u00e4n kuluessa. Talousarviota ei voi hyv\u00e4ksy\u00e4 ilman Euroopan parlamentin hyv\u00e4ksynt\u00e4\u00e4. Jos sovittelukomiteassa ei p\u00e4\u00e4st\u00e4 yhteisymm\u00e4rrykseen talousarviosta tai parlamentti hylk\u00e4\u00e4 yhteisen tekstin, komissio laatii uuden talousarvioesityksen.<\/span><\/p>\n<p>[\/et_pb_text][\/et_pb_column][et_pb_column type=&#8221;2_5&#8243; _builder_version=&#8221;4.17.6&#8243; _module_preset=&#8221;default&#8221; global_colors_info=&#8221;{}&#8221;][et_pb_image src=&#8221;https:\/\/www.eurooppalainensuomi.fi\/wp-content\/uploads\/2025\/12\/menot.jpg&#8221; alt=&#8221;Man eating on a bench eating a banana&#8221; title_text=&#8221;menot&#8221; _builder_version=&#8221;4.17.6&#8243; _module_preset=&#8221;default&#8221; custom_margin=&#8221;||13px|||&#8221; locked=&#8221;off&#8221; global_colors_info=&#8221;{}&#8221;][\/et_pb_image][et_pb_text _builder_version=&#8221;4.17.6&#8243; _module_preset=&#8221;default&#8221; text_font=&#8221;Roboto Condensed||||||||&#8221; text_text_color=&#8221;#1A366D&#8221; text_font_size=&#8221;16px&#8221; text_line_height=&#8221;1.2em&#8221; locked=&#8221;off&#8221; global_colors_info=&#8221;{}&#8221;]<\/p>\n<p>EU:n menot vuosille 2021-2027 koostuvat monivuotisesta rahoituskehyksest\u00e4 ja elpymisv\u00e4lineest\u00e4. Infograafi: Euroopan unioni, 2020.<\/p>\n<p>[\/et_pb_text][\/et_pb_column][\/et_pb_row][et_pb_row _builder_version=&#8221;4.17.6&#8243; _module_preset=&#8221;default&#8221; global_colors_info=&#8221;{}&#8221;][et_pb_column type=&#8221;4_4&#8243; _builder_version=&#8221;4.17.6&#8243; _module_preset=&#8221;default&#8221; global_colors_info=&#8221;{}&#8221;][et_pb_text _builder_version=&#8221;4.17.6&#8243; _module_preset=&#8221;default&#8221; text_font=&#8221;Inter|800|||||||&#8221; text_text_color=&#8221;#172f88&#8243; text_font_size=&#8221;24px&#8221; text_line_height=&#8221;1em&#8221; custom_padding=&#8221;||5px||false|false&#8221; custom_css_main_element=&#8221;border-bottom: 3px solid #41B8D5;&#8221; locked=&#8221;off&#8221; global_colors_info=&#8221;{}&#8221;]<\/p>\n<p>Monivuotinen rahoituskehys 2021\u20132027<\/p>\n<p>[\/et_pb_text][et_pb_text _builder_version=&#8221;4.17.6&#8243; _module_preset=&#8221;default&#8221; text_font=&#8221;Roboto Condensed||||||||&#8221; text_text_color=&#8221;#1A366D&#8221; text_font_size=&#8221;18px&#8221; text_line_height=&#8221;1.2em&#8221; hover_enabled=&#8221;0&#8243; locked=&#8221;off&#8221; global_colors_info=&#8221;{}&#8221; sticky_enabled=&#8221;0&#8243;]<\/p>\n<p><span style=\"font-weight: 400;\">Niin sanottu monivuotinen rahoituskehys muodostaa puitteet EU:n rahoitussuunnittelulle ja budjettikurille. Sill\u00e4 varmistetaan EU:n menojen ennakoitavuus. Monivuotinen rahoituskehys vahvistetaan v\u00e4hint\u00e4\u00e4n viiden vuoden jaksolle, mutta k\u00e4yt\u00e4nn\u00f6ss\u00e4 rahoituskehykset ovat olleet seitsem\u00e4n vuoden mittaisia. Nykyinen rahoituskehyskausi kattaa vuodet 2021\u20132027. Vuotuiset talousarviot hyv\u00e4ksyt\u00e4\u00e4n rahoituskehyksen puitteissa.\u00a0<\/span><\/p>\n<p><span style=\"font-weight: 400;\">Monivuotisesta rahoituskehyksest\u00e4 neuvotellaan hyviss\u00e4 ajoin ennen voimassa olevan kauden p\u00e4\u00e4ttymist\u00e4. Yleens\u00e4 noin kaksi-kolme vuotta ennen kuin voimassa oleva rahoituskehyskausi p\u00e4\u00e4ttyy, Euroopan komissio ehdottaa uutta kehysbudjettia. Komissio esittelee niin kutsutun rahoituskehyspaketin. <\/span><\/p>\n<p><span style=\"font-weight: 400;\">Paketti sis\u00e4lt\u00e4\u00e4 erityisesti seuraavat s\u00e4\u00e4d\u00f6kset:\u00a0<\/span><\/p>\n<ul>\n<li style=\"font-weight: 400;\" aria-level=\"1\"><span style=\"font-weight: 400;\">monivuotista rahoituskehyst\u00e4 koskeva asetus. Siin\u00e4 vahvistetaan, miten paljon EU voi k\u00e4ytt\u00e4\u00e4 varoja<\/span><\/li>\n<li style=\"font-weight: 400;\" aria-level=\"1\"><span style=\"font-weight: 400;\">omia varoja koskevan p\u00e4\u00e4t\u00f6s, jossa m\u00e4\u00e4ritet\u00e4\u00e4n, mist\u00e4 EU saa tuloja.<\/span><\/li>\n<\/ul>\n<p><span style=\"font-weight: 400;\">Komissio ehdottaa my\u00f6s alakohtaisia ohjelmia uudelle ohjelmakaudelle.\u00a0<\/span><\/p>\n<p><span style=\"font-weight: 400;\">Yleisten asioiden neuvosto vastaa rahoituskehyspaketin k\u00e4sittelyst\u00e4 ja valmistelee niin kutsutun neuvottelupaketin. Ehdotettuun neuvottelupakettiin on koottu aiheet, joissa todenn\u00e4k\u00f6isimmin tarvitaan poliittista ohjausta EU-johtajilta. Tavoitteena on helpottaa monivuotista rahoituskehyst\u00e4 koskevien Eurooppa-neuvoston p\u00e4\u00e4telmien valmistelua.\u00a0<\/span><\/p>\n<p><span style=\"font-weight: 400;\">P\u00e4\u00e4telm\u00e4ehdotuksen esitt\u00e4\u00e4 Eurooppa-neuvoston puheenjohtaja. Sen avulla neuvosto voi muodostaa kantansa. P\u00e4\u00e4t\u00f6kseen vaaditaan yksimielisyys. Lopullinen p\u00e4\u00e4t\u00f6ksenteko vaatii viel\u00e4 my\u00f6s Euroopan parlamentin hyv\u00e4ksynn\u00e4n. Lis\u00e4ksi kaikkien j\u00e4senmaiden pit\u00e4\u00e4 ratifioida eli hyv\u00e4ksy\u00e4 ja saattaa voimaan omia varoja koskevat p\u00e4\u00e4t\u00f6kset.\u00a0<\/span><\/p>\n<p><span style=\"font-weight: 400;\">Monivuotinen rahoituskehys 2021\u20132027 jakautuu menoluokkiin, jotka vastaavat EU:n toiminnan eri osa-alueita:\u00a0<\/span><\/p>\n<ul>\n<li style=\"font-weight: 400;\" aria-level=\"1\"><span style=\"font-weight: 400;\">Sis\u00e4markkinat, innovointi ja digitaalisuus\u00a0 sis\u00e4lt\u00e4\u00e4 tutkimuksen,\u00a0 innovaatioiden, liikenteen, investoinnit, energiapolitiikan ja avaruuspolitiikan.<\/span><\/li>\n<li style=\"font-weight: 400;\" aria-level=\"1\"><span style=\"font-weight: 400;\">Koheesio, palautumiskyky ja arvot sis\u00e4lt\u00e4\u00e4 alue- ja rakennepolitiikan, koulutuksen, kulttuurin, nuorison, oikeusasiat ja terveyden.<\/span><\/li>\n<li style=\"font-weight: 400;\" aria-level=\"1\"><span style=\"font-weight: 400;\">Luonnonvarat ja ymp\u00e4rist\u00f6 sis\u00e4lt\u00e4\u00e4 yhteisen maatalous- ja kalastuspolitiikan, maaseudun kehitt\u00e4misen ja ymp\u00e4rist\u00f6toimet.<\/span><\/li>\n<li style=\"font-weight: 400;\" aria-level=\"1\"><span style=\"font-weight: 400;\">Muuttoliike ja rajaturvallisuus\u00a0 ja oikeus sis\u00e4lt\u00e4\u00e4\u00a0 rajaturvallisuuden sek\u00e4, maahanmuutto- ja turva-paikkapolitiikan, kulttuurin, nuorison, kuluttaja- ja kansanterveysasiat.<\/span><\/li>\n<li style=\"font-weight: 400;\" aria-level=\"1\"><span style=\"font-weight: 400;\">Turvallisuus ja puolustus sis\u00e4lt\u00e4\u00e4 puolustuksen ja sis\u00e4isen turvallisuuden.<\/span><\/li>\n<li style=\"font-weight: 400;\" aria-level=\"1\"><span style=\"font-weight: 400;\">Naapurialueet ja muu maailma sis\u00e4lt\u00e4\u00e4 EU:n ulkoiset toimet kuten naapuruuspolitiikan, kehitysavun ja humanitaariset toimet. T\u00e4nne on sis\u00e4llytetty my\u00f6s aiemmin kehyksen ulkopuolella olleen Euroopan kehitysrahaston alaiset toimet.<\/span><\/li>\n<li style=\"font-weight: 400;\" aria-level=\"1\"><span style=\"font-weight: 400;\">EU:n yleinen hallinto kattaa kaikkien EU-toimielinten hallintomenot ja el\u00e4kkeet sek\u00e4 Eurooppa-koulujen menot.<\/span><\/li>\n<\/ul>\n<p><span style=\"font-weight: 400;\">Lis\u00e4tietoa EU:n pitk\u00e4n aikav\u00e4lin budjetista ja elpymissuunnitelmasta l\u00f6yd\u00e4t valtiovarainministeri\u00f6n ja Euroopan unionin neuvoston verkkosivuilta.\u00a0<\/span><\/p>\n<ul>\n<li style=\"font-weight: 400;\" aria-level=\"1\"><a href=\"https:\/\/vm.fi\/eu-n-budjetti\" target=\"_blank\" rel=\"noopener\"><span style=\"font-weight: 400;\">EU:n budjetti | VM<\/span><\/a><\/li>\n<li style=\"font-weight: 400;\" aria-level=\"1\"><a href=\"https:\/\/vm.fi\/elpymisvaline\" target=\"_blank\" rel=\"noopener\"><span style=\"font-weight: 400;\">Elpymisv\u00e4line | VM<\/span><\/a><\/li>\n<li style=\"font-weight: 400;\" aria-level=\"1\"><a href=\"https:\/\/vm.fi\/kestava-kasvu\" target=\"_blank\" rel=\"noopener\"><span style=\"font-weight: 400;\">Kest\u00e4v\u00e4 kasvu | VM<\/span><\/a><\/li>\n<\/ul>\n<p>[\/et_pb_text][et_pb_text _builder_version=&#8221;4.17.6&#8243; _module_preset=&#8221;default&#8221; text_font=&#8221;Inter|800|||||||&#8221; text_text_color=&#8221;#172f88&#8243; text_font_size=&#8221;24px&#8221; text_line_height=&#8221;1em&#8221; custom_padding=&#8221;||5px||false|false&#8221; custom_css_main_element=&#8221;border-bottom: 3px solid #41B8D5;&#8221; locked=&#8221;off&#8221; global_colors_info=&#8221;{}&#8221;]<\/p>\n<p>Elpymisv\u00e4line<\/p>\n<p>[\/et_pb_text][et_pb_text _builder_version=&#8221;4.17.6&#8243; _module_preset=&#8221;default&#8221; text_font=&#8221;Roboto Condensed||||||||&#8221; text_text_color=&#8221;#1A366D&#8221; text_font_size=&#8221;18px&#8221; text_line_height=&#8221;1.2em&#8221; hover_enabled=&#8221;0&#8243; locked=&#8221;off&#8221; global_colors_info=&#8221;{}&#8221; sticky_enabled=&#8221;0&#8243;]<\/p>\n<p><span style=\"font-weight: 400;\">EU-johtajat sopivat hein\u00e4kuussa 2020 ylim\u00e4\u00e4r\u00e4isess\u00e4 Eurooppa-neuvoston kokouksesta elpymispaketista ja vuosien 2021\u20132027 budjetista. Ratkaisulla halutaan vauhdittaa j\u00e4senmaiden talouksien uudelleen k\u00e4ynnist\u00e4mist\u00e4 ja Euroopan elpymist\u00e4 koronaviruksen seurauksista.\u00a0<\/span><\/p>\n<p><span style=\"font-weight: 400;\">Elpymisv\u00e4line (Next Generation EU) on laaja kokonaisuus, jonka keskeinen osa on elpymis- ja palautumistukiv\u00e4line (RRF, englanniksi The Recovery and Resilience Facility). Elpymis- ja palautumistukiv\u00e4lineen tavoitteena on edist\u00e4\u00e4 unionin taloudellista, sosiaalista ja alueellista yhten\u00e4isyytt\u00e4 sek\u00e4 parantaa j\u00e4senvaltioiden palautumiskyky\u00e4.\u00a0<\/span><\/p>\n<p><span style=\"font-weight: 400;\">Lis\u00e4ksi tavoitteena on pienent\u00e4\u00e4 koronakriisin sosiaalisia ja taloudellisia vaikutuksia sek\u00e4 tukea vihre\u00e4\u00e4 ja digitaalista siirtym\u00e4\u00e4. N\u00e4m\u00e4 tavoitteet vahvistaisivat j\u00e4senvaltioiden talouksien ty\u00f6llisyytt\u00e4 ja tuotantopotentiaalia koronakriisin j\u00e4lkeen ja tukisivat kest\u00e4v\u00e4\u00e4 kasvua.\u00a0<\/span><\/p>\n<p><span style=\"font-weight: 400;\">Suomi rahoittaa elpymisv\u00e4lineen rahoituksella Suomen kest\u00e4v\u00e4n kasvun ohjelman, joka vauhdittaa uudistuksia ja investointeja.\u00a0<\/span><\/p>\n<ul>\n<li style=\"list-style-type: none;\">\n<ul>\n<li style=\"font-weight: 400;\" aria-level=\"2\"><a href=\"https:\/\/vm.fi\/mika-on-elpymis-ja-palautumistukivaline-\" target=\"_blank\" rel=\"noopener\"><span style=\"font-weight: 400;\">Elpymisv\u00e4line | Valtiovarainministeri\u00f6<\/span><\/a><\/li>\n<li style=\"font-weight: 400;\" aria-level=\"2\"><a href=\"https:\/\/ec.europa.eu\/info\/strategy\/recovery-plan-europe_fi\" target=\"_blank\" rel=\"noopener\"><span style=\"font-weight: 400;\">Euroopan elpymissuunnitelma | Euroopan komissio<\/span><\/a><\/li>\n<\/ul>\n<\/li>\n<\/ul>\n<p>[\/et_pb_text][et_pb_text _builder_version=&#8221;4.17.6&#8243; _module_preset=&#8221;default&#8221; text_font=&#8221;Inter|800|||||||&#8221; text_text_color=&#8221;#172f88&#8243; text_font_size=&#8221;24px&#8221; text_line_height=&#8221;1em&#8221; custom_margin=&#8221;||0px||false|false&#8221; custom_padding=&#8221;||5px||false|false&#8221; locked=&#8221;off&#8221; global_colors_info=&#8221;{}&#8221;]<\/p>\n<p>Muualla verkossa:<\/p>\n<p>[\/et_pb_text][et_pb_text _builder_version=&#8221;4.17.6&#8243; _module_preset=&#8221;default&#8221; text_font=&#8221;Roboto Condensed||||||||&#8221; text_text_color=&#8221;#1A366D&#8221; text_font_size=&#8221;18px&#8221; text_line_height=&#8221;1.2em&#8221; hover_enabled=&#8221;0&#8243; locked=&#8221;off&#8221; global_colors_info=&#8221;{}&#8221; sticky_enabled=&#8221;0&#8243;]<\/p>\n<ul>\n<li><a href=\"https:\/\/www.consilium.europa.eu\/fi\/policies\/the-eu-budget\/\" target=\"_blank\" rel=\"noopener\"><span style=\"font-weight: 400;\">Lis\u00e4tietoa EU:n talousarviosta<\/span><\/a><\/li>\n<li><a href=\"https:\/\/vm.fi\/eu-ja-talous\" target=\"_blank\" rel=\"noopener\"><span style=\"font-weight: 400;\">EU ja talous<\/span><\/a><\/li>\n<\/ul>\n<p>[\/et_pb_text][\/et_pb_column][\/et_pb_row][\/et_pb_section][et_pb_section fb_built=&#8221;1&#8243; module_id=&#8221;laki&#8221; _builder_version=&#8221;4.17.6&#8243; _module_preset=&#8221;default&#8221; custom_padding=&#8221;0px|||||&#8221; da_disable_devices=&#8221;off|off|off&#8221; global_colors_info=&#8221;{}&#8221; da_is_popup=&#8221;off&#8221; da_exit_intent=&#8221;off&#8221; da_has_close=&#8221;on&#8221; da_alt_close=&#8221;off&#8221; da_dark_close=&#8221;off&#8221; da_not_modal=&#8221;on&#8221; da_is_singular=&#8221;off&#8221; da_with_loader=&#8221;off&#8221; da_has_shadow=&#8221;on&#8221;][et_pb_row _builder_version=&#8221;4.17.6&#8243; _module_preset=&#8221;default&#8221; global_colors_info=&#8221;{}&#8221;][et_pb_column type=&#8221;4_4&#8243; _builder_version=&#8221;4.17.6&#8243; _module_preset=&#8221;default&#8221; global_colors_info=&#8221;{}&#8221;][et_pb_text _builder_version=&#8221;4.17.6&#8243; _module_preset=&#8221;default&#8221; text_font=&#8221;Inter|800|||||||&#8221; text_text_color=&#8221;#172f88&#8243; text_font_size=&#8221;40px&#8221; text_line_height=&#8221;1em&#8221; custom_padding=&#8221;||5px||false|false&#8221; custom_css_main_element=&#8221;border-bottom: 3px solid #D0005F;&#8221; locked=&#8221;off&#8221; global_colors_info=&#8221;{}&#8221;]<\/p>\n<p>N\u00e4in syntyy tyypillisin EU-laki<\/p>\n<p>[\/et_pb_text][et_pb_text _builder_version=&#8221;4.17.6&#8243; _module_preset=&#8221;default&#8221; text_font=&#8221;Roboto Condensed||||||||&#8221; text_text_color=&#8221;#1A366D&#8221; text_font_size=&#8221;18px&#8221; text_line_height=&#8221;1.2em&#8221; locked=&#8221;off&#8221; global_colors_info=&#8221;{}&#8221;]<\/p>\n<p><span style=\"font-weight: 400;\">EU:n toiminnan ytimess\u00e4 on lains\u00e4\u00e4d\u00e4nt\u00f6, jolla EU pyrkii saavuttamaan poliittiset tavoitteet. Euroopan komissio laatii lakiesityksen. Se toimitetaan Euroopan parlamentille, ministerineuvostolle ja kansallisille parlamenteille. Neuvosto ja parlamentti p\u00e4\u00e4tt\u00e4v\u00e4t lakialoitteesta yhteisty\u00f6ss\u00e4. T\u00e4t\u00e4 niin kutsuttua yhteisp\u00e4\u00e4t\u00f6smenettely\u00e4 sovelletaan nykyisin noin 95 prosenttiin EU-lains\u00e4\u00e4d\u00e4nn\u00f6st\u00e4.<\/span><\/p>\n<p><span style=\"font-weight: 400;\"><span>\ud83c\udd7a Komissio<\/span><\/span><\/p>\n<p><span style=\"font-weight: 400;\"><span>\ud83c\udd7f Parlamentti<\/span><\/span><\/p>\n<p><span style=\"font-weight: 400;\"><span>\ud83c\udd7c Ministerineuvosto<\/span><\/span><\/p>\n<p>[\/et_pb_text][\/et_pb_column][\/et_pb_row][et_pb_row _builder_version=&#8221;4.17.6&#8243; _module_preset=&#8221;default&#8221; custom_padding=&#8221;0px||0px||false|false&#8221; global_colors_info=&#8221;{}&#8221;][et_pb_column type=&#8221;4_4&#8243; _builder_version=&#8221;4.17.6&#8243; _module_preset=&#8221;default&#8221; global_colors_info=&#8221;{}&#8221;][et_pb_code _builder_version=&#8221;4.17.6&#8243; _module_preset=&#8221;default&#8221; custom_margin=&#8221;||0px||false|false&#8221; global_colors_info=&#8221;{}&#8221;]<div id=\"flipbox-widget-7204\" class=\"cfb_wrapper dashed-with-icon flex-row\" data-flipboxid=\"flipbox-widget-7204\" data-bootstrap-status=\"enable\" data-fontawesome-icons=\"enable\"><div class=\"flex-col-md-12 cfb-box-wrapper\">\n                    <div class=\"flipbox-container cfb-layout-1 cfb-flip cfb-hover\" data-effect=\"x\" data-height=\"default\">\n                    <div class=\"flipbox-front-layout cfb-data\" style=\"border-color:#d0005f\"><div class=\"flipbox-front-description\">\n                        <h4 style=\"color:#d0005f\">Havaitaan tarve EU-laille<\/h4>\n                        <p style=\"color:#d0005f\"><\/p>\n                        <\/div>\n                    <\/div>\n                    <div class=\"flipbox-back-layout cfb-data\" style=\"background:#d0005f;border-color:#d0005f\">\n                        <p>Esimerkki: Liikenne tuottaa noin nelj\u00e4sosan EU-maiden p\u00e4\u00e4st\u00f6ist\u00e4. Uusien henkil\u00f6autojen hiilidioksidip\u00e4\u00e4st\u00f6j\u00e4 on leikattava yh\u00e4 vakavammaksi osoittautuvan ilmastokriisin takia.<\/p><\/div>\n                    <\/div>\n                    <\/div><\/div>[\/et_pb_code][et_pb_icon font_icon=&#8221;&#x33;||divi||400&#8243; icon_color=&#8221;#D0005F&#8221; _builder_version=&#8221;4.17.6&#8243; _module_preset=&#8221;default&#8221; global_colors_info=&#8221;{}&#8221;][\/et_pb_icon][\/et_pb_column][\/et_pb_row][et_pb_row _builder_version=&#8221;4.17.6&#8243; _module_preset=&#8221;default&#8221; custom_padding=&#8221;0px||0px|||&#8221; global_colors_info=&#8221;{}&#8221;][et_pb_column type=&#8221;4_4&#8243; _builder_version=&#8221;4.17.6&#8243; _module_preset=&#8221;default&#8221; global_colors_info=&#8221;{}&#8221;][et_pb_code _builder_version=&#8221;4.17.6&#8243; _module_preset=&#8221;default&#8221; custom_margin=&#8221;0px||0px||false|false&#8221; custom_padding=&#8221;0px||0px||false|false&#8221; locked=&#8221;off&#8221; global_colors_info=&#8221;{}&#8221;]<div id=\"flipbox-widget-7208\" class=\"cfb_wrapper dashed-with-icon flex-row\" data-flipboxid=\"flipbox-widget-7208\" data-bootstrap-status=\"enable\" data-fontawesome-icons=\"enable\"><div class=\"flex-col-md-12 cfb-box-wrapper\">\n                    <div class=\"flipbox-container cfb-layout-1 cfb-flip cfb-hover\" data-effect=\"x\" data-height=\"default\">\n                    <div class=\"flipbox-front-layout cfb-data\" style=\"border-color:#d0005f\"><div class=\"flipbox-front-description\">\n                        <h4 style=\"color:#d0005f\">Komissio aloittaa lain valmistelun \ud83c\udd7a<\/h4>\n                        <p style=\"color:#d0005f\"><\/p>\n                        <\/div>\n                    <\/div>\n                    <div class=\"flipbox-back-layout cfb-data\" style=\"background:#d0005f;border-color:#d0005f\">\n                        <p>Komissio ker\u00e4\u00e4 tietoa yrityksilt\u00e4, viranomaisilta ja muilta tahoilta, joita asia koskee. Komissio tekee my\u00f6s vaikutustenarvion eli tutkii, mit\u00e4 vaikutuksia uudella lailla olisi. Se my\u00f6s konsultoi sidosryhmi\u00e4, jotka saavat kertoa aiheesta mielipiteens\u00e4.\r\n\r\nEsimerkki: Komissio valmistelee asiaa vuosinan 2015\u20132017. Johtop\u00e4\u00e4t\u00f6s on selv\u00e4: tarvitaan uusien henkil\u00f6- ja pakettiautojen hiilidioksidip\u00e4\u00e4st\u00f6jen alentamista koskeva asetusehdotus.\r\n<\/p><\/div>\n                    <\/div>\n                    <\/div><\/div>[\/et_pb_code][et_pb_icon font_icon=&#8221;&#x33;||divi||400&#8243; icon_color=&#8221;#D0005F&#8221; _builder_version=&#8221;4.17.6&#8243; _module_preset=&#8221;default&#8221; locked=&#8221;off&#8221; global_colors_info=&#8221;{}&#8221;][\/et_pb_icon][\/et_pb_column][\/et_pb_row][et_pb_row _builder_version=&#8221;4.17.6&#8243; _module_preset=&#8221;default&#8221; custom_padding=&#8221;0px||0px|||&#8221; global_colors_info=&#8221;{}&#8221;][et_pb_column type=&#8221;4_4&#8243; _builder_version=&#8221;4.17.6&#8243; _module_preset=&#8221;default&#8221; global_colors_info=&#8221;{}&#8221;][et_pb_code _builder_version=&#8221;4.17.6&#8243; _module_preset=&#8221;default&#8221; custom_margin=&#8221;0px||0px||false|false&#8221; custom_padding=&#8221;0px||0px||false|false&#8221; locked=&#8221;off&#8221; global_colors_info=&#8221;{}&#8221;]<div id=\"flipbox-widget-7219\" class=\"cfb_wrapper dashed-with-icon flex-row\" data-flipboxid=\"flipbox-widget-7219\" data-bootstrap-status=\"enable\" data-fontawesome-icons=\"enable\"><div class=\"flex-col-md-12 cfb-box-wrapper\">\n                    <div class=\"flipbox-container cfb-layout-1 cfb-flip cfb-hover\" data-effect=\"x\" data-height=\"default\">\n                    <div class=\"flipbox-front-layout cfb-data\" style=\"border-color:#d0005f\"><div class=\"flipbox-front-description\">\n                        <h4 style=\"color:#d0005f\">Lakiesitys valmistuu \ud83c\udd7a<\/h4>\n                        <p style=\"color:#d0005f\"><\/p>\n                        <\/div>\n                    <\/div>\n                    <div class=\"flipbox-back-layout cfb-data\" style=\"background:#d0005f;border-color:#d0005f\">\n                        <p>Komission virkamiehet luonnostelevat asetustekstin. Komission muut p\u00e4\u00e4osastot kommentoivat teksti\u00e4. Sitten lakiesitys julkistetaan.\r\n\r\nEsimerkki: Komissio julkistaa asetusehdotuksen syksyll\u00e4 2017. Sen mukaan autonvalmistajien on v\u00e4hennett\u00e4v\u00e4 uusien henkil\u00f6- ja pakettiautojen hiilidioksidip\u00e4\u00e4st\u00f6j\u00e4 30 prosenttia vuoteen 2030 menness\u00e4 verrattuna vuoden 2021 p\u00e4\u00e4st\u00f6lukemiin.\r\n<\/p><\/div>\n                    <\/div>\n                    <\/div><\/div>[\/et_pb_code][et_pb_icon font_icon=&#8221;&#x33;||divi||400&#8243; icon_color=&#8221;#D0005F&#8221; _builder_version=&#8221;4.17.6&#8243; _module_preset=&#8221;default&#8221; locked=&#8221;off&#8221; global_colors_info=&#8221;{}&#8221;][\/et_pb_icon][\/et_pb_column][\/et_pb_row][et_pb_row _builder_version=&#8221;4.17.6&#8243; _module_preset=&#8221;default&#8221; custom_padding=&#8221;0px||0px|||&#8221; global_colors_info=&#8221;{}&#8221;][et_pb_column type=&#8221;4_4&#8243; _builder_version=&#8221;4.17.6&#8243; _module_preset=&#8221;default&#8221; global_colors_info=&#8221;{}&#8221;][et_pb_code _builder_version=&#8221;4.17.6&#8243; _module_preset=&#8221;default&#8221; custom_margin=&#8221;0px||0px||false|false&#8221; custom_padding=&#8221;0px||0px||false|false&#8221; locked=&#8221;off&#8221; global_colors_info=&#8221;{}&#8221;]<div id=\"flipbox-widget-7220\" class=\"cfb_wrapper dashed-with-icon flex-row\" data-flipboxid=\"flipbox-widget-7220\" data-bootstrap-status=\"enable\" data-fontawesome-icons=\"enable\"><div class=\"flex-col-md-12 cfb-box-wrapper\">\n                    <div class=\"flipbox-container cfb-layout-1 cfb-flip cfb-hover\" data-effect=\"x\" data-height=\"default\">\n                    <div class=\"flipbox-front-layout cfb-data\" style=\"border-color:#d0005f\"><div class=\"flipbox-front-description\">\n                        <h4 style=\"color:#d0005f\">Lain k\u00e4sittely alkaa \ud83c\udd7f \ud83c\udd7c<\/h4>\n                        <p style=\"color:#d0005f\"><\/p>\n                        <\/div>\n                    <\/div>\n                    <div class=\"flipbox-back-layout cfb-data\" style=\"background:#d0005f;border-color:#d0005f\">\n                        <p>Asetusehdotuksen k\u00e4sittely alkaa parlamentissa ja ministerineuvostossa.\r\nEsimerkki: Parlamentti on liikenne- ja ymp\u00e4rist\u00f6asioissa tasavertainen lains\u00e4\u00e4t\u00e4j\u00e4 neuvoston kanssa. Kumpikaan ei voi k\u00e4vell\u00e4 toisen yli.\r\n<\/p><\/div>\n                    <\/div>\n                    <\/div><\/div>[\/et_pb_code][et_pb_icon font_icon=&#8221;&#x33;||divi||400&#8243; icon_color=&#8221;#D0005F&#8221; _builder_version=&#8221;4.17.6&#8243; _module_preset=&#8221;default&#8221; locked=&#8221;off&#8221; global_colors_info=&#8221;{}&#8221;][\/et_pb_icon][\/et_pb_column][\/et_pb_row][et_pb_row _builder_version=&#8221;4.17.6&#8243; _module_preset=&#8221;default&#8221; custom_padding=&#8221;0px||0px|||&#8221; global_colors_info=&#8221;{}&#8221;][et_pb_column type=&#8221;4_4&#8243; _builder_version=&#8221;4.17.6&#8243; _module_preset=&#8221;default&#8221; global_colors_info=&#8221;{}&#8221;][et_pb_code _builder_version=&#8221;4.17.6&#8243; _module_preset=&#8221;default&#8221; custom_margin=&#8221;0px||0px||false|false&#8221; custom_padding=&#8221;0px||0px||false|false&#8221; locked=&#8221;off&#8221; global_colors_info=&#8221;{}&#8221;]<div id=\"flipbox-widget-7221\" class=\"cfb_wrapper dashed-with-icon flex-row\" data-flipboxid=\"flipbox-widget-7221\" data-bootstrap-status=\"enable\" data-fontawesome-icons=\"enable\"><div class=\"flex-col-md-12 cfb-box-wrapper\">\n                    <div class=\"flipbox-container cfb-layout-1 cfb-flip cfb-hover\" data-effect=\"x\" data-height=\"default\">\n                    <div class=\"flipbox-front-layout cfb-data\" style=\"border-color:#d0005f\"><div class=\"flipbox-front-description\">\n                        <h4 style=\"color:#d0005f\">J\u00e4senmaat tarttuvat lakiesitykseen \ud83c\udd7c<\/h4>\n                        <p style=\"color:#d0005f\"><\/p>\n                        <\/div>\n                    <\/div>\n                    <div class=\"flipbox-back-layout cfb-data\" style=\"background:#d0005f;border-color:#d0005f\">\n                        <p>J\u00e4senmaat ryhtyv\u00e4t k\u00e4sittelem\u00e4\u00e4n asetusehdotuksta j\u00e4senmaiden virkamiehist\u00e4 koostuvassa sektority\u00f6ryhm\u00e4ss\u00e4. Eri alojen ty\u00f6ryhmi\u00e4 toimii Brysseliss\u00e4 yhteens\u00e4 200. Jokainen j\u00e4senmaa muodostaa oman kantansa asetusehdotukseen.\r\n\r\nEsimerkki: Suomi toivoo komission esityst\u00e4 kunnianhimoisempaa leikkausta autojen p\u00e4\u00e4st\u00f6ihin, koska se helpottaisi lliikenteen p\u00e4\u00e4st\u00f6v\u00e4hennystavoitteen saavuttamista Suomessa. My\u00f6s Ranskan ja Hollannin johtama maaliittouma esitt\u00e4\u00e4 35 prosentin leikkausta. Etenkin Saksalle asetus on kuitenkin vaikea, koska Saksa on merkitt\u00e4v\u00e4 autoteollisuusmaa ja autoteollisuus vastustaa leikkauksia. Polttoaineenkulutuksen alentaminen nostaisi auton valmistuskustannuksia noin tuhannella eurolla autoa kohti.\r\n<\/p><\/div>\n                    <\/div>\n                    <\/div><\/div>[\/et_pb_code][et_pb_icon font_icon=&#8221;&#x33;||divi||400&#8243; icon_color=&#8221;#D0005F&#8221; _builder_version=&#8221;4.17.6&#8243; _module_preset=&#8221;default&#8221; locked=&#8221;off&#8221; global_colors_info=&#8221;{}&#8221;][\/et_pb_icon][\/et_pb_column][\/et_pb_row][et_pb_row _builder_version=&#8221;4.17.6&#8243; _module_preset=&#8221;default&#8221; custom_padding=&#8221;0px||0px|||&#8221; global_colors_info=&#8221;{}&#8221;][et_pb_column type=&#8221;4_4&#8243; _builder_version=&#8221;4.17.6&#8243; _module_preset=&#8221;default&#8221; global_colors_info=&#8221;{}&#8221;][et_pb_code _builder_version=&#8221;4.17.6&#8243; _module_preset=&#8221;default&#8221; custom_margin=&#8221;0px||0px||false|false&#8221; custom_padding=&#8221;0px||0px||false|false&#8221; locked=&#8221;off&#8221; global_colors_info=&#8221;{}&#8221;]<div id=\"flipbox-widget-7222\" class=\"cfb_wrapper dashed-with-icon flex-row\" data-flipboxid=\"flipbox-widget-7222\" data-bootstrap-status=\"enable\" data-fontawesome-icons=\"enable\"><div class=\"flex-col-md-12 cfb-box-wrapper\">\n                    <div class=\"flipbox-container cfb-layout-1 cfb-flip cfb-hover\" data-effect=\"x\" data-height=\"default\">\n                    <div class=\"flipbox-front-layout cfb-data\" style=\"border-color:#d0005f\"><div class=\"flipbox-front-description\">\n                        <h4 style=\"color:#d0005f\">Europarlamentaarikot ryhtyv\u00e4t t\u00f6ihin \ud83c\udd7f<\/h4>\n                        <p style=\"color:#d0005f\"><\/p>\n                        <\/div>\n                    <\/div>\n                    <div class=\"flipbox-back-layout cfb-data\" style=\"background:#d0005f;border-color:#d0005f\">\n                        <p>Parlamentti aloittaa ty\u00f6ns\u00e4. Parlamentissa p\u00e4\u00e4tet\u00e4\u00e4n ensin, mille valiokunnalle lakialoite kuuluu. Sitten v\u00e4\u00e4nnet\u00e4\u00e4n k\u00e4tt\u00e4 siit\u00e4, mik\u00e4 poliittinen ryhm\u00e4 saa asetusehdotuksen omakseen ja kuka Euroopan parlamentin j\u00e4sen eli meppi tuossa ryhm\u00e4ss\u00e4 saa mietinn\u00f6n laadittavakseen. Muut poliittiset ryhm\u00e4t nimitt\u00e4v\u00e4t niin sanotun varjoesittelij\u00e4n eli mepin, joka kertoo oman ryhm\u00e4ns\u00e4 n\u00e4kemyksen varsinaiselle mietinn\u00f6n tekij\u00e4lle.\r\nEsimerkki: Liikenneasiat kuuluvat liikennevaliokunnalle. Mietinn\u00f6n laatijaksi valitaan keskustavasemmistoryhm\u00e4\u00e4n kuuluva europarlamentaarikko Miriam Dalli Maltalta.<\/p><\/div>\n                    <\/div>\n                    <\/div><\/div>[\/et_pb_code][et_pb_icon font_icon=&#8221;&#x33;||divi||400&#8243; icon_color=&#8221;#D0005F&#8221; _builder_version=&#8221;4.17.6&#8243; _module_preset=&#8221;default&#8221; locked=&#8221;off&#8221; global_colors_info=&#8221;{}&#8221;][\/et_pb_icon][\/et_pb_column][\/et_pb_row][et_pb_row _builder_version=&#8221;4.17.6&#8243; _module_preset=&#8221;default&#8221; custom_padding=&#8221;0px||0px|||&#8221; global_colors_info=&#8221;{}&#8221;][et_pb_column type=&#8221;4_4&#8243; _builder_version=&#8221;4.17.6&#8243; _module_preset=&#8221;default&#8221; global_colors_info=&#8221;{}&#8221;][et_pb_code _builder_version=&#8221;4.17.6&#8243; _module_preset=&#8221;default&#8221; custom_margin=&#8221;0px||0px||false|false&#8221; custom_padding=&#8221;0px||0px||false|false&#8221; locked=&#8221;off&#8221; global_colors_info=&#8221;{}&#8221;]<div id=\"flipbox-widget-7223\" class=\"cfb_wrapper dashed-with-icon flex-row\" data-flipboxid=\"flipbox-widget-7223\" data-bootstrap-status=\"enable\" data-fontawesome-icons=\"enable\"><div class=\"flex-col-md-12 cfb-box-wrapper\">\n                    <div class=\"flipbox-container cfb-layout-1 cfb-flip cfb-hover\" data-effect=\"x\" data-height=\"default\">\n                    <div class=\"flipbox-front-layout cfb-data\" style=\"border-color:#d0005f\"><div class=\"flipbox-front-description\">\n                        <h4 style=\"color:#d0005f\">Parlamentin kanta valmis \ud83c\udd7f<\/h4>\n                        <p style=\"color:#d0005f\"><\/p>\n                        <\/div>\n                    <\/div>\n                    <div class=\"flipbox-back-layout cfb-data\" style=\"background:#d0005f;border-color:#d0005f\">\n                        <p>Parlamentti hyv\u00e4ksyy kantansa t\u00e4ysistunto\u00e4\u00e4nestyksess\u00e4.\r\nEsimerkki: Euroopan parlamentti ehdottaa komission esityst\u00e4 tiukempaa 40 prosentin p\u00e4\u00e4st\u00f6leikkausta henkil\u00f6autojen p\u00e4\u00e4st\u00f6ihin vuoteen 2030 menness\u00e4.\r\n<\/p><\/div>\n                    <\/div>\n                    <\/div><\/div>[\/et_pb_code][et_pb_icon font_icon=&#8221;&#x33;||divi||400&#8243; icon_color=&#8221;#D0005F&#8221; _builder_version=&#8221;4.17.6&#8243; _module_preset=&#8221;default&#8221; locked=&#8221;off&#8221; global_colors_info=&#8221;{}&#8221;][\/et_pb_icon][\/et_pb_column][\/et_pb_row][et_pb_row _builder_version=&#8221;4.17.6&#8243; _module_preset=&#8221;default&#8221; custom_padding=&#8221;0px||0px|||&#8221; global_colors_info=&#8221;{}&#8221;][et_pb_column type=&#8221;4_4&#8243; _builder_version=&#8221;4.17.6&#8243; _module_preset=&#8221;default&#8221; global_colors_info=&#8221;{}&#8221;][et_pb_code _builder_version=&#8221;4.17.6&#8243; _module_preset=&#8221;default&#8221; custom_margin=&#8221;0px||0px||false|false&#8221; custom_padding=&#8221;0px||0px||false|false&#8221; locked=&#8221;off&#8221; global_colors_info=&#8221;{}&#8221;]<div id=\"flipbox-widget-7224\" class=\"cfb_wrapper dashed-with-icon flex-row\" data-flipboxid=\"flipbox-widget-7224\" data-bootstrap-status=\"enable\" data-fontawesome-icons=\"enable\"><div class=\"flex-col-md-12 cfb-box-wrapper\">\n                    <div class=\"flipbox-container cfb-layout-1 cfb-flip cfb-hover\" data-effect=\"x\" data-height=\"default\">\n                    <div class=\"flipbox-front-layout cfb-data\" style=\"border-color:#d0005f\"><div class=\"flipbox-front-description\">\n                        <h4 style=\"color:#d0005f\">Neuvottelut parlamentin ja ministerineuvoston kesken \ud83c\udd7f \ud83c\udd7c<\/h4>\n                        <p style=\"color:#d0005f\"><\/p>\n                        <\/div>\n                    <\/div>\n                    <div class=\"flipbox-back-layout cfb-data\" style=\"background:#d0005f;border-color:#d0005f\">\n                        <p>Esimerkki: Virallisten kokousten lis\u00e4ksi j\u00e4rjestet\u00e4\u00e4n kymmeni\u00e4 ep\u00e4virallisia neuvotteluita ja tapaamisia. Pohjana on aina komission esitys, johon mietinn\u00f6st\u00e4 vastaava meppi ja j\u00e4senmaiden edustajat tekev\u00e4t muutoksia. Lopulta ministerineuvosto ja parlamentti l\u00f6yt\u00e4v\u00e4t sovun asetuksen sis\u00e4ll\u00f6st\u00e4 ja p\u00e4\u00e4st\u00f6jen leikkausprosentista.<\/p><\/div>\n                    <\/div>\n                    <\/div><\/div>[\/et_pb_code][et_pb_icon font_icon=&#8221;&#x33;||divi||400&#8243; icon_color=&#8221;#D0005F&#8221; _builder_version=&#8221;4.17.6&#8243; _module_preset=&#8221;default&#8221; locked=&#8221;off&#8221; global_colors_info=&#8221;{}&#8221;][\/et_pb_icon][\/et_pb_column][\/et_pb_row][et_pb_row _builder_version=&#8221;4.17.6&#8243; _module_preset=&#8221;default&#8221; custom_padding=&#8221;0px||0px|||&#8221; global_colors_info=&#8221;{}&#8221;][et_pb_column type=&#8221;4_4&#8243; _builder_version=&#8221;4.17.6&#8243; _module_preset=&#8221;default&#8221; global_colors_info=&#8221;{}&#8221;][et_pb_code _builder_version=&#8221;4.17.6&#8243; _module_preset=&#8221;default&#8221; custom_margin=&#8221;0px||0px||false|false&#8221; custom_padding=&#8221;0px||0px||false|false&#8221; locked=&#8221;off&#8221; global_colors_info=&#8221;{}&#8221;]<div id=\"flipbox-widget-7225\" class=\"cfb_wrapper dashed-with-icon flex-row\" data-flipboxid=\"flipbox-widget-7225\" data-bootstrap-status=\"enable\" data-fontawesome-icons=\"enable\"><div class=\"flex-col-md-12 cfb-box-wrapper\">\n                    <div class=\"flipbox-container cfb-layout-1 cfb-flip cfb-hover\" data-effect=\"x\" data-height=\"default\">\n                    <div class=\"flipbox-front-layout cfb-data\" style=\"border-color:#d0005f\"><div class=\"flipbox-front-description\">\n                        <h4 style=\"color:#d0005f\">Asetus hyv\u00e4ksyt\u00e4\u00e4n \ud83c\udd7f \ud83c\udd7c<\/h4>\n                        <p style=\"color:#d0005f\"><\/p>\n                        <\/div>\n                    <\/div>\n                    <div class=\"flipbox-back-layout cfb-data\" style=\"background:#d0005f;border-color:#d0005f\">\n                        <p>Esimerkki: Huhtikuussa 2019 parlamentti ja ministerineuvosto hyv\u00e4ksyv\u00e4t EU-asetuksen 2019\/631 hiilidioksidip\u00e4\u00e4st\u00f6normien asettamisesta uusille henkil\u00f6autoille ja uusille kevyille hy\u00f6tyajoneuvoille. Asetuksen my\u00f6t\u00e4 uusien henkil\u00f6autojen keskim\u00e4\u00e4r\u00e4iset hiilidioksidip\u00e4\u00e4st\u00f6t laskevat 37,5 prosenttia 2021\u20132030 v\u00e4lill\u00e4. Ensirekister\u00f6it\u00e4vien pakettiautojen p\u00e4\u00e4st\u00f6jen tulee pudota samassa ajassa 31 prosenttia.<\/p><\/div>\n                    <\/div>\n                    <\/div><\/div>[\/et_pb_code][\/et_pb_column][\/et_pb_row][et_pb_row _builder_version=&#8221;4.17.6&#8243; _module_preset=&#8221;default&#8221; global_colors_info=&#8221;{}&#8221;][et_pb_column type=&#8221;4_4&#8243; _builder_version=&#8221;4.17.6&#8243; _module_preset=&#8221;default&#8221; global_colors_info=&#8221;{}&#8221;][et_pb_text _builder_version=&#8221;4.17.6&#8243; _module_preset=&#8221;default&#8221; text_font=&#8221;Roboto Condensed||||||||&#8221; text_text_color=&#8221;#1A366D&#8221; text_font_size=&#8221;18px&#8221; text_line_height=&#8221;1.2em&#8221; locked=&#8221;off&#8221; global_colors_info=&#8221;{}&#8221;]<\/p>\n<p><span style=\"font-weight: 400;\">Lains\u00e4\u00e4d\u00e4nt\u00f6tarpeen havaitsemisen j\u00e4lkeen asian valmistelu aloitetaan komissiossa. Komissio ker\u00e4\u00e4 tietoa yrityksilt\u00e4, viranomaisilta ja muilta tahoilta, joita asia koskee. Komissio tekee my\u00f6s vaikutustenarvion eli tutkii, mit\u00e4 vaikutuksia uudella lailla olisi. Se my\u00f6s konsultoi sidosryhmi\u00e4, jotka saavat kertoa aiheesta mielipiteens\u00e4.\u00a0<\/span><\/p>\n<p><span style=\"font-weight: 400;\">Komission virkamiehet luonnostelevat asetustekstin ja komission muut p\u00e4\u00e4osastot kommentoivat teksti\u00e4. Sitten lakiesitys julkistetaan ja asetusehdotuksen k\u00e4sittely alkaa parlamentissa ja ministerineuvostossa.\u00a0<\/span><\/p>\n<p><span style=\"font-weight: 400;\">Seuraavaksi j\u00e4senmaat ryhtyv\u00e4t k\u00e4sittelem\u00e4\u00e4n asetusehdotusta j\u00e4senmaiden virkamiehist\u00e4 koostuvassa sektority\u00f6ryhm\u00e4ss\u00e4. Eri alojen ty\u00f6ryhmi\u00e4 toimii Brysseliss\u00e4 yhteens\u00e4 200. Jokainen j\u00e4senmaa muodostaa oman kantansa asetusehdotukseen.\u00a0<\/span><\/p>\n<p><span style=\"font-weight: 400;\">T\u00e4m\u00e4n j\u00e4lkeen parlamentti aloittaa ty\u00f6ns\u00e4. Parlamentissa p\u00e4\u00e4tet\u00e4\u00e4n ensin, mille valiokunnalle lakialoite kuuluu. Sitten v\u00e4\u00e4nnet\u00e4\u00e4n k\u00e4tt\u00e4 siit\u00e4, mik\u00e4 poliittinen ryhm\u00e4 saa asetusehdotuksen omakseen ja kuka Euroopan parlamentin j\u00e4sen eli meppi tuossa ryhm\u00e4ss\u00e4 saa mietinn\u00f6n laadittavakseen. Muut poliittiset ryhm\u00e4t nimitt\u00e4v\u00e4t niin sanotun varjoesittelij\u00e4n eli mepin, joka kertoo oman ryhm\u00e4ns\u00e4 n\u00e4kemyksen varsinaiselle mietinn\u00f6n tekij\u00e4lle. Parlamentti hyv\u00e4ksyy kantansa t\u00e4ysistunto\u00e4\u00e4nestyksess\u00e4.\u00a0<\/span><\/p>\n<p><span style=\"font-weight: 400;\">T\u00e4t\u00e4 seuraavat neuvottelut parlamentin ja ministerineuvoston kesken. N\u00e4iden neuvotteluiden pohjalta asetus lopulta hyv\u00e4ksyt\u00e4\u00e4n.<\/span><\/p>\n<p>[\/et_pb_text][\/et_pb_column][\/et_pb_row][\/et_pb_section]<\/p>\n","protected":false},"excerpt":{"rendered":"<p>PERUSTIETOA EU:STAEU-j\u00e4senmaatEuroopan unioni on kasvanut useiden laajentumiskierrosten my\u00f6t\u00e4. EU-j\u00e4senmaita on nyt 27. Kaikki EU:n j\u00e4senvaltiot kuuluvat Euroopan talous- ja rahaliittoon, mutta kaikki eiv\u00e4t ole ottaneet k\u00e4ytt\u00f6\u00f6n yhteist\u00e4 rahaa, euroa (\u20ac). Iso-Britannia liittyi unioniin vuonna 1973 ja erosi 1.2.2020. Britannia ei kuulunut j\u00e4senyytens\u00e4 aikana Schengen-alueeseen eik\u00e4 ottanut k\u00e4ytt\u00f6\u00f6n euroa. Bulgaria ja Romania kuuluvat Schengen-alueeseen 31.3.2024 alkaen. [&hellip;]<\/p>\n","protected":false},"author":5,"featured_media":0,"parent":0,"menu_order":0,"comment_status":"closed","ping_status":"closed","template":"","meta":{"_et_pb_use_builder":"on","_et_pb_old_content":"","_et_gb_content_width":""},"yoast_head":"<!-- This site is optimized with the Yoast SEO plugin v19.13 - https:\/\/yoast.com\/wordpress\/plugins\/seo\/ -->\n<title>Perustietoa EU:sta - Eurooppalainen Suomi<\/title>\n<meta name=\"robots\" content=\"index, follow, max-snippet:-1, max-image-preview:large, max-video-preview:-1\" \/>\n<link rel=\"canonical\" href=\"https:\/\/www.eurooppalainensuomi.fi\/perustietoa-eusta\" \/>\n<meta property=\"og:locale\" content=\"en_US\" \/>\n<meta property=\"og:type\" content=\"article\" \/>\n<meta property=\"og:title\" content=\"Perustietoa EU:sta - Eurooppalainen Suomi\" \/>\n<meta property=\"og:description\" content=\"PERUSTIETOA EU:STAEU-j\u00e4senmaatEuroopan unioni on kasvanut useiden laajentumiskierrosten my\u00f6t\u00e4. EU-j\u00e4senmaita on nyt 27. Kaikki EU:n j\u00e4senvaltiot kuuluvat Euroopan talous- ja rahaliittoon, mutta kaikki eiv\u00e4t ole ottaneet k\u00e4ytt\u00f6\u00f6n yhteist\u00e4 rahaa, euroa (\u20ac). Iso-Britannia liittyi unioniin vuonna 1973 ja erosi 1.2.2020. Britannia ei kuulunut j\u00e4senyytens\u00e4 aikana Schengen-alueeseen eik\u00e4 ottanut k\u00e4ytt\u00f6\u00f6n euroa. Bulgaria ja Romania kuuluvat Schengen-alueeseen 31.3.2024 alkaen. [&hellip;]\" \/>\n<meta property=\"og:url\" content=\"https:\/\/www.eurooppalainensuomi.fi\/perustietoa-eusta\" \/>\n<meta property=\"og:site_name\" content=\"Eurooppalainen Suomi\" \/>\n<meta property=\"article:publisher\" content=\"https:\/\/www.facebook.com\/eurooppalainensuomi\" \/>\n<meta property=\"article:modified_time\" content=\"2025-12-12T11:13:56+00:00\" \/>\n<meta property=\"og:image\" content=\"https:\/\/www.eurooppalainensuomi.fi\/wp-content\/uploads\/2025\/12\/image17.jpg\" \/>\n<meta name=\"twitter:card\" content=\"summary_large_image\" \/>\n<meta name=\"twitter:site\" content=\"@em_finland\" \/>\n<script type=\"application\/ld+json\" class=\"yoast-schema-graph\">{\"@context\":\"https:\/\/schema.org\",\"@graph\":[{\"@type\":\"WebPage\",\"@id\":\"https:\/\/www.eurooppalainensuomi.fi\/perustietoa-eusta\",\"url\":\"https:\/\/www.eurooppalainensuomi.fi\/perustietoa-eusta\",\"name\":\"Perustietoa EU:sta - Eurooppalainen Suomi\",\"isPartOf\":{\"@id\":\"https:\/\/www.eurooppalainensuomi.fi\/#website\"},\"datePublished\":\"2025-12-04T20:46:15+00:00\",\"dateModified\":\"2025-12-12T11:13:56+00:00\",\"breadcrumb\":{\"@id\":\"https:\/\/www.eurooppalainensuomi.fi\/perustietoa-eusta#breadcrumb\"},\"inLanguage\":\"en\",\"potentialAction\":[{\"@type\":\"ReadAction\",\"target\":[\"https:\/\/www.eurooppalainensuomi.fi\/perustietoa-eusta\"]}]},{\"@type\":\"BreadcrumbList\",\"@id\":\"https:\/\/www.eurooppalainensuomi.fi\/perustietoa-eusta#breadcrumb\",\"itemListElement\":[{\"@type\":\"ListItem\",\"position\":1,\"name\":\"Etusivu\",\"item\":\"https:\/\/www.eurooppalainensuomi.fi\/\"},{\"@type\":\"ListItem\",\"position\":2,\"name\":\"Perustietoa EU:sta\"}]},{\"@type\":\"WebSite\",\"@id\":\"https:\/\/www.eurooppalainensuomi.fi\/#website\",\"url\":\"https:\/\/www.eurooppalainensuomi.fi\/\",\"name\":\"Eurooppalainen Suomi\",\"description\":\"Parempaa Eurooppaa rakentamassa\",\"publisher\":{\"@id\":\"https:\/\/www.eurooppalainensuomi.fi\/#organization\"},\"potentialAction\":[{\"@type\":\"SearchAction\",\"target\":{\"@type\":\"EntryPoint\",\"urlTemplate\":\"https:\/\/www.eurooppalainensuomi.fi\/?s={search_term_string}\"},\"query-input\":\"required name=search_term_string\"}],\"inLanguage\":\"en\"},{\"@type\":\"Organization\",\"@id\":\"https:\/\/www.eurooppalainensuomi.fi\/#organization\",\"name\":\"Eurooppalainen Suomi ry\",\"url\":\"https:\/\/www.eurooppalainensuomi.fi\/\",\"logo\":{\"@type\":\"ImageObject\",\"inLanguage\":\"en\",\"@id\":\"https:\/\/www.eurooppalainensuomi.fi\/#\/schema\/logo\/image\/\",\"url\":\"https:\/\/www.eurooppalainensuomi.fi\/wp-content\/uploads\/2021\/01\/PNG_large.png\",\"contentUrl\":\"https:\/\/www.eurooppalainensuomi.fi\/wp-content\/uploads\/2021\/01\/PNG_large.png\",\"width\":586,\"height\":220,\"caption\":\"Eurooppalainen Suomi ry\"},\"image\":{\"@id\":\"https:\/\/www.eurooppalainensuomi.fi\/#\/schema\/logo\/image\/\"},\"sameAs\":[\"https:\/\/instagram.com\/eurooppalainensuomi\",\"https:\/\/www.youtube.com\/channel\/UCBeqyrm1ze2RinjeAYS_-Jg\",\"https:\/\/fi.wikipedia.org\/wiki\/Eurooppalainen_Suomi\",\"https:\/\/www.facebook.com\/eurooppalainensuomi\",\"https:\/\/twitter.com\/em_finland\"]}]}<\/script>\n<!-- \/ Yoast SEO plugin. -->","yoast_head_json":{"title":"Perustietoa EU:sta - Eurooppalainen Suomi","robots":{"index":"index","follow":"follow","max-snippet":"max-snippet:-1","max-image-preview":"max-image-preview:large","max-video-preview":"max-video-preview:-1"},"canonical":"https:\/\/www.eurooppalainensuomi.fi\/perustietoa-eusta","og_locale":"en_US","og_type":"article","og_title":"Perustietoa EU:sta - Eurooppalainen Suomi","og_description":"PERUSTIETOA EU:STAEU-j\u00e4senmaatEuroopan unioni on kasvanut useiden laajentumiskierrosten my\u00f6t\u00e4. EU-j\u00e4senmaita on nyt 27. Kaikki EU:n j\u00e4senvaltiot kuuluvat Euroopan talous- ja rahaliittoon, mutta kaikki eiv\u00e4t ole ottaneet k\u00e4ytt\u00f6\u00f6n yhteist\u00e4 rahaa, euroa (\u20ac). Iso-Britannia liittyi unioniin vuonna 1973 ja erosi 1.2.2020. Britannia ei kuulunut j\u00e4senyytens\u00e4 aikana Schengen-alueeseen eik\u00e4 ottanut k\u00e4ytt\u00f6\u00f6n euroa. Bulgaria ja Romania kuuluvat Schengen-alueeseen 31.3.2024 alkaen. [&hellip;]","og_url":"https:\/\/www.eurooppalainensuomi.fi\/perustietoa-eusta","og_site_name":"Eurooppalainen Suomi","article_publisher":"https:\/\/www.facebook.com\/eurooppalainensuomi","article_modified_time":"2025-12-12T11:13:56+00:00","og_image":[{"url":"https:\/\/www.eurooppalainensuomi.fi\/wp-content\/uploads\/2025\/12\/image17.jpg"}],"twitter_card":"summary_large_image","twitter_site":"@em_finland","schema":{"@context":"https:\/\/schema.org","@graph":[{"@type":"WebPage","@id":"https:\/\/www.eurooppalainensuomi.fi\/perustietoa-eusta","url":"https:\/\/www.eurooppalainensuomi.fi\/perustietoa-eusta","name":"Perustietoa EU:sta - Eurooppalainen Suomi","isPartOf":{"@id":"https:\/\/www.eurooppalainensuomi.fi\/#website"},"datePublished":"2025-12-04T20:46:15+00:00","dateModified":"2025-12-12T11:13:56+00:00","breadcrumb":{"@id":"https:\/\/www.eurooppalainensuomi.fi\/perustietoa-eusta#breadcrumb"},"inLanguage":"en","potentialAction":[{"@type":"ReadAction","target":["https:\/\/www.eurooppalainensuomi.fi\/perustietoa-eusta"]}]},{"@type":"BreadcrumbList","@id":"https:\/\/www.eurooppalainensuomi.fi\/perustietoa-eusta#breadcrumb","itemListElement":[{"@type":"ListItem","position":1,"name":"Etusivu","item":"https:\/\/www.eurooppalainensuomi.fi\/"},{"@type":"ListItem","position":2,"name":"Perustietoa EU:sta"}]},{"@type":"WebSite","@id":"https:\/\/www.eurooppalainensuomi.fi\/#website","url":"https:\/\/www.eurooppalainensuomi.fi\/","name":"Eurooppalainen Suomi","description":"Parempaa Eurooppaa rakentamassa","publisher":{"@id":"https:\/\/www.eurooppalainensuomi.fi\/#organization"},"potentialAction":[{"@type":"SearchAction","target":{"@type":"EntryPoint","urlTemplate":"https:\/\/www.eurooppalainensuomi.fi\/?s={search_term_string}"},"query-input":"required name=search_term_string"}],"inLanguage":"en"},{"@type":"Organization","@id":"https:\/\/www.eurooppalainensuomi.fi\/#organization","name":"Eurooppalainen Suomi ry","url":"https:\/\/www.eurooppalainensuomi.fi\/","logo":{"@type":"ImageObject","inLanguage":"en","@id":"https:\/\/www.eurooppalainensuomi.fi\/#\/schema\/logo\/image\/","url":"https:\/\/www.eurooppalainensuomi.fi\/wp-content\/uploads\/2021\/01\/PNG_large.png","contentUrl":"https:\/\/www.eurooppalainensuomi.fi\/wp-content\/uploads\/2021\/01\/PNG_large.png","width":586,"height":220,"caption":"Eurooppalainen Suomi ry"},"image":{"@id":"https:\/\/www.eurooppalainensuomi.fi\/#\/schema\/logo\/image\/"},"sameAs":["https:\/\/instagram.com\/eurooppalainensuomi","https:\/\/www.youtube.com\/channel\/UCBeqyrm1ze2RinjeAYS_-Jg","https:\/\/fi.wikipedia.org\/wiki\/Eurooppalainen_Suomi","https:\/\/www.facebook.com\/eurooppalainensuomi","https:\/\/twitter.com\/em_finland"]}]}},"_links":{"self":[{"href":"https:\/\/www.eurooppalainensuomi.fi\/index.php?rest_route=\/wp\/v2\/pages\/6957"}],"collection":[{"href":"https:\/\/www.eurooppalainensuomi.fi\/index.php?rest_route=\/wp\/v2\/pages"}],"about":[{"href":"https:\/\/www.eurooppalainensuomi.fi\/index.php?rest_route=\/wp\/v2\/types\/page"}],"author":[{"embeddable":true,"href":"https:\/\/www.eurooppalainensuomi.fi\/index.php?rest_route=\/wp\/v2\/users\/5"}],"replies":[{"embeddable":true,"href":"https:\/\/www.eurooppalainensuomi.fi\/index.php?rest_route=%2Fwp%2Fv2%2Fcomments&post=6957"}],"version-history":[{"count":59,"href":"https:\/\/www.eurooppalainensuomi.fi\/index.php?rest_route=\/wp\/v2\/pages\/6957\/revisions"}],"predecessor-version":[{"id":7650,"href":"https:\/\/www.eurooppalainensuomi.fi\/index.php?rest_route=\/wp\/v2\/pages\/6957\/revisions\/7650"}],"wp:attachment":[{"href":"https:\/\/www.eurooppalainensuomi.fi\/index.php?rest_route=%2Fwp%2Fv2%2Fmedia&parent=6957"}],"curies":[{"name":"wp","href":"https:\/\/api.w.org\/{rel}","templated":true}]}}