{"id":6645,"date":"2025-11-19T20:55:57","date_gmt":"2025-11-19T18:55:57","guid":{"rendered":"https:\/\/www.eurooppalainensuomi.fi\/?page_id=6645"},"modified":"2025-12-10T13:07:43","modified_gmt":"2025-12-10T11:07:43","slug":"eurooppa-neuvoston-jalkiloylyt","status":"publish","type":"page","link":"https:\/\/www.eurooppalainensuomi.fi\/eurooppa-neuvoston-jalkiloylyt","title":{"rendered":"Eurooppa-neuvoston j\u00e4lkil\u00f6ylyt"},"content":{"rendered":"<p>[et_pb_section fb_built=&#8221;1&#8243; custom_padding_last_edited=&#8221;on|phone&#8221; _builder_version=&#8221;4.17.6&#8243; _module_preset=&#8221;default&#8221; background_image=&#8221;https:\/\/www.eurooppalainensuomi.fi\/wp-content\/uploads\/2025\/12\/Jalkiloylyt.jpg&#8221; custom_padding=&#8221;200px||200px||false|false&#8221; custom_padding_tablet=&#8221;200px||200px||false|false&#8221; custom_padding_phone=&#8221;80px||80px||false|false&#8221; da_disable_devices=&#8221;off|off|off&#8221; locked=&#8221;off&#8221; global_colors_info=&#8221;{}&#8221; da_is_popup=&#8221;off&#8221; da_exit_intent=&#8221;off&#8221; da_has_close=&#8221;on&#8221; da_alt_close=&#8221;off&#8221; da_dark_close=&#8221;off&#8221; da_not_modal=&#8221;on&#8221; da_is_singular=&#8221;off&#8221; da_with_loader=&#8221;off&#8221; da_has_shadow=&#8221;on&#8221;][et_pb_row _builder_version=&#8221;4.17.6&#8243; _module_preset=&#8221;default&#8221; global_colors_info=&#8221;{}&#8221;][et_pb_column type=&#8221;4_4&#8243; _builder_version=&#8221;4.17.6&#8243; _module_preset=&#8221;default&#8221; global_colors_info=&#8221;{}&#8221;][et_pb_text _builder_version=&#8221;4.17.6&#8243; _module_preset=&#8221;default&#8221; text_font=&#8221;Roboto Condensed|700|||||||&#8221; text_text_color=&#8221;#FFFFFF&#8221; text_font_size=&#8221;80px&#8221; text_line_height=&#8221;1em&#8221; hover_enabled=&#8221;0&#8243; text_font_size_tablet=&#8221;80px&#8221; text_font_size_phone=&#8221;60px&#8221; text_font_size_last_edited=&#8221;on|phone&#8221; locked=&#8221;off&#8221; global_colors_info=&#8221;{}&#8221; sticky_enabled=&#8221;0&#8243;]<\/p>\n<p>EUROOPPA-&shy;NEUVOSTON J\u00c4LKI&shy;L\u00d6YLYT<\/p>\n<p>[\/et_pb_text][\/et_pb_column][\/et_pb_row][\/et_pb_section][et_pb_section fb_built=&#8221;1&#8243; _builder_version=&#8221;4.17.6&#8243; _module_preset=&#8221;default&#8221; custom_padding=&#8221;45px||45px|||&#8221; da_disable_devices=&#8221;off|off|off&#8221; global_colors_info=&#8221;{}&#8221; da_is_popup=&#8221;off&#8221; da_exit_intent=&#8221;off&#8221; da_has_close=&#8221;on&#8221; da_alt_close=&#8221;off&#8221; da_dark_close=&#8221;off&#8221; da_not_modal=&#8221;on&#8221; da_is_singular=&#8221;off&#8221; da_with_loader=&#8221;off&#8221; da_has_shadow=&#8221;on&#8221;][et_pb_row _builder_version=&#8221;4.17.6&#8243; _module_preset=&#8221;default&#8221; locked=&#8221;off&#8221; global_colors_info=&#8221;{}&#8221;][et_pb_column type=&#8221;4_4&#8243; _builder_version=&#8221;4.17.6&#8243; _module_preset=&#8221;default&#8221; global_colors_info=&#8221;{}&#8221;][et_pb_text _builder_version=&#8221;4.17.6&#8243; _module_preset=&#8221;default&#8221; text_font=&#8221;Roboto Condensed||||||||&#8221; text_text_color=&#8221;#1A366D&#8221; text_font_size=&#8221;18px&#8221; text_line_height=&#8221;1.2em&#8221; locked=&#8221;off&#8221; global_colors_info=&#8221;{}&#8221;]<\/p>\n<p><span style=\"font-weight: 400;\">J\u00e4rjest\u00e4mme yhdess\u00e4 Ulkopoliittisen instituutin kanssa Eurooppa-neuvoston j\u00e4lkil\u00f6ylyj\u00e4, joissa pureudutaan tuoreimpien EU-huippukokousten keskeisiin p\u00e4\u00e4t\u00f6ksiin ja niiden merkitykseen Suomelle sek\u00e4 koko unionille. Tilaisuudet tarjoavat osallistujille mahdollisuuden kuulla asiantuntijoiden analyysej\u00e4 ajankohtaisista EU-asioista.\u00a0<\/span><\/p>\n<p><span style=\"font-weight: 400;\">Tilaisuudet ovat tavallisesti avoinna vain j\u00e4senillemme tai uutiskirjeemme tilaajille. Tallenteet ovat vapaasti katsottavissa. <\/span><\/p>\n<p><a href=\"https:\/\/www.eurooppalainensuomi.fi\/jasenyys-ja-yhteistyot\"><span style=\"font-weight: 400;\">Voit liitty\u00e4 j\u00e4seneksi tai tilata uutiskirjeen t\u00e4\u00e4lt\u00e4.<\/span><\/a><\/p>\n<p>[\/et_pb_text][et_pb_text _builder_version=&#8221;4.17.6&#8243; _module_preset=&#8221;default&#8221; text_font=&#8221;Inter|800|||||||&#8221; text_text_color=&#8221;#1A366D&#8221; text_font_size=&#8221;18px&#8221; text_line_height=&#8221;1.2em&#8221; locked=&#8221;off&#8221; global_colors_info=&#8221;{}&#8221;]<\/p>\n<p>Katso alta aiempien j\u00e4lkil\u00f6ylyjen tallenteita.<\/p>\n<p>[\/et_pb_text][\/et_pb_column][\/et_pb_row][et_pb_row column_structure=&#8221;1_3,1_3,1_3&#8243; _builder_version=&#8221;4.17.6&#8243; _module_preset=&#8221;default&#8221; custom_padding=&#8221;0px|||||&#8221; global_colors_info=&#8221;{}&#8221;][et_pb_column type=&#8221;1_3&#8243; _builder_version=&#8221;4.17.6&#8243; _module_preset=&#8221;default&#8221; global_colors_info=&#8221;{}&#8221;][et_pb_code _builder_version=&#8221;4.17.6&#8243; _module_preset=&#8221;default&#8221; global_colors_info=&#8221;{}&#8221;]<iframe loading=\"lazy\" width=\"560\" height=\"315\" src=\"https:\/\/www.youtube.com\/embed\/tToQ1ENL0TU?si=vFdJxRA0GB_Zcp26\" title=\"YouTube video player\" frameborder=\"0\" allow=\"accelerometer; autoplay; clipboard-write; encrypted-media; gyroscope; picture-in-picture; web-share\" referrerpolicy=\"strict-origin-when-cross-origin\" allowfullscreen><\/iframe><!-- [et_pb_line_break_holder] -->[\/et_pb_code][et_pb_code _builder_version=&#8221;4.17.6&#8243; _module_preset=&#8221;default&#8221; global_colors_info=&#8221;{}&#8221;]<iframe loading=\"lazy\" width=\"560\" height=\"315\" src=\"https:\/\/www.youtube.com\/embed\/S3BVM8tiQK0?si=vFdJxRA0GB_Zcp26\" title=\"YouTube video player\" frameborder=\"0\" allow=\"accelerometer; autoplay; clipboard-write; encrypted-media; gyroscope; picture-in-picture; web-share\" referrerpolicy=\"strict-origin-when-cross-origin\" allowfullscreen><\/iframe><!-- [et_pb_line_break_holder] -->[\/et_pb_code][\/et_pb_column][et_pb_column type=&#8221;1_3&#8243; _builder_version=&#8221;4.17.6&#8243; _module_preset=&#8221;default&#8221; global_colors_info=&#8221;{}&#8221;][et_pb_code _builder_version=&#8221;4.17.6&#8243; _module_preset=&#8221;default&#8221; global_colors_info=&#8221;{}&#8221;]<iframe loading=\"lazy\" width=\"560\" height=\"315\" src=\"https:\/\/www.youtube.com\/embed\/zxgy6-__X1k?si=vFdJxRA0GB_Zcp26\" title=\"YouTube video player\" frameborder=\"0\" allow=\"accelerometer; autoplay; clipboard-write; encrypted-media; gyroscope; picture-in-picture; web-share\" referrerpolicy=\"strict-origin-when-cross-origin\" allowfullscreen><\/iframe><!-- [et_pb_line_break_holder] -->[\/et_pb_code][et_pb_code _builder_version=&#8221;4.17.6&#8243; _module_preset=&#8221;default&#8221; global_colors_info=&#8221;{}&#8221;]<iframe loading=\"lazy\" width=\"560\" height=\"315\" src=\"https:\/\/www.youtube.com\/embed\/8tlgDP2uCi0?si=vFdJxRA0GB_Zcp26\" title=\"YouTube video player\" frameborder=\"0\" allow=\"accelerometer; autoplay; clipboard-write; encrypted-media; gyroscope; picture-in-picture; web-share\" referrerpolicy=\"strict-origin-when-cross-origin\" allowfullscreen><\/iframe><!-- [et_pb_line_break_holder] -->[\/et_pb_code][\/et_pb_column][et_pb_column type=&#8221;1_3&#8243; _builder_version=&#8221;4.17.6&#8243; _module_preset=&#8221;default&#8221; global_colors_info=&#8221;{}&#8221;][et_pb_code _builder_version=&#8221;4.17.6&#8243; _module_preset=&#8221;default&#8221; global_colors_info=&#8221;{}&#8221;]<iframe loading=\"lazy\" width=\"560\" height=\"315\" src=\"https:\/\/www.youtube.com\/embed\/mOIjAAJSD8w?si=vFdJxRA0GB_Zcp26\" title=\"YouTube video player\" frameborder=\"0\" allow=\"accelerometer; autoplay; clipboard-write; encrypted-media; gyroscope; picture-in-picture; web-share\" referrerpolicy=\"strict-origin-when-cross-origin\" allowfullscreen><\/iframe><!-- [et_pb_line_break_holder] -->[\/et_pb_code][\/et_pb_column][\/et_pb_row][\/et_pb_section]<\/p>\n","protected":false},"excerpt":{"rendered":"<p>EUROOPPA-&shy;NEUVOSTON J\u00c4LKI&shy;L\u00d6YLYTJ\u00e4rjest\u00e4mme yhdess\u00e4 Ulkopoliittisen instituutin kanssa Eurooppa-neuvoston j\u00e4lkil\u00f6ylyj\u00e4, joissa pureudutaan tuoreimpien EU-huippukokousten keskeisiin p\u00e4\u00e4t\u00f6ksiin ja niiden merkitykseen Suomelle sek\u00e4 koko unionille. Tilaisuudet tarjoavat osallistujille mahdollisuuden kuulla asiantuntijoiden analyysej\u00e4 ajankohtaisista EU-asioista.\u00a0 Tilaisuudet ovat tavallisesti avoinna vain j\u00e4senillemme tai uutiskirjeemme tilaajille. Tallenteet ovat vapaasti katsottavissa. Voit liitty\u00e4 j\u00e4seneksi tai tilata uutiskirjeen t\u00e4\u00e4lt\u00e4.Katso alta aiempien j\u00e4lkil\u00f6ylyjen tallenteita.<\/p>\n","protected":false},"author":5,"featured_media":0,"parent":0,"menu_order":0,"comment_status":"closed","ping_status":"closed","template":"","meta":{"_et_pb_use_builder":"on","_et_pb_old_content":"","_et_gb_content_width":""},"yoast_head":"<!-- This site is optimized with the Yoast SEO plugin v19.13 - https:\/\/yoast.com\/wordpress\/plugins\/seo\/ -->\n<title>Eurooppa-neuvoston j\u00e4lkil\u00f6ylyt - Eurooppalainen Suomi<\/title>\n<meta name=\"robots\" content=\"index, follow, max-snippet:-1, max-image-preview:large, max-video-preview:-1\" \/>\n<link rel=\"canonical\" href=\"https:\/\/www.eurooppalainensuomi.fi\/eurooppa-neuvoston-jalkiloylyt\" \/>\n<meta property=\"og:locale\" content=\"en_US\" \/>\n<meta property=\"og:type\" content=\"article\" \/>\n<meta property=\"og:title\" content=\"Eurooppa-neuvoston j\u00e4lkil\u00f6ylyt - Eurooppalainen Suomi\" \/>\n<meta property=\"og:description\" content=\"EUROOPPA-&shy;NEUVOSTON J\u00c4LKI&shy;L\u00d6YLYTJ\u00e4rjest\u00e4mme yhdess\u00e4 Ulkopoliittisen instituutin kanssa Eurooppa-neuvoston j\u00e4lkil\u00f6ylyj\u00e4, joissa pureudutaan tuoreimpien EU-huippukokousten keskeisiin p\u00e4\u00e4t\u00f6ksiin ja niiden merkitykseen Suomelle sek\u00e4 koko unionille. Tilaisuudet tarjoavat osallistujille mahdollisuuden kuulla asiantuntijoiden analyysej\u00e4 ajankohtaisista EU-asioista.\u00a0 Tilaisuudet ovat tavallisesti avoinna vain j\u00e4senillemme tai uutiskirjeemme tilaajille. Tallenteet ovat vapaasti katsottavissa. Voit liitty\u00e4 j\u00e4seneksi tai tilata uutiskirjeen t\u00e4\u00e4lt\u00e4.Katso alta aiempien j\u00e4lkil\u00f6ylyjen tallenteita.\" \/>\n<meta property=\"og:url\" content=\"https:\/\/www.eurooppalainensuomi.fi\/eurooppa-neuvoston-jalkiloylyt\" \/>\n<meta property=\"og:site_name\" content=\"Eurooppalainen Suomi\" \/>\n<meta property=\"article:publisher\" content=\"https:\/\/www.facebook.com\/eurooppalainensuomi\" \/>\n<meta property=\"article:modified_time\" content=\"2025-12-10T11:07:43+00:00\" \/>\n<meta name=\"twitter:card\" content=\"summary_large_image\" \/>\n<meta name=\"twitter:site\" content=\"@em_finland\" \/>\n<script type=\"application\/ld+json\" class=\"yoast-schema-graph\">{\"@context\":\"https:\/\/schema.org\",\"@graph\":[{\"@type\":\"WebPage\",\"@id\":\"https:\/\/www.eurooppalainensuomi.fi\/eurooppa-neuvoston-jalkiloylyt\",\"url\":\"https:\/\/www.eurooppalainensuomi.fi\/eurooppa-neuvoston-jalkiloylyt\",\"name\":\"Eurooppa-neuvoston j\u00e4lkil\u00f6ylyt - Eurooppalainen Suomi\",\"isPartOf\":{\"@id\":\"https:\/\/www.eurooppalainensuomi.fi\/#website\"},\"datePublished\":\"2025-11-19T18:55:57+00:00\",\"dateModified\":\"2025-12-10T11:07:43+00:00\",\"breadcrumb\":{\"@id\":\"https:\/\/www.eurooppalainensuomi.fi\/eurooppa-neuvoston-jalkiloylyt#breadcrumb\"},\"inLanguage\":\"en\",\"potentialAction\":[{\"@type\":\"ReadAction\",\"target\":[\"https:\/\/www.eurooppalainensuomi.fi\/eurooppa-neuvoston-jalkiloylyt\"]}]},{\"@type\":\"BreadcrumbList\",\"@id\":\"https:\/\/www.eurooppalainensuomi.fi\/eurooppa-neuvoston-jalkiloylyt#breadcrumb\",\"itemListElement\":[{\"@type\":\"ListItem\",\"position\":1,\"name\":\"Etusivu\",\"item\":\"https:\/\/www.eurooppalainensuomi.fi\/\"},{\"@type\":\"ListItem\",\"position\":2,\"name\":\"Eurooppa-neuvoston j\u00e4lkil\u00f6ylyt\"}]},{\"@type\":\"WebSite\",\"@id\":\"https:\/\/www.eurooppalainensuomi.fi\/#website\",\"url\":\"https:\/\/www.eurooppalainensuomi.fi\/\",\"name\":\"Eurooppalainen Suomi\",\"description\":\"Parempaa Eurooppaa rakentamassa\",\"publisher\":{\"@id\":\"https:\/\/www.eurooppalainensuomi.fi\/#organization\"},\"potentialAction\":[{\"@type\":\"SearchAction\",\"target\":{\"@type\":\"EntryPoint\",\"urlTemplate\":\"https:\/\/www.eurooppalainensuomi.fi\/?s={search_term_string}\"},\"query-input\":\"required name=search_term_string\"}],\"inLanguage\":\"en\"},{\"@type\":\"Organization\",\"@id\":\"https:\/\/www.eurooppalainensuomi.fi\/#organization\",\"name\":\"Eurooppalainen Suomi ry\",\"url\":\"https:\/\/www.eurooppalainensuomi.fi\/\",\"logo\":{\"@type\":\"ImageObject\",\"inLanguage\":\"en\",\"@id\":\"https:\/\/www.eurooppalainensuomi.fi\/#\/schema\/logo\/image\/\",\"url\":\"https:\/\/www.eurooppalainensuomi.fi\/wp-content\/uploads\/2021\/01\/PNG_large.png\",\"contentUrl\":\"https:\/\/www.eurooppalainensuomi.fi\/wp-content\/uploads\/2021\/01\/PNG_large.png\",\"width\":586,\"height\":220,\"caption\":\"Eurooppalainen Suomi ry\"},\"image\":{\"@id\":\"https:\/\/www.eurooppalainensuomi.fi\/#\/schema\/logo\/image\/\"},\"sameAs\":[\"https:\/\/instagram.com\/eurooppalainensuomi\",\"https:\/\/www.youtube.com\/channel\/UCBeqyrm1ze2RinjeAYS_-Jg\",\"https:\/\/fi.wikipedia.org\/wiki\/Eurooppalainen_Suomi\",\"https:\/\/www.facebook.com\/eurooppalainensuomi\",\"https:\/\/twitter.com\/em_finland\"]}]}<\/script>\n<!-- \/ Yoast SEO plugin. -->","yoast_head_json":{"title":"Eurooppa-neuvoston j\u00e4lkil\u00f6ylyt - Eurooppalainen Suomi","robots":{"index":"index","follow":"follow","max-snippet":"max-snippet:-1","max-image-preview":"max-image-preview:large","max-video-preview":"max-video-preview:-1"},"canonical":"https:\/\/www.eurooppalainensuomi.fi\/eurooppa-neuvoston-jalkiloylyt","og_locale":"en_US","og_type":"article","og_title":"Eurooppa-neuvoston j\u00e4lkil\u00f6ylyt - Eurooppalainen Suomi","og_description":"EUROOPPA-&shy;NEUVOSTON J\u00c4LKI&shy;L\u00d6YLYTJ\u00e4rjest\u00e4mme yhdess\u00e4 Ulkopoliittisen instituutin kanssa Eurooppa-neuvoston j\u00e4lkil\u00f6ylyj\u00e4, joissa pureudutaan tuoreimpien EU-huippukokousten keskeisiin p\u00e4\u00e4t\u00f6ksiin ja niiden merkitykseen Suomelle sek\u00e4 koko unionille. Tilaisuudet tarjoavat osallistujille mahdollisuuden kuulla asiantuntijoiden analyysej\u00e4 ajankohtaisista EU-asioista.\u00a0 Tilaisuudet ovat tavallisesti avoinna vain j\u00e4senillemme tai uutiskirjeemme tilaajille. Tallenteet ovat vapaasti katsottavissa. Voit liitty\u00e4 j\u00e4seneksi tai tilata uutiskirjeen t\u00e4\u00e4lt\u00e4.Katso alta aiempien j\u00e4lkil\u00f6ylyjen tallenteita.","og_url":"https:\/\/www.eurooppalainensuomi.fi\/eurooppa-neuvoston-jalkiloylyt","og_site_name":"Eurooppalainen Suomi","article_publisher":"https:\/\/www.facebook.com\/eurooppalainensuomi","article_modified_time":"2025-12-10T11:07:43+00:00","twitter_card":"summary_large_image","twitter_site":"@em_finland","schema":{"@context":"https:\/\/schema.org","@graph":[{"@type":"WebPage","@id":"https:\/\/www.eurooppalainensuomi.fi\/eurooppa-neuvoston-jalkiloylyt","url":"https:\/\/www.eurooppalainensuomi.fi\/eurooppa-neuvoston-jalkiloylyt","name":"Eurooppa-neuvoston j\u00e4lkil\u00f6ylyt - Eurooppalainen Suomi","isPartOf":{"@id":"https:\/\/www.eurooppalainensuomi.fi\/#website"},"datePublished":"2025-11-19T18:55:57+00:00","dateModified":"2025-12-10T11:07:43+00:00","breadcrumb":{"@id":"https:\/\/www.eurooppalainensuomi.fi\/eurooppa-neuvoston-jalkiloylyt#breadcrumb"},"inLanguage":"en","potentialAction":[{"@type":"ReadAction","target":["https:\/\/www.eurooppalainensuomi.fi\/eurooppa-neuvoston-jalkiloylyt"]}]},{"@type":"BreadcrumbList","@id":"https:\/\/www.eurooppalainensuomi.fi\/eurooppa-neuvoston-jalkiloylyt#breadcrumb","itemListElement":[{"@type":"ListItem","position":1,"name":"Etusivu","item":"https:\/\/www.eurooppalainensuomi.fi\/"},{"@type":"ListItem","position":2,"name":"Eurooppa-neuvoston j\u00e4lkil\u00f6ylyt"}]},{"@type":"WebSite","@id":"https:\/\/www.eurooppalainensuomi.fi\/#website","url":"https:\/\/www.eurooppalainensuomi.fi\/","name":"Eurooppalainen Suomi","description":"Parempaa Eurooppaa rakentamassa","publisher":{"@id":"https:\/\/www.eurooppalainensuomi.fi\/#organization"},"potentialAction":[{"@type":"SearchAction","target":{"@type":"EntryPoint","urlTemplate":"https:\/\/www.eurooppalainensuomi.fi\/?s={search_term_string}"},"query-input":"required name=search_term_string"}],"inLanguage":"en"},{"@type":"Organization","@id":"https:\/\/www.eurooppalainensuomi.fi\/#organization","name":"Eurooppalainen Suomi ry","url":"https:\/\/www.eurooppalainensuomi.fi\/","logo":{"@type":"ImageObject","inLanguage":"en","@id":"https:\/\/www.eurooppalainensuomi.fi\/#\/schema\/logo\/image\/","url":"https:\/\/www.eurooppalainensuomi.fi\/wp-content\/uploads\/2021\/01\/PNG_large.png","contentUrl":"https:\/\/www.eurooppalainensuomi.fi\/wp-content\/uploads\/2021\/01\/PNG_large.png","width":586,"height":220,"caption":"Eurooppalainen Suomi ry"},"image":{"@id":"https:\/\/www.eurooppalainensuomi.fi\/#\/schema\/logo\/image\/"},"sameAs":["https:\/\/instagram.com\/eurooppalainensuomi","https:\/\/www.youtube.com\/channel\/UCBeqyrm1ze2RinjeAYS_-Jg","https:\/\/fi.wikipedia.org\/wiki\/Eurooppalainen_Suomi","https:\/\/www.facebook.com\/eurooppalainensuomi","https:\/\/twitter.com\/em_finland"]}]}},"_links":{"self":[{"href":"https:\/\/www.eurooppalainensuomi.fi\/index.php?rest_route=\/wp\/v2\/pages\/6645"}],"collection":[{"href":"https:\/\/www.eurooppalainensuomi.fi\/index.php?rest_route=\/wp\/v2\/pages"}],"about":[{"href":"https:\/\/www.eurooppalainensuomi.fi\/index.php?rest_route=\/wp\/v2\/types\/page"}],"author":[{"embeddable":true,"href":"https:\/\/www.eurooppalainensuomi.fi\/index.php?rest_route=\/wp\/v2\/users\/5"}],"replies":[{"embeddable":true,"href":"https:\/\/www.eurooppalainensuomi.fi\/index.php?rest_route=%2Fwp%2Fv2%2Fcomments&post=6645"}],"version-history":[{"count":11,"href":"https:\/\/www.eurooppalainensuomi.fi\/index.php?rest_route=\/wp\/v2\/pages\/6645\/revisions"}],"predecessor-version":[{"id":7606,"href":"https:\/\/www.eurooppalainensuomi.fi\/index.php?rest_route=\/wp\/v2\/pages\/6645\/revisions\/7606"}],"wp:attachment":[{"href":"https:\/\/www.eurooppalainensuomi.fi\/index.php?rest_route=%2Fwp%2Fv2%2Fmedia&parent=6645"}],"curies":[{"name":"wp","href":"https:\/\/api.w.org\/{rel}","templated":true}]}}