{"id":6511,"date":"2025-11-17T17:11:39","date_gmt":"2025-11-17T15:11:39","guid":{"rendered":"https:\/\/www.eurooppalainensuomi.fi\/?page_id=6511"},"modified":"2025-12-08T15:32:42","modified_gmt":"2025-12-08T13:32:42","slug":"yhdistyksen-saannot","status":"publish","type":"page","link":"https:\/\/www.eurooppalainensuomi.fi\/yhdistyksen-saannot","title":{"rendered":"Yhdistyksen s\u00e4\u00e4nn\u00f6t"},"content":{"rendered":"<p>[et_pb_section fb_built=&#8221;1&#8243; _builder_version=&#8221;4.17.6&#8243; _module_preset=&#8221;default&#8221; background_image=&#8221;https:\/\/www.eurooppalainensuomi.fi\/wp-content\/uploads\/2025\/12\/Yhdistyksen-saannot.jpg&#8221; custom_padding=&#8221;200px||200px||false|false&#8221; hover_enabled=&#8221;0&#8243; da_disable_devices=&#8221;off|off|off&#8221; locked=&#8221;off&#8221; global_colors_info=&#8221;{}&#8221; title_text=&#8221;Yhdistyksen s\u00e4\u00e4nn\u00f6t&#8221; custom_padding_last_edited=&#8221;on|phone&#8221; sticky_enabled=&#8221;0&#8243; custom_padding_phone=&#8221;80px||80px||false|false&#8221; da_is_popup=&#8221;off&#8221; da_exit_intent=&#8221;off&#8221; da_has_close=&#8221;on&#8221; da_alt_close=&#8221;off&#8221; da_dark_close=&#8221;off&#8221; da_not_modal=&#8221;on&#8221; da_is_singular=&#8221;off&#8221; da_with_loader=&#8221;off&#8221; da_has_shadow=&#8221;on&#8221; custom_padding_tablet=&#8221;200px||200px||false|false&#8221;][et_pb_row _builder_version=&#8221;4.17.6&#8243; _module_preset=&#8221;default&#8221; global_colors_info=&#8221;{}&#8221;][et_pb_column type=&#8221;4_4&#8243; _builder_version=&#8221;4.17.6&#8243; _module_preset=&#8221;default&#8221; global_colors_info=&#8221;{}&#8221;][et_pb_text _builder_version=&#8221;4.17.6&#8243; _module_preset=&#8221;default&#8221; text_font=&#8221;Roboto Condensed|700|||||||&#8221; text_text_color=&#8221;#FFFFFF&#8221; text_font_size=&#8221;80px&#8221; text_line_height=&#8221;1em&#8221; text_font_size_tablet=&#8221;80px&#8221; text_font_size_phone=&#8221;60px&#8221; text_font_size_last_edited=&#8221;on|phone&#8221; locked=&#8221;off&#8221; global_colors_info=&#8221;{}&#8221;]<\/p>\n<p>YHDISTYKSEN S\u00c4\u00c4NN\u00d6T<\/p>\n<p>[\/et_pb_text][\/et_pb_column][\/et_pb_row][\/et_pb_section][et_pb_section fb_built=&#8221;1&#8243; _builder_version=&#8221;4.17.6&#8243; _module_preset=&#8221;default&#8221; da_disable_devices=&#8221;off|off|off&#8221; global_colors_info=&#8221;{}&#8221; da_is_popup=&#8221;off&#8221; da_exit_intent=&#8221;off&#8221; da_has_close=&#8221;on&#8221; da_alt_close=&#8221;off&#8221; da_dark_close=&#8221;off&#8221; da_not_modal=&#8221;on&#8221; da_is_singular=&#8221;off&#8221; da_with_loader=&#8221;off&#8221; da_has_shadow=&#8221;on&#8221;][et_pb_row _builder_version=&#8221;4.17.6&#8243; _module_preset=&#8221;default&#8221; global_colors_info=&#8221;{}&#8221;][et_pb_column type=&#8221;4_4&#8243; _builder_version=&#8221;4.17.6&#8243; _module_preset=&#8221;default&#8221; global_colors_info=&#8221;{}&#8221;][et_pb_text _builder_version=&#8221;4.17.6&#8243; _module_preset=&#8221;default&#8221; text_font=&#8221;Roboto Condensed||||||||&#8221; text_text_color=&#8221;#1A366D&#8221; text_font_size=&#8221;18px&#8221; text_line_height=&#8221;1.2em&#8221; locked=&#8221;off&#8221; global_colors_info=&#8221;{}&#8221;]<\/p>\n<p><span style=\"font-weight: 400;\">Voimassaolevat s\u00e4\u00e4nn\u00f6t 4.3.2024<\/span><\/p>\n<ol>\n<li><strong> Yhdistyksen nimi ja kotipaikka<\/strong><\/li>\n<\/ol>\n<p><span style=\"font-weight: 400;\">Yhdistyksen nimi on Eurooppalainen Suomi ry, ruotsiksi Finland i Europa rf ja kansainv\u00e4lisiss\u00e4 yhteyksiss\u00e4 European Movement Finland. Yhdistyksen kotipaikka on Helsinki ja toimialueena koko Suomi ja Eurooppa.<\/span><\/p>\n<ol start=\"2\">\n<li><strong> Tarkoitus ja toiminnan laatu<\/strong><\/li>\n<\/ol>\n<p><span style=\"font-weight: 400;\">Eurooppalainen Suomi ry on kaikille Eurooppa-asioista kiinnostuneille avoin kansalaisj\u00e4rjest\u00f6 ja valtakunnallinen keskusj\u00e4rjest\u00f6, joka suhtautuu my\u00f6nteisesti Suomen EU-j\u00e4senyyteen ja Euroopan integraatioon.<\/span><\/p>\n<p><span style=\"font-weight: 400;\">Yhdistyksen tarkoituksena on;<\/span><\/p>\n<ul>\n<li><span style=\"font-weight: 400;\">edist\u00e4\u00e4 j\u00e4senyhteis\u00f6jen EU- ja kansainv\u00e4liseen politiikkaan liittyvi\u00e4 pyrkimyksi\u00e4 Suomessa ja Euroopassa<\/span><\/li>\n<li><span style=\"font-weight: 400;\">toimia j\u00e4senyhteis\u00f6jen yhteisen\u00e4 keskustelufoorumina ja ajatushautomona Suomen EU-politiikkaa muotoiltaessa<\/span><\/li>\n<li><span style=\"font-weight: 400;\">edist\u00e4\u00e4 Suomen EU-j\u00e4senyyden vaikutuksiin, Euroopan unioniin, ulko- ja turvallisuuspolitiikkaan sek\u00e4 Euroopan integraatioon liittyv\u00e4\u00e4 kansalaiskeskustelua ja poliittista p\u00e4\u00e4t\u00f6ksentekoa,<\/span><\/li>\n<li><span style=\"font-weight: 400;\">syvent\u00e4\u00e4 Eurooppa-tietoutta ja yhdentymisen aatteellisten, poliittisten ja taloudellisten perusteiden tuntemusta Suomessa,\u00a0<\/span><\/li>\n<li><span style=\"font-weight: 400;\">aktivoida kansalaisia ja erityisesti nuoria \u00e4\u00e4nest\u00e4ji\u00e4 osallistumaan Euroopan parlamentin vaaleihin ja edist\u00e4\u00e4 sek\u00e4<\/span><\/li>\n<li><span style=\"font-weight: 400;\">puolustaa eurooppalaisia arvoja ja demokratiaa,<\/span><\/li>\n<li><span style=\"font-weight: 400;\">toimia julkisena keskustelufoorumina, vaikuttajana ja asiantuntijatahona Suomen EU-politiikkaa muotoiltaessa, ja<\/span><\/li>\n<li><span style=\"font-weight: 400;\">edist\u00e4\u00e4 eurooppalaisen kulttuurin tuntemusta Suomessa sek\u00e4 Suomen ja muiden EU-maiden v\u00e4list\u00e4 kulttuurivaihtoa ja kanssak\u00e4ymist\u00e4 mm. Eurooppa-p\u00e4iv\u00e4\u00e4 viett\u00e4m\u00e4ll\u00e4.<\/span><\/li>\n<\/ul>\n<p><span style=\"font-weight: 400;\">Yhdistys on European Movement International-j\u00e4rjest\u00f6n (kotipaikka Bryssel) suomalainen j\u00e4senj\u00e4rjest\u00f6.<\/span><\/p>\n<ol start=\"3\">\n<li><strong> J\u00e4senet<\/strong><\/li>\n<\/ol>\n<p><span style=\"font-weight: 400;\">Tarkoituksensa toteuttamiseksi yhdistys toteuttaa vaikuttamis-, tiedotus-, julkaisu-, ajatushautomo- ja suhdetoimintaa sek\u00e4 j\u00e4rjest\u00e4\u00e4 n\u00e4yttelyit\u00e4, tiedotuskiertueita ja kursseja, kokouksia ja neuvottelu- sek\u00e4 juhlatilaisuuksia ja yll\u00e4pit\u00e4\u00e4 tarvittavia kansainv\u00e4lisi\u00e4 ja viranomaisyhteyksi\u00e4.<\/span><\/p>\n<p><span style=\"font-weight: 400;\">Toimintansa tukemiseksi yhdistys voi kantaa j\u00e4senilt\u00e4\u00e4n j\u00e4senmaksuja, ottaa vastaan lahjoituksia, myyd\u00e4 ja v\u00e4litt\u00e4\u00e4 kirjallisuutta ja muuta Eurooppa-aiheista materiaalia ja palveluja sek\u00e4 j\u00e4rjest\u00e4\u00e4 ker\u00e4yksi\u00e4 ja arpajaisia samoin kuin hakea avustuksia sek\u00e4 Suomen ett\u00e4 EU:n viranomaisilta.<\/span><\/p>\n<p><span style=\"font-weight: 400;\">Yhdistyksen kielet ovat suomi ja ruotsi. P\u00f6yt\u00e4kirja- ja asiakirjakielen\u00e4 k\u00e4ytet\u00e4\u00e4n suomea.<\/span><\/p>\n<p><span style=\"font-weight: 400;\">Yhdistyksen varsinaiseksi j\u00e4seneksi voidaan hyv\u00e4ksy\u00e4 luonnollinen henkil\u00f6, oikeustoimikelpoinen yhteis\u00f6 tai s\u00e4\u00e4ti\u00f6, joka hyv\u00e4ksyy yhdistyksen tarkoituksen. Kannattavaksi j\u00e4seneksi voidaan hyv\u00e4ksy\u00e4 yksityinen henkil\u00f6, oikeustoimikelpoinen yhteis\u00f6 tai s\u00e4\u00e4ti\u00f6, joka haluaa tukea yhdistyksen tarkoitusta ja toimintaa.<\/span><\/p>\n<p><span style=\"font-weight: 400;\">Varsinaiset j\u00e4senet ja kannattavat j\u00e4senet hyv\u00e4ksyy hakemuksesta yhdistyksen hallitus. Kunniapuheenjohtajaksi tai kunniaj\u00e4seneksi voidaan hallituksen esityksest\u00e4 yhdistyksen kokouksessa kutsua henkil\u00f6, joka on huomattavasti edist\u00e4nyt ja tukenut yhdistyksen toimintaa.<\/span><\/p>\n<ol start=\"4\">\n<li><strong> Liittymis- ja j\u00e4senmaksu<\/strong><\/li>\n<\/ol>\n<p><span style=\"font-weight: 400;\">Varsinaisilta j\u00e4senilt\u00e4 ja kannattavilta j\u00e4senilt\u00e4 peritt\u00e4v\u00e4n liittymismaksun ja vuotuisen j\u00e4senmaksun suuruudesta erikseen kaikille j\u00e4senryhmille p\u00e4\u00e4tt\u00e4\u00e4 vuosikokous. Kunniapuheenjohtaja ja kunniaj\u00e4senet eiv\u00e4t suorita j\u00e4senmaksuja.<\/span><\/p>\n<ol start=\"5\">\n<li><strong> Hallitus<\/strong><\/li>\n<\/ol>\n<p><span style=\"font-weight: 400;\">Yhdistyksen asioita hoitaa hallitus, johon kuuluu vuosikokouksessa valitut puheenjohtaja ja 1-3 varapuheenjohtajaa ja 8-14 muuta varsinaista j\u00e4sent\u00e4 sek\u00e4 0-14 varaj\u00e4sent\u00e4. Hallituksen toimikausi on kaksi vuotta. Hallitus valitsee yhdistyksen toiminnanjohtajan ja muut tarvittavat toimihenkil\u00f6t ja m\u00e4\u00e4r\u00e4\u00e4 heid\u00e4n valtuutensa ja ty\u00f6suhteidensa ehdot.\u00a0<\/span><\/p>\n<p><span style=\"font-weight: 400;\">Hallitus kokoontuu puheenjohtajan tai h\u00e4nen estyneen\u00e4 ollessaan varapuheenjohtajan kutsusta, kun he katsovat siihen olevan aihetta tai kun v\u00e4hint\u00e4\u00e4n puolet hallituksen j\u00e4senist\u00e4 sit\u00e4 vaatii. Hallitus on p\u00e4\u00e4t\u00f6svaltainen, kun v\u00e4hint\u00e4\u00e4n puolet sen j\u00e4senist\u00e4, puheenjohtaja tai varapuheenjohtaja mukaanluettuna on l\u00e4sn\u00e4. \u00c4\u00e4nestykset ratkaistaan ehdottomalla \u00e4\u00e4ntenenemmist\u00f6ll\u00e4. \u00c4\u00e4nten menness\u00e4 tasan ratkaisee puheenjohtajan \u00e4\u00e4ni, vaaleissa kuitenkin arpa. Hallitus voi perustaa erillisi\u00e4 toimikuntia tai ty\u00f6ryhmi\u00e4 m\u00e4\u00e4r\u00e4ajaksi tai erityist\u00e4 teht\u00e4v\u00e4\u00e4 varten.<\/span><\/p>\n<ol start=\"6\">\n<li><strong> Yhdistyksen nimen kirjoittaminen<\/strong><\/li>\n<\/ol>\n<p><span style=\"font-weight: 400;\">Yhdistyksen nimen kirjoittaa hallituksen puheenjohtaja, varapuheenjohtaja tai toiminnanjohtaja, kukin yksin.<\/span><\/p>\n<ol start=\"7\">\n<li><strong> Tilikausi<\/strong><\/li>\n<\/ol>\n<p><span style=\"font-weight: 400;\">Yhdistyksen tilikausi on kalenterivuosi.<\/span><\/p>\n<ol start=\"8\">\n<li><strong> Yhdistyksen kokoukset<\/strong><\/li>\n<\/ol>\n<p><span style=\"font-weight: 400;\">Yhdistyksen kokoukseen voidaan osallistua hallituksen tai yhdistyksen kokouksen niin p\u00e4\u00e4tt\u00e4ess\u00e4 my\u00f6s postitse taikka tietoliikenneyhteyden tai muun teknisen apuv\u00e4lineen avulla kokouksen aikana tai ennen kokousta. Yhdistyksen vuosikokous pidet\u00e4\u00e4n vuosittain hallituksen m\u00e4\u00e4r\u00e4\u00e4m\u00e4n\u00e4 p\u00e4iv\u00e4n\u00e4 syys-joulukuussa. Yhdistyksen kokouksissa on jokaisella luonnollisella henkil\u00f6ll\u00e4, kunniapuheenjohtajalla ja kunniaj\u00e4senell\u00e4 yksi \u00e4\u00e4ni.\u00a0<\/span><\/p>\n<p><span style=\"font-weight: 400;\">Oikeustoimikelpoisten yhteis\u00f6jen ja s\u00e4\u00e4ti\u00f6iden \u00e4\u00e4nim\u00e4\u00e4r\u00e4t m\u00e4\u00e4rittyv\u00e4t \u00e4\u00e4nim\u00e4\u00e4r\u00e4kategorian perusteella:<\/span><\/p>\n<ul>\n<li><span style=\"font-weight: 400;\">Kategoria I: 1 \u00e4\u00e4ni<\/span><\/li>\n<li><span style=\"font-weight: 400;\">Kategoria II: 2 \u00e4\u00e4nt\u00e4<\/span><\/li>\n<li><span style=\"font-weight: 400;\">Kategoria III: 3 \u00e4\u00e4nt\u00e4<\/span><\/li>\n<li><span style=\"font-weight: 400;\">Kategoria IV: 4 \u00e4\u00e4nt\u00e4<\/span><\/li>\n<li><span style=\"font-weight: 400;\">Kategoria V: 5 \u00e4\u00e4nt\u00e4<\/span><\/li>\n<li><span style=\"font-weight: 400;\">Kategoria VI: 6 \u00e4\u00e4nt\u00e4<\/span><\/li>\n<li><span style=\"font-weight: 400;\">Kategoria VII: 7 \u00e4\u00e4nt\u00e4<\/span><\/li>\n<li><span style=\"font-weight: 400;\">Kategoria VIII: 8 \u00e4\u00e4nt\u00e4<\/span><\/li>\n<li><span style=\"font-weight: 400;\">Kategoria IX: 9 \u00e4\u00e4nt\u00e4<\/span><\/li>\n<\/ul>\n<p><span style=\"font-weight: 400;\">Yhdistyksen hallitus p\u00e4\u00e4tt\u00e4\u00e4 oikeustoimikelpoisten yhteis\u00f6jen ja s\u00e4\u00e4ti\u00f6iden sijoittumisen \u00e4\u00e4nim\u00e4\u00e4r\u00e4kategoriaan hakijan liikevaihdon ja toiminnan laajuuden ja painotusten perusteella. Oikeustoimikelpoisten yhteis\u00f6jen ja s\u00e4\u00e4ti\u00f6iden siirtymisen, suostumuksensa\u00a0<\/span><\/p>\n<p><span style=\"font-weight: 400;\">mukaisesti, j\u00e4senryhm\u00e4st\u00e4 toiseen j\u00e4senryhm\u00e4\u00e4n hyv\u00e4ksyy yhdistyksen hallitus. Vuosikokous p\u00e4\u00e4tt\u00e4\u00e4 hallituksen esityksest\u00e4 \u00e4\u00e4nim\u00e4\u00e4r\u00e4kategorioihin jakautumiseen vaikuttavista j\u00e4senryhmien liikevaihtorajoista ja toiminnan laajuuden ja painotusten kriteereist\u00e4. Kannattavalla j\u00e4senell\u00e4 on kokouksessa l\u00e4sn\u00e4olo- ja puheoikeus. Yhdistyksen kokouksen p\u00e4\u00e4t\u00f6kseksi tulee, ellei s\u00e4\u00e4nn\u00f6iss\u00e4 ole toisin m\u00e4\u00e4r\u00e4tty, se mielipide, jota on kannattanut yli puolet annetuista \u00e4\u00e4nist\u00e4. \u00c4\u00e4nten menness\u00e4 tasan ratkaisee kokouksen puheenjohtajan \u00e4\u00e4ni, vaaleissa kuitenkin arpa.<\/span><\/p>\n<ol start=\"9\">\n<li><strong> Yhdistyksen kokousten koollekutsuminen<\/strong><\/li>\n<\/ol>\n<p><span style=\"font-weight: 400;\">Hallituksen on kutsuttava yhdistyksen kokoukset koolle v\u00e4hint\u00e4\u00e4n nelj\u00e4toista vuorokautta ennen kokousta j\u00e4senille postitetuilla kirjeill\u00e4 tai s\u00e4hk\u00f6postitse.<\/span><\/p>\n<ol start=\"10\">\n<li><strong> Vuosikokous<\/strong><\/li>\n<\/ol>\n<p><span style=\"font-weight: 400;\">Yhdistyksen vuosikokouksessa k\u00e4sitell\u00e4\u00e4n seuraavat asiat:<\/span><\/p>\n<ol>\n<li><span style=\"font-weight: 400;\">kokouksen avaus<\/span><\/li>\n<li><span style=\"font-weight: 400;\">valitaan kokouksen puheenjohtaja, sihteeri, kaksi p\u00f6yt\u00e4kirjantarkastajaa ja tarvittaessa kaksi \u00e4\u00e4ntenlaskijaa<\/span><\/li>\n<li><span style=\"font-weight: 400;\">todetaan kokouksen laillisuus ja p\u00e4\u00e4t\u00f6svaltaisuus<\/span><\/li>\n<li><span style=\"font-weight: 400;\">hyv\u00e4ksyt\u00e4\u00e4n kokouksen ty\u00f6j\u00e4rjestys<\/span><\/li>\n<li><span style=\"font-weight: 400;\">esitet\u00e4\u00e4n tilinp\u00e4\u00e4t\u00f6s, vuosikertomus ja tilintarkastajien lausunto<\/span><\/li>\n<li><span style=\"font-weight: 400;\">p\u00e4\u00e4tet\u00e4\u00e4n tilinp\u00e4\u00e4t\u00f6ksen vahvistamisesta ja vastuuvapauden my\u00f6nt\u00e4misest\u00e4 hallitukselle ja muille vastuuvelvollisille<\/span><\/li>\n<li><span style=\"font-weight: 400;\">vahvistetaan toimintasuunnitelma, tulo- ja menoarvio sek\u00e4 liittymis- ja j\u00e4senmaksujen suuruudet kaikille j\u00e4senryhmille<\/span><\/li>\n<li><span style=\"font-weight: 400;\">valitaan hallituksen puheenjohtaja, varapuheenjohtajat ja muut j\u00e4senet sek\u00e4 varaj\u00e4senet<\/span><\/li>\n<li><span style=\"font-weight: 400;\">valitaan tilintarkastaja ja varatilintarkastaja<\/span><\/li>\n<li><span style=\"font-weight: 400;\">k\u00e4sitell\u00e4\u00e4n muut kokouskutsussa mainitut asiat.<\/span><\/li>\n<\/ol>\n<p><span style=\"font-weight: 400;\">Mik\u00e4li yhdistyksen j\u00e4sen haluaa saada jonkin asian yhdistyksen vuosikokouksen k\u00e4sitelt\u00e4v\u00e4ksi, on h\u00e4nen ilmoitettava siit\u00e4 kirjallisesti hallitukselle niin hyviss\u00e4 ajoin, ett\u00e4 asia voidaan sis\u00e4llytt\u00e4\u00e4 kokouskutsuun.<\/span><\/p>\n<ol start=\"11\">\n<li><strong> S\u00e4\u00e4nt\u00f6jen muuttaminen ja yhdistyksen purkaminen<\/strong><\/li>\n<\/ol>\n<p><span style=\"font-weight: 400;\">P\u00e4\u00e4t\u00f6s s\u00e4\u00e4nt\u00f6jen muuttamisesta ja yhdistyksen purkamisesta on teht\u00e4v\u00e4 yhdistyksen kokouksessa v\u00e4hint\u00e4\u00e4n kolmen nelj\u00e4sosan (3\/4) enemmist\u00f6ll\u00e4 annetuista \u00e4\u00e4nist\u00e4. Kokouskutsussa on mainittava s\u00e4\u00e4nt\u00f6jen muuttamisesta tai yhdistyksen purkamisesta. Yhdistyksen purkautuessa k\u00e4ytet\u00e4\u00e4n yhdistyksen varat yhdistyksen tarkoituksen edist\u00e4miseen purkamisesta p\u00e4\u00e4tt\u00e4v\u00e4n kokouksen m\u00e4\u00e4r\u00e4\u00e4m\u00e4ll\u00e4 tavalla. Yhdistyksen tullessa lakkautetuksi k\u00e4ytet\u00e4\u00e4n sen varat samaan tarkoitukseen.<\/span><\/p>\n<p>[\/et_pb_text][\/et_pb_column][\/et_pb_row][\/et_pb_section]<\/p>\n","protected":false},"excerpt":{"rendered":"<p>YHDISTYKSEN S\u00c4\u00c4NN\u00d6TVoimassaolevat s\u00e4\u00e4nn\u00f6t 4.3.2024 Yhdistyksen nimi ja kotipaikka Yhdistyksen nimi on Eurooppalainen Suomi ry, ruotsiksi Finland i Europa rf ja kansainv\u00e4lisiss\u00e4 yhteyksiss\u00e4 European Movement Finland. Yhdistyksen kotipaikka on Helsinki ja toimialueena koko Suomi ja Eurooppa. Tarkoitus ja toiminnan laatu Eurooppalainen Suomi ry on kaikille Eurooppa-asioista kiinnostuneille avoin kansalaisj\u00e4rjest\u00f6 ja valtakunnallinen keskusj\u00e4rjest\u00f6, joka suhtautuu my\u00f6nteisesti Suomen [&hellip;]<\/p>\n","protected":false},"author":5,"featured_media":0,"parent":0,"menu_order":0,"comment_status":"closed","ping_status":"closed","template":"","meta":{"_et_pb_use_builder":"on","_et_pb_old_content":"","_et_gb_content_width":""},"yoast_head":"<!-- This site is optimized with the Yoast SEO plugin v19.13 - https:\/\/yoast.com\/wordpress\/plugins\/seo\/ -->\n<title>Yhdistyksen s\u00e4\u00e4nn\u00f6t - Eurooppalainen Suomi<\/title>\n<meta name=\"robots\" content=\"index, follow, max-snippet:-1, max-image-preview:large, max-video-preview:-1\" \/>\n<link rel=\"canonical\" href=\"https:\/\/www.eurooppalainensuomi.fi\/yhdistyksen-saannot\" \/>\n<meta property=\"og:locale\" content=\"en_US\" \/>\n<meta property=\"og:type\" content=\"article\" \/>\n<meta property=\"og:title\" content=\"Yhdistyksen s\u00e4\u00e4nn\u00f6t - Eurooppalainen Suomi\" \/>\n<meta property=\"og:description\" content=\"YHDISTYKSEN S\u00c4\u00c4NN\u00d6TVoimassaolevat s\u00e4\u00e4nn\u00f6t 4.3.2024 Yhdistyksen nimi ja kotipaikka Yhdistyksen nimi on Eurooppalainen Suomi ry, ruotsiksi Finland i Europa rf ja kansainv\u00e4lisiss\u00e4 yhteyksiss\u00e4 European Movement Finland. Yhdistyksen kotipaikka on Helsinki ja toimialueena koko Suomi ja Eurooppa. Tarkoitus ja toiminnan laatu Eurooppalainen Suomi ry on kaikille Eurooppa-asioista kiinnostuneille avoin kansalaisj\u00e4rjest\u00f6 ja valtakunnallinen keskusj\u00e4rjest\u00f6, joka suhtautuu my\u00f6nteisesti Suomen [&hellip;]\" \/>\n<meta property=\"og:url\" content=\"https:\/\/www.eurooppalainensuomi.fi\/yhdistyksen-saannot\" \/>\n<meta property=\"og:site_name\" content=\"Eurooppalainen Suomi\" \/>\n<meta property=\"article:publisher\" content=\"https:\/\/www.facebook.com\/eurooppalainensuomi\" \/>\n<meta property=\"article:modified_time\" content=\"2025-12-08T13:32:42+00:00\" \/>\n<meta name=\"twitter:card\" content=\"summary_large_image\" \/>\n<meta name=\"twitter:site\" content=\"@em_finland\" \/>\n<meta name=\"twitter:label1\" content=\"Est. reading time\" \/>\n\t<meta name=\"twitter:data1\" content=\"4 minutes\" \/>\n<script type=\"application\/ld+json\" class=\"yoast-schema-graph\">{\"@context\":\"https:\/\/schema.org\",\"@graph\":[{\"@type\":\"WebPage\",\"@id\":\"https:\/\/www.eurooppalainensuomi.fi\/yhdistyksen-saannot\",\"url\":\"https:\/\/www.eurooppalainensuomi.fi\/yhdistyksen-saannot\",\"name\":\"Yhdistyksen s\u00e4\u00e4nn\u00f6t - Eurooppalainen Suomi\",\"isPartOf\":{\"@id\":\"https:\/\/www.eurooppalainensuomi.fi\/#website\"},\"datePublished\":\"2025-11-17T15:11:39+00:00\",\"dateModified\":\"2025-12-08T13:32:42+00:00\",\"breadcrumb\":{\"@id\":\"https:\/\/www.eurooppalainensuomi.fi\/yhdistyksen-saannot#breadcrumb\"},\"inLanguage\":\"en\",\"potentialAction\":[{\"@type\":\"ReadAction\",\"target\":[\"https:\/\/www.eurooppalainensuomi.fi\/yhdistyksen-saannot\"]}]},{\"@type\":\"BreadcrumbList\",\"@id\":\"https:\/\/www.eurooppalainensuomi.fi\/yhdistyksen-saannot#breadcrumb\",\"itemListElement\":[{\"@type\":\"ListItem\",\"position\":1,\"name\":\"Etusivu\",\"item\":\"https:\/\/www.eurooppalainensuomi.fi\/\"},{\"@type\":\"ListItem\",\"position\":2,\"name\":\"Yhdistyksen s\u00e4\u00e4nn\u00f6t\"}]},{\"@type\":\"WebSite\",\"@id\":\"https:\/\/www.eurooppalainensuomi.fi\/#website\",\"url\":\"https:\/\/www.eurooppalainensuomi.fi\/\",\"name\":\"Eurooppalainen Suomi\",\"description\":\"Parempaa Eurooppaa rakentamassa\",\"publisher\":{\"@id\":\"https:\/\/www.eurooppalainensuomi.fi\/#organization\"},\"potentialAction\":[{\"@type\":\"SearchAction\",\"target\":{\"@type\":\"EntryPoint\",\"urlTemplate\":\"https:\/\/www.eurooppalainensuomi.fi\/?s={search_term_string}\"},\"query-input\":\"required name=search_term_string\"}],\"inLanguage\":\"en\"},{\"@type\":\"Organization\",\"@id\":\"https:\/\/www.eurooppalainensuomi.fi\/#organization\",\"name\":\"Eurooppalainen Suomi ry\",\"url\":\"https:\/\/www.eurooppalainensuomi.fi\/\",\"logo\":{\"@type\":\"ImageObject\",\"inLanguage\":\"en\",\"@id\":\"https:\/\/www.eurooppalainensuomi.fi\/#\/schema\/logo\/image\/\",\"url\":\"https:\/\/www.eurooppalainensuomi.fi\/wp-content\/uploads\/2021\/01\/PNG_large.png\",\"contentUrl\":\"https:\/\/www.eurooppalainensuomi.fi\/wp-content\/uploads\/2021\/01\/PNG_large.png\",\"width\":586,\"height\":220,\"caption\":\"Eurooppalainen Suomi ry\"},\"image\":{\"@id\":\"https:\/\/www.eurooppalainensuomi.fi\/#\/schema\/logo\/image\/\"},\"sameAs\":[\"https:\/\/instagram.com\/eurooppalainensuomi\",\"https:\/\/www.youtube.com\/channel\/UCBeqyrm1ze2RinjeAYS_-Jg\",\"https:\/\/fi.wikipedia.org\/wiki\/Eurooppalainen_Suomi\",\"https:\/\/www.facebook.com\/eurooppalainensuomi\",\"https:\/\/twitter.com\/em_finland\"]}]}<\/script>\n<!-- \/ Yoast SEO plugin. -->","yoast_head_json":{"title":"Yhdistyksen s\u00e4\u00e4nn\u00f6t - Eurooppalainen Suomi","robots":{"index":"index","follow":"follow","max-snippet":"max-snippet:-1","max-image-preview":"max-image-preview:large","max-video-preview":"max-video-preview:-1"},"canonical":"https:\/\/www.eurooppalainensuomi.fi\/yhdistyksen-saannot","og_locale":"en_US","og_type":"article","og_title":"Yhdistyksen s\u00e4\u00e4nn\u00f6t - Eurooppalainen Suomi","og_description":"YHDISTYKSEN S\u00c4\u00c4NN\u00d6TVoimassaolevat s\u00e4\u00e4nn\u00f6t 4.3.2024 Yhdistyksen nimi ja kotipaikka Yhdistyksen nimi on Eurooppalainen Suomi ry, ruotsiksi Finland i Europa rf ja kansainv\u00e4lisiss\u00e4 yhteyksiss\u00e4 European Movement Finland. Yhdistyksen kotipaikka on Helsinki ja toimialueena koko Suomi ja Eurooppa. Tarkoitus ja toiminnan laatu Eurooppalainen Suomi ry on kaikille Eurooppa-asioista kiinnostuneille avoin kansalaisj\u00e4rjest\u00f6 ja valtakunnallinen keskusj\u00e4rjest\u00f6, joka suhtautuu my\u00f6nteisesti Suomen [&hellip;]","og_url":"https:\/\/www.eurooppalainensuomi.fi\/yhdistyksen-saannot","og_site_name":"Eurooppalainen Suomi","article_publisher":"https:\/\/www.facebook.com\/eurooppalainensuomi","article_modified_time":"2025-12-08T13:32:42+00:00","twitter_card":"summary_large_image","twitter_site":"@em_finland","twitter_misc":{"Est. reading time":"4 minutes"},"schema":{"@context":"https:\/\/schema.org","@graph":[{"@type":"WebPage","@id":"https:\/\/www.eurooppalainensuomi.fi\/yhdistyksen-saannot","url":"https:\/\/www.eurooppalainensuomi.fi\/yhdistyksen-saannot","name":"Yhdistyksen s\u00e4\u00e4nn\u00f6t - Eurooppalainen Suomi","isPartOf":{"@id":"https:\/\/www.eurooppalainensuomi.fi\/#website"},"datePublished":"2025-11-17T15:11:39+00:00","dateModified":"2025-12-08T13:32:42+00:00","breadcrumb":{"@id":"https:\/\/www.eurooppalainensuomi.fi\/yhdistyksen-saannot#breadcrumb"},"inLanguage":"en","potentialAction":[{"@type":"ReadAction","target":["https:\/\/www.eurooppalainensuomi.fi\/yhdistyksen-saannot"]}]},{"@type":"BreadcrumbList","@id":"https:\/\/www.eurooppalainensuomi.fi\/yhdistyksen-saannot#breadcrumb","itemListElement":[{"@type":"ListItem","position":1,"name":"Etusivu","item":"https:\/\/www.eurooppalainensuomi.fi\/"},{"@type":"ListItem","position":2,"name":"Yhdistyksen s\u00e4\u00e4nn\u00f6t"}]},{"@type":"WebSite","@id":"https:\/\/www.eurooppalainensuomi.fi\/#website","url":"https:\/\/www.eurooppalainensuomi.fi\/","name":"Eurooppalainen Suomi","description":"Parempaa Eurooppaa rakentamassa","publisher":{"@id":"https:\/\/www.eurooppalainensuomi.fi\/#organization"},"potentialAction":[{"@type":"SearchAction","target":{"@type":"EntryPoint","urlTemplate":"https:\/\/www.eurooppalainensuomi.fi\/?s={search_term_string}"},"query-input":"required name=search_term_string"}],"inLanguage":"en"},{"@type":"Organization","@id":"https:\/\/www.eurooppalainensuomi.fi\/#organization","name":"Eurooppalainen Suomi ry","url":"https:\/\/www.eurooppalainensuomi.fi\/","logo":{"@type":"ImageObject","inLanguage":"en","@id":"https:\/\/www.eurooppalainensuomi.fi\/#\/schema\/logo\/image\/","url":"https:\/\/www.eurooppalainensuomi.fi\/wp-content\/uploads\/2021\/01\/PNG_large.png","contentUrl":"https:\/\/www.eurooppalainensuomi.fi\/wp-content\/uploads\/2021\/01\/PNG_large.png","width":586,"height":220,"caption":"Eurooppalainen Suomi ry"},"image":{"@id":"https:\/\/www.eurooppalainensuomi.fi\/#\/schema\/logo\/image\/"},"sameAs":["https:\/\/instagram.com\/eurooppalainensuomi","https:\/\/www.youtube.com\/channel\/UCBeqyrm1ze2RinjeAYS_-Jg","https:\/\/fi.wikipedia.org\/wiki\/Eurooppalainen_Suomi","https:\/\/www.facebook.com\/eurooppalainensuomi","https:\/\/twitter.com\/em_finland"]}]}},"_links":{"self":[{"href":"https:\/\/www.eurooppalainensuomi.fi\/index.php?rest_route=\/wp\/v2\/pages\/6511"}],"collection":[{"href":"https:\/\/www.eurooppalainensuomi.fi\/index.php?rest_route=\/wp\/v2\/pages"}],"about":[{"href":"https:\/\/www.eurooppalainensuomi.fi\/index.php?rest_route=\/wp\/v2\/types\/page"}],"author":[{"embeddable":true,"href":"https:\/\/www.eurooppalainensuomi.fi\/index.php?rest_route=\/wp\/v2\/users\/5"}],"replies":[{"embeddable":true,"href":"https:\/\/www.eurooppalainensuomi.fi\/index.php?rest_route=%2Fwp%2Fv2%2Fcomments&post=6511"}],"version-history":[{"count":7,"href":"https:\/\/www.eurooppalainensuomi.fi\/index.php?rest_route=\/wp\/v2\/pages\/6511\/revisions"}],"predecessor-version":[{"id":7532,"href":"https:\/\/www.eurooppalainensuomi.fi\/index.php?rest_route=\/wp\/v2\/pages\/6511\/revisions\/7532"}],"wp:attachment":[{"href":"https:\/\/www.eurooppalainensuomi.fi\/index.php?rest_route=%2Fwp%2Fv2%2Fmedia&parent=6511"}],"curies":[{"name":"wp","href":"https:\/\/api.w.org\/{rel}","templated":true}]}}