{"id":6225,"date":"2025-11-08T17:18:33","date_gmt":"2025-11-08T15:18:33","guid":{"rendered":"https:\/\/www.eurooppalainensuomi.fi\/?page_id=6225"},"modified":"2025-12-08T15:29:26","modified_gmt":"2025-12-08T13:29:26","slug":"tietoa-meista","status":"publish","type":"page","link":"https:\/\/www.eurooppalainensuomi.fi\/tietoa-meista","title":{"rendered":"Tietoa meist\u00e4"},"content":{"rendered":"<p>[et_pb_section fb_built=&#8221;1&#8243; _builder_version=&#8221;4.17.6&#8243; _module_preset=&#8221;default&#8221; background_image=&#8221;https:\/\/www.eurooppalainensuomi.fi\/wp-content\/uploads\/2025\/12\/Tietoa-meista.jpg&#8221; custom_padding=&#8221;200px||200px||false|false&#8221; hover_enabled=&#8221;0&#8243; da_disable_devices=&#8221;off|off|off&#8221; global_colors_info=&#8221;{}&#8221; custom_padding_last_edited=&#8221;on|phone&#8221; sticky_enabled=&#8221;0&#8243; custom_padding_phone=&#8221;80px||80px||false|false&#8221; da_is_popup=&#8221;off&#8221; da_exit_intent=&#8221;off&#8221; da_has_close=&#8221;on&#8221; da_alt_close=&#8221;off&#8221; da_dark_close=&#8221;off&#8221; da_not_modal=&#8221;on&#8221; da_is_singular=&#8221;off&#8221; da_with_loader=&#8221;off&#8221; da_has_shadow=&#8221;on&#8221; custom_padding_tablet=&#8221;200px||200px||false|false&#8221;][et_pb_row _builder_version=&#8221;4.17.6&#8243; _module_preset=&#8221;default&#8221; global_colors_info=&#8221;{}&#8221;][et_pb_column type=&#8221;4_4&#8243; _builder_version=&#8221;4.17.6&#8243; _module_preset=&#8221;default&#8221; global_colors_info=&#8221;{}&#8221;][et_pb_text _builder_version=&#8221;4.17.6&#8243; _module_preset=&#8221;default&#8221; text_font=&#8221;Roboto Condensed|700|||||||&#8221; text_text_color=&#8221;#FFFFFF&#8221; text_font_size=&#8221;80px&#8221; text_line_height=&#8221;1em&#8221; text_font_size_tablet=&#8221;80px&#8221; text_font_size_phone=&#8221;60px&#8221; text_font_size_last_edited=&#8221;on|phone&#8221; locked=&#8221;off&#8221; global_colors_info=&#8221;{}&#8221;]<\/p>\n<p>TIETOA MEIST\u00c4<\/p>\n<p>[\/et_pb_text][\/et_pb_column][\/et_pb_row][\/et_pb_section][et_pb_section fb_built=&#8221;1&#8243; _builder_version=&#8221;4.17.6&#8243; _module_preset=&#8221;default&#8221; custom_padding=&#8221;45px||45px|||&#8221; da_disable_devices=&#8221;off|off|off&#8221; global_colors_info=&#8221;{}&#8221; da_is_popup=&#8221;off&#8221; da_exit_intent=&#8221;off&#8221; da_has_close=&#8221;on&#8221; da_alt_close=&#8221;off&#8221; da_dark_close=&#8221;off&#8221; da_not_modal=&#8221;on&#8221; da_is_singular=&#8221;off&#8221; da_with_loader=&#8221;off&#8221; da_has_shadow=&#8221;on&#8221;][et_pb_row _builder_version=&#8221;4.17.6&#8243; _module_preset=&#8221;default&#8221; global_colors_info=&#8221;{}&#8221;][et_pb_column type=&#8221;4_4&#8243; _builder_version=&#8221;4.17.6&#8243; _module_preset=&#8221;default&#8221; global_colors_info=&#8221;{}&#8221;][et_pb_text _builder_version=&#8221;4.17.6&#8243; _module_preset=&#8221;default&#8221; text_font=&#8221;Inter|800|||||||&#8221; text_text_color=&#8221;#172f88&#8243; text_font_size=&#8221;40px&#8221; text_line_height=&#8221;1em&#8221; custom_padding=&#8221;||5px||false|false&#8221; custom_css_main_element=&#8221;border-bottom: 3px solid #D0005F;&#8221; locked=&#8221;off&#8221; global_colors_info=&#8221;{}&#8221;]<\/p>\n<p>Keit\u00e4 olemme?<\/p>\n<p>[\/et_pb_text][et_pb_text _builder_version=&#8221;4.17.6&#8243; _module_preset=&#8221;default&#8221; text_font=&#8221;Roboto Condensed||||||||&#8221; text_text_color=&#8221;#1A366D&#8221; text_font_size=&#8221;18px&#8221; text_line_height=&#8221;1.2em&#8221; locked=&#8221;off&#8221; global_colors_info=&#8221;{}&#8221;]<\/p>\n<p>Eurooppalainen Suomi on kaikille Eurooppa-asioista kiinnostuneille avoin kansalaisj\u00e4rjest\u00f6, kansainv\u00e4lisen European Movement International -j\u00e4rjest\u00f6n suomalainen j\u00e4senj\u00e4rjest\u00f6 ja valtakunnallinen keskusj\u00e4rjest\u00f6.<\/p>\n<p>Ty\u00f6mme on edist\u00e4\u00e4 Euroopan unionista k\u00e4yt\u00e4v\u00e4\u00e4 kansalaiskeskustelua Suomessa ja Euroopassa sek\u00e4 lis\u00e4t\u00e4 tietoisuutta Euroopan unionin toiminnasta. Pyrimme edist\u00e4m\u00e4\u00e4n kansallista EU-keskustelua osallistavaksi, faktapohjaiseksi ja tulevaisuuteen katsovaksi.<\/p>\n<p>Teemme ty\u00f6t\u00e4mme aktiivisesti suomalaisten instituutioiden, yhdistysten, yritysten ja poliittisten liikkeiden kanssa. Lis\u00e4ksi 14 yhteis\u00f6j\u00e4sent\u00e4mme ovat keskeisess\u00e4 asemassa toimintamme suunnittelussa ja toteuttamisessa. Vaikutamme aktiivisesti kattoj\u00e4rjest\u00f6ss\u00e4mme European Movement Internationalissa lis\u00e4t\u00e4ksemme eurooppalaisten kollegoidemme parissa ymm\u00e4rryst\u00e4 Suomen roolista Euroopassa ja EU:ssa sek\u00e4 EU:n roolista Suomessa.<\/p>\n<p>Autamme suomalaisia ymm\u00e4rt\u00e4m\u00e4\u00e4n muuttuvaa maailmaa ja Suomen ja Euroopan paikkaa siin\u00e4. Maailma ja Eurooppa muuttuvat kiihtyv\u00e4\u00e4 vauhtia, ja siksi uskomme, ett\u00e4 tarvitsemme enemm\u00e4n Eurooppaa &#8211; enemm\u00e4n yhteisty\u00f6t\u00e4, vahvempaa Euroopan unionia ja yhteisi\u00e4 ratkaisuja.<\/p>\n<p><span style=\"font-weight: 400;\"><strong>Missio:<\/strong> Parempaa Eurooppaa rakentamassa.<\/span><\/p>\n<p><span style=\"font-weight: 400;\"><strong>Visio:<\/strong> Edist\u00e4mme j\u00e4rjest\u00f6n\u00e4 kansallista EU-keskustelua osallistavaksi, faktapohjaiseksi ja tulevaisuuteen katsovaksi.<\/span><\/p>\n<p>[\/et_pb_text][\/et_pb_column][\/et_pb_row][\/et_pb_section][et_pb_section fb_built=&#8221;1&#8243; _builder_version=&#8221;4.17.6&#8243; _module_preset=&#8221;default&#8221; background_image=&#8221;https:\/\/www.eurooppalainensuomi.fi\/wp-content\/uploads\/2025\/10\/Sininen3.jpg&#8221; da_disable_devices=&#8221;off|off|off&#8221; global_colors_info=&#8221;{}&#8221; da_is_popup=&#8221;off&#8221; da_exit_intent=&#8221;off&#8221; da_has_close=&#8221;on&#8221; da_alt_close=&#8221;off&#8221; da_dark_close=&#8221;off&#8221; da_not_modal=&#8221;on&#8221; da_is_singular=&#8221;off&#8221; da_with_loader=&#8221;off&#8221; da_has_shadow=&#8221;on&#8221;][et_pb_row _builder_version=&#8221;4.17.6&#8243; _module_preset=&#8221;default&#8221; global_colors_info=&#8221;{}&#8221;][et_pb_column type=&#8221;4_4&#8243; _builder_version=&#8221;4.17.6&#8243; _module_preset=&#8221;default&#8221; global_colors_info=&#8221;{}&#8221;][et_pb_text _builder_version=&#8221;4.17.6&#8243; _module_preset=&#8221;default&#8221; text_font=&#8221;Inter|800|||||||&#8221; text_text_color=&#8221;#FFFFFF&#8221; text_font_size=&#8221;40px&#8221; text_line_height=&#8221;1em&#8221; custom_padding=&#8221;||5px||false|false&#8221; custom_css_main_element=&#8221;border-bottom: 3px solid #EFD700;&#8221; locked=&#8221;off&#8221; global_colors_info=&#8221;{}&#8221;]<\/p>\n<p>Tavoitteemme<\/p>\n<p>[\/et_pb_text][et_pb_text _builder_version=&#8221;4.17.6&#8243; _module_preset=&#8221;default&#8221; text_font=&#8221;Roboto Condensed||||||||&#8221; text_text_color=&#8221;#FFFFFF&#8221; text_font_size=&#8221;18px&#8221; text_line_height=&#8221;1.2em&#8221; locked=&#8221;off&#8221; global_colors_info=&#8221;{}&#8221;]<\/p>\n<p><span style=\"font-weight: 400;\">Pienelle maalle kuten Suomelle Euroopan unioni on elint\u00e4rke\u00e4 yhteis\u00f6. Se tarjoaa turvaa, vakautta ja vaikutusvaltaa maailmassa, jossa geopoliittiset j\u00e4nnitteet ja ennakoimattomat kriisit ovat arkip\u00e4iv\u00e4\u00e4. Suomalaisten vahva tuki EU-j\u00e4senyydelle kertoo ymm\u00e4rryksest\u00e4 siit\u00e4, ett\u00e4 unionin kautta voimme ratkoa yhteisi\u00e4 eurooppalaisia ja globaaleja haasteita &#8211; yhteisty\u00f6n ja rauhan hengess\u00e4.<\/span><\/p>\n<p><span style=\"font-weight: 400;\">Silti EU:sta k\u00e4yt\u00e4v\u00e4 keskustelu Suomessa j\u00e4\u00e4 usein pinnalliseksi. Kun ymm\u00e4rrys ja tieto EU:n toiminnasta ovat puutteellisia, kasvaa riski sille, ett\u00e4 v\u00e4\u00e4ristynyt tieto, disinformaatio ja kielteiset kertomukset saavat jalansijaa. Siksi tarvitsemme avointa, asiantuntevaa ja rakentavaa keskustelua Euroopan unionista &#8211; jotta voimme yhdess\u00e4 vahvistaa paikkaamme Euroopassa ja Eurooppaa maailmassa.<\/span><\/p>\n<p><span style=\"font-weight: 400;\">Puolustamalla eurooppalaisia arvoja, lis\u00e4\u00e4m\u00e4ll\u00e4 EU-tietoisuutta sek\u00e4 edist\u00e4m\u00e4ll\u00e4 osallistavaa, faktapohjaista ja eteenp\u00e4in katsovaa EU-keskustelua olemme osaltamme rakentamassa resilientti\u00e4 suomalaista yhteiskuntaa. Tavoitteenamme on varmistaa, ett\u00e4 suomalaisten selke\u00e4 enemmist\u00f6 tukee jatkossakin Euroopan unionin j\u00e4senyytt\u00e4 ja eurooppalaisen yhteisty\u00f6n syvent\u00e4mist\u00e4.\u00a0<\/span><\/p>\n<p><span style=\"font-weight: 400;\">Saavuttaaksemme visiomme kansallisen EU-keskustelun edist\u00e4misest\u00e4 sek\u00e4 toteuttaaksemme missiotamme paremman Euroopan rakentamisessa, ty\u00f6t\u00e4mme ohjaa nelj\u00e4 strategista vaikuttavuustavoitetta, joiden parissa teemme ty\u00f6t\u00e4 p\u00e4ivitt\u00e4in:<\/span><\/p>\n<p>[\/et_pb_text][\/et_pb_column][\/et_pb_row][et_pb_row column_structure=&#8221;1_2,1_2&#8243; disabled_on=&#8221;on|on|off&#8221; _builder_version=&#8221;4.17.6&#8243; _module_preset=&#8221;default&#8221; custom_padding=&#8221;||0px|||&#8221; global_colors_info=&#8221;{}&#8221;][et_pb_column type=&#8221;1_2&#8243; _builder_version=&#8221;4.17.6&#8243; _module_preset=&#8221;default&#8221; background_color=&#8221;#efd700&#8243; custom_padding=&#8221;20px|20px|20px|20px|false|false&#8221; custom_css_main_element=&#8221;border-radius: 20px;&#8221; global_colors_info=&#8221;{}&#8221;][et_pb_text _builder_version=&#8221;4.17.6&#8243; _module_preset=&#8221;default&#8221; text_font=&#8221;Inter|800|||||||&#8221; text_text_color=&#8221;#1a366d&#8221; text_font_size=&#8221;60px&#8221; custom_padding=&#8221;10px||||false|false&#8221; global_colors_info=&#8221;{}&#8221;]<\/p>\n<p style=\"text-align: left;\"><strong>1.<\/strong><\/p>\n<p>[\/et_pb_text][et_pb_text _builder_version=&#8221;4.17.6&#8243; _module_preset=&#8221;default&#8221; text_font=&#8221;Inter|800|||||||&#8221; text_text_color=&#8221;#1a366d&#8221; text_font_size=&#8221;24px&#8221; text_line_height=&#8221;1.1em&#8221; custom_margin=&#8221;||0px||false|false&#8221; custom_padding=&#8221;||5px||false|false&#8221; locked=&#8221;off&#8221; global_colors_info=&#8221;{}&#8221;]<\/p>\n<p>Her\u00e4ttelemme ja ravistelemme EU-keskustelua<\/p>\n<p>[\/et_pb_text][et_pb_text _builder_version=&#8221;4.17.6&#8243; _module_preset=&#8221;default&#8221; text_font=&#8221;Roboto Condensed||||||||&#8221; text_text_color=&#8221;#1a366d&#8221; text_font_size=&#8221;18px&#8221; text_line_height=&#8221;1.2em&#8221; locked=&#8221;off&#8221; global_colors_info=&#8221;{}&#8221;]<\/p>\n<p>Edist\u00e4mme rakentavaa ja osallistavaa kansalais- ja yhteiskunnallista keskustelua vakiintuneiden ajatusmallien haastamiseksi. Tuomme kansalaisyhteiskunnan \u00e4\u00e4nen kuuluviin kansallisessa EU-keskustelussa ja -p\u00e4\u00e4t\u00f6ksenteossa.<\/p>\n<p>[\/et_pb_text][\/et_pb_column][et_pb_column type=&#8221;1_2&#8243; _builder_version=&#8221;4.17.6&#8243; _module_preset=&#8221;default&#8221; global_colors_info=&#8221;{}&#8221;][\/et_pb_column][\/et_pb_row][et_pb_row column_structure=&#8221;1_2,1_2&#8243; disabled_on=&#8221;on|on|off&#8221; _builder_version=&#8221;4.17.6&#8243; _module_preset=&#8221;default&#8221; custom_padding=&#8221;0px||0px|||&#8221; global_colors_info=&#8221;{}&#8221;][et_pb_column type=&#8221;1_2&#8243; _builder_version=&#8221;4.17.6&#8243; _module_preset=&#8221;default&#8221; background_enable_color=&#8221;off&#8221; custom_padding=&#8221;20px|20px|20px|20px|false|false&#8221; custom_css_main_element=&#8221;border-radius: 20px;&#8221; global_colors_info=&#8221;{}&#8221;][\/et_pb_column][et_pb_column type=&#8221;1_2&#8243; _builder_version=&#8221;4.17.6&#8243; _module_preset=&#8221;default&#8221; background_color=&#8221;#EFD700&#8243; custom_padding=&#8221;20px|20px|20px|20px|false|false&#8221; custom_css_main_element=&#8221;border-radius:20px;&#8221; global_colors_info=&#8221;{}&#8221;][et_pb_text _builder_version=&#8221;4.17.6&#8243; _module_preset=&#8221;default&#8221; text_font=&#8221;Inter|800|||||||&#8221; text_text_color=&#8221;#1a366d&#8221; text_font_size=&#8221;60px&#8221; custom_padding=&#8221;10px||||false|false&#8221; locked=&#8221;off&#8221; global_colors_info=&#8221;{}&#8221;]<\/p>\n<p style=\"text-align: left;\"><strong>2.<\/strong><\/p>\n<p>[\/et_pb_text][et_pb_text _builder_version=&#8221;4.17.6&#8243; _module_preset=&#8221;default&#8221; text_font=&#8221;Inter|800|||||||&#8221; text_text_color=&#8221;#1a366d&#8221; text_font_size=&#8221;24px&#8221; text_line_height=&#8221;1.1em&#8221; custom_margin=&#8221;||0px||false|false&#8221; custom_padding=&#8221;||5px||false|false&#8221; locked=&#8221;off&#8221; global_colors_info=&#8221;{}&#8221;]<\/p>\n<p>Toimimme EU-keskustelun fasilitoijana ja keskustelufoorumina.<\/p>\n<p>[\/et_pb_text][et_pb_text _builder_version=&#8221;4.17.6&#8243; _module_preset=&#8221;default&#8221; text_font=&#8221;Roboto Condensed||||||||&#8221; text_text_color=&#8221;#1a366d&#8221; text_font_size=&#8221;18px&#8221; text_line_height=&#8221;1.2em&#8221; locked=&#8221;off&#8221; global_colors_info=&#8221;{}&#8221;]<\/p>\n<p>Luomme puitteet ja tahtotilan suomalaisen kansalaisyhteiskunnan Eurooppa- ja EU-keskustelun lis\u00e4\u00e4miselle. Toimimme keskeisten kampanjoiden veturina ja yhteen kokoajana erityisesti EU-vaalien yhteydess\u00e4.<\/p>\n<p>[\/et_pb_text][\/et_pb_column][\/et_pb_row][et_pb_row column_structure=&#8221;1_2,1_2&#8243; disabled_on=&#8221;on|on|off&#8221; _builder_version=&#8221;4.17.6&#8243; _module_preset=&#8221;default&#8221; custom_padding=&#8221;0px||0px|||&#8221; locked=&#8221;off&#8221; global_colors_info=&#8221;{}&#8221;][et_pb_column type=&#8221;1_2&#8243; _builder_version=&#8221;4.17.6&#8243; _module_preset=&#8221;default&#8221; background_color=&#8221;#efd700&#8243; custom_padding=&#8221;20px|20px|20px|20px|false|false&#8221; custom_css_main_element=&#8221;border-radius: 20px;&#8221; global_colors_info=&#8221;{}&#8221;][et_pb_text _builder_version=&#8221;4.17.6&#8243; _module_preset=&#8221;default&#8221; text_font=&#8221;Inter|800|||||||&#8221; text_text_color=&#8221;#1a366d&#8221; text_font_size=&#8221;60px&#8221; custom_padding=&#8221;10px||||false|false&#8221; global_colors_info=&#8221;{}&#8221;]<\/p>\n<p style=\"text-align: left;\"><strong>3.<\/strong><\/p>\n<p>[\/et_pb_text][et_pb_text _builder_version=&#8221;4.17.6&#8243; _module_preset=&#8221;default&#8221; text_font=&#8221;Inter|800|||||||&#8221; text_text_color=&#8221;#1a366d&#8221; text_font_size=&#8221;24px&#8221; text_line_height=&#8221;1.1em&#8221; custom_margin=&#8221;||0px||false|false&#8221; custom_padding=&#8221;||5px||false|false&#8221; locked=&#8221;off&#8221; global_colors_info=&#8221;{}&#8221;]<\/p>\n<p>Olemme fakta- ja tietol\u00e4hde Euroopan unionista.<\/p>\n<p>[\/et_pb_text][et_pb_text _builder_version=&#8221;4.17.6&#8243; _module_preset=&#8221;default&#8221; text_font=&#8221;Roboto Condensed||||||||&#8221; text_text_color=&#8221;#1a366d&#8221; text_font_size=&#8221;18px&#8221; text_line_height=&#8221;1.2em&#8221; locked=&#8221;off&#8221; global_colors_info=&#8221;{}&#8221;]<\/p>\n<p>Edist\u00e4mme faktapohjaiseen tietoon perustuvan p\u00e4\u00e4t\u00f6ksenteon ja dialogin vahvistamista ja lis\u00e4\u00e4mme EU-tietoisuutta yhteiskunnassa. Tarjoamme verkostomme asiantuntemuksen p\u00e4\u00e4tt\u00e4jien, vaikuttajien ja median k\u00e4ytt\u00f6\u00f6n EU-keskustelun vahvistamiseksi.<\/p>\n<p>[\/et_pb_text][\/et_pb_column][et_pb_column type=&#8221;1_2&#8243; _builder_version=&#8221;4.17.6&#8243; _module_preset=&#8221;default&#8221; global_colors_info=&#8221;{}&#8221;][\/et_pb_column][\/et_pb_row][et_pb_row column_structure=&#8221;1_2,1_2&#8243; disabled_on=&#8221;on|on|off&#8221; _builder_version=&#8221;4.17.6&#8243; _module_preset=&#8221;default&#8221; custom_padding=&#8221;0px||0px|||&#8221; locked=&#8221;off&#8221; global_colors_info=&#8221;{}&#8221;][et_pb_column type=&#8221;1_2&#8243; _builder_version=&#8221;4.17.6&#8243; _module_preset=&#8221;default&#8221; background_enable_color=&#8221;off&#8221; custom_padding=&#8221;20px|20px|20px|20px|false|false&#8221; custom_css_main_element=&#8221;border-radius: 20px;&#8221; global_colors_info=&#8221;{}&#8221;][\/et_pb_column][et_pb_column type=&#8221;1_2&#8243; _builder_version=&#8221;4.17.6&#8243; _module_preset=&#8221;default&#8221; background_color=&#8221;#EFD700&#8243; custom_padding=&#8221;20px|20px|20px|20px|false|false&#8221; custom_css_main_element=&#8221;border-radius:20px;&#8221; global_colors_info=&#8221;{}&#8221;][et_pb_text _builder_version=&#8221;4.17.6&#8243; _module_preset=&#8221;default&#8221; text_font=&#8221;Inter|800|||||||&#8221; text_text_color=&#8221;#1a366d&#8221; text_font_size=&#8221;60px&#8221; custom_padding=&#8221;10px||||false|false&#8221; locked=&#8221;off&#8221; global_colors_info=&#8221;{}&#8221;]<\/p>\n<p style=\"text-align: left;\"><strong>4.<\/strong><\/p>\n<p>[\/et_pb_text][et_pb_text _builder_version=&#8221;4.17.6&#8243; _module_preset=&#8221;default&#8221; text_font=&#8221;Inter|800|||||||&#8221; text_text_color=&#8221;#1a366d&#8221; text_font_size=&#8221;24px&#8221; text_line_height=&#8221;1.1em&#8221; custom_margin=&#8221;||0px||false|false&#8221; custom_padding=&#8221;||5px||false|false&#8221; locked=&#8221;off&#8221; global_colors_info=&#8221;{}&#8221;]<\/p>\n<p>Tuomme yhteen suomalaisen EU-asiantuntemuksen.<\/p>\n<p>[\/et_pb_text][et_pb_text _builder_version=&#8221;4.17.6&#8243; _module_preset=&#8221;default&#8221; text_font=&#8221;Roboto Condensed||||||||&#8221; text_text_color=&#8221;#1a366d&#8221; text_font_size=&#8221;18px&#8221; text_line_height=&#8221;1.2em&#8221; locked=&#8221;off&#8221; global_colors_info=&#8221;{}&#8221;]<\/p>\n<p>Tuomme yhteen suomalaisen kansalaisyhteiskunnan EU- asiantuntemuksen yhten\u00e4isen kansallisen linjan muodostamiseksi. Tarjoamme kaikille arvopohjaamme sitoutuville toimijoille paikan py\u00f6re\u00e4st\u00e4 p\u00f6yd\u00e4st\u00e4, jonka \u00e4\u00e4rell\u00e4 k\u00e4yd\u00e4 dialogia EU-asioista.<\/p>\n<p>[\/et_pb_text][\/et_pb_column][\/et_pb_row][et_pb_row disabled_on=&#8221;off|off|on&#8221; _builder_version=&#8221;4.17.6&#8243; _module_preset=&#8221;default&#8221; global_colors_info=&#8221;{}&#8221;][et_pb_column type=&#8221;4_4&#8243; _builder_version=&#8221;4.17.6&#8243; _module_preset=&#8221;default&#8221; background_color=&#8221;#efd700&#8243; custom_padding=&#8221;20px|20px|20px|20px|false|false&#8221; custom_css_main_element=&#8221;border-radius:20px;&#8221; global_colors_info=&#8221;{}&#8221;][et_pb_text _builder_version=&#8221;4.17.6&#8243; _module_preset=&#8221;default&#8221; text_font=&#8221;Inter|800|||||||&#8221; text_text_color=&#8221;#1a366d&#8221; text_font_size=&#8221;60px&#8221; custom_padding=&#8221;10px||||false|false&#8221; locked=&#8221;off&#8221; global_colors_info=&#8221;{}&#8221;]<\/p>\n<p style=\"text-align: left;\"><strong>1.<\/strong><\/p>\n<p>[\/et_pb_text][et_pb_text _builder_version=&#8221;4.17.6&#8243; _module_preset=&#8221;default&#8221; text_font=&#8221;Inter|800|||||||&#8221; text_text_color=&#8221;#1a366d&#8221; text_font_size=&#8221;24px&#8221; text_line_height=&#8221;1.1em&#8221; custom_margin=&#8221;||0px||false|false&#8221; custom_padding=&#8221;||5px||false|false&#8221; locked=&#8221;off&#8221; global_colors_info=&#8221;{}&#8221;]<\/p>\n<p>Her\u00e4ttelemme ja ravistelemme EU-keskustelua<\/p>\n<p>[\/et_pb_text][et_pb_text _builder_version=&#8221;4.17.6&#8243; _module_preset=&#8221;default&#8221; text_font=&#8221;Roboto Condensed||||||||&#8221; text_text_color=&#8221;#1a366d&#8221; text_font_size=&#8221;18px&#8221; text_line_height=&#8221;1.2em&#8221; locked=&#8221;off&#8221; global_colors_info=&#8221;{}&#8221;]<\/p>\n<p>Edist\u00e4mme rakentavaa ja osallistavaa kansalais- ja yhteiskunnallista keskustelua vakiintuneiden ajatusmallien haastamiseksi. Tuomme kansalaisyhteiskunnan \u00e4\u00e4nen kuuluviin kansallisessa EU-keskustelussa ja -p\u00e4\u00e4t\u00f6ksenteossa.<\/p>\n<p>[\/et_pb_text][\/et_pb_column][\/et_pb_row][et_pb_row disabled_on=&#8221;off|off|on&#8221; _builder_version=&#8221;4.17.6&#8243; _module_preset=&#8221;default&#8221; locked=&#8221;off&#8221; global_colors_info=&#8221;{}&#8221;][et_pb_column type=&#8221;4_4&#8243; _builder_version=&#8221;4.17.6&#8243; _module_preset=&#8221;default&#8221; background_color=&#8221;#efd700&#8243; custom_padding=&#8221;20px|20px|20px|20px|false|false&#8221; custom_css_main_element=&#8221;border-radius:20px;&#8221; global_colors_info=&#8221;{}&#8221;][et_pb_text _builder_version=&#8221;4.17.6&#8243; _module_preset=&#8221;default&#8221; text_font=&#8221;Inter|800|||||||&#8221; text_text_color=&#8221;#1a366d&#8221; text_font_size=&#8221;60px&#8221; custom_padding=&#8221;10px||||false|false&#8221; locked=&#8221;off&#8221; global_colors_info=&#8221;{}&#8221;]<\/p>\n<p style=\"text-align: left;\"><strong>2.<\/strong><\/p>\n<p>[\/et_pb_text][et_pb_text _builder_version=&#8221;4.17.6&#8243; _module_preset=&#8221;default&#8221; text_font=&#8221;Inter|800|||||||&#8221; text_text_color=&#8221;#1a366d&#8221; text_font_size=&#8221;24px&#8221; text_line_height=&#8221;1.1em&#8221; custom_margin=&#8221;||0px||false|false&#8221; custom_padding=&#8221;||5px||false|false&#8221; locked=&#8221;off&#8221; global_colors_info=&#8221;{}&#8221;]<\/p>\n<p>Toimimme EU-keskustelun fasilitoijana ja keskustelufoorumina.<\/p>\n<p>[\/et_pb_text][et_pb_text _builder_version=&#8221;4.17.6&#8243; _module_preset=&#8221;default&#8221; text_font=&#8221;Roboto Condensed||||||||&#8221; text_text_color=&#8221;#1a366d&#8221; text_font_size=&#8221;18px&#8221; text_line_height=&#8221;1.2em&#8221; locked=&#8221;off&#8221; global_colors_info=&#8221;{}&#8221;]<\/p>\n<p>Luomme puitteet ja tahtotilan suomalaisen kansalaisyhteiskunnan Eurooppa- ja EU-keskustelun lis\u00e4\u00e4miselle. Toimimme keskeisten kampanjoiden veturina ja yhteen kokoajana erityisesti EU-vaalien yhteydess\u00e4.<\/p>\n<p>[\/et_pb_text][\/et_pb_column][\/et_pb_row][et_pb_row disabled_on=&#8221;off|off|on&#8221; _builder_version=&#8221;4.17.6&#8243; _module_preset=&#8221;default&#8221; locked=&#8221;off&#8221; global_colors_info=&#8221;{}&#8221;][et_pb_column type=&#8221;4_4&#8243; _builder_version=&#8221;4.17.6&#8243; _module_preset=&#8221;default&#8221; background_color=&#8221;#efd700&#8243; custom_padding=&#8221;20px|20px|20px|20px|false|false&#8221; custom_css_main_element=&#8221;border-radius:20px;&#8221; global_colors_info=&#8221;{}&#8221;][et_pb_text _builder_version=&#8221;4.17.6&#8243; _module_preset=&#8221;default&#8221; text_font=&#8221;Inter|800|||||||&#8221; text_text_color=&#8221;#1a366d&#8221; text_font_size=&#8221;60px&#8221; custom_padding=&#8221;10px||||false|false&#8221; locked=&#8221;off&#8221; global_colors_info=&#8221;{}&#8221;]<\/p>\n<p style=\"text-align: left;\"><strong>3.<\/strong><\/p>\n<p>[\/et_pb_text][et_pb_text _builder_version=&#8221;4.17.6&#8243; _module_preset=&#8221;default&#8221; text_font=&#8221;Inter|800|||||||&#8221; text_text_color=&#8221;#1a366d&#8221; text_font_size=&#8221;24px&#8221; text_line_height=&#8221;1.1em&#8221; custom_margin=&#8221;||0px||false|false&#8221; custom_padding=&#8221;||5px||false|false&#8221; locked=&#8221;off&#8221; global_colors_info=&#8221;{}&#8221;]<\/p>\n<p>Olemme fakta- ja tietol\u00e4hde Euroopan unionista.<\/p>\n<p>[\/et_pb_text][et_pb_text _builder_version=&#8221;4.17.6&#8243; _module_preset=&#8221;default&#8221; text_font=&#8221;Roboto Condensed||||||||&#8221; text_text_color=&#8221;#1a366d&#8221; text_font_size=&#8221;18px&#8221; text_line_height=&#8221;1.2em&#8221; locked=&#8221;off&#8221; global_colors_info=&#8221;{}&#8221;]<\/p>\n<p>Edist\u00e4mme faktapohjaiseen tietoon perustuvan p\u00e4\u00e4t\u00f6ksenteon ja dialogin vahvistamista ja lis\u00e4\u00e4mme EU-tietoisuutta yhteiskunnassa. Tarjoamme verkostomme asiantuntemuksen p\u00e4\u00e4tt\u00e4jien, vaikuttajien ja median k\u00e4ytt\u00f6\u00f6n EU-keskustelun vahvistamiseksi.<\/p>\n<p>[\/et_pb_text][\/et_pb_column][\/et_pb_row][et_pb_row disabled_on=&#8221;off|off|on&#8221; _builder_version=&#8221;4.17.6&#8243; _module_preset=&#8221;default&#8221; locked=&#8221;off&#8221; global_colors_info=&#8221;{}&#8221;][et_pb_column type=&#8221;4_4&#8243; _builder_version=&#8221;4.17.6&#8243; _module_preset=&#8221;default&#8221; background_color=&#8221;#efd700&#8243; custom_padding=&#8221;20px|20px|20px|20px|false|false&#8221; custom_css_main_element=&#8221;border-radius:20px;&#8221; global_colors_info=&#8221;{}&#8221;][et_pb_text _builder_version=&#8221;4.17.6&#8243; _module_preset=&#8221;default&#8221; text_font=&#8221;Inter|800|||||||&#8221; text_text_color=&#8221;#1a366d&#8221; text_font_size=&#8221;60px&#8221; custom_padding=&#8221;10px||||false|false&#8221; locked=&#8221;off&#8221; global_colors_info=&#8221;{}&#8221;]<\/p>\n<p style=\"text-align: left;\"><strong>4.<\/strong><\/p>\n<p>[\/et_pb_text][et_pb_text _builder_version=&#8221;4.17.6&#8243; _module_preset=&#8221;default&#8221; text_font=&#8221;Inter|800|||||||&#8221; text_text_color=&#8221;#1a366d&#8221; text_font_size=&#8221;24px&#8221; text_line_height=&#8221;1.1em&#8221; custom_margin=&#8221;||0px||false|false&#8221; custom_padding=&#8221;||5px||false|false&#8221; locked=&#8221;off&#8221; global_colors_info=&#8221;{}&#8221;]<\/p>\n<p>Tuomme yhteen suomalaisen EU-asiantuntemuksen.<\/p>\n<p>[\/et_pb_text][et_pb_text _builder_version=&#8221;4.17.6&#8243; _module_preset=&#8221;default&#8221; text_font=&#8221;Roboto Condensed||||||||&#8221; text_text_color=&#8221;#1a366d&#8221; text_font_size=&#8221;18px&#8221; text_line_height=&#8221;1.2em&#8221; locked=&#8221;off&#8221; global_colors_info=&#8221;{}&#8221;]<\/p>\n<p>Tuomme yhteen suomalaisen kansalaisyhteiskunnan EU- asiantuntemuksen yhten\u00e4isen kansallisen linjan muodostamiseksi. Tarjoamme kaikille arvopohjaamme sitoutuville toimijoille paikan py\u00f6re\u00e4st\u00e4 p\u00f6yd\u00e4st\u00e4, jonka \u00e4\u00e4rell\u00e4 k\u00e4yd\u00e4 dialogia EU-asioista.<\/p>\n<p>[\/et_pb_text][\/et_pb_column][\/et_pb_row][\/et_pb_section][et_pb_section fb_built=&#8221;1&#8243; _builder_version=&#8221;4.17.6&#8243; _module_preset=&#8221;default&#8221; background_color=&#8221;#e4f6ff&#8221; custom_padding=&#8221;45px||45px|||&#8221; da_disable_devices=&#8221;off|off|off&#8221; locked=&#8221;off&#8221; global_colors_info=&#8221;{}&#8221; da_is_popup=&#8221;off&#8221; da_exit_intent=&#8221;off&#8221; da_has_close=&#8221;on&#8221; da_alt_close=&#8221;off&#8221; da_dark_close=&#8221;off&#8221; da_not_modal=&#8221;on&#8221; da_is_singular=&#8221;off&#8221; da_with_loader=&#8221;off&#8221; da_has_shadow=&#8221;on&#8221;][et_pb_row column_structure=&#8221;1_2,1_2&#8243; _builder_version=&#8221;4.17.6&#8243; _module_preset=&#8221;default&#8221; global_colors_info=&#8221;{}&#8221;][et_pb_column type=&#8221;1_2&#8243; _builder_version=&#8221;4.17.6&#8243; _module_preset=&#8221;default&#8221; global_colors_info=&#8221;{}&#8221;][et_pb_text _builder_version=&#8221;4.17.6&#8243; _module_preset=&#8221;default&#8221; text_font=&#8221;Inter|800|||||||&#8221; text_text_color=&#8221;#172f88&#8243; text_font_size=&#8221;40px&#8221; text_line_height=&#8221;1em&#8221; custom_padding=&#8221;||5px||false|false&#8221; custom_css_main_element=&#8221;border-bottom: 3px solid #D0005F;&#8221; locked=&#8221;off&#8221; global_colors_info=&#8221;{}&#8221;]<\/p>\n<p>Arvomme<\/p>\n<p>[\/et_pb_text][et_pb_text _builder_version=&#8221;4.17.6&#8243; _module_preset=&#8221;default&#8221; text_font=&#8221;Roboto Condensed||||||||&#8221; text_text_color=&#8221;#1A366D&#8221; text_font_size=&#8221;18px&#8221; text_line_height=&#8221;1.2em&#8221; locked=&#8221;off&#8221; global_colors_info=&#8221;{}&#8221;]<\/p>\n<p>Keskeisi\u00e4 arvojamme ovat eurooppalaisuus, osallisuus ja yhteis\u00f6llisyys. Arvot ohjaavat kaikkea toimintaamme.<\/p>\n<p>Toimintaamme ohjaa eurooppalaisuus. Olemme sitoutuneet eurooppalaisiin arvoihin, joita ovat ihmisarvon ja ihmisoikeuksien kunnioittaminen, vapaus, kansanvalta, tasa-arvo ja oikeusvaltioperiaate.<\/p>\n<p>Olemme kaikille Eurooppa-asioista kiinnostuneille avoin kansalaisj\u00e4rjest\u00f6 ja toivotamme toimintaamme tervetulleeksi kaikki arvopohjamme jakavat toimijat. Osallisuuden merkitys meille n\u00e4kyy laajassa yhteis\u00f6j\u00e4senpohjassamme. Meille on t\u00e4rke\u00e4\u00e4, ett\u00e4 ihmiset ja toimijat eri taustoista kokevat voivansa kehitt\u00e4\u00e4 kanssamme kansallista EU-keskustelua. EU-keskustelun ei tule olla harvojen herkkua, vaan kaikkien on voitava osallistua keskusteluun yhteisist\u00e4 EU-asioista. Osallisuus merkitsee toiminnassamme my\u00f6s poliittista sitoutumattomuutta.<\/p>\n<p>Yhteis\u00f6llisyys vahvistaa demokratiaa, osallisuutta ja yhteenkuuluvuutta. Yhdess\u00e4 toimimalla voimme rakentaa vahvempaa Eurooppaa, jossa jokaisen \u00e4\u00e4ni kuuluu. Yhteis\u00f6llisyys luo perustan avoimelle keskustelulle, yhteisty\u00f6lle ja kest\u00e4v\u00e4lle tulevaisuudelle.<\/p>\n<p>[\/et_pb_text][\/et_pb_column][et_pb_column type=&#8221;1_2&#8243; _builder_version=&#8221;4.17.6&#8243; _module_preset=&#8221;default&#8221; global_colors_info=&#8221;{}&#8221;][et_pb_text _builder_version=&#8221;4.17.6&#8243; _module_preset=&#8221;default&#8221; text_font=&#8221;Inter|800|||||||&#8221; text_text_color=&#8221;#172f88&#8243; text_font_size=&#8221;40px&#8221; text_line_height=&#8221;1em&#8221; custom_padding=&#8221;||5px||false|false&#8221; custom_css_main_element=&#8221;border-bottom: 3px solid #D0005F;&#8221; locked=&#8221;off&#8221; global_colors_info=&#8221;{}&#8221;]<\/p>\n<p>Rahoitus<\/p>\n<p>[\/et_pb_text][et_pb_text _builder_version=&#8221;4.17.6&#8243; _module_preset=&#8221;default&#8221; text_font=&#8221;Roboto Condensed||||||||&#8221; text_text_color=&#8221;#1A366D&#8221; text_font_size=&#8221;18px&#8221; text_line_height=&#8221;1.2em&#8221; locked=&#8221;off&#8221; global_colors_info=&#8221;{}&#8221;]<\/p>\n<p>Saamme valtionavustusta Valtioneuvoston kansliasta mink\u00e4 lis\u00e4ksi rahoitamme toimintaamme j\u00e4senmaksu- ja yhteisty\u00f6tuloilla. Rahoitamme vuosittain merkitt\u00e4v\u00e4n osan toiminnastamme valtionavustusten ulkopuolelta. Haemme aktiivisesti hankerahoitusta mm. Euroopan unionin rahoitusohjelmista sek\u00e4 s\u00e4\u00e4ti\u00f6ilt\u00e4 ja j\u00e4rjest\u00f6ilt\u00e4 kotimaassa ja Euroopassa.<\/p>\n<p>Kansalaisj\u00e4rjest\u00f6kent\u00e4ll\u00e4 kohdataan t\u00e4ll\u00e4 hetkell\u00e4 suuria haasteita rahoituksen osalta, mink\u00e4 johdosta pyrimme muiden j\u00e4rjest\u00f6jen tavoin monipuolistamaan kest\u00e4vi\u00e4 rahoitusl\u00e4hteit\u00e4mme.<\/p>\n<p>Rahoituksella mahdollistamme toimintamme toteuttamisen j\u00e4rjest\u00f6n tavoitteiden ja p\u00e4\u00e4m\u00e4\u00e4rien mukaisesti. Kaikessa toiminnassamme pyrimme luomaan yhteiskunnalle lis\u00e4arvoa EU-keskustelun ja -tietoisuuden lis\u00e4\u00e4ntymisen kautta.<\/p>\n<p>[\/et_pb_text][\/et_pb_column][\/et_pb_row][\/et_pb_section]<\/p>\n","protected":false},"excerpt":{"rendered":"<p>TIETOA MEIST\u00c4Keit\u00e4 olemme?Eurooppalainen Suomi on kaikille Eurooppa-asioista kiinnostuneille avoin kansalaisj\u00e4rjest\u00f6, kansainv\u00e4lisen European Movement International -j\u00e4rjest\u00f6n suomalainen j\u00e4senj\u00e4rjest\u00f6 ja valtakunnallinen keskusj\u00e4rjest\u00f6. Ty\u00f6mme on edist\u00e4\u00e4 Euroopan unionista k\u00e4yt\u00e4v\u00e4\u00e4 kansalaiskeskustelua Suomessa ja Euroopassa sek\u00e4 lis\u00e4t\u00e4 tietoisuutta Euroopan unionin toiminnasta. Pyrimme edist\u00e4m\u00e4\u00e4n kansallista EU-keskustelua osallistavaksi, faktapohjaiseksi ja tulevaisuuteen katsovaksi. Teemme ty\u00f6t\u00e4mme aktiivisesti suomalaisten instituutioiden, yhdistysten, yritysten ja poliittisten liikkeiden [&hellip;]<\/p>\n","protected":false},"author":5,"featured_media":0,"parent":0,"menu_order":0,"comment_status":"closed","ping_status":"closed","template":"","meta":{"_et_pb_use_builder":"on","_et_pb_old_content":"","_et_gb_content_width":""},"yoast_head":"<!-- This site is optimized with the Yoast SEO plugin v19.13 - https:\/\/yoast.com\/wordpress\/plugins\/seo\/ -->\n<title>Tietoa meist\u00e4 - Eurooppalainen Suomi<\/title>\n<meta name=\"robots\" content=\"index, follow, max-snippet:-1, max-image-preview:large, max-video-preview:-1\" \/>\n<link rel=\"canonical\" href=\"https:\/\/www.eurooppalainensuomi.fi\/tietoa-meista\" \/>\n<meta property=\"og:locale\" content=\"en_US\" \/>\n<meta property=\"og:type\" content=\"article\" \/>\n<meta property=\"og:title\" content=\"Tietoa meist\u00e4 - Eurooppalainen Suomi\" \/>\n<meta property=\"og:description\" content=\"TIETOA MEIST\u00c4Keit\u00e4 olemme?Eurooppalainen Suomi on kaikille Eurooppa-asioista kiinnostuneille avoin kansalaisj\u00e4rjest\u00f6, kansainv\u00e4lisen European Movement International -j\u00e4rjest\u00f6n suomalainen j\u00e4senj\u00e4rjest\u00f6 ja valtakunnallinen keskusj\u00e4rjest\u00f6. Ty\u00f6mme on edist\u00e4\u00e4 Euroopan unionista k\u00e4yt\u00e4v\u00e4\u00e4 kansalaiskeskustelua Suomessa ja Euroopassa sek\u00e4 lis\u00e4t\u00e4 tietoisuutta Euroopan unionin toiminnasta. Pyrimme edist\u00e4m\u00e4\u00e4n kansallista EU-keskustelua osallistavaksi, faktapohjaiseksi ja tulevaisuuteen katsovaksi. Teemme ty\u00f6t\u00e4mme aktiivisesti suomalaisten instituutioiden, yhdistysten, yritysten ja poliittisten liikkeiden [&hellip;]\" \/>\n<meta property=\"og:url\" content=\"https:\/\/www.eurooppalainensuomi.fi\/tietoa-meista\" \/>\n<meta property=\"og:site_name\" content=\"Eurooppalainen Suomi\" \/>\n<meta property=\"article:publisher\" content=\"https:\/\/www.facebook.com\/eurooppalainensuomi\" \/>\n<meta property=\"article:modified_time\" content=\"2025-12-08T13:29:26+00:00\" \/>\n<meta name=\"twitter:card\" content=\"summary_large_image\" \/>\n<meta name=\"twitter:site\" content=\"@em_finland\" \/>\n<script type=\"application\/ld+json\" class=\"yoast-schema-graph\">{\"@context\":\"https:\/\/schema.org\",\"@graph\":[{\"@type\":\"WebPage\",\"@id\":\"https:\/\/www.eurooppalainensuomi.fi\/tietoa-meista\",\"url\":\"https:\/\/www.eurooppalainensuomi.fi\/tietoa-meista\",\"name\":\"Tietoa meist\u00e4 - Eurooppalainen Suomi\",\"isPartOf\":{\"@id\":\"https:\/\/www.eurooppalainensuomi.fi\/#website\"},\"datePublished\":\"2025-11-08T15:18:33+00:00\",\"dateModified\":\"2025-12-08T13:29:26+00:00\",\"breadcrumb\":{\"@id\":\"https:\/\/www.eurooppalainensuomi.fi\/tietoa-meista#breadcrumb\"},\"inLanguage\":\"en\",\"potentialAction\":[{\"@type\":\"ReadAction\",\"target\":[\"https:\/\/www.eurooppalainensuomi.fi\/tietoa-meista\"]}]},{\"@type\":\"BreadcrumbList\",\"@id\":\"https:\/\/www.eurooppalainensuomi.fi\/tietoa-meista#breadcrumb\",\"itemListElement\":[{\"@type\":\"ListItem\",\"position\":1,\"name\":\"Etusivu\",\"item\":\"https:\/\/www.eurooppalainensuomi.fi\/\"},{\"@type\":\"ListItem\",\"position\":2,\"name\":\"Tietoa meist\u00e4\"}]},{\"@type\":\"WebSite\",\"@id\":\"https:\/\/www.eurooppalainensuomi.fi\/#website\",\"url\":\"https:\/\/www.eurooppalainensuomi.fi\/\",\"name\":\"Eurooppalainen Suomi\",\"description\":\"Parempaa Eurooppaa rakentamassa\",\"publisher\":{\"@id\":\"https:\/\/www.eurooppalainensuomi.fi\/#organization\"},\"potentialAction\":[{\"@type\":\"SearchAction\",\"target\":{\"@type\":\"EntryPoint\",\"urlTemplate\":\"https:\/\/www.eurooppalainensuomi.fi\/?s={search_term_string}\"},\"query-input\":\"required name=search_term_string\"}],\"inLanguage\":\"en\"},{\"@type\":\"Organization\",\"@id\":\"https:\/\/www.eurooppalainensuomi.fi\/#organization\",\"name\":\"Eurooppalainen Suomi ry\",\"url\":\"https:\/\/www.eurooppalainensuomi.fi\/\",\"logo\":{\"@type\":\"ImageObject\",\"inLanguage\":\"en\",\"@id\":\"https:\/\/www.eurooppalainensuomi.fi\/#\/schema\/logo\/image\/\",\"url\":\"https:\/\/www.eurooppalainensuomi.fi\/wp-content\/uploads\/2021\/01\/PNG_large.png\",\"contentUrl\":\"https:\/\/www.eurooppalainensuomi.fi\/wp-content\/uploads\/2021\/01\/PNG_large.png\",\"width\":586,\"height\":220,\"caption\":\"Eurooppalainen Suomi ry\"},\"image\":{\"@id\":\"https:\/\/www.eurooppalainensuomi.fi\/#\/schema\/logo\/image\/\"},\"sameAs\":[\"https:\/\/instagram.com\/eurooppalainensuomi\",\"https:\/\/www.youtube.com\/channel\/UCBeqyrm1ze2RinjeAYS_-Jg\",\"https:\/\/fi.wikipedia.org\/wiki\/Eurooppalainen_Suomi\",\"https:\/\/www.facebook.com\/eurooppalainensuomi\",\"https:\/\/twitter.com\/em_finland\"]}]}<\/script>\n<!-- \/ Yoast SEO plugin. -->","yoast_head_json":{"title":"Tietoa meist\u00e4 - Eurooppalainen Suomi","robots":{"index":"index","follow":"follow","max-snippet":"max-snippet:-1","max-image-preview":"max-image-preview:large","max-video-preview":"max-video-preview:-1"},"canonical":"https:\/\/www.eurooppalainensuomi.fi\/tietoa-meista","og_locale":"en_US","og_type":"article","og_title":"Tietoa meist\u00e4 - Eurooppalainen Suomi","og_description":"TIETOA MEIST\u00c4Keit\u00e4 olemme?Eurooppalainen Suomi on kaikille Eurooppa-asioista kiinnostuneille avoin kansalaisj\u00e4rjest\u00f6, kansainv\u00e4lisen European Movement International -j\u00e4rjest\u00f6n suomalainen j\u00e4senj\u00e4rjest\u00f6 ja valtakunnallinen keskusj\u00e4rjest\u00f6. Ty\u00f6mme on edist\u00e4\u00e4 Euroopan unionista k\u00e4yt\u00e4v\u00e4\u00e4 kansalaiskeskustelua Suomessa ja Euroopassa sek\u00e4 lis\u00e4t\u00e4 tietoisuutta Euroopan unionin toiminnasta. Pyrimme edist\u00e4m\u00e4\u00e4n kansallista EU-keskustelua osallistavaksi, faktapohjaiseksi ja tulevaisuuteen katsovaksi. Teemme ty\u00f6t\u00e4mme aktiivisesti suomalaisten instituutioiden, yhdistysten, yritysten ja poliittisten liikkeiden [&hellip;]","og_url":"https:\/\/www.eurooppalainensuomi.fi\/tietoa-meista","og_site_name":"Eurooppalainen Suomi","article_publisher":"https:\/\/www.facebook.com\/eurooppalainensuomi","article_modified_time":"2025-12-08T13:29:26+00:00","twitter_card":"summary_large_image","twitter_site":"@em_finland","schema":{"@context":"https:\/\/schema.org","@graph":[{"@type":"WebPage","@id":"https:\/\/www.eurooppalainensuomi.fi\/tietoa-meista","url":"https:\/\/www.eurooppalainensuomi.fi\/tietoa-meista","name":"Tietoa meist\u00e4 - Eurooppalainen Suomi","isPartOf":{"@id":"https:\/\/www.eurooppalainensuomi.fi\/#website"},"datePublished":"2025-11-08T15:18:33+00:00","dateModified":"2025-12-08T13:29:26+00:00","breadcrumb":{"@id":"https:\/\/www.eurooppalainensuomi.fi\/tietoa-meista#breadcrumb"},"inLanguage":"en","potentialAction":[{"@type":"ReadAction","target":["https:\/\/www.eurooppalainensuomi.fi\/tietoa-meista"]}]},{"@type":"BreadcrumbList","@id":"https:\/\/www.eurooppalainensuomi.fi\/tietoa-meista#breadcrumb","itemListElement":[{"@type":"ListItem","position":1,"name":"Etusivu","item":"https:\/\/www.eurooppalainensuomi.fi\/"},{"@type":"ListItem","position":2,"name":"Tietoa meist\u00e4"}]},{"@type":"WebSite","@id":"https:\/\/www.eurooppalainensuomi.fi\/#website","url":"https:\/\/www.eurooppalainensuomi.fi\/","name":"Eurooppalainen Suomi","description":"Parempaa Eurooppaa rakentamassa","publisher":{"@id":"https:\/\/www.eurooppalainensuomi.fi\/#organization"},"potentialAction":[{"@type":"SearchAction","target":{"@type":"EntryPoint","urlTemplate":"https:\/\/www.eurooppalainensuomi.fi\/?s={search_term_string}"},"query-input":"required name=search_term_string"}],"inLanguage":"en"},{"@type":"Organization","@id":"https:\/\/www.eurooppalainensuomi.fi\/#organization","name":"Eurooppalainen Suomi ry","url":"https:\/\/www.eurooppalainensuomi.fi\/","logo":{"@type":"ImageObject","inLanguage":"en","@id":"https:\/\/www.eurooppalainensuomi.fi\/#\/schema\/logo\/image\/","url":"https:\/\/www.eurooppalainensuomi.fi\/wp-content\/uploads\/2021\/01\/PNG_large.png","contentUrl":"https:\/\/www.eurooppalainensuomi.fi\/wp-content\/uploads\/2021\/01\/PNG_large.png","width":586,"height":220,"caption":"Eurooppalainen Suomi ry"},"image":{"@id":"https:\/\/www.eurooppalainensuomi.fi\/#\/schema\/logo\/image\/"},"sameAs":["https:\/\/instagram.com\/eurooppalainensuomi","https:\/\/www.youtube.com\/channel\/UCBeqyrm1ze2RinjeAYS_-Jg","https:\/\/fi.wikipedia.org\/wiki\/Eurooppalainen_Suomi","https:\/\/www.facebook.com\/eurooppalainensuomi","https:\/\/twitter.com\/em_finland"]}]}},"_links":{"self":[{"href":"https:\/\/www.eurooppalainensuomi.fi\/index.php?rest_route=\/wp\/v2\/pages\/6225"}],"collection":[{"href":"https:\/\/www.eurooppalainensuomi.fi\/index.php?rest_route=\/wp\/v2\/pages"}],"about":[{"href":"https:\/\/www.eurooppalainensuomi.fi\/index.php?rest_route=\/wp\/v2\/types\/page"}],"author":[{"embeddable":true,"href":"https:\/\/www.eurooppalainensuomi.fi\/index.php?rest_route=\/wp\/v2\/users\/5"}],"replies":[{"embeddable":true,"href":"https:\/\/www.eurooppalainensuomi.fi\/index.php?rest_route=%2Fwp%2Fv2%2Fcomments&post=6225"}],"version-history":[{"count":26,"href":"https:\/\/www.eurooppalainensuomi.fi\/index.php?rest_route=\/wp\/v2\/pages\/6225\/revisions"}],"predecessor-version":[{"id":7517,"href":"https:\/\/www.eurooppalainensuomi.fi\/index.php?rest_route=\/wp\/v2\/pages\/6225\/revisions\/7517"}],"wp:attachment":[{"href":"https:\/\/www.eurooppalainensuomi.fi\/index.php?rest_route=%2Fwp%2Fv2%2Fmedia&parent=6225"}],"curies":[{"name":"wp","href":"https:\/\/api.w.org\/{rel}","templated":true}]}}