{"version":"1.0","provider_name":"Eurooppalainen Suomi","provider_url":"https:\/\/www.eurooppalainensuomi.fi","title":"Vihre\u00e4 viikko | Schengen | Oikeusvaltioperiaate - Eurooppalainen Suomi","type":"rich","width":600,"height":338,"html":"<blockquote class=\"wp-embedded-content\" data-secret=\"mwJicwcnI8\"><a href=\"https:\/\/www.eurooppalainensuomi.fi\/vihrea-viikko-schengen-oikeusvaltioperiaate\">Vihre\u00e4 viikko | Schengen | Oikeusvaltioperiaate<\/a><\/blockquote><iframe sandbox=\"allow-scripts\" security=\"restricted\" src=\"https:\/\/www.eurooppalainensuomi.fi\/vihrea-viikko-schengen-oikeusvaltioperiaate?embed=true#?secret=mwJicwcnI8\" width=\"600\" height=\"338\" title=\"&#8220;Vihre\u00e4 viikko | Schengen | Oikeusvaltioperiaate&#8221; &#8212; Eurooppalainen Suomi\" data-secret=\"mwJicwcnI8\" frameborder=\"0\" marginwidth=\"0\" marginheight=\"0\" scrolling=\"no\" class=\"wp-embedded-content\"><\/iframe><script type=\"text\/javascript\">\n\/*! This file is auto-generated *\/\n!function(d,l){\"use strict\";var e=!1,o=!1;if(l.querySelector)if(d.addEventListener)e=!0;if(d.wp=d.wp||{},!d.wp.receiveEmbedMessage)if(d.wp.receiveEmbedMessage=function(e){var t=e.data;if(t)if(t.secret||t.message||t.value)if(!\/[^a-zA-Z0-9]\/.test(t.secret)){for(var r,a,i,s=l.querySelectorAll('iframe[data-secret=\"'+t.secret+'\"]'),n=l.querySelectorAll('blockquote[data-secret=\"'+t.secret+'\"]'),o=new RegExp(\"^https?:$\",\"i\"),c=0;c<n.length;c++)n[c].style.display=\"none\";for(c=0;c<s.length;c++)if(r=s[c],e.source===r.contentWindow){if(r.removeAttribute(\"style\"),\"height\"===t.message){if(1e3<(i=parseInt(t.value,10)))i=1e3;else if(~~i<200)i=200;r.height=i}if(\"link\"===t.message)if(a=l.createElement(\"a\"),i=l.createElement(\"a\"),a.href=r.getAttribute(\"src\"),i.href=t.value,o.test(i.protocol))if(i.host===a.host)if(l.activeElement===r)d.top.location.href=t.value}}},e)d.addEventListener(\"message\",d.wp.receiveEmbedMessage,!1),l.addEventListener(\"DOMContentLoaded\",t,!1),d.addEventListener(\"load\",t,!1);function t(){if(!o){o=!0;for(var e,t,r,a=-1!==navigator.appVersion.indexOf(\"MSIE 10\"),i=!!navigator.userAgent.match(\/Trident.*rv:11\\.\/),s=l.querySelectorAll(\"iframe.wp-embedded-content\"),n=0;n<s.length;n++){if(!(r=(t=s[n]).getAttribute(\"data-secret\")))r=Math.random().toString(36).substr(2,10),t.src+=\"#?secret=\"+r,t.setAttribute(\"data-secret\",r);if(a||i)(e=t.cloneNode(!0)).removeAttribute(\"security\"),t.parentNode.replaceChild(e,t);t.contentWindow.postMessage({message:\"ready\",secret:r},\"*\")}}}}(window,document);\n<\/script>\n","description":"T\u00e4ll\u00e4 viikolla vietet\u00e4\u00e4n Euroopan vihre\u00e4\u00e4 viikkoa ja lauantaina Maailman ymp\u00e4rist\u00f6p\u00e4iv\u00e4\u00e4. T\u00e4m\u00e4n vuoden Euroopan vihre\u00e4 viikko on omistettu nollap\u00e4\u00e4st\u00f6ille. Tiistaina taas juhlan aiheena on eurooppalaisen yleisen syytt\u00e4j\u00e4nviraston virallinen avaaminen, kun taas komission kollegio kokoontuu keskiviikkona keskustelemaan uudesta strategiasta Schengen-alueen tulevaisuutta koskien. Mepeille taas t\u00e4ll\u00e4 viikolla luvassa on valiokuntatapaamisia.\u00a0 Euroopan parlamenttiKun poliittiset ryhm\u00e4t valmistautuvat t\u00e4ll\u00e4 viikolla ensi [&hellip;]","thumbnail_url":"https:\/\/www.eurooppalainensuomi.fi\/wp-content\/uploads\/2021\/05\/john-o-nolan-uMWPrcRsrto-unsplash-scaled.jpg","thumbnail_width":2560,"thumbnail_height":1919}